{"id":38346,"date":"2024-04-19T15:15:02","date_gmt":"2024-04-19T13:15:02","guid":{"rendered":"https:\/\/www.stpierre-bru.be\/event\/zorg-voor-borstkankerpatienten\/"},"modified":"2024-04-19T15:15:02","modified_gmt":"2024-04-19T13:15:02","slug":"zorg-voor-borstkankerpatienten","status":"publish","type":"tribe_events","link":"https:\/\/www.stpierre-bru.be\/nl\/event\/zorg-voor-borstkankerpatienten\/","title":{"rendered":"Zorg voor borstkankerpati\u00ebnten"},"content":{"rendered":"<h2><strong>20e Isala Borstkliniek Trainingsdag<br \/>\n<\/strong><strong>Zorg voor borstkankerpati\u00ebnten<\/strong><\/h2>\n<p>&nbsp;<\/p>\n<p>Gratis registratie vereist v\u00f3\u00f3r 27.05.2024 ,<a href=\"https:\/\/forms.office.com\/e\/ayy6hHp3iZ?origin=lprLink\"> hier via Google Form <\/a> <\/p>\n<p><strong>Programma  <\/strong><\/p>\n<table role=\"presentation\" border=\"0\" width=\"100%\" cellspacing=\"0\" cellpadding=\"0\">\n<tbody>\n<tr>\n<td class=\"mceBlockContainer\" style=\"width: 1289px;\" valign=\"top\">\n<div id=\"dataBlockId-68\" class=\"mceText\" data-block-id=\"68\">\n<p class=\"last-child\"><strong>9.00 uur<\/strong> Welkom<\/p>\n<\/div>\n<\/td>\n<\/tr>\n<tr>\n<td class=\"mceBlockContainer\" style=\"width: 1289px;\" valign=\"top\">\n<div id=\"dataBlockId-72\" class=\"mceText\" data-block-id=\"72\">\n<p><strong>9h30<\/strong> <strong>Radiologie: Hoe spot je een borstlaesie preoperatief?<\/strong><\/p>\n<p><em>Dr Felicia Topciu, radioloog-anatoom<\/em><\/p>\n<p class=\"last-child\">ISALA Borstkliniek<\/p>\n<\/div>\n<\/td>\n<\/tr>\n<tr>\n<td class=\"mceBlockContainer\" style=\"width: 1289px;\" valign=\"top\">\n<div id=\"dataBlockId-74\" class=\"mceText\" data-block-id=\"74\">\n<p><strong>9h50<\/strong> <strong>Nieuwe ontwikkelingen in oncogenetische testen voor borstkanker<\/strong><\/p>\n<p><em>Dr. Jesus Poveda, Oncoloog<\/em><\/p>\n<p class=\"last-child\">Borstkliniek ISALA<\/p>\n<\/div>\n<\/td>\n<\/tr>\n<tr>\n<td class=\"mceBlockContainer\" style=\"width: 1289px;\" valign=\"top\">\n<div id=\"dataBlockId-145\" class=\"mceText\" data-block-id=\"145\">\n<p><strong>10h10<\/strong> <strong>Nieuwe ontwikkelingen in lymfoedeempreventie in 2024 <\/strong> <\/p>\n<p><em>Dr Mirela Roman, Senologisch chirurg<\/em><\/p>\n<p class=\"last-child\">Borstkliniek ISALA<\/p>\n<\/div>\n<\/td>\n<\/tr>\n<tr>\n<td class=\"mceBlockContainer\" style=\"width: 1289px;\" valign=\"top\">\n<div id=\"dataBlockId-146\" class=\"mceText\" data-block-id=\"146\">\n<p class=\"last-child\"><strong>10.30<\/strong> Pauze en bezoek aan de stands<\/p>\n<\/div>\n<\/td>\n<\/tr>\n<tr>\n<td class=\"mceBlockContainer\" style=\"width: 1289px;\" valign=\"top\">\n<div id=\"dataBlockId-147\" class=\"mceText\" data-block-id=\"147\">\n<p><strong>11h00<\/strong> <strong>De bijwerkingen van hormoontherapie voorkomen in 2024 <\/strong> <\/p>\n<p><em>Dr Maud Vassilieff, Senologisch Chirurg<\/em><\/p>\n<p class=\"last-child\">Borstkliniek ISALA<\/p>\n<\/div>\n<\/td>\n<\/tr>\n<tr>\n<td class=\"mceBlockContainer\" style=\"width: 1289px;\" valign=\"top\">\n<div id=\"dataBlockId-148\" class=\"mceText\" data-block-id=\"148\">\n<p><strong>11h20<\/strong> <strong>De rol van de psycholoog in de zorg voor kankerpati\u00ebnten <\/strong> <\/p>\n<p><em>Nicolas Beauloye, Psycholoog<\/em><\/p>\n<p class=\"last-child\">Borstkliniek ISALA<\/p>\n<\/div>\n<\/td>\n<\/tr>\n<tr>\n<td class=\"mceBlockContainer\" style=\"width: 1289px;\" valign=\"top\">\n<div id=\"dataBlockId-149\" class=\"mceText\" data-block-id=\"149\">\n<p><strong>11h40<\/strong> <strong>Pati\u00ebntenverenigingen: een essenti\u00eble partner in ondersteuning<\/strong><\/p>\n<p><em>Aline Zylbersztejn, voorzitter<\/em><\/p>\n<p class=\"last-child\">Vereniging &#8220;Vivre comme avant<\/p>\n<\/div>\n<\/td>\n<\/tr>\n<tr>\n<td class=\"mceBlockContainer\" style=\"width: 1289px;\" valign=\"top\">\n<div id=\"dataBlockId-150\" class=\"mceText\" data-block-id=\"150\">\n<p><strong>12h00<\/strong> <strong>Dieet en borstkanker &#8211; primaire preventie en levensstijl<\/strong><\/p>\n<p><em>Marie-Claire Hames, voorzitter<\/em><\/p>\n<p class=\"last-child\">Europa Donna Belgi\u00eb<\/p>\n<\/div>\n<\/td>\n<\/tr>\n<tr>\n<td class=\"mceBlockContainer\" style=\"width: 1289px;\" valign=\"top\">\n<div id=\"dataBlockId-151\" class=\"mceText\" data-block-id=\"151\">\n<p class=\"last-child\"><strong>12.20 uur<\/strong> Discussie<\/p>\n<\/div>\n<\/td>\n<\/tr>\n<tr>\n<td class=\"mceBlockContainer\" style=\"width: 1289px;\" valign=\"top\">\n<div id=\"dataBlockId-152\" class=\"mceText\" data-block-id=\"152\">\n<p class=\"last-child\"><strong>12.40 uur<\/strong> Ontvangst<\/p>\n<\/div>\n<\/td>\n<\/tr>\n<\/tbody>\n<\/table>\n<p>&nbsp;<\/p>\n<p><strong>Aanvullende informatie<\/strong>:<\/p>\n<ul>\n<li><strong>Gratis parkeren<\/strong> (rue du Poin\u00e7on)<\/li>\n<li><strong>Accreditatie<\/strong> voor regionale seminars aangevraagd<\/li>\n<\/ul>\n","protected":false},"excerpt":{"rendered":"<p>20e Isala Borstkliniek Trainingsdag Zorg voor borstkankerpati\u00ebnten &nbsp; Gratis registratie vereist v\u00f3\u00f3r 27.05.2024 , hier via Google Form Programma 9.00 uur Welkom 9h30 Radiologie: Hoe spot je een borstlaesie preoperatief? [&hellip;]<\/p>\n","protected":false},"author":9,"featured_media":38340,"template":"","meta":{"_acf_changed":false,"_et_pb_use_builder":"","_et_pb_old_content":"","_et_gb_content_width":"","_price":"","_stock":"","_tribe_ticket_header":"","_tribe_default_ticket_provider":"","_tribe_ticket_capacity":"0","_ticket_start_date":"","_ticket_end_date":"","_tribe_ticket_show_description":"","_tribe_ticket_show_not_going":false,"_tribe_ticket_use_global_stock":"","_tribe_ticket_global_stock_level":"","_global_stock_mode":"","_global_stock_cap":"","_tribe_rsvp_for_event":"","_tribe_ticket_going_count":"","_tribe_ticket_not_going_count":"","_tribe_tickets_list":"[]","_tribe_ticket_has_attendee_info_fields":false,"_tribe_events_status":"","_tribe_events_status_reason":"","footnotes":"","_tec_slr_enabled":"","_tec_slr_layout":""},"tags":[2743,2741,2745,1408,2747,2744,2742,1769,2738,2338,2740,2746,2748,2739,2737],"tribe_events_cat":[],"class_list":["post-38346","tribe_events","type-tribe_events","status-publish","has-post-thumbnail","hentry","tag-behandelingen","tag-borstkaarsen","tag-borstlaesie","tag-hormoontherapie","tag-lymfoedeem-nl","tag-mammotest-nl","tag-patienten","tag-psychologie-nl","tag-radiologie-nl","tag-sein-nl","tag-seminar","tag-senoloog","tag-voedselverwerking","tag-vriendelijkheid","tag-zorg"],"acf":[],"yoast_head":"<!-- This site is optimized with the Yoast SEO plugin v26.5 - https:\/\/yoast.com\/wordpress\/plugins\/seo\/ -->\n<title>Zorg voor borstkankerpati\u00ebnten - CHU Saint-Pierre | UMC Sint-Pieter<\/title>\n<meta name=\"description\" content=\"20e opleidingsdag van de isala borstkliniek van chu-saint-pierre een erkend centrum met eusoma-certificering\" \/>\n<meta name=\"robots\" content=\"index, follow, max-snippet:-1, max-image-preview:large, max-video-preview:-1\" \/>\n<link rel=\"canonical\" href=\"https:\/\/www.stpierre-bru.be\/nl\/event\/zorg-voor-borstkankerpatienten\/\" \/>\n<meta property=\"og:locale\" content=\"nl_NL\" \/>\n<meta property=\"og:type\" content=\"article\" \/>\n<meta property=\"og:title\" content=\"Zorg voor borstkankerpati\u00ebnten - CHU Saint-Pierre | UMC Sint-Pieter\" \/>\n<meta property=\"og:description\" content=\"20e opleidingsdag van de isala borstkliniek van chu-saint-pierre een erkend centrum met eusoma-certificering\" \/>\n<meta property=\"og:site_name\" content=\"CHU Saint-Pierre | UMC Sint-Pieter\" \/>\n<meta property=\"og:image\" content=\"https:\/\/i0.wp.com\/www.stpierre-bru.be\/wp-content\/uploads\/2024\/04\/LinkedIn_FormationIsala_FR_080424-scaled.jpg?fit=2560%2C1440&ssl=1\" \/>\n\t<meta property=\"og:image:width\" content=\"2560\" \/>\n\t<meta property=\"og:image:height\" content=\"1440\" \/>\n\t<meta property=\"og:image:type\" content=\"image\/jpeg\" \/>\n<meta name=\"twitter:card\" content=\"summary_large_image\" \/>\n<meta name=\"twitter:label1\" content=\"Est. reading time\" \/>\n\t<meta name=\"twitter:data1\" content=\"1 minute\" \/>\n<script type=\"application\/ld+json\" class=\"yoast-schema-graph\">{\"@context\":\"https:\/\/schema.org\",\"@graph\":[{\"@type\":\"WebPage\",\"@id\":\"https:\/\/www.stpierre-bru.be\/nl\/event\/zorg-voor-borstkankerpatienten\/\",\"url\":\"https:\/\/www.stpierre-bru.be\/nl\/event\/zorg-voor-borstkankerpatienten\/\",\"name\":\"Zorg voor borstkankerpati\u00ebnten - CHU Saint-Pierre | UMC Sint-Pieter\",\"isPartOf\":{\"@id\":\"https:\/\/www.stpierre-bru.be\/#website\"},\"primaryImageOfPage\":{\"@id\":\"https:\/\/www.stpierre-bru.be\/nl\/event\/zorg-voor-borstkankerpatienten\/#primaryimage\"},\"image\":{\"@id\":\"https:\/\/www.stpierre-bru.be\/nl\/event\/zorg-voor-borstkankerpatienten\/#primaryimage\"},\"thumbnailUrl\":\"https:\/\/www.stpierre-bru.be\/app\/uploads\/2024\/04\/LinkedIn_FormationIsala_FR_080424-scaled.jpg\",\"datePublished\":\"2024-04-19T13:15:02+00:00\",\"description\":\"20e opleidingsdag van de isala borstkliniek van chu-saint-pierre een erkend centrum met eusoma-certificering\",\"breadcrumb\":{\"@id\":\"https:\/\/www.stpierre-bru.be\/nl\/event\/zorg-voor-borstkankerpatienten\/#breadcrumb\"},\"inLanguage\":\"nl-NL\",\"potentialAction\":[{\"@type\":\"ReadAction\",\"target\":[\"https:\/\/www.stpierre-bru.be\/nl\/event\/zorg-voor-borstkankerpatienten\/\"]}]},{\"@type\":\"ImageObject\",\"inLanguage\":\"nl-NL\",\"@id\":\"https:\/\/www.stpierre-bru.be\/nl\/event\/zorg-voor-borstkankerpatienten\/#primaryimage\",\"url\":\"https:\/\/www.stpierre-bru.be\/app\/uploads\/2024\/04\/LinkedIn_FormationIsala_FR_080424-scaled.jpg\",\"contentUrl\":\"https:\/\/www.stpierre-bru.be\/app\/uploads\/2024\/04\/LinkedIn_FormationIsala_FR_080424-scaled.jpg\",\"width\":2560,\"height\":1440},{\"@type\":\"BreadcrumbList\",\"@id\":\"https:\/\/www.stpierre-bru.be\/nl\/event\/zorg-voor-borstkankerpatienten\/#breadcrumb\",\"itemListElement\":[{\"@type\":\"ListItem\",\"position\":1,\"name\":\"Home\",\"item\":\"https:\/\/www.stpierre-bru.be\/nl\/\"},{\"@type\":\"ListItem\",\"position\":2,\"name\":\"\u00c9v\u00e8nements\",\"item\":\"https:\/\/www.stpierre-bru.be\/events\/\"},{\"@type\":\"ListItem\",\"position\":3,\"name\":\"Zorg voor borstkankerpati\u00ebnten\"}]},{\"@type\":\"WebSite\",\"@id\":\"https:\/\/www.stpierre-bru.be\/#website\",\"url\":\"https:\/\/www.stpierre-bru.be\/\",\"name\":\"CHU Saint-Pierre | UMC Sint-Pieter\",\"description\":\"Bienvenue\",\"publisher\":{\"@id\":\"https:\/\/www.stpierre-bru.be\/#organization\"},\"potentialAction\":[{\"@type\":\"SearchAction\",\"target\":{\"@type\":\"EntryPoint\",\"urlTemplate\":\"https:\/\/www.stpierre-bru.be\/?s={search_term_string}\"},\"query-input\":{\"@type\":\"PropertyValueSpecification\",\"valueRequired\":true,\"valueName\":\"search_term_string\"}}],\"inLanguage\":\"nl-NL\"},{\"@type\":\"Organization\",\"@id\":\"https:\/\/www.stpierre-bru.be\/#organization\",\"name\":\"CHU Saint-Pierre | UMC Sint-Pieter\",\"url\":\"https:\/\/www.stpierre-bru.be\/\",\"logo\":{\"@type\":\"ImageObject\",\"inLanguage\":\"nl-NL\",\"@id\":\"https:\/\/www.stpierre-bru.be\/#\/schema\/logo\/image\/\",\"url\":\"https:\/\/www.stpierre-bru.be\/wp-content\/uploads\/2021\/06\/Logo_chu_umc_0.png\",\"contentUrl\":\"https:\/\/www.stpierre-bru.be\/wp-content\/uploads\/2021\/06\/Logo_chu_umc_0.png\",\"width\":733,\"height\":281,\"caption\":\"CHU Saint-Pierre | UMC Sint-Pieter\"},\"image\":{\"@id\":\"https:\/\/www.stpierre-bru.be\/#\/schema\/logo\/image\/\"}}]}<\/script>\n<!-- \/ Yoast SEO plugin. -->","yoast_head_json":{"title":"Zorg voor borstkankerpati\u00ebnten - CHU Saint-Pierre | UMC Sint-Pieter","description":"20e opleidingsdag van de isala borstkliniek van chu-saint-pierre een erkend centrum met eusoma-certificering","robots":{"index":"index","follow":"follow","max-snippet":"max-snippet:-1","max-image-preview":"max-image-preview:large","max-video-preview":"max-video-preview:-1"},"canonical":"https:\/\/www.stpierre-bru.be\/nl\/event\/zorg-voor-borstkankerpatienten\/","og_locale":"nl_NL","og_type":"article","og_title":"Zorg voor borstkankerpati\u00ebnten - CHU Saint-Pierre | UMC Sint-Pieter","og_description":"20e opleidingsdag van de isala borstkliniek van chu-saint-pierre een erkend centrum met eusoma-certificering","og_site_name":"CHU Saint-Pierre | UMC Sint-Pieter","og_image":[{"width":2560,"height":1440,"url":"https:\/\/i0.wp.com\/www.stpierre-bru.be\/wp-content\/uploads\/2024\/04\/LinkedIn_FormationIsala_FR_080424-scaled.jpg?fit=2560%2C1440&ssl=1","type":"image\/jpeg"}],"twitter_card":"summary_large_image","twitter_misc":{"Est. reading time":"1 minute"},"schema":{"@context":"https:\/\/schema.org","@graph":[{"@type":"WebPage","@id":"https:\/\/www.stpierre-bru.be\/nl\/event\/zorg-voor-borstkankerpatienten\/","url":"https:\/\/www.stpierre-bru.be\/nl\/event\/zorg-voor-borstkankerpatienten\/","name":"Zorg voor borstkankerpati\u00ebnten - CHU Saint-Pierre | UMC Sint-Pieter","isPartOf":{"@id":"https:\/\/www.stpierre-bru.be\/#website"},"primaryImageOfPage":{"@id":"https:\/\/www.stpierre-bru.be\/nl\/event\/zorg-voor-borstkankerpatienten\/#primaryimage"},"image":{"@id":"https:\/\/www.stpierre-bru.be\/nl\/event\/zorg-voor-borstkankerpatienten\/#primaryimage"},"thumbnailUrl":"https:\/\/www.stpierre-bru.be\/app\/uploads\/2024\/04\/LinkedIn_FormationIsala_FR_080424-scaled.jpg","datePublished":"2024-04-19T13:15:02+00:00","description":"20e opleidingsdag van de isala borstkliniek van chu-saint-pierre een erkend centrum met eusoma-certificering","breadcrumb":{"@id":"https:\/\/www.stpierre-bru.be\/nl\/event\/zorg-voor-borstkankerpatienten\/#breadcrumb"},"inLanguage":"nl-NL","potentialAction":[{"@type":"ReadAction","target":["https:\/\/www.stpierre-bru.be\/nl\/event\/zorg-voor-borstkankerpatienten\/"]}]},{"@type":"ImageObject","inLanguage":"nl-NL","@id":"https:\/\/www.stpierre-bru.be\/nl\/event\/zorg-voor-borstkankerpatienten\/#primaryimage","url":"https:\/\/www.stpierre-bru.be\/app\/uploads\/2024\/04\/LinkedIn_FormationIsala_FR_080424-scaled.jpg","contentUrl":"https:\/\/www.stpierre-bru.be\/app\/uploads\/2024\/04\/LinkedIn_FormationIsala_FR_080424-scaled.jpg","width":2560,"height":1440},{"@type":"BreadcrumbList","@id":"https:\/\/www.stpierre-bru.be\/nl\/event\/zorg-voor-borstkankerpatienten\/#breadcrumb","itemListElement":[{"@type":"ListItem","position":1,"name":"Home","item":"https:\/\/www.stpierre-bru.be\/nl\/"},{"@type":"ListItem","position":2,"name":"\u00c9v\u00e8nements","item":"https:\/\/www.stpierre-bru.be\/events\/"},{"@type":"ListItem","position":3,"name":"Zorg voor borstkankerpati\u00ebnten"}]},{"@type":"WebSite","@id":"https:\/\/www.stpierre-bru.be\/#website","url":"https:\/\/www.stpierre-bru.be\/","name":"CHU Saint-Pierre | UMC Sint-Pieter","description":"Bienvenue","publisher":{"@id":"https:\/\/www.stpierre-bru.be\/#organization"},"potentialAction":[{"@type":"SearchAction","target":{"@type":"EntryPoint","urlTemplate":"https:\/\/www.stpierre-bru.be\/?s={search_term_string}"},"query-input":{"@type":"PropertyValueSpecification","valueRequired":true,"valueName":"search_term_string"}}],"inLanguage":"nl-NL"},{"@type":"Organization","@id":"https:\/\/www.stpierre-bru.be\/#organization","name":"CHU Saint-Pierre | UMC Sint-Pieter","url":"https:\/\/www.stpierre-bru.be\/","logo":{"@type":"ImageObject","inLanguage":"nl-NL","@id":"https:\/\/www.stpierre-bru.be\/#\/schema\/logo\/image\/","url":"https:\/\/www.stpierre-bru.be\/wp-content\/uploads\/2021\/06\/Logo_chu_umc_0.png","contentUrl":"https:\/\/www.stpierre-bru.be\/wp-content\/uploads\/2021\/06\/Logo_chu_umc_0.png","width":733,"height":281,"caption":"CHU Saint-Pierre | UMC Sint-Pieter"},"image":{"@id":"https:\/\/www.stpierre-bru.be\/#\/schema\/logo\/image\/"}}]}},"ticketed":false,"_links":{"self":[{"href":"https:\/\/www.stpierre-bru.be\/nl\/wp-json\/wp\/v2\/tribe_events\/38346","targetHints":{"allow":["GET"]}}],"collection":[{"href":"https:\/\/www.stpierre-bru.be\/nl\/wp-json\/wp\/v2\/tribe_events"}],"about":[{"href":"https:\/\/www.stpierre-bru.be\/nl\/wp-json\/wp\/v2\/types\/tribe_events"}],"author":[{"embeddable":true,"href":"https:\/\/www.stpierre-bru.be\/nl\/wp-json\/wp\/v2\/users\/9"}],"version-history":[{"count":0,"href":"https:\/\/www.stpierre-bru.be\/nl\/wp-json\/wp\/v2\/tribe_events\/38346\/revisions"}],"wp:featuredmedia":[{"embeddable":true,"href":"https:\/\/www.stpierre-bru.be\/nl\/wp-json\/wp\/v2\/media\/38340"}],"wp:attachment":[{"href":"https:\/\/www.stpierre-bru.be\/nl\/wp-json\/wp\/v2\/media?parent=38346"}],"wp:term":[{"taxonomy":"post_tag","embeddable":true,"href":"https:\/\/www.stpierre-bru.be\/nl\/wp-json\/wp\/v2\/tags?post=38346"},{"taxonomy":"tribe_events_cat","embeddable":true,"href":"https:\/\/www.stpierre-bru.be\/nl\/wp-json\/wp\/v2\/tribe_events_cat?post=38346"}],"curies":[{"name":"wp","href":"https:\/\/api.w.org\/{rel}","templated":true}]}}