{"id":925,"date":"2021-11-11T23:06:59","date_gmt":"2021-11-11T22:06:59","guid":{"rendered":"http:\/\/10.14.1.26\/website\/specialite\/centre-de-la-douleur\/"},"modified":"2024-03-01T15:48:52","modified_gmt":"2024-03-01T14:48:52","slug":"centre-de-la-douleur","status":"publish","type":"service","link":"https:\/\/www.stpierre-bru.be\/nl\/service\/anesthesie\/centre-de-la-douleur\/","title":{"rendered":"Centre de la douleur"},"content":{"rendered":"<p>[et_pb_section fb_built=&#8221;1&#8243; admin_label=&#8221;section&#8221; _builder_version=&#8221;3.22&#8243; global_colors_info=&#8221;{}&#8221; theme_builder_area=&#8221;post_content&#8221;][et_pb_row admin_label=&#8221;row&#8221; _builder_version=&#8221;3.25&#8243; background_size=&#8221;initial&#8221; background_position=&#8221;top_left&#8221; background_repeat=&#8221;repeat&#8221; global_colors_info=&#8221;{}&#8221; theme_builder_area=&#8221;post_content&#8221;][et_pb_column type=&#8221;4_4&#8243; _builder_version=&#8221;3.25&#8243; custom_padding=&#8221;|||&#8221; global_colors_info=&#8221;{}&#8221; custom_padding__hover=&#8221;|||&#8221; theme_builder_area=&#8221;post_content&#8221;][et_pb_text admin_label=&#8221;Text&#8221; _builder_version=&#8221;4.14.6&#8243; background_size=&#8221;initial&#8221; background_position=&#8221;top_left&#8221; background_repeat=&#8221;repeat&#8221; hover_enabled=&#8221;0&#8243; global_colors_info=&#8221;{}&#8221; theme_builder_area=&#8221;post_content&#8221; sticky_enabled=&#8221;0&#8243;]<\/p>\n<p>La douleur se d\u00e9finit comme une <strong>exp\u00e9rience sensorielle<\/strong> et <strong>\u00e9motionnelle<\/strong> <strong>d\u00e9sagr\u00e9able<\/strong>. La soulager a \u00e9t\u00e9 de tout temps une pr\u00e9occupation essentielle de la m\u00e9decine. La meilleure connaissance des m\u00e9canismes neurophysiologiques de la douleur nous conduit \u00e0 une sp\u00e9cialit\u00e9 :<strong> l\u2019Algologie<\/strong>.<\/p>\n<p>[\/et_pb_text][et_pb_accordion icon_color=&#8221;#00B9B4&#8243; _builder_version=&#8221;4.14.6&#8243; _module_preset=&#8221;default&#8221; width=&#8221;100%&#8221; custom_margin=&#8221;|-198px||||&#8221; hover_enabled=&#8221;0&#8243; global_colors_info=&#8221;{}&#8221; theme_builder_area=&#8221;post_content&#8221; sticky_enabled=&#8221;0&#8243;][et_pb_accordion_item title=&#8221;Notre centre&#8221; _builder_version=&#8221;4.14.6&#8243; _module_preset=&#8221;default&#8221; hover_enabled=&#8221;0&#8243; global_colors_info=&#8221;{}&#8221; theme_builder_area=&#8221;post_content&#8221; open=&#8221;off&#8221; sticky_enabled=&#8221;0&#8243;]<\/p>\n<p>Notre centre est un espace qui regroupe des professionnels sp\u00e9cialis\u00e9s dans la<span>\u00a0<\/span><strong>prise en charge globale de la douleur<span>\u00a0<\/span><\/strong>(informations des patients sur le m\u00e9canisme neurophysiologique de la douleur, traitements, orientation sp\u00e9cialis\u00e9e, infiltrations\u2026).<\/p>\n<p>Nous assurons la prise en charge de patients souffrant de<span>\u00a0<\/span><strong>douleurs chroniques<\/strong><span>\u00a0<\/span>n\u00e9cessitant une approche globale.<\/p>\n<p><span>Notre approche m\u00e9dicale s\u2019appuie \u00e9galement sur une collaboration \u00e9troite avec diff\u00e9rentes sp\u00e9cialit\u00e9s m\u00e9dicales et param\u00e9dicales.<\/span><\/p>\n<p>[\/et_pb_accordion_item][et_pb_accordion_item title=&#8221;La sp\u00e9cialit\u00e9 en m\u00e9decine de la douleur&#8221; _builder_version=&#8221;4.14.6&#8243; _module_preset=&#8221;default&#8221; hover_enabled=&#8221;0&#8243; global_colors_info=&#8221;{}&#8221; theme_builder_area=&#8221;post_content&#8221; open=&#8221;off&#8221; sticky_enabled=&#8221;0&#8243;]<\/p>\n<p>L&#8217;\u00e9quipe de sp\u00e9cialistes en m\u00e9decine de la douleur fournit quelques-unes des options de traitement les plus sp\u00e9cifiques dans un environnement de soutien et de compassion. Nos m\u00e9decins soignent chaque ann\u00e9e des milliers de patients hospitalis\u00e9s et ambulatoires. Ils ont aid\u00e9 les patients \u00e0 revenir \u00e0 l&#8217;ind\u00e9pendance et au confort, et ont restaur\u00e9 leur qualit\u00e9 de vie.<\/p>\n<p>En raison de la nature sp\u00e9cialis\u00e9e de notre d\u00e9partement, nous sommes en mesure d&#8217;offrir aux patients les traitements les plus r\u00e9cents et les plus efficaces pour la douleur.<\/p>\n<p>[\/et_pb_accordion_item][et_pb_accordion_item title=&#8221;Les techniques interventionnelles&#8221; _builder_version=&#8221;4.14.6&#8243; _module_preset=&#8221;default&#8221; hover_enabled=&#8221;0&#8243; global_colors_info=&#8221;{}&#8221; theme_builder_area=&#8221;post_content&#8221; open=&#8221;off&#8221; sticky_enabled=&#8221;0&#8243;]<\/p>\n<ul>\n<li><strong>Infiltration foraminale<\/strong><span>\u00a0<\/span>(<em>cervicale et lombaire<\/em>)<\/li>\n<li><strong>Infiltration facettaires<\/strong><span>\u00a0<\/span>(<em>cervicale, dorsale, lombaire et sacr\u00e9e<\/em>)<\/li>\n<li><strong>Infiltration p\u00e9ridurale<\/strong><span>\u00a0<\/span>(<em>cervicale et lombaire<\/em>)<\/li>\n<li><strong>Thermocoagulation et radiofr\u00e9quence facettaires<\/strong><span>\u00a0<\/span>(<em>cervicodorsolombaires<\/em>)<\/li>\n<li><strong>Infiltration ganglion impar, ganglion stellaire, nerfs d&#8217;Arnold, &#8230;<\/strong><\/li>\n<li><strong>Implantation Neurostimulateur p\u00e9rim\u00e9dullaire pour la neuromodulation de la douleur chronique<\/strong><\/li>\n<\/ul>\n<ul><\/ul>\n<p>[\/et_pb_accordion_item][\/et_pb_accordion][\/et_pb_column][\/et_pb_row][\/et_pb_section]<\/p>\n","protected":false},"excerpt":{"rendered":"<p>Un centre d&eacute;di&eacute; &agrave; la prise en charge de la douleur&nbsp;<\/p>\n","protected":false},"featured_media":853,"parent":817,"menu_order":0,"template":"","meta":{"_acf_changed":false,"_et_pb_use_builder":"on","_et_pb_old_content":"<p>La douleur se d&eacute;finit comme une <strong>exp&eacute;rience sensorielle<\/strong> et <strong>&eacute;motionnelle<\/strong> <strong>d&eacute;sagr&eacute;able<\/strong>. La soulager a &eacute;t&eacute; de tout temps une pr&eacute;occupation essentielle de la m&eacute;decine. La meilleure connaissance des m&eacute;canismes neurophysiologiques de la douleur nous conduit &agrave; une sp&eacute;cialit&eacute; :<strong> l&rsquo;Algologie<\/strong>.<\/p>\n\n<p>Notre centre est un espace qui regroupe des professionnels sp&eacute;cialis&eacute;s dans la <strong>prise en charge globale de la douleur <\/strong>(informations des patients sur le m&eacute;canisme neurophysiologique de la douleur, traitements, orientation sp&eacute;cialis&eacute;e, infiltrations&hellip;).<\/p>\n\n<p>Nous assurons la prise en charge de patients souffrant de <strong>douleurs chroniques<\/strong> n&eacute;cessitant une approche globale.<\/p>\n\n<p>L&#39;&eacute;quipe de sp&eacute;cialistes en m&eacute;decine de la douleur fournit quelques-unes des options de traitement les plus sp&eacute;cifiques dans un environnement de soutien et de compassion. Nos m&eacute;decins soignent chaque ann&eacute;e des milliers de patients hospitalis&eacute;s et ambulatoires. Ils ont aid&eacute; les patients &agrave; revenir &agrave; l&#39;ind&eacute;pendance et au confort, et ont restaur&eacute; leur qualit&eacute; de vie.<\/p>\n\n<p>En raison de la nature sp&eacute;cialis&eacute;e de notre d&eacute;partement, nous sommes en mesure d&#39;offrir aux patients les traitements les plus r&eacute;cents et les plus efficaces pour la douleur.<\/p>\n\n<p>Nous pratiquons &agrave; cet effet diff&eacute;rentes techniques interventionnelles :<\/p>\n\n<ul>\n<li><strong>Infiltration foraminale<\/strong> (<em>cervicale et lombaire<\/em>)<\/li>\n<li><strong>Infiltration facettaires<\/strong> (<em>cervicale, dorsale, lombaire et sacr&eacute;e<\/em>)<\/li>\n<li><strong>Infiltration p&eacute;ridurale<\/strong> (<em>cervicale et lombaire<\/em>)<\/li>\n<li><strong>Thermocoagulation et radiofr&eacute;quence facettaires<\/strong> (<em>cervicodorsolombaires<\/em>)<\/li>\n<li><strong>Infiltration ganglion impar, ganglion stellaire, nerfs d&#39;Arnold, ...<\/strong><\/li>\n<li><strong>Implantation Neurostimulateur p&eacute;rim&eacute;dullaire pour la neuromodulation de la douleur chronique<\/strong><br \/>\n&nbsp;<\/li>\n<\/ul>\n\n<p>Notre approche m&eacute;dicale s&rsquo;appuie &eacute;galement sur une collaboration &eacute;troite avec diff&eacute;rentes sp&eacute;cialit&eacute;s m&eacute;dicales et param&eacute;dicales.<\/p>\n","_et_gb_content_width":"","_price":"","_stock":"","_tribe_ticket_header":"","_tribe_default_ticket_provider":"","_tribe_ticket_capacity":"0","_ticket_start_date":"","_ticket_end_date":"","_tribe_ticket_show_description":"","_tribe_ticket_show_not_going":false,"_tribe_ticket_use_global_stock":"","_tribe_ticket_global_stock_level":"","_global_stock_mode":"","_global_stock_cap":"","_tribe_rsvp_for_event":"","_tribe_ticket_going_count":"","_tribe_ticket_not_going_count":"","_tribe_tickets_list":"[]","_tribe_ticket_has_attendee_info_fields":false},"categories":[1852,44],"tags":[],"class_list":["post-925","service","type-service","status-publish","has-post-thumbnail","hentry","category-anesthesie","category-specialite"],"acf":[],"yoast_head":"<!-- This site is optimized with the Yoast SEO plugin v26.5 - https:\/\/yoast.com\/wordpress\/plugins\/seo\/ -->\n<title>Centre de la douleur - CHU Saint-Pierre | UMC Sint-Pieter<\/title>\n<meta name=\"robots\" content=\"index, follow, max-snippet:-1, max-image-preview:large, max-video-preview:-1\" \/>\n<link rel=\"canonical\" href=\"https:\/\/www.stpierre-bru.be\/service\/anesthesie\/centre-de-la-douleur\/\" \/>\n<meta property=\"og:locale\" content=\"nl_NL\" \/>\n<meta property=\"og:type\" content=\"article\" \/>\n<meta property=\"og:title\" content=\"Centre de la douleur - CHU Saint-Pierre | UMC Sint-Pieter\" \/>\n<meta property=\"og:description\" content=\"Un centre d&eacute;di&eacute; &agrave; la prise en charge de la douleur&nbsp;\" \/>\n<meta property=\"og:site_name\" content=\"CHU Saint-Pierre | UMC Sint-Pieter\" \/>\n<meta property=\"article:modified_time\" content=\"2024-03-01T14:48:52+00:00\" \/>\n<meta property=\"og:image\" content=\"https:\/\/www.stpierre-bru.be\/wp-content\/uploads\/2021\/11\/Anesthesie10.png\" \/>\n\t<meta property=\"og:image:width\" content=\"2000\" \/>\n\t<meta property=\"og:image:height\" content=\"1335\" \/>\n\t<meta property=\"og:image:type\" content=\"image\/png\" \/>\n<meta name=\"twitter:card\" content=\"summary_large_image\" \/>\n<meta name=\"twitter:label1\" content=\"Est. reading time\" \/>\n\t<meta name=\"twitter:data1\" content=\"2 minutes\" \/>\n<script type=\"application\/ld+json\" class=\"yoast-schema-graph\">{\"@context\":\"https:\/\/schema.org\",\"@graph\":[{\"@type\":\"WebPage\",\"@id\":\"https:\/\/www.stpierre-bru.be\/service\/anesthesie\/centre-de-la-douleur\/\",\"url\":\"https:\/\/www.stpierre-bru.be\/service\/anesthesie\/centre-de-la-douleur\/\",\"name\":\"Centre de la douleur - CHU Saint-Pierre | UMC Sint-Pieter\",\"isPartOf\":{\"@id\":\"https:\/\/www.stpierre-bru.be\/#website\"},\"primaryImageOfPage\":{\"@id\":\"https:\/\/www.stpierre-bru.be\/service\/anesthesie\/centre-de-la-douleur\/#primaryimage\"},\"image\":{\"@id\":\"https:\/\/www.stpierre-bru.be\/service\/anesthesie\/centre-de-la-douleur\/#primaryimage\"},\"thumbnailUrl\":\"https:\/\/www.stpierre-bru.be\/app\/uploads\/2021\/11\/Anesthesie10.png\",\"datePublished\":\"2021-11-11T22:06:59+00:00\",\"dateModified\":\"2024-03-01T14:48:52+00:00\",\"breadcrumb\":{\"@id\":\"https:\/\/www.stpierre-bru.be\/service\/anesthesie\/centre-de-la-douleur\/#breadcrumb\"},\"inLanguage\":\"nl-NL\",\"potentialAction\":[{\"@type\":\"ReadAction\",\"target\":[\"https:\/\/www.stpierre-bru.be\/service\/anesthesie\/centre-de-la-douleur\/\"]}]},{\"@type\":\"ImageObject\",\"inLanguage\":\"nl-NL\",\"@id\":\"https:\/\/www.stpierre-bru.be\/service\/anesthesie\/centre-de-la-douleur\/#primaryimage\",\"url\":\"https:\/\/www.stpierre-bru.be\/app\/uploads\/2021\/11\/Anesthesie10.png\",\"contentUrl\":\"https:\/\/www.stpierre-bru.be\/app\/uploads\/2021\/11\/Anesthesie10.png\",\"width\":2000,\"height\":1335},{\"@type\":\"BreadcrumbList\",\"@id\":\"https:\/\/www.stpierre-bru.be\/service\/anesthesie\/centre-de-la-douleur\/#breadcrumb\",\"itemListElement\":[{\"@type\":\"ListItem\",\"position\":1,\"name\":\"Home\",\"item\":\"https:\/\/www.stpierre-bru.be\/nl\/home\/\"},{\"@type\":\"ListItem\",\"position\":2,\"name\":\"Services\",\"item\":\"https:\/\/www.stpierre-bru.be\/nos-services-de-consultation\/\"},{\"@type\":\"ListItem\",\"position\":3,\"name\":\"Anesth\u00e9sie\",\"item\":\"https:\/\/www.stpierre-bru.be\/service\/anesthesie\/\"},{\"@type\":\"ListItem\",\"position\":4,\"name\":\"Centre de la douleur\"}]},{\"@type\":\"WebSite\",\"@id\":\"https:\/\/www.stpierre-bru.be\/#website\",\"url\":\"https:\/\/www.stpierre-bru.be\/\",\"name\":\"CHU Saint-Pierre | UMC Sint-Pieter\",\"description\":\"Bienvenue\",\"publisher\":{\"@id\":\"https:\/\/www.stpierre-bru.be\/#organization\"},\"potentialAction\":[{\"@type\":\"SearchAction\",\"target\":{\"@type\":\"EntryPoint\",\"urlTemplate\":\"https:\/\/www.stpierre-bru.be\/?s={search_term_string}\"},\"query-input\":{\"@type\":\"PropertyValueSpecification\",\"valueRequired\":true,\"valueName\":\"search_term_string\"}}],\"inLanguage\":\"nl-NL\"},{\"@type\":\"Organization\",\"@id\":\"https:\/\/www.stpierre-bru.be\/#organization\",\"name\":\"CHU Saint-Pierre | UMC Sint-Pieter\",\"url\":\"https:\/\/www.stpierre-bru.be\/\",\"logo\":{\"@type\":\"ImageObject\",\"inLanguage\":\"nl-NL\",\"@id\":\"https:\/\/www.stpierre-bru.be\/#\/schema\/logo\/image\/\",\"url\":\"https:\/\/www.stpierre-bru.be\/wp-content\/uploads\/2021\/06\/Logo_chu_umc_0.png\",\"contentUrl\":\"https:\/\/www.stpierre-bru.be\/wp-content\/uploads\/2021\/06\/Logo_chu_umc_0.png\",\"width\":733,\"height\":281,\"caption\":\"CHU Saint-Pierre | UMC Sint-Pieter\"},\"image\":{\"@id\":\"https:\/\/www.stpierre-bru.be\/#\/schema\/logo\/image\/\"}}]}<\/script>\n<!-- \/ Yoast SEO plugin. -->","yoast_head_json":{"title":"Centre de la douleur - CHU Saint-Pierre | UMC Sint-Pieter","robots":{"index":"index","follow":"follow","max-snippet":"max-snippet:-1","max-image-preview":"max-image-preview:large","max-video-preview":"max-video-preview:-1"},"canonical":"https:\/\/www.stpierre-bru.be\/service\/anesthesie\/centre-de-la-douleur\/","og_locale":"nl_NL","og_type":"article","og_title":"Centre de la douleur - CHU Saint-Pierre | UMC Sint-Pieter","og_description":"Un centre d&eacute;di&eacute; &agrave; la prise en charge de la douleur&nbsp;","og_site_name":"CHU Saint-Pierre | UMC Sint-Pieter","article_modified_time":"2024-03-01T14:48:52+00:00","og_image":[{"width":2000,"height":1335,"url":"https:\/\/www.stpierre-bru.be\/wp-content\/uploads\/2021\/11\/Anesthesie10.png","type":"image\/png"}],"twitter_card":"summary_large_image","twitter_misc":{"Est. reading time":"2 minutes"},"schema":{"@context":"https:\/\/schema.org","@graph":[{"@type":"WebPage","@id":"https:\/\/www.stpierre-bru.be\/service\/anesthesie\/centre-de-la-douleur\/","url":"https:\/\/www.stpierre-bru.be\/service\/anesthesie\/centre-de-la-douleur\/","name":"Centre de la douleur - CHU Saint-Pierre | UMC Sint-Pieter","isPartOf":{"@id":"https:\/\/www.stpierre-bru.be\/#website"},"primaryImageOfPage":{"@id":"https:\/\/www.stpierre-bru.be\/service\/anesthesie\/centre-de-la-douleur\/#primaryimage"},"image":{"@id":"https:\/\/www.stpierre-bru.be\/service\/anesthesie\/centre-de-la-douleur\/#primaryimage"},"thumbnailUrl":"https:\/\/www.stpierre-bru.be\/app\/uploads\/2021\/11\/Anesthesie10.png","datePublished":"2021-11-11T22:06:59+00:00","dateModified":"2024-03-01T14:48:52+00:00","breadcrumb":{"@id":"https:\/\/www.stpierre-bru.be\/service\/anesthesie\/centre-de-la-douleur\/#breadcrumb"},"inLanguage":"nl-NL","potentialAction":[{"@type":"ReadAction","target":["https:\/\/www.stpierre-bru.be\/service\/anesthesie\/centre-de-la-douleur\/"]}]},{"@type":"ImageObject","inLanguage":"nl-NL","@id":"https:\/\/www.stpierre-bru.be\/service\/anesthesie\/centre-de-la-douleur\/#primaryimage","url":"https:\/\/www.stpierre-bru.be\/app\/uploads\/2021\/11\/Anesthesie10.png","contentUrl":"https:\/\/www.stpierre-bru.be\/app\/uploads\/2021\/11\/Anesthesie10.png","width":2000,"height":1335},{"@type":"BreadcrumbList","@id":"https:\/\/www.stpierre-bru.be\/service\/anesthesie\/centre-de-la-douleur\/#breadcrumb","itemListElement":[{"@type":"ListItem","position":1,"name":"Home","item":"https:\/\/www.stpierre-bru.be\/nl\/home\/"},{"@type":"ListItem","position":2,"name":"Services","item":"https:\/\/www.stpierre-bru.be\/nos-services-de-consultation\/"},{"@type":"ListItem","position":3,"name":"Anesth\u00e9sie","item":"https:\/\/www.stpierre-bru.be\/service\/anesthesie\/"},{"@type":"ListItem","position":4,"name":"Centre de la douleur"}]},{"@type":"WebSite","@id":"https:\/\/www.stpierre-bru.be\/#website","url":"https:\/\/www.stpierre-bru.be\/","name":"CHU Saint-Pierre | UMC Sint-Pieter","description":"Bienvenue","publisher":{"@id":"https:\/\/www.stpierre-bru.be\/#organization"},"potentialAction":[{"@type":"SearchAction","target":{"@type":"EntryPoint","urlTemplate":"https:\/\/www.stpierre-bru.be\/?s={search_term_string}"},"query-input":{"@type":"PropertyValueSpecification","valueRequired":true,"valueName":"search_term_string"}}],"inLanguage":"nl-NL"},{"@type":"Organization","@id":"https:\/\/www.stpierre-bru.be\/#organization","name":"CHU Saint-Pierre | UMC Sint-Pieter","url":"https:\/\/www.stpierre-bru.be\/","logo":{"@type":"ImageObject","inLanguage":"nl-NL","@id":"https:\/\/www.stpierre-bru.be\/#\/schema\/logo\/image\/","url":"https:\/\/www.stpierre-bru.be\/wp-content\/uploads\/2021\/06\/Logo_chu_umc_0.png","contentUrl":"https:\/\/www.stpierre-bru.be\/wp-content\/uploads\/2021\/06\/Logo_chu_umc_0.png","width":733,"height":281,"caption":"CHU Saint-Pierre | UMC Sint-Pieter"},"image":{"@id":"https:\/\/www.stpierre-bru.be\/#\/schema\/logo\/image\/"}}]}},"_links":{"self":[{"href":"https:\/\/www.stpierre-bru.be\/nl\/wp-json\/wp\/v2\/service\/925","targetHints":{"allow":["GET"]}}],"collection":[{"href":"https:\/\/www.stpierre-bru.be\/nl\/wp-json\/wp\/v2\/service"}],"about":[{"href":"https:\/\/www.stpierre-bru.be\/nl\/wp-json\/wp\/v2\/types\/service"}],"up":[{"embeddable":true,"href":"https:\/\/www.stpierre-bru.be\/nl\/wp-json\/wp\/v2\/service\/817"}],"wp:featuredmedia":[{"embeddable":true,"href":"https:\/\/www.stpierre-bru.be\/nl\/wp-json\/wp\/v2\/media\/853"}],"wp:attachment":[{"href":"https:\/\/www.stpierre-bru.be\/nl\/wp-json\/wp\/v2\/media?parent=925"}],"wp:term":[{"taxonomy":"category","embeddable":true,"href":"https:\/\/www.stpierre-bru.be\/nl\/wp-json\/wp\/v2\/categories?post=925"},{"taxonomy":"post_tag","embeddable":true,"href":"https:\/\/www.stpierre-bru.be\/nl\/wp-json\/wp\/v2\/tags?post=925"}],"curies":[{"name":"wp","href":"https:\/\/api.w.org\/{rel}","templated":true}]}}