{"id":5918,"date":"2022-02-23T16:18:04","date_gmt":"2022-02-23T15:18:04","guid":{"rendered":"http:\/\/10.14.1.26\/website\/service\/dermatologie\/haarkliniek-georges-achten\/"},"modified":"2022-02-23T16:18:08","modified_gmt":"2022-02-23T15:18:08","slug":"haarkliniek-georges-achten","status":"publish","type":"service","link":"https:\/\/www.stpierre-bru.be\/nl\/service\/dermatologie\/haarkliniek-georges-achten\/","title":{"rendered":"Haarkliniek- Georges Achten"},"content":{"rendered":"\n[et_pb_section fb_built=&#8221;1&#8243; admin_label=&#8221;section&#8221; _builder_version=&#8221;3.22&#8243; global_colors_info=&#8221;{}&#8221; theme_builder_area=&#8221;post_content&#8221;][et_pb_row admin_label=&#8221;row&#8221; _builder_version=&#8221;3.25&#8243; background_size=&#8221;initial&#8221; background_position=&#8221;top_left&#8221; background_repeat=&#8221;repeat&#8221; global_colors_info=&#8221;{}&#8221; theme_builder_area=&#8221;post_content&#8221;][et_pb_column type=&#8221;4_4&#8243; _builder_version=&#8221;3.25&#8243; custom_padding=&#8221;|||&#8221; global_colors_info=&#8221;{}&#8221; custom_padding__hover=&#8221;|||&#8221; theme_builder_area=&#8221;post_content&#8221;][et_pb_text admin_label=&#8221;Text&#8221; _builder_version=&#8221;3.27.4&#8243; background_size=&#8221;initial&#8221; background_position=&#8221;top_left&#8221; background_repeat=&#8221;repeat&#8221; hover_enabled=&#8221;0&#8243; global_colors_info=&#8221;{}&#8221; theme_builder_area=&#8221;post_content&#8221; sticky_enabled=&#8221;0&#8243;]<p>De dienst Dermatologie biedt gespecialiseerde raadplegingen voor haarziekten en ziekten van de hoofdhuid.<\/p>[\/et_pb_text][et_pb_accordion icon_color=&#8221;#00B9B4&#8243; _builder_version=&#8221;4.14.4&#8243; _module_preset=&#8221;default&#8221; width=&#8221;100%&#8221; custom_margin=&#8221;|-198px||||&#8221; hover_enabled=&#8221;0&#8243; global_colors_info=&#8221;{}&#8221; theme_builder_area=&#8221;post_content&#8221; sticky_enabled=&#8221;0&#8243; toggle_level=&#8221;h3&#8243; open_toggle_text_color=&#8221;#00B9B4&#8243; toggle_text_color=&#8221;#00B9B4&#8243;][et_pb_accordion_item title=&#8221;Haartransplantatie&#8221; open=&#8221;on&#8221; _builder_version=&#8221;4.14.4&#8243; _module_preset=&#8221;default&#8221; hover_enabled=&#8221;0&#8243; global_colors_info=&#8221;{}&#8221; theme_builder_area=&#8221;post_content&#8221; sticky_enabled=&#8221;0&#8243;]<p><span>Het principe van haartransplantatie is het verwijderen van haartjes uit het <\/span><strong>achterhoofd <\/strong><span> (occipitale zone).<\/span><\/p>\n<p>Die verwijdering kan op twee manieren gebeuren:<\/p>\n<ul>\n<li>FUE-techniek (<em>Follicular Unit Exctraction<\/em>) :<span> <\/span><strong>de folliculaire eenheden<\/strong><span> <\/span>worden \u00e9\u00e9n voor \u00e9\u00e9n verwijderd. Elke eenheid bevat<span> <\/span><strong>2 tot 3 haren<\/strong>.<\/li>\n<li>v (<em>Follicular Unit Transplantation<\/em>) : verwijdering van een<span> <\/span><strong>reep huid<\/strong><span> <\/span>die<span> <\/span><strong>vervolgens gehecht<\/strong><span> <\/span>wordt. De reep huid wordt onder de microscoop in kleine folliculaire eenheden gesplitst.<\/li>\n<\/ul>\n<p>De twee interventies gebeuren onder lokale anesthesie.<\/p>\n<p>De interventie neemt naargelang de te behandelen zone 2 tot 8 uur in beslag.<\/p>\n<p><span><\/span><\/p>[\/et_pb_accordion_item][et_pb_accordion_item title=&#8221;Trichologie &#8211; afrikaans haren&#8221; _builder_version=&#8221;4.14.4&#8243; _module_preset=&#8221;default&#8221; hover_enabled=&#8221;0&#8243; global_colors_info=&#8221;{}&#8221; theme_builder_area=&#8221;post_content&#8221; open=&#8221;off&#8221; sticky_enabled=&#8221;0&#8243;]<p>U kunt op eenheid Georges Achten terecht voor raadplegingen trichologie gespecialiseerd in het weer gezond maken of gezond houden van Afrikaans haar. Het betreft natuurlijk gekruld haar met een droge hoofdhuid.<\/p>\n<p>Ook voor gemengd, ontkruld of natuurlijk haar is er een behandeling op maat.<\/p>\n<p>Door zijn structuur is Afrikaans haar moeilijker te kappen en wordt het haar vaker ontkruld en\/of verlengd. Het dagelijks gebruik van onaangepaste shampoos, conditioners en gels en het minder vochtige klimaat versterken het probleem en kunnen tot definitieve vernietiging van de hoofdhuid leiden.<\/p>\n<ul>\n<li><em>Haarverlies of broos haar?<\/em><\/li>\n<li><em>Een ge\u00efrriteerde hoofdhuid of een ander haarprobleem?<\/em><\/li>\n<li><em>U weet niet hoe u uw haar moet verzorgen?<\/em><\/li>\n<li><em>U wil uw haar gewoon goed verzorgen en problemen voorkomen?<\/em><\/li>\n<\/ul>\n<p>Maak een afspraak.<\/p>\n<p>Verantwoordelijke verpleegster mevrouw MUKARUKUNDO, leert u tijdens de behandeling met aangepaste kapseltechnieken en accessoires werken.<\/p>\n<p>&nbsp;<\/p>[\/et_pb_accordion_item][\/et_pb_accordion][\/et_pb_column][\/et_pb_row][\/et_pb_section]\n","protected":false},"excerpt":{"rendered":"<p>De dienst dermatologie van het UMC Sint-Pieter, dat zijn elk jaar meer dan 30 &nbsp;000 met aandacht en deskundigheid behandelde pati\u00ebnten. De dienst houdt zich bezig met de aandoeningen van de huid, van de nagels en van de haren, zowel bij de volwassene als bij het kind.<\/p>\n","protected":false},"featured_media":1365,"parent":5660,"menu_order":0,"template":"","meta":{"_acf_changed":false,"_et_pb_use_builder":"on","_et_pb_old_content":"","_et_gb_content_width":"","_price":"","_stock":"","_tribe_ticket_header":"","_tribe_default_ticket_provider":"","_tribe_ticket_capacity":"0","_ticket_start_date":"","_ticket_end_date":"","_tribe_ticket_show_description":"","_tribe_ticket_show_not_going":false,"_tribe_ticket_use_global_stock":"","_tribe_ticket_global_stock_level":"","_global_stock_mode":"","_global_stock_cap":"","_tribe_rsvp_for_event":"","_tribe_ticket_going_count":"","_tribe_ticket_not_going_count":"","_tribe_tickets_list":"[]","_tribe_ticket_has_attendee_info_fields":false},"categories":[1856,2995,1387],"tags":[1650,1323,1652,1325,1651,1648,1647,1649],"class_list":["post-5918","service","type-service","status-publish","has-post-thumbnail","hentry","category-dermatologie","category-dermatologie-nl","category-specialiteit","tag-afrikaans-haar","tag-dermatologie-nl","tag-georges-achten-nl","tag-haar","tag-haar-transplantatie","tag-haarkliniek","tag-transplantatie","tag-trichologie-nl"],"acf":[],"yoast_head":"<!-- This site is optimized with the Yoast SEO plugin v26.5 - https:\/\/yoast.com\/wordpress\/plugins\/seo\/ -->\n<title>Haarkliniek- Georges Achten - CHU Saint-Pierre | UMC Sint-Pieter<\/title>\n<meta name=\"description\" content=\"De dienst Dermatologie biedt gespecialiseerde raadplegingen voor haarziekten en ziekten van de hoofdhuid.\" \/>\n<meta name=\"robots\" content=\"index, follow, max-snippet:-1, max-image-preview:large, max-video-preview:-1\" \/>\n<link rel=\"canonical\" href=\"https:\/\/www.stpierre-bru.be\/service\/dermatologie\/clinique-du-cheveu-unite-medico-chirurgicale-georges-achten\/\" \/>\n<meta property=\"og:locale\" content=\"nl_NL\" \/>\n<meta property=\"og:type\" content=\"article\" \/>\n<meta property=\"og:title\" content=\"Haarkliniek- Georges Achten - CHU Saint-Pierre | UMC Sint-Pieter\" \/>\n<meta property=\"og:description\" content=\"De dienst Dermatologie biedt gespecialiseerde raadplegingen voor haarziekten en ziekten van de hoofdhuid.\" \/>\n<meta property=\"og:site_name\" content=\"CHU Saint-Pierre | UMC Sint-Pieter\" \/>\n<meta property=\"article:modified_time\" content=\"2022-02-23T15:18:08+00:00\" \/>\n<meta property=\"og:image\" content=\"https:\/\/www.stpierre-bru.be\/app\/uploads\/2021\/10\/Dermatologie.jpg\" \/>\n\t<meta property=\"og:image:width\" content=\"2121\" \/>\n\t<meta property=\"og:image:height\" content=\"1414\" \/>\n\t<meta property=\"og:image:type\" content=\"image\/jpeg\" \/>\n<meta name=\"twitter:card\" content=\"summary_large_image\" \/>\n<meta name=\"twitter:label1\" content=\"Est. reading time\" \/>\n\t<meta name=\"twitter:data1\" content=\"2 minutes\" \/>\n<script type=\"application\/ld+json\" class=\"yoast-schema-graph\">{\"@context\":\"https:\/\/schema.org\",\"@graph\":[{\"@type\":\"WebPage\",\"@id\":\"https:\/\/www.stpierre-bru.be\/service\/dermatologie\/clinique-du-cheveu-unite-medico-chirurgicale-georges-achten\/\",\"url\":\"https:\/\/www.stpierre-bru.be\/service\/dermatologie\/clinique-du-cheveu-unite-medico-chirurgicale-georges-achten\/\",\"name\":\"Haarkliniek- Georges Achten - CHU Saint-Pierre | UMC Sint-Pieter\",\"isPartOf\":{\"@id\":\"https:\/\/www.stpierre-bru.be\/#website\"},\"primaryImageOfPage\":{\"@id\":\"https:\/\/www.stpierre-bru.be\/service\/dermatologie\/clinique-du-cheveu-unite-medico-chirurgicale-georges-achten\/#primaryimage\"},\"image\":{\"@id\":\"https:\/\/www.stpierre-bru.be\/service\/dermatologie\/clinique-du-cheveu-unite-medico-chirurgicale-georges-achten\/#primaryimage\"},\"thumbnailUrl\":\"https:\/\/www.stpierre-bru.be\/app\/uploads\/2021\/10\/Dermatologie.jpg\",\"datePublished\":\"2022-02-23T15:18:04+00:00\",\"dateModified\":\"2022-02-23T15:18:08+00:00\",\"description\":\"De dienst Dermatologie biedt gespecialiseerde raadplegingen voor haarziekten en ziekten van de hoofdhuid.\",\"breadcrumb\":{\"@id\":\"https:\/\/www.stpierre-bru.be\/service\/dermatologie\/clinique-du-cheveu-unite-medico-chirurgicale-georges-achten\/#breadcrumb\"},\"inLanguage\":\"nl-NL\",\"potentialAction\":[{\"@type\":\"ReadAction\",\"target\":[\"https:\/\/www.stpierre-bru.be\/service\/dermatologie\/clinique-du-cheveu-unite-medico-chirurgicale-georges-achten\/\"]}]},{\"@type\":\"ImageObject\",\"inLanguage\":\"nl-NL\",\"@id\":\"https:\/\/www.stpierre-bru.be\/service\/dermatologie\/clinique-du-cheveu-unite-medico-chirurgicale-georges-achten\/#primaryimage\",\"url\":\"https:\/\/www.stpierre-bru.be\/app\/uploads\/2021\/10\/Dermatologie.jpg\",\"contentUrl\":\"https:\/\/www.stpierre-bru.be\/app\/uploads\/2021\/10\/Dermatologie.jpg\",\"width\":2121,\"height\":1414,\"caption\":\"UMC Sint-Pieter - Dermatologie\"},{\"@type\":\"BreadcrumbList\",\"@id\":\"https:\/\/www.stpierre-bru.be\/service\/dermatologie\/clinique-du-cheveu-unite-medico-chirurgicale-georges-achten\/#breadcrumb\",\"itemListElement\":[{\"@type\":\"ListItem\",\"position\":1,\"name\":\"Home\",\"item\":\"https:\/\/www.stpierre-bru.be\/nl\/home\/\"},{\"@type\":\"ListItem\",\"position\":2,\"name\":\"Services\",\"item\":\"https:\/\/www.stpierre-bru.be\/nos-services-de-consultation\/\"},{\"@type\":\"ListItem\",\"position\":3,\"name\":\"Dermatologie\",\"item\":\"https:\/\/www.stpierre-bru.be\/service\/dermatologie\/\"},{\"@type\":\"ListItem\",\"position\":4,\"name\":\"Haarkliniek- Georges Achten\"}]},{\"@type\":\"WebSite\",\"@id\":\"https:\/\/www.stpierre-bru.be\/#website\",\"url\":\"https:\/\/www.stpierre-bru.be\/\",\"name\":\"CHU Saint-Pierre | UMC Sint-Pieter\",\"description\":\"Bienvenue\",\"publisher\":{\"@id\":\"https:\/\/www.stpierre-bru.be\/#organization\"},\"potentialAction\":[{\"@type\":\"SearchAction\",\"target\":{\"@type\":\"EntryPoint\",\"urlTemplate\":\"https:\/\/www.stpierre-bru.be\/?s={search_term_string}\"},\"query-input\":{\"@type\":\"PropertyValueSpecification\",\"valueRequired\":true,\"valueName\":\"search_term_string\"}}],\"inLanguage\":\"nl-NL\"},{\"@type\":\"Organization\",\"@id\":\"https:\/\/www.stpierre-bru.be\/#organization\",\"name\":\"CHU Saint-Pierre | UMC Sint-Pieter\",\"url\":\"https:\/\/www.stpierre-bru.be\/\",\"logo\":{\"@type\":\"ImageObject\",\"inLanguage\":\"nl-NL\",\"@id\":\"https:\/\/www.stpierre-bru.be\/#\/schema\/logo\/image\/\",\"url\":\"https:\/\/www.stpierre-bru.be\/wp-content\/uploads\/2021\/06\/Logo_chu_umc_0.png\",\"contentUrl\":\"https:\/\/www.stpierre-bru.be\/wp-content\/uploads\/2021\/06\/Logo_chu_umc_0.png\",\"width\":733,\"height\":281,\"caption\":\"CHU Saint-Pierre | UMC Sint-Pieter\"},\"image\":{\"@id\":\"https:\/\/www.stpierre-bru.be\/#\/schema\/logo\/image\/\"}}]}<\/script>\n<!-- \/ Yoast SEO plugin. -->","yoast_head_json":{"title":"Haarkliniek- Georges Achten - CHU Saint-Pierre | UMC Sint-Pieter","description":"De dienst Dermatologie biedt gespecialiseerde raadplegingen voor haarziekten en ziekten van de hoofdhuid.","robots":{"index":"index","follow":"follow","max-snippet":"max-snippet:-1","max-image-preview":"max-image-preview:large","max-video-preview":"max-video-preview:-1"},"canonical":"https:\/\/www.stpierre-bru.be\/service\/dermatologie\/clinique-du-cheveu-unite-medico-chirurgicale-georges-achten\/","og_locale":"nl_NL","og_type":"article","og_title":"Haarkliniek- Georges Achten - CHU Saint-Pierre | UMC Sint-Pieter","og_description":"De dienst Dermatologie biedt gespecialiseerde raadplegingen voor haarziekten en ziekten van de hoofdhuid.","og_site_name":"CHU Saint-Pierre | UMC Sint-Pieter","article_modified_time":"2022-02-23T15:18:08+00:00","og_image":[{"width":2121,"height":1414,"url":"https:\/\/www.stpierre-bru.be\/app\/uploads\/2021\/10\/Dermatologie.jpg","type":"image\/jpeg"}],"twitter_card":"summary_large_image","twitter_misc":{"Est. reading time":"2 minutes"},"schema":{"@context":"https:\/\/schema.org","@graph":[{"@type":"WebPage","@id":"https:\/\/www.stpierre-bru.be\/service\/dermatologie\/clinique-du-cheveu-unite-medico-chirurgicale-georges-achten\/","url":"https:\/\/www.stpierre-bru.be\/service\/dermatologie\/clinique-du-cheveu-unite-medico-chirurgicale-georges-achten\/","name":"Haarkliniek- Georges Achten - CHU Saint-Pierre | UMC Sint-Pieter","isPartOf":{"@id":"https:\/\/www.stpierre-bru.be\/#website"},"primaryImageOfPage":{"@id":"https:\/\/www.stpierre-bru.be\/service\/dermatologie\/clinique-du-cheveu-unite-medico-chirurgicale-georges-achten\/#primaryimage"},"image":{"@id":"https:\/\/www.stpierre-bru.be\/service\/dermatologie\/clinique-du-cheveu-unite-medico-chirurgicale-georges-achten\/#primaryimage"},"thumbnailUrl":"https:\/\/www.stpierre-bru.be\/app\/uploads\/2021\/10\/Dermatologie.jpg","datePublished":"2022-02-23T15:18:04+00:00","dateModified":"2022-02-23T15:18:08+00:00","description":"De dienst Dermatologie biedt gespecialiseerde raadplegingen voor haarziekten en ziekten van de hoofdhuid.","breadcrumb":{"@id":"https:\/\/www.stpierre-bru.be\/service\/dermatologie\/clinique-du-cheveu-unite-medico-chirurgicale-georges-achten\/#breadcrumb"},"inLanguage":"nl-NL","potentialAction":[{"@type":"ReadAction","target":["https:\/\/www.stpierre-bru.be\/service\/dermatologie\/clinique-du-cheveu-unite-medico-chirurgicale-georges-achten\/"]}]},{"@type":"ImageObject","inLanguage":"nl-NL","@id":"https:\/\/www.stpierre-bru.be\/service\/dermatologie\/clinique-du-cheveu-unite-medico-chirurgicale-georges-achten\/#primaryimage","url":"https:\/\/www.stpierre-bru.be\/app\/uploads\/2021\/10\/Dermatologie.jpg","contentUrl":"https:\/\/www.stpierre-bru.be\/app\/uploads\/2021\/10\/Dermatologie.jpg","width":2121,"height":1414,"caption":"UMC Sint-Pieter - Dermatologie"},{"@type":"BreadcrumbList","@id":"https:\/\/www.stpierre-bru.be\/service\/dermatologie\/clinique-du-cheveu-unite-medico-chirurgicale-georges-achten\/#breadcrumb","itemListElement":[{"@type":"ListItem","position":1,"name":"Home","item":"https:\/\/www.stpierre-bru.be\/nl\/home\/"},{"@type":"ListItem","position":2,"name":"Services","item":"https:\/\/www.stpierre-bru.be\/nos-services-de-consultation\/"},{"@type":"ListItem","position":3,"name":"Dermatologie","item":"https:\/\/www.stpierre-bru.be\/service\/dermatologie\/"},{"@type":"ListItem","position":4,"name":"Haarkliniek- Georges Achten"}]},{"@type":"WebSite","@id":"https:\/\/www.stpierre-bru.be\/#website","url":"https:\/\/www.stpierre-bru.be\/","name":"CHU Saint-Pierre | UMC Sint-Pieter","description":"Bienvenue","publisher":{"@id":"https:\/\/www.stpierre-bru.be\/#organization"},"potentialAction":[{"@type":"SearchAction","target":{"@type":"EntryPoint","urlTemplate":"https:\/\/www.stpierre-bru.be\/?s={search_term_string}"},"query-input":{"@type":"PropertyValueSpecification","valueRequired":true,"valueName":"search_term_string"}}],"inLanguage":"nl-NL"},{"@type":"Organization","@id":"https:\/\/www.stpierre-bru.be\/#organization","name":"CHU Saint-Pierre | UMC Sint-Pieter","url":"https:\/\/www.stpierre-bru.be\/","logo":{"@type":"ImageObject","inLanguage":"nl-NL","@id":"https:\/\/www.stpierre-bru.be\/#\/schema\/logo\/image\/","url":"https:\/\/www.stpierre-bru.be\/wp-content\/uploads\/2021\/06\/Logo_chu_umc_0.png","contentUrl":"https:\/\/www.stpierre-bru.be\/wp-content\/uploads\/2021\/06\/Logo_chu_umc_0.png","width":733,"height":281,"caption":"CHU Saint-Pierre | UMC Sint-Pieter"},"image":{"@id":"https:\/\/www.stpierre-bru.be\/#\/schema\/logo\/image\/"}}]}},"_links":{"self":[{"href":"https:\/\/www.stpierre-bru.be\/nl\/wp-json\/wp\/v2\/service\/5918","targetHints":{"allow":["GET"]}}],"collection":[{"href":"https:\/\/www.stpierre-bru.be\/nl\/wp-json\/wp\/v2\/service"}],"about":[{"href":"https:\/\/www.stpierre-bru.be\/nl\/wp-json\/wp\/v2\/types\/service"}],"up":[{"embeddable":true,"href":"https:\/\/www.stpierre-bru.be\/nl\/wp-json\/wp\/v2\/service\/5660"}],"wp:featuredmedia":[{"embeddable":true,"href":"https:\/\/www.stpierre-bru.be\/nl\/wp-json\/wp\/v2\/media\/1365"}],"wp:attachment":[{"href":"https:\/\/www.stpierre-bru.be\/nl\/wp-json\/wp\/v2\/media?parent=5918"}],"wp:term":[{"taxonomy":"category","embeddable":true,"href":"https:\/\/www.stpierre-bru.be\/nl\/wp-json\/wp\/v2\/categories?post=5918"},{"taxonomy":"post_tag","embeddable":true,"href":"https:\/\/www.stpierre-bru.be\/nl\/wp-json\/wp\/v2\/tags?post=5918"}],"curies":[{"name":"wp","href":"https:\/\/api.w.org\/{rel}","templated":true}]}}