{"id":1041,"date":"2021-11-14T21:58:04","date_gmt":"2021-11-14T20:58:04","guid":{"rendered":"http:\/\/10.14.1.26\/website\/specialite\/chirurgie-orale-maxillo-faciale\/"},"modified":"2025-11-10T09:36:06","modified_gmt":"2025-11-10T08:36:06","slug":"chirurgie-orale-maxillo-faciale","status":"publish","type":"service","link":"https:\/\/www.stpierre-bru.be\/nl\/service\/stomatologie-et-chirurgie-maxillo-faciale\/chirurgie-orale-maxillo-faciale\/","title":{"rendered":"Chirurgie Orale Maxillo-Faciale"},"content":{"rendered":"<p>[et_pb_section fb_built=&#8221;1&#8243; admin_label=&#8221;section&#8221; _builder_version=&#8221;4.16&#8243; global_colors_info=&#8221;{}&#8221;][et_pb_row admin_label=&#8221;row&#8221; _builder_version=&#8221;4.16&#8243; background_size=&#8221;initial&#8221; background_position=&#8221;top_left&#8221; background_repeat=&#8221;repeat&#8221; global_colors_info=&#8221;{}&#8221;][et_pb_column type=&#8221;4_4&#8243; _builder_version=&#8221;4.16&#8243; custom_padding=&#8221;|||&#8221; global_colors_info=&#8221;{}&#8221; custom_padding__hover=&#8221;|||&#8221;][et_pb_text admin_label=&#8221;Text&#8221; _builder_version=&#8221;4.16&#8243; background_size=&#8221;initial&#8221; background_position=&#8221;top_left&#8221; background_repeat=&#8221;repeat&#8221; global_colors_info=&#8221;{}&#8221;]<\/p>\n<p>La Chirurgie Maxillo-Faciale traite toutes les pathologies de la <strong>face<\/strong> et de la <strong>cavit\u00e9 buccale <\/strong>dans un but fonctionnel et\/ou esth\u00e9tique.<\/p>\n<p>Six chirurgiens maxillo-faciaux, reconnus et accr\u00e9dit\u00e9s, accompagn\u00e9s de cinq chirurgiens en cours de formation sont \u00e0 votre disposition pour une prise en charge optimale des diff\u00e9rents aspects de la pathologie rencontr\u00e9e, dans des situations courantes ou en situation d\u2019urgence.<\/p>\n<p>[\/et_pb_text][et_pb_accordion icon_color=&#8221;#00B9B4&#8243; _builder_version=&#8221;4.20.4&#8243; _module_preset=&#8221;default&#8221; width=&#8221;100%&#8221; custom_margin=&#8221;|-198px||||&#8221; global_colors_info=&#8221;{}&#8221;][et_pb_accordion_item title=&#8221;Dysmorphoses et des malformations faciales&#8221; open=&#8221;on&#8221; _builder_version=&#8221;4.16&#8243; _module_preset=&#8221;default&#8221; global_colors_info=&#8221;{}&#8221;]<\/p>\n<p>Elles repr\u00e9sentent des affections complexes (<strong>dents mal positionn\u00e9es<\/strong>,<span>\u00a0<\/span><strong>d\u00e9formations des os<\/strong><span>\u00a0<\/span><strong>maxillaires<\/strong><span>\u00a0<\/span>voire mauvais<span>\u00a0<\/span><strong>\u00e9quilibre facial<\/strong>) qui provoquent un d\u00e9sordre fonctionnel et\/ou esth\u00e9tique. Les causes sont multiples: h\u00e9r\u00e9ditaire, cong\u00e9nital, fonctionnel, etc.<\/p>\n<p>Ces pathologies sont prises en charge par une \u00e9quipe pluridisciplinaire comprenant: chirurgien maxillo-facial, ORL, orthodontiste, logop\u00e8de, kin\u00e9sith\u00e9rapeute et psychologue.<\/p>\n<h4>Traitement<\/h4>\n<p>Notre service propose dans un premier temps un traitement<span>\u00a0<\/span><strong>orthodontique<\/strong>. Si apr\u00e8s un bilan et une \u00e9valuation cela semble n\u00e9cessaire, nous proposons un traitement chirurgical appel\u00e9<span>\u00a0<\/span><strong>chirurgie orthognatique<\/strong>.<\/p>\n<p>Ce traitement a pour but d\u2019am\u00e9liorer l\u2019esth\u00e9tique mais aussi d\u2019am\u00e9liorer les fonctions vitales qui sont souvent perturb\u00e9es (la<span>\u00a0<\/span><strong>respiration<\/strong>, la<span>\u00a0<\/span><strong>phonation<\/strong>, la<span>\u00a0<\/span><strong>mastication<\/strong>, la<span>\u00a0<\/span><strong>d\u00e9glutition<\/strong>).<\/p>\n<h4>Equipe<\/h4>\n<p>Dr Edward Boutremans<\/p>\n<p>Dr Caroline Gossiaux<\/p>\n<p>[\/et_pb_accordion_item][et_pb_accordion_item title=&#8221;Fentes labio-palatines&#8221; _builder_version=&#8221;4.16&#8243; _module_preset=&#8221;default&#8221; global_colors_info=&#8221;{}&#8221; open=&#8221;off&#8221;]<\/p>\n<p>Elles repr\u00e9sentent des<span>\u00a0<\/span><strong>malformations faciales<\/strong>, mieux connues sous le terme de<span>\u00a0<\/span><strong>\u00ab becs de li\u00e8vres \u00bb<\/strong>. Elles se diagnostiquent habituellement lors de la grossesse gr\u00e2ce aux examens \u00e9chographiques.<\/p>\n<p>Notre service met \u00e0 votre disposition un centre de comp\u00e9tence, pour les enfants et leurs parents, compos\u00e9 d\u2019une \u00e9quipe pluridisciplinaire enti\u00e8rement d\u00e9di\u00e9e au traitement de cette malformation.<\/p>\n<p>Le chirurgien maxillo-facial est entour\u00e9 de p\u00e9diatres, de m\u00e9decins ORL, de logop\u00e8des et psychologues pour la prise en charge de cette pathologie.<\/p>\n<h4>Interventions chirurgicales<\/h4>\n<p>Plusieurs interventions chirurgicales sont n\u00e9cessaires et doivent \u00eatre r\u00e9alis\u00e9es au cours de la croissance:<\/p>\n<ul>\n<li>A 3 mois:<span>\u00a0<\/span><strong>fermeture de la l\u00e8vre<\/strong><\/li>\n<li>Ensuite: correction de<span>\u00a0<\/span><strong>la position des m\u00e2choires<\/strong><\/li>\n<li>Vers l\u2019\u00e2ge de 9-12 ans: fermeture de la<span>\u00a0<\/span><strong>communication bouche-nez<\/strong><span>\u00a0<\/span>ou encore r\u00e9tablissement de la continuit\u00e9 du<span>\u00a0<\/span><strong>rebord alv\u00e9olaire<\/strong><span>\u00a0<\/span>(Partie inf\u00e9rieure du maxillaire dans laquelle les dents sont implant\u00e9es.) \u00e0 l\u2019aide de greffons osseux.<\/li>\n<\/ul>\n<p>Cette prise en charge multidisciplinaire pr\u00e9coce permet d\u2019obtenir de tr\u00e8s bons r\u00e9sultats.<\/p>\n<h4>Equipe<\/h4>\n<p>Dr Edward Boutremans<\/p>\n<p>Dr Caroline Gossiaux<\/p>\n<p>[\/et_pb_accordion_item][et_pb_accordion_item title=&#8221;Traumatologie Maxillo-faciale&#8221; _builder_version=&#8221;4.20.4&#8243; _module_preset=&#8221;default&#8221; global_colors_info=&#8221;{}&#8221; open=&#8221;off&#8221;]<\/p>\n<p><strong>La traumatologie maxillo-faciale<\/strong><span>\u00a0<\/span>repr\u00e9sente l\u2019une des activit\u00e9s majeures de notre service. Elle fait appel \u00e0 une chirurgie d\u2019urgence, qui permet de traiter les traumatismes (plaies, fractures, contusions\u2026) en r\u00e9tablissant l\u2019esth\u00e9tique et la fonction, perdus lors d\u2019un accident.<\/p>\n<p>L\u2019\u00e9valuation de la gravite\u0301 des l\u00e9sions chez un patient pr\u00e9sentant un traumatisme facial n\u00e9cessite un<span>\u00a0<\/span><strong>diagnostic l\u00e9sionnel initial complet<\/strong>. C\u2019est pourquoi, le<span>\u00a0<\/span><a href=\"https:\/\/www.stpierre-bru.be\/fr\/services-medicaux\/urgences\">Service des Urgences<\/a><span>\u00a0<\/span>du CHU Saint-Pierre b\u00e9n\u00e9ficie de la pr\u00e9sence d\u2019un chirurgien maxillo-facial de garde 7j\/7.<\/p>\n<h4>Traitements<\/h4>\n<p>Les traitements actuels (<strong>ost\u00e9osynth\u00e8ses rigides<\/strong>) permettent des hospitalisations de courte dur\u00e9e. Elle fait \u00e9galement appel \u00e0 une imagerie perfectionn\u00e9e pour une reconstruction anatomique optimale.<\/p>\n<h4>Equipe<\/h4>\n<p>Dr Edward Boutremans<\/p>\n<p>Dr Caroline Gossiaux<\/p>\n<p>[\/et_pb_accordion_item][et_pb_accordion_item title=&#8221;Reconstruction maxillo-faciale&#8221; _builder_version=&#8221;4.20.4&#8243; _module_preset=&#8221;default&#8221; global_colors_info=&#8221;{}&#8221; open=&#8221;off&#8221;]<\/p>\n<p>Il s\u2019agit d\u2019un traitement chirurgical secondaire, qui traite les patients ayant subi des<span>\u00a0<\/span><strong>pertes de substances osseuses, cutan\u00e9es et\/ou muqueuses<\/strong><span>\u00a0<\/span>suite \u00e0 une<span>\u00a0<\/span><strong>tumeur<\/strong>, \u00e0 un<span>\u00a0<\/span><strong>traumatisme facial<\/strong><span>\u00a0<\/span>(souvent balistique) ou encore apr\u00e8s des infections graves (type o<strong>st\u00e9omy\u00e9lites<\/strong>).<\/p>\n<p>Afin de combler ou remplacer les tissus manquants, ce traitement fait appel \u00e0 des techniques de<span>\u00a0<\/span><strong>greffes<\/strong><span>\u00a0<\/span>ou de<span>\u00a0<\/span><strong>lambeaux libres<\/strong><span>\u00a0<\/span>ou p\u00e9dicul\u00e9es et au placement<span>\u00a0<\/span><strong>d\u2019implants<\/strong>.<\/p>\n<p>Notre service a d\u00e9velopp\u00e9 un proc\u00e9d\u00e9 innovant pour la reconstruction maxillo-faciale de ce type en permettant la r\u00e9alisation de mod\u00e8les qui aident le chirurgien \u00e0 pr\u00e9parer son geste. Nous optimisons ainsi la pr\u00e9cision de la reconstruction.<\/p>\n<h4>Equipe<\/h4>\n<p>Pr Isabelle Loeb<\/p>\n<p>Dr Edward Boutremans<\/p>\n<p>Dr Caroline Gossiaux<\/p>\n<p>Dr Rokneddin Javadian\u00a0<\/p>\n<p>[\/et_pb_accordion_item][et_pb_accordion_item title=&#8221;Implantologie et chirurgie pr\u00e9-implantaire&#8221; _builder_version=&#8221;4.20.4&#8243; _module_preset=&#8221;default&#8221; global_colors_info=&#8221;{}&#8221; open=&#8221;off&#8221;]<\/p>\n<p>Le<span>\u00a0<\/span><strong><u>placement d\u2019implants<\/u><\/strong><span>\u00a0<\/span>\u00e0 la<span>\u00a0<\/span><strong>m\u00e2choire<\/strong><span>\u00a0<\/span>ou \u00e0 la<span>\u00a0<\/span><strong>mandibule<\/strong>, est une technique bien connue qui permet de remplacer une ou plusieurs dents absentes mais aussi de stabiliser ou de fixer une<span>\u00a0<\/span><strong>proth\u00e8se dentaire<\/strong>, voire un<span>\u00a0<\/span><strong>bridge<\/strong>.<\/p>\n<p>La<span>\u00a0<\/span><strong><u>chirurgie pr\u00e9-implantaire<\/u><\/strong><span>\u00a0<\/span>quant \u00e0 elle permet de pr\u00e9parer les futurs sites implantaires. Gr\u00e2ce \u00e0 un scanner de la dentition du patient, nous \u00e9valuons la quantit\u00e9 et qualit\u00e9 de l\u2019os disponible. Pour offrir un volume osseux suffisant \u00e0 un patient qui pr\u00e9sente un manque, il faudra r\u00e9aliser des<span>\u00a0<\/span><strong>greffes osseuses<\/strong>.<\/p>\n<p>Ces diff\u00e9rentes interventions sont r\u00e9alis\u00e9es sous anesth\u00e9sie locale ou g\u00e9n\u00e9rale, les modalit\u00e9s sont discut\u00e9es \u00e0 la consultation.<\/p>\n<p>Le tr\u00e8s large panel th\u00e9rapeutique dont nous disposons aujourd\u2019hui en mati\u00e8re d\u2019implantologie permet \u00e0 de plus en plus de patients d\u2019<\/p>\n<h4>Equipe<\/h4>\n<p>Pr Isabelle Loeb<\/p>\n<p>Dr Edward Boutremans<\/p>\n<p>Dr Didier Dequanter<\/p>\n<p>Dr Caroline Gossiaux<\/p>\n<p>Dr Rokneddine Javadian<\/p>\n<p>&nbsp;<\/p>\n<p>[\/et_pb_accordion_item][et_pb_accordion_item title=&#8221;Chirurgie buccale&#8221; _builder_version=&#8221;4.16&#8243; _module_preset=&#8221;default&#8221; global_colors_info=&#8221;{}&#8221; open=&#8221;off&#8221;]<\/p>\n<p><strong>La m\u00e9decine buccale<\/strong><span>\u00a0<\/span>et la<span>\u00a0<\/span><strong>pathologie buccale<\/strong><span>\u00a0<\/span>repr\u00e9sente une branche de la m\u00e9decine, sp\u00e9cialis\u00e9e dans le diagnostic, la nature et le traitement (essentiellement non-chirurgical) des maladies et des<span>\u00a0<\/span><strong>affections<\/strong><span>\u00a0<\/span>de la<span>\u00a0<\/span><strong>bouche<\/strong>, et<span>\u00a0<\/span><strong>maxillo<\/strong>&#8211;<strong>faciales<\/strong>.<\/p>\n<p>Elle prend en charge la zone qui englobe la bouche, le visage, le cou et les<span>\u00a0<\/span><strong>glandes salivaires<\/strong>. Elle s\u2019int\u00e9resse aussi bien aux<span>\u00a0<\/span><strong>dents<\/strong>, aux<span>\u00a0<\/span><strong>os de la face<\/strong>, aux<span>\u00a0<\/span><strong>articulations<\/strong><span>\u00a0<\/span>qu\u2019aux tissus mous (<strong>peau<\/strong><span>\u00a0<\/span>du<span>\u00a0<\/span><strong>visage<\/strong><span>\u00a0<\/span>et<span>\u00a0<\/span><strong>muqueuses<\/strong><span>\u00a0<\/span>de la bouche). Les probl\u00e8mes les plus r\u00e9currents en m\u00e9decine buccale sont\u00a0: les<span>\u00a0<\/span><strong>ulc\u00e8res buccaux<\/strong><span>\u00a0<\/span>et autres<span>\u00a0<\/span><strong>l\u00e9sions persistantes<\/strong><span>\u00a0<\/span>de toutes sortes, les<span>\u00a0<\/span><strong>br\u00fblures<\/strong><span>\u00a0<\/span>de bouche, les<span>\u00a0<\/span><strong>dysfonctions<\/strong><span>\u00a0<\/span><strong>salivaires<\/strong><span>\u00a0<\/span>dues aux calculs, les gonflements, infections ou<span>\u00a0<\/span><strong>abc\u00e8s<\/strong><span>\u00a0<\/span>dans la r\u00e9gion buccale ou encore les douleurs faciales.<\/p>\n<p><strong>La chirurgie buccale<\/strong>\u00a0s\u2019int\u00e9resse aux traitements chirurgicaux adapt\u00e9s aux dents, os<span>\u00a0<\/span><strong>alv\u00e9olaires<\/strong>,<span>\u00a0<\/span><strong>gencives<\/strong><span>\u00a0<\/span>et muqueuses buccales. Elle prend en charge la pathologie infectieuse de la sph\u00e8re orale, les tumeurs du maxillaire et de la<span>\u00a0<\/span><strong>mandibule<\/strong>, les<span>\u00a0<\/span><strong>kystes<\/strong><span>\u00a0<\/span>ou encore les extractions dentaires \u00ab complexes \u00bb. Cette chirurgie s\u2019effectue en collaboration avec les dentistes.<\/p>\n<h4>Equipe<\/h4>\n<p>Dr Edward Boutremans<\/p>\n<p>Dr Rokneddine Javadian<\/p>\n<p>[\/et_pb_accordion_item][et_pb_accordion_item title=&#8221;Syndrome d&#8217;apn\u00e9es obstructives du sommeil (SAOS)&#8221; _builder_version=&#8221;4.16&#8243; _module_preset=&#8221;default&#8221; global_colors_info=&#8221;{}&#8221; open=&#8221;off&#8221;]<\/p>\n<p>Le\u00a0<strong>Syndrome d&#8217;Apn\u00e9e Obstructive du Sommeil<span>\u00a0<\/span><\/strong>(<strong>SAOS<\/strong>) est une pathologie souvent m\u00e9connue et pourtant fr\u00e9quente. Il peut s&#8217;observer \u00e0 n&#8217;importe quel \u00e2ge. Avant 60 ans, il touche essentiellement les hommes. Au-del\u00e0 les femmes peuvent \u00e9galement \u00eatre atteintes.<\/p>\n<p>Il est important de le diagnostiquer afin d\u2019\u00e9carter les dangers tant sur le plan<span>\u00a0<\/span><strong>cardio<\/strong>&#8211;<strong>respiratoire<\/strong><span>\u00a0<\/span>que<span>\u00a0<\/span><strong>neuropsychiatrique<\/strong>, social et professionnel.<\/p>\n<p>Des anomalies morphologiques de la face peuvent \u00eatre responsables de cette pathologie. Si tel est le cas, les traitements de type<span>\u00a0<\/span><strong>propulsion mandibulaire<\/strong><span>\u00a0<\/span>(par<span>\u00a0<\/span><strong>goutti\u00e8re<\/strong>) ou<span>\u00a0<\/span><strong>chirurgie d\u2019avanc\u00e9e maxillo-mandibulaire<span>\u00a0<\/span><\/strong>doivent \u00eatre parfois envisag\u00e9s.<\/p>\n<p>Le SAOS est pris en charge par une \u00e9quipe pluridisciplinaire compos\u00e9e d\u2019ORL, pneumologue, psychologue, di\u00e9t\u00e9ticienne et chirurgien maxillo-facial.\u00a0<\/p>\n<h4>Un examen complet<\/h4>\n<p>Un bilan est important et n\u00e9cessaire. Si l\u2019examen clinique n\u2019apporte que peu d\u2019\u00e9l\u00e9ments diagnostiques, alors un examen complet de la sph\u00e8re ORL est fondamental. Il a pour but de rechercher les modifications anatomiques qui peuvent \u00eatre responsables de<span>\u00a0<\/span><strong>l\u2019obstruction<\/strong><span>\u00a0<\/span>des<span>\u00a0<\/span><strong>voies a\u00e9riennes sup\u00e9rieures<\/strong>.<\/p>\n<p>Afin de pouvoir confirmer la pr\u00e9sence d\u2019apn\u00e9es ainsi que leur quantit\u00e9 et leur relation avec le sommeil, cet examen sera compl\u00e9t\u00e9 par un enregistrement<span>\u00a0<\/span><strong>polygraphique du sommeil<\/strong>.<\/p>\n<p>&nbsp;<\/p>\n<h4>Equipe<\/h4>\n<p>Dr Edward Boutremans<\/p>\n<p>Dr Caroline Gossiaux<\/p>\n<p>[\/et_pb_accordion_item][et_pb_accordion_item title=&#8221;Pathologies des articulations temporo-madibulaires&#8221; _builder_version=&#8221;4.16&#8243; _module_preset=&#8221;default&#8221; global_colors_info=&#8221;{}&#8221; open=&#8221;off&#8221;]<\/p>\n<p>Les <strong>articulations temporo-mandibulaires<\/strong><span>\u00a0<\/span>ou<span>\u00a0<\/span><strong>articulations des m\u00e2choires<\/strong><span>\u00a0<\/span>sont des articulations \u00absuspendues\u00bb compos\u00e9es d\u2019un<span>\u00a0<\/span><strong>m\u00e9nisque<\/strong><span>\u00a0<\/span>qui permet la mobilit\u00e9 des m\u00e2choires lors de la<span>\u00a0<\/span><strong>mastication<\/strong>. Elles sont donc sollicit\u00e9es en permanence.<\/p>\n<p>Elles peuvent pr\u00e9senter des troubles internes responsables de douleurs et de troubles fonctionnels (limitation des mouvements, etc.).<\/p>\n<p>La prise en charge de cette pathologie va du traitement m\u00e9dicamenteux \u00e0 la chirurgie en passant par la kin\u00e9sith\u00e9rapie,<span>\u00a0<\/span><strong>l\u2019injection de toxine botulique<\/strong><span>\u00a0<\/span>ou plus rarement, par<span>\u00a0<\/span><strong>l\u2019arthroscopie<\/strong>.<\/p>\n<h4>Equipe<\/h4>\n<p>Dr Edward Boutremans<\/p>\n<p>Dr Caroline Gossiaux<\/p>\n<p>[\/et_pb_accordion_item][et_pb_accordion_item title=&#8221;Logop\u00e9die ortho-chirugicale&#8221; _builder_version=&#8221;4.16&#8243; _module_preset=&#8221;default&#8221; global_colors_info=&#8221;{}&#8221; open=&#8221;off&#8221;]<\/p>\n<p>Le logop\u00e8de va intervenir de mani\u00e8re variable et sp\u00e9cifique en cas de\u00a0:<\/p>\n<ul>\n<li>Les troubles caus\u00e9s par les s\u00e9quelles traumatiques ou chirurgicales dans la<span>\u00a0<\/span><strong>r\u00e9gion bucco-faciale<\/strong><\/li>\n<li>Les troubles secondaires aux<span>\u00a0<\/span><strong>malformations cong\u00e9nitales<\/strong><span>\u00a0<\/span>de la face comme les<span>\u00a0<\/span><strong>fentes labio-palatines<\/strong><\/li>\n<\/ul>\n<p>[\/et_pb_accordion_item][\/et_pb_accordion][\/et_pb_column][\/et_pb_row][\/et_pb_section]<\/p>\n","protected":false},"excerpt":{"rendered":"<p>La Chirurgie Maxillo-Faciale traite toutes les pathologies de la face et de la cavit\u00e9 buccale dans un but fonctionnel et\/ou esth\u00e9tique. Six chirurgiens maxillo-faciaux, reconnus et accr\u00e9dit\u00e9s, accompagn\u00e9s de cinq [&hellip;]<\/p>\n","protected":false},"featured_media":0,"parent":841,"menu_order":0,"template":"","meta":{"_acf_changed":false,"_et_pb_use_builder":"on","_et_pb_old_content":"<p>La Chirurgie Maxillo-Faciale traite toutes les pathologies de la <strong>face<\/strong> et de la <strong>cavit\u00e9 buccale <\/strong>dans un but fonctionnel et\/ou esth\u00e9tique.\u00a0<\/p>\r\n\r\n<p>Six chirurgiens maxillo-faciaux, reconnus et accr\u00e9dit\u00e9s, accompagn\u00e9s de cinq chirurgiens en cours de formation sont \u00e0 votre disposition pour une prise en charge optimale des diff\u00e9rents aspects de la pathologie rencontr\u00e9e, dans des situations courantes ou en situation d\u2019urgence.<\/p>\r\n\r\n<ul>\r\n<li><a href=\"https:\/\/www.stpierre-bru.be:\/fr\/services-medicaux\/prestataires\/loeb-isabelle\">Pr Isabelle Loeb <\/a>(Chef de service)<\/li>\r\n<li><a href=\"https:\/\/www.stpierre-bru.be:\/fr\/services-medicaux\/prestataires\/boutremans-edward\">Dr Edward Boutremans<\/a><\/li>\r\n<li><a href=\"https:\/\/www.stpierre-bru.be:\/fr\/services-medicaux\/prestataires\/dequanter-didier\">Dr Didier Dequanter<\/a><\/li>\r\n<li><a href=\"https:\/\/www.stpierre-bru.be:\/fr\/services-medicaux\/prestataires\/gossiaux-caroline\">Dr Caroline Gossiaux<\/a><\/li>\r\n<li><a href=\"https:\/\/www.stpierre-bru.be:\/fr\/services-medicaux\/prestataires\/javadian-rokneddine\">Dr Rokneddine Javadian<\/a><\/li>\r\n<\/ul>\r\n\r\n<p>\u00a0<\/p>\r\n\r\n<p>\u00a0<\/p>\r\n","_et_gb_content_width":"","_price":"","_stock":"","_tribe_ticket_header":"","_tribe_default_ticket_provider":"","_tribe_ticket_capacity":"0","_ticket_start_date":"","_ticket_end_date":"","_tribe_ticket_show_description":"","_tribe_ticket_show_not_going":false,"_tribe_ticket_use_global_stock":"","_tribe_ticket_global_stock_level":"","_global_stock_mode":"","_global_stock_cap":"","_tribe_rsvp_for_event":"","_tribe_ticket_going_count":"","_tribe_ticket_not_going_count":"","_tribe_tickets_list":"[]","_tribe_ticket_has_attendee_info_fields":false},"categories":[44,1876],"tags":[1133,1135,1134,1118,1125,1127,1129,1132,1122,1128,1130],"class_list":["post-1041","service","type-service","status-publish","hentry","category-specialite","category-stomatologie-et-chirurgie-maxillo-faciale","tag-apnee-obstructive","tag-articulation-bouche","tag-articulation-visage","tag-bec-de-lievre","tag-chirurgie-esthetique","tag-dysmorphe-visage","tag-fente-labio","tag-implants-dentaires","tag-machoire","tag-malformation-faciale","tag-reconstruction-visage"],"acf":[],"yoast_head":"<!-- This site is optimized with the Yoast SEO plugin v26.5 - https:\/\/yoast.com\/wordpress\/plugins\/seo\/ -->\n<title>Chirurgie Orale Maxillo-Faciale - CHU Saint-Pierre | UMC Sint-Pieter<\/title>\n<meta name=\"description\" content=\"Chirurgie m\u00e9dicale de la bouche, des dents, des m\u00e2choires et du visage dans un but fonctionnel et\/ou esth\u00e9tique\" \/>\n<meta name=\"robots\" content=\"index, follow, max-snippet:-1, max-image-preview:large, max-video-preview:-1\" \/>\n<link rel=\"canonical\" href=\"https:\/\/www.stpierre-bru.be\/service\/stomatologie-et-chirurgie-maxillo-faciale\/chirurgie-orale-maxillo-faciale\/\" \/>\n<meta property=\"og:locale\" content=\"nl_NL\" \/>\n<meta property=\"og:type\" content=\"article\" \/>\n<meta property=\"og:title\" content=\"Chirurgie Orale Maxillo-Faciale - CHU Saint-Pierre | UMC Sint-Pieter\" \/>\n<meta property=\"og:description\" content=\"Chirurgie m\u00e9dicale de la bouche, des dents, des m\u00e2choires et du visage dans un but fonctionnel et\/ou esth\u00e9tique\" \/>\n<meta property=\"og:site_name\" content=\"CHU Saint-Pierre | UMC Sint-Pieter\" \/>\n<meta property=\"article:modified_time\" content=\"2025-11-10T08:36:06+00:00\" \/>\n<meta name=\"twitter:card\" content=\"summary_large_image\" \/>\n<meta name=\"twitter:label1\" content=\"Est. reading time\" \/>\n\t<meta name=\"twitter:data1\" content=\"7 minutes\" \/>\n<script type=\"application\/ld+json\" class=\"yoast-schema-graph\">{\"@context\":\"https:\/\/schema.org\",\"@graph\":[{\"@type\":\"WebPage\",\"@id\":\"https:\/\/www.stpierre-bru.be\/service\/stomatologie-et-chirurgie-maxillo-faciale\/chirurgie-orale-maxillo-faciale\/\",\"url\":\"https:\/\/www.stpierre-bru.be\/service\/stomatologie-et-chirurgie-maxillo-faciale\/chirurgie-orale-maxillo-faciale\/\",\"name\":\"Chirurgie Orale Maxillo-Faciale - CHU Saint-Pierre | UMC Sint-Pieter\",\"isPartOf\":{\"@id\":\"https:\/\/www.stpierre-bru.be\/#website\"},\"datePublished\":\"2021-11-14T20:58:04+00:00\",\"dateModified\":\"2025-11-10T08:36:06+00:00\",\"description\":\"Chirurgie m\u00e9dicale de la bouche, des dents, des m\u00e2choires et du visage dans un but fonctionnel et\/ou esth\u00e9tique\",\"breadcrumb\":{\"@id\":\"https:\/\/www.stpierre-bru.be\/service\/stomatologie-et-chirurgie-maxillo-faciale\/chirurgie-orale-maxillo-faciale\/#breadcrumb\"},\"inLanguage\":\"nl-NL\",\"potentialAction\":[{\"@type\":\"ReadAction\",\"target\":[\"https:\/\/www.stpierre-bru.be\/service\/stomatologie-et-chirurgie-maxillo-faciale\/chirurgie-orale-maxillo-faciale\/\"]}]},{\"@type\":\"BreadcrumbList\",\"@id\":\"https:\/\/www.stpierre-bru.be\/service\/stomatologie-et-chirurgie-maxillo-faciale\/chirurgie-orale-maxillo-faciale\/#breadcrumb\",\"itemListElement\":[{\"@type\":\"ListItem\",\"position\":1,\"name\":\"Home\",\"item\":\"https:\/\/www.stpierre-bru.be\/nl\/\"},{\"@type\":\"ListItem\",\"position\":2,\"name\":\"Services\",\"item\":\"https:\/\/www.stpierre-bru.be\/nos-services-de-consultation\/\"},{\"@type\":\"ListItem\",\"position\":3,\"name\":\"Stomatologie et chirurgie Maxillo-Faciale\",\"item\":\"https:\/\/www.stpierre-bru.be\/service\/stomatologie-et-chirurgie-maxillo-faciale\/\"},{\"@type\":\"ListItem\",\"position\":4,\"name\":\"Chirurgie Orale Maxillo-Faciale\"}]},{\"@type\":\"WebSite\",\"@id\":\"https:\/\/www.stpierre-bru.be\/#website\",\"url\":\"https:\/\/www.stpierre-bru.be\/\",\"name\":\"CHU Saint-Pierre | UMC Sint-Pieter\",\"description\":\"Bienvenue\",\"publisher\":{\"@id\":\"https:\/\/www.stpierre-bru.be\/#organization\"},\"potentialAction\":[{\"@type\":\"SearchAction\",\"target\":{\"@type\":\"EntryPoint\",\"urlTemplate\":\"https:\/\/www.stpierre-bru.be\/?s={search_term_string}\"},\"query-input\":{\"@type\":\"PropertyValueSpecification\",\"valueRequired\":true,\"valueName\":\"search_term_string\"}}],\"inLanguage\":\"nl-NL\"},{\"@type\":\"Organization\",\"@id\":\"https:\/\/www.stpierre-bru.be\/#organization\",\"name\":\"CHU Saint-Pierre | UMC Sint-Pieter\",\"url\":\"https:\/\/www.stpierre-bru.be\/\",\"logo\":{\"@type\":\"ImageObject\",\"inLanguage\":\"nl-NL\",\"@id\":\"https:\/\/www.stpierre-bru.be\/#\/schema\/logo\/image\/\",\"url\":\"https:\/\/www.stpierre-bru.be\/wp-content\/uploads\/2021\/06\/Logo_chu_umc_0.png\",\"contentUrl\":\"https:\/\/www.stpierre-bru.be\/wp-content\/uploads\/2021\/06\/Logo_chu_umc_0.png\",\"width\":733,\"height\":281,\"caption\":\"CHU Saint-Pierre | UMC Sint-Pieter\"},\"image\":{\"@id\":\"https:\/\/www.stpierre-bru.be\/#\/schema\/logo\/image\/\"}}]}<\/script>\n<!-- \/ Yoast SEO plugin. -->","yoast_head_json":{"title":"Chirurgie Orale Maxillo-Faciale - CHU Saint-Pierre | UMC Sint-Pieter","description":"Chirurgie m\u00e9dicale de la bouche, des dents, des m\u00e2choires et du visage dans un but fonctionnel et\/ou esth\u00e9tique","robots":{"index":"index","follow":"follow","max-snippet":"max-snippet:-1","max-image-preview":"max-image-preview:large","max-video-preview":"max-video-preview:-1"},"canonical":"https:\/\/www.stpierre-bru.be\/service\/stomatologie-et-chirurgie-maxillo-faciale\/chirurgie-orale-maxillo-faciale\/","og_locale":"nl_NL","og_type":"article","og_title":"Chirurgie Orale Maxillo-Faciale - CHU Saint-Pierre | UMC Sint-Pieter","og_description":"Chirurgie m\u00e9dicale de la bouche, des dents, des m\u00e2choires et du visage dans un but fonctionnel et\/ou esth\u00e9tique","og_site_name":"CHU Saint-Pierre | UMC Sint-Pieter","article_modified_time":"2025-11-10T08:36:06+00:00","twitter_card":"summary_large_image","twitter_misc":{"Est. reading time":"7 minutes"},"schema":{"@context":"https:\/\/schema.org","@graph":[{"@type":"WebPage","@id":"https:\/\/www.stpierre-bru.be\/service\/stomatologie-et-chirurgie-maxillo-faciale\/chirurgie-orale-maxillo-faciale\/","url":"https:\/\/www.stpierre-bru.be\/service\/stomatologie-et-chirurgie-maxillo-faciale\/chirurgie-orale-maxillo-faciale\/","name":"Chirurgie Orale Maxillo-Faciale - CHU Saint-Pierre | UMC Sint-Pieter","isPartOf":{"@id":"https:\/\/www.stpierre-bru.be\/#website"},"datePublished":"2021-11-14T20:58:04+00:00","dateModified":"2025-11-10T08:36:06+00:00","description":"Chirurgie m\u00e9dicale de la bouche, des dents, des m\u00e2choires et du visage dans un but fonctionnel et\/ou esth\u00e9tique","breadcrumb":{"@id":"https:\/\/www.stpierre-bru.be\/service\/stomatologie-et-chirurgie-maxillo-faciale\/chirurgie-orale-maxillo-faciale\/#breadcrumb"},"inLanguage":"nl-NL","potentialAction":[{"@type":"ReadAction","target":["https:\/\/www.stpierre-bru.be\/service\/stomatologie-et-chirurgie-maxillo-faciale\/chirurgie-orale-maxillo-faciale\/"]}]},{"@type":"BreadcrumbList","@id":"https:\/\/www.stpierre-bru.be\/service\/stomatologie-et-chirurgie-maxillo-faciale\/chirurgie-orale-maxillo-faciale\/#breadcrumb","itemListElement":[{"@type":"ListItem","position":1,"name":"Home","item":"https:\/\/www.stpierre-bru.be\/nl\/"},{"@type":"ListItem","position":2,"name":"Services","item":"https:\/\/www.stpierre-bru.be\/nos-services-de-consultation\/"},{"@type":"ListItem","position":3,"name":"Stomatologie et chirurgie Maxillo-Faciale","item":"https:\/\/www.stpierre-bru.be\/service\/stomatologie-et-chirurgie-maxillo-faciale\/"},{"@type":"ListItem","position":4,"name":"Chirurgie Orale Maxillo-Faciale"}]},{"@type":"WebSite","@id":"https:\/\/www.stpierre-bru.be\/#website","url":"https:\/\/www.stpierre-bru.be\/","name":"CHU Saint-Pierre | UMC Sint-Pieter","description":"Bienvenue","publisher":{"@id":"https:\/\/www.stpierre-bru.be\/#organization"},"potentialAction":[{"@type":"SearchAction","target":{"@type":"EntryPoint","urlTemplate":"https:\/\/www.stpierre-bru.be\/?s={search_term_string}"},"query-input":{"@type":"PropertyValueSpecification","valueRequired":true,"valueName":"search_term_string"}}],"inLanguage":"nl-NL"},{"@type":"Organization","@id":"https:\/\/www.stpierre-bru.be\/#organization","name":"CHU Saint-Pierre | UMC Sint-Pieter","url":"https:\/\/www.stpierre-bru.be\/","logo":{"@type":"ImageObject","inLanguage":"nl-NL","@id":"https:\/\/www.stpierre-bru.be\/#\/schema\/logo\/image\/","url":"https:\/\/www.stpierre-bru.be\/wp-content\/uploads\/2021\/06\/Logo_chu_umc_0.png","contentUrl":"https:\/\/www.stpierre-bru.be\/wp-content\/uploads\/2021\/06\/Logo_chu_umc_0.png","width":733,"height":281,"caption":"CHU Saint-Pierre | UMC Sint-Pieter"},"image":{"@id":"https:\/\/www.stpierre-bru.be\/#\/schema\/logo\/image\/"}}]}},"_links":{"self":[{"href":"https:\/\/www.stpierre-bru.be\/nl\/wp-json\/wp\/v2\/service\/1041","targetHints":{"allow":["GET"]}}],"collection":[{"href":"https:\/\/www.stpierre-bru.be\/nl\/wp-json\/wp\/v2\/service"}],"about":[{"href":"https:\/\/www.stpierre-bru.be\/nl\/wp-json\/wp\/v2\/types\/service"}],"up":[{"embeddable":true,"href":"https:\/\/www.stpierre-bru.be\/nl\/wp-json\/wp\/v2\/service\/841"}],"wp:attachment":[{"href":"https:\/\/www.stpierre-bru.be\/nl\/wp-json\/wp\/v2\/media?parent=1041"}],"wp:term":[{"taxonomy":"category","embeddable":true,"href":"https:\/\/www.stpierre-bru.be\/nl\/wp-json\/wp\/v2\/categories?post=1041"},{"taxonomy":"post_tag","embeddable":true,"href":"https:\/\/www.stpierre-bru.be\/nl\/wp-json\/wp\/v2\/tags?post=1041"}],"curies":[{"name":"wp","href":"https:\/\/api.w.org\/{rel}","templated":true}]}}