{"id":5400,"date":"2022-01-27T15:30:34","date_gmt":"2022-01-27T14:30:34","guid":{"rendered":"http:\/\/10.14.1.26\/website\/sociale-dienst\/"},"modified":"2025-10-09T14:39:42","modified_gmt":"2025-10-09T12:39:42","slug":"sociale-dienst","status":"publish","type":"page","link":"https:\/\/www.stpierre-bru.be\/nl\/sociale-dienst\/","title":{"rendered":"Sociale Dienst"},"content":{"rendered":"<p>[et_pb_section fb_built=&#8221;1&#8243; _builder_version=&#8221;4.10.7&#8243; _module_preset=&#8221;default&#8221; custom_padding=&#8221;0px||0px|||&#8221; global_module=&#8221;653&#8243; saved_tabs=&#8221;all&#8221; global_colors_info=&#8221;{}&#8221;][et_pb_row _builder_version=&#8221;4.16&#8243; _module_preset=&#8221;default&#8221; min_height=&#8221;64px&#8221; global_colors_info=&#8221;{}&#8221;][et_pb_column type=&#8221;4_4&#8243; _builder_version=&#8221;4.16&#8243; _module_preset=&#8221;default&#8221; global_colors_info=&#8221;{}&#8221;][dipl_breadcrumb breadcrumb_layout=&#8221;layout2&#8243; separator_type=&#8221;icon_separator&#8221; separator_icon=&#8221;&#x35;||divi||400&#8243; separator_size=&#8221;27px&#8221; separator_color=&#8221;#5b5b5b&#8221; use_home_link_icon=&#8221;on&#8221; hide_home_text=&#8221;on&#8221; home_link_icon=&#8221;&#xe074;||divi||400&#8243; home_link_icon_color=&#8221;#E83B42&#8243; _builder_version=&#8221;4.16&#8243; _module_preset=&#8221;default&#8221; link_text_color=&#8221;#E83B42&#8243; global_colors_info=&#8221;{}&#8221;][\/dipl_breadcrumb][\/et_pb_column][\/et_pb_row][\/et_pb_section][et_pb_section fb_built=&#8221;1&#8243; admin_label=&#8221;Hero&#8221; _builder_version=&#8221;4.16&#8243; max_width=&#8221;100%&#8221; custom_padding=&#8221;0|0px|0px|0px|false|false&#8221; bottom_divider_height=&#8221;0px&#8221; border_width_bottom=&#8221;1px&#8221; border_color_bottom=&#8221;#efefef&#8221; global_colors_info=&#8221;{}&#8221;][et_pb_row column_structure=&#8221;1_2,1_2&#8243; _builder_version=&#8221;4.16&#8243; width=&#8221;100%&#8221; max_width=&#8221;100%&#8221; custom_margin=&#8221;|||&#8221; custom_margin_tablet=&#8221;||0px|&#8221; custom_margin_phone=&#8221;&#8221; custom_margin_last_edited=&#8221;on|desktop&#8221; custom_padding=&#8221;0|0px|0px|0px|false|false&#8221; use_custom_width=&#8221;on&#8221; width_unit=&#8221;off&#8221; custom_width_percent=&#8221;100%&#8221; global_colors_info=&#8221;{}&#8221;][et_pb_column type=&#8221;1_2&#8243; _builder_version=&#8221;4.16&#8243; custom_padding=&#8221;6%||2%|12%|false|false&#8221; custom_padding_tablet=&#8221;50px|50px|50px|50px&#8221; custom_padding_phone=&#8221;&#8221; custom_padding_last_edited=&#8221;on|tablet&#8221; global_colors_info=&#8221;{}&#8221; padding_tablet=&#8221;50px|50px|50px|50px&#8221; padding_last_edited=&#8221;on|tablet&#8221; custom_padding__hover=&#8221;|||&#8221; padding_phone=&#8221;50px|50px|50px|50px&#8221;][et_pb_image src=&#8221;https:\/\/www.stpierre-bru.be\/wp-content\/uploads\/2021\/06\/health-icon-3-1.png&#8221; _builder_version=&#8221;4.16&#8243; always_center_on_mobile=&#8221;off&#8221; global_colors_info=&#8221;{}&#8221;][\/et_pb_image][et_pb_text _builder_version=&#8221;4.16&#8243; text_font=&#8221;Montserrat|300|||||||&#8221; text_text_color=&#8221;#677a92&#8243; text_font_size=&#8221;16px&#8221; text_line_height=&#8221;1.8em&#8221; header_font=&#8221;Montserrat||||||||&#8221; header_font_size=&#8221;50px&#8221; header_line_height=&#8221;1.3em&#8221; header_2_font=&#8221;||||||||&#8221; max_width=&#8221;600px&#8221; custom_margin=&#8221;|||&#8221; custom_margin_tablet=&#8221;0px|50px||50px&#8221; custom_margin_phone=&#8221;|20px||&#8221; custom_margin_last_edited=&#8221;off|desktop&#8221; custom_padding=&#8221;|||&#8221; text_line_height_tablet=&#8221;1.8em&#8221; text_line_height_phone=&#8221;1.8em&#8221; text_line_height_last_edited=&#8221;on|phone&#8221; header_font_size_tablet=&#8221;&#8221; header_font_size_phone=&#8221;36px&#8221; header_font_size_last_edited=&#8221;on|phone&#8221; header_2_font_size_phone=&#8221;30px&#8221; header_2_font_size_last_edited=&#8221;off|desktop&#8221; locked=&#8221;off&#8221; global_colors_info=&#8221;{}&#8221;]<\/p>\n<h1>Sociale Dienst<\/h1>\n<p>[\/et_pb_text][et_pb_text _builder_version=&#8221;4.16&#8243; text_font=&#8221;Montserrat|300|||||||&#8221; text_font_size=&#8221;16px&#8221; text_line_height=&#8221;2em&#8221; link_font=&#8221;||||||||&#8221; ul_font=&#8221;||||||||&#8221; ol_font=&#8221;||||||||&#8221; quote_font=&#8221;||||||||&#8221; header_font=&#8221;||||||||&#8221; header_2_font=&#8221;Montserrat|300|||||||&#8221; header_2_text_color=&#8221;#212d3b&#8221; header_2_font_size=&#8221;40px&#8221; header_2_line_height=&#8221;1.5em&#8221; max_width=&#8221;600px&#8221; custom_margin=&#8221;||10px|&#8221; custom_margin_tablet=&#8221;0px|50px||50px&#8221; custom_margin_last_edited=&#8221;off|desktop&#8221; custom_padding=&#8221;|||&#8221; locked=&#8221;off&#8221; global_colors_info=&#8221;{}&#8221;]<\/p>\n<p>Le Service Social peut vous apporter une aide pr\u00e9cieuse avant, pendant et apr\u00e8s votre hospitalisation. Nous mettrons tout en oeuvre afin d&#8217;am\u00e9liorer votre confort. Notre \u00e9quipe intervient en g\u00e9n\u00e9ral \u00e0 votre demande &#8211; que vous soyez hospitalis\u00e9 ou ambulant -, celle de votre famille, ou encore \u00e0 la demande des \u00e9quipes soignantes ou d\u2019une institution.<\/p>\n<ul><\/ul>\n<p>[\/et_pb_text][\/et_pb_column][et_pb_column type=&#8221;1_2&#8243; _builder_version=&#8221;4.16&#8243; custom_padding=&#8221;|||&#8221; global_colors_info=&#8221;{}&#8221; custom_padding__hover=&#8221;|||&#8221;][et_pb_image src=&#8221;https:\/\/www.stpierre-bru.be\/wp-content\/uploads\/2021\/11\/Service-social.jpg&#8221; title_text=&#8221;Filling document at social worker&#8221; align=&#8221;right&#8221; align_tablet=&#8221;center&#8221; align_phone=&#8221;&#8221; align_last_edited=&#8221;on|desktop&#8221; _builder_version=&#8221;4.16&#8243; width=&#8221;83%&#8221; min_height=&#8221;488px&#8221; height=&#8221;547px&#8221; custom_margin=&#8221;|||&#8221; custom_padding=&#8221;|||&#8221; animation_style=&#8221;slide&#8221; animation_direction=&#8221;top&#8221; animation_intensity_slide=&#8221;5%&#8221; border_radii=&#8221;|20vw|||30px&#8221; border_color_all=&#8221;#AEC737&#8243; border_width_left=&#8221;2vw&#8221; border_color_left=&#8221;#F18D21&#8243; box_shadow_style=&#8221;preset4&#8243; box_shadow_horizontal=&#8221;-30px&#8221; box_shadow_vertical=&#8221;0px&#8221; box_shadow_color=&#8221;rgba(241,141,33,0.5)&#8221; global_colors_info=&#8221;{}&#8221;][\/et_pb_image][\/et_pb_column][\/et_pb_row][\/et_pb_section][et_pb_section fb_built=&#8221;1&#8243; _builder_version=&#8221;4.16&#8243; _module_preset=&#8221;default&#8221; global_colors_info=&#8221;{}&#8221;][et_pb_row _builder_version=&#8221;4.16&#8243; _module_preset=&#8221;default&#8221; global_colors_info=&#8221;{}&#8221;][et_pb_column type=&#8221;4_4&#8243; _builder_version=&#8221;4.16&#8243; _module_preset=&#8221;default&#8221; global_colors_info=&#8221;{}&#8221;][et_pb_text _builder_version=&#8221;4.16&#8243; _module_preset=&#8221;default&#8221; global_colors_info=&#8221;{}&#8221;]<\/p>\n<h4>Nos professionnels vous \u00e9couteront et vous conseilleront en toute confidentialit\u00e9 concernant :<\/h4>\n<p>&nbsp;<\/p>\n<ul>\n<li>votre hospitalisation;<\/li>\n<li>vos d\u00e9marches administratives (r\u00e9gularisation de mutuelle, demande d\u2019aide financi\u00e8re, d\u00e9marches pour avantages aux personnes moins valides, \u2026);<\/li>\n<li>un accompagnement psychosocial pour vous, vos proches et votre famille;<\/li>\n<li>la r\u00e9solution de probl\u00e8mes sociaux li\u00e9s \u00e0 la maladie, afin de retrouver un maximum d\u2019autonomie;<\/li>\n<li>la pr\u00e9paration de votre sortie apr\u00e8s l\u2019hospitalisation et l\u2019organisation du retour \u00e0 domicile ou votre placement \u00e9ventuel en maison de repos;<\/li>\n<li>les contacts \u00e0 prendre avec les institutions m\u00e9dico-sociales et les structures d\u2019accueil qui assureront la rel\u00e8ve lors de votre sortie.<\/li>\n<\/ul>\n<h3><\/h3>\n<h3>Contact<\/h3>\n<ul>\n<li>Via l&#8217;infirmi\u00e8re de l\u2019unit\u00e9;<\/li>\n<li>Sur simple demande de votre part ou de votre entourage, des entretiens peuvent avoir lieu soit dans votre chambre soit dans les bureaux du service social;<\/li>\n<li>N\u2019h\u00e9sitez donc pas \u00e0 en informer l\u2019infirmi\u00e8re responsable de l\u2019unit\u00e9.<\/li>\n<\/ul>\n<p>[\/et_pb_text][\/et_pb_column][\/et_pb_row][et_pb_row _builder_version=&#8221;4.16&#8243; _module_preset=&#8221;default&#8221; global_colors_info=&#8221;{}&#8221;][et_pb_column type=&#8221;4_4&#8243; _builder_version=&#8221;4.16&#8243; _module_preset=&#8221;default&#8221; global_colors_info=&#8221;{}&#8221;][et_pb_team_member name=&#8221;Anne-C\u00e9cile NOEL&#8221; position=&#8221;Coordinatrice &#8221; _builder_version=&#8221;4.16&#8243; _module_preset=&#8221;default&#8221; header_text_align=&#8221;center&#8221; body_text_align=&#8221;center&#8221; custom_padding=&#8221;|0px|30px|0px|false|true&#8221; animation_style=&#8221;slide&#8221; animation_direction=&#8221;bottom&#8221; animation_intensity_slide=&#8221;12%&#8221; border_radii=&#8221;on|25px|25px|25px|25px&#8221; box_shadow_style=&#8221;preset3&#8243; box_shadow_vertical=&#8221;30px&#8221; box_shadow_blur=&#8221;50px&#8221; box_shadow_spread=&#8221;-30px&#8221; box_shadow_color=&#8221;rgba(0,0,0,0.1)&#8221; global_colors_info=&#8221;{}&#8221;][\/et_pb_team_member][et_pb_button button_url=&#8221;tel:003225354882&#8243; button_text=&#8221;02 535 48 82&#8243; button_alignment=&#8221;center&#8221; _builder_version=&#8221;4.16&#8243; custom_button=&#8221;on&#8221; button_text_size=&#8221;14px&#8221; button_text_color=&#8221;#FFFFFF&#8221; button_bg_color=&#8221;#F18D21&#8243; button_border_width=&#8221;16px&#8221; button_border_color=&#8221;#F18D21&#8243; button_border_radius=&#8221;100px&#8221; button_letter_spacing=&#8221;1px&#8221; button_font=&#8221;Montserrat|500|||||||&#8221; button_icon=&#8221;&#xe090;||divi||400&#8243; button_icon_color=&#8221;#FFFFFF&#8221; background_layout=&#8221;dark&#8221; custom_margin=&#8221;|||&#8221; custom_padding=&#8221;|||&#8221; locked=&#8221;off&#8221; global_colors_info=&#8221;{}&#8221; button_text_size__hover_enabled=&#8221;off&#8221; button_one_text_size__hover_enabled=&#8221;off&#8221; button_two_text_size__hover_enabled=&#8221;off&#8221; button_text_color__hover_enabled=&#8221;off&#8221; button_one_text_color__hover_enabled=&#8221;off&#8221; button_two_text_color__hover_enabled=&#8221;off&#8221; button_border_width__hover_enabled=&#8221;off&#8221; button_one_border_width__hover_enabled=&#8221;off&#8221; button_two_border_width__hover_enabled=&#8221;off&#8221; button_border_color__hover_enabled=&#8221;off&#8221; button_one_border_color__hover_enabled=&#8221;off&#8221; button_two_border_color__hover_enabled=&#8221;off&#8221; button_border_radius__hover_enabled=&#8221;off&#8221; button_one_border_radius__hover_enabled=&#8221;off&#8221; button_two_border_radius__hover_enabled=&#8221;off&#8221; button_letter_spacing__hover_enabled=&#8221;off&#8221; button_one_letter_spacing__hover_enabled=&#8221;off&#8221; button_two_letter_spacing__hover_enabled=&#8221;off&#8221; button_bg_color__hover_enabled=&#8221;off&#8221; button_one_bg_color__hover_enabled=&#8221;off&#8221; button_two_bg_color__hover_enabled=&#8221;off&#8221;][\/et_pb_button][et_pb_button button_url=&#8221;mailto:anne-cecile.noel@stpierre-bru.be&#8221; button_text=&#8221;Par mail&#8221; button_alignment=&#8221;center&#8221; _builder_version=&#8221;4.16&#8243; custom_button=&#8221;on&#8221; button_text_size=&#8221;14px&#8221; button_text_color=&#8221;#FFFFFF&#8221; button_bg_color=&#8221;#F18D21&#8243; button_border_width=&#8221;16px&#8221; button_border_color=&#8221;#F18D21&#8243; button_border_radius=&#8221;100px&#8221; button_letter_spacing=&#8221;1px&#8221; button_font=&#8221;Montserrat|500|||||||&#8221; button_icon=&#8221;&#xe076;||divi||400&#8243; button_icon_color=&#8221;#FFFFFF&#8221; background_layout=&#8221;dark&#8221; custom_margin=&#8221;|||&#8221; custom_padding=&#8221;|||&#8221; locked=&#8221;off&#8221; global_colors_info=&#8221;{}&#8221; button_text_size__hover_enabled=&#8221;off&#8221; button_one_text_size__hover_enabled=&#8221;off&#8221; button_two_text_size__hover_enabled=&#8221;off&#8221; button_text_color__hover_enabled=&#8221;off&#8221; button_one_text_color__hover_enabled=&#8221;off&#8221; button_two_text_color__hover_enabled=&#8221;off&#8221; button_border_width__hover_enabled=&#8221;off&#8221; button_one_border_width__hover_enabled=&#8221;off&#8221; button_two_border_width__hover_enabled=&#8221;off&#8221; button_border_color__hover_enabled=&#8221;off&#8221; button_one_border_color__hover_enabled=&#8221;off&#8221; button_two_border_color__hover_enabled=&#8221;off&#8221; button_border_radius__hover_enabled=&#8221;off&#8221; button_one_border_radius__hover_enabled=&#8221;off&#8221; button_two_border_radius__hover_enabled=&#8221;off&#8221; button_letter_spacing__hover_enabled=&#8221;off&#8221; button_one_letter_spacing__hover_enabled=&#8221;off&#8221; button_two_letter_spacing__hover_enabled=&#8221;off&#8221; button_bg_color__hover_enabled=&#8221;off&#8221; button_one_bg_color__hover_enabled=&#8221;off&#8221; button_two_bg_color__hover_enabled=&#8221;off&#8221;][\/et_pb_button][\/et_pb_column][\/et_pb_row][\/et_pb_section][et_pb_section fb_built=&#8221;1&#8243; _builder_version=&#8221;4.16&#8243; _module_preset=&#8221;default&#8221; custom_margin=&#8221;||||false|false&#8221; global_colors_info=&#8221;{}&#8221;][et_pb_row _builder_version=&#8221;4.16&#8243; _module_preset=&#8221;default&#8221; custom_margin=&#8221;-33px|auto||auto||&#8221; custom_padding=&#8221;|||0px||&#8221; global_colors_info=&#8221;{}&#8221;][et_pb_column type=&#8221;4_4&#8243; _builder_version=&#8221;4.16&#8243; _module_preset=&#8221;default&#8221; global_colors_info=&#8221;{}&#8221;][et_pb_accordion icon_color=&#8221;#E09900&#8243; _builder_version=&#8221;4.27.3&#8243; _module_preset=&#8221;default&#8221; toggle_level=&#8221;h4&#8243; toggle_font=&#8221;|600|||||||&#8221; width=&#8221;100%&#8221; custom_margin=&#8221;-25px|-198px||||&#8221; hover_enabled=&#8221;0&#8243; global_colors_info=&#8221;{}&#8221; sticky_enabled=&#8221;0&#8243;][et_pb_accordion_item title=&#8221;Polykliniek Campus Hallepoort&#8221; open=&#8221;on&#8221; _builder_version=&#8221;4.27.3&#8243; _module_preset=&#8221;default&#8221; global_colors_info=&#8221;{}&#8221;]<\/p>\n<p>Permanence Acc\u00e8s Soin de Sant\u00e9 (P.A.S.S): +32 2 535 48 90<\/p>\n<p>Planification Sociale: +32 2 535 35 12<\/p>\n<ul>\n<li><span>Kirsten ANDERSEN<\/span><\/li>\n<li><span>Yasemine GOK<\/span><\/li>\n<li><span>Julie FRANCOIS<\/span><\/li>\n<li><span style=\"font-size: 14px;\">Cassandra LEPRINCE<\/span><\/li>\n<li><span>Alison RENARD<\/span><\/li>\n<li><span>Marie VERSCHELDE<\/span><\/li>\n<\/ul>\n<p><strong>Permanence Acc\u00e8s Soins de Sant\u00e9: <\/strong><a href=\"mailto:%20servicesocial.poly.pdh@stpierre-bru.be\">e-mail<\/a><strong><br \/><\/strong><\/p>\n<p><strong>R\u00e9f\u00e9rente sociale consultation pr\u00e9natal:\u00a0<\/strong><br \/>Alison RENARD:\u00a0 <span>+ 32 2 506 70 59<br \/><\/span><a href=\"mailto:alison.renard@stpierre-bru.be\">e-mail<\/a><\/p>\n<p><strong>R\u00e9f\u00e9rente sociale dialyse :<\/strong> <span>+ 32 2 535 48 62<br \/><\/span><a href=\"mailto:servicesocial.nephro.dialyse@stpierre-bru.be\">e-mail\u00a0<\/a><\/p>\n<p><strong>R\u00e9f\u00e9rente sociale oncologie:<\/strong> +32 2 535 48 62<\/p>\n<p><strong>R\u00e9f\u00e9rente sociale suivi p\u00e9diatrie:<\/strong> +32 2 535 48 88<\/p>\n<p><strong>P\u00e9diatrie HIV\/ dr\u00e9panocytose<\/strong><\/p>\n<ul>\n<li><span>Marie-C\u00e9line DILBECK: +32 (0)2 535 31 57\u00a0 &#8211; <a href=\"mailto:Anne-Cecile_CISSE@stpierre-bru.be\">E<\/a><a href=\"mailto:Dominique_VIOLON@stpierre-bru.be\">-mail<\/a><\/span><\/li>\n<\/ul>\n<p>&nbsp;<\/p>\n<p>[\/et_pb_accordion_item][et_pb_accordion_item title=&#8221;P\u00f4le 320 -City Planning&#8221; _builder_version=&#8221;4.27.3&#8243; _module_preset=&#8221;default&#8221; global_colors_info=&#8221;{}&#8221; open=&#8221;off&#8221;]<\/p>\n<ul>\n<li>Anne-C\u00e9cile CISSE: <span>+32 (0)2 535 47 26 &#8211; <\/span><a href=\"mailto:Hilde_MATTHIJS@stpierre-bru.be\">E<\/a><a href=\"mailto:Hilde_MATTHIJS@stpierre-bru.be\">-mail<\/a><\/li>\n<li>Hilde MATTHIJS: <span>+32 (0)2 535 47 00 &#8211; <\/span><a href=\"mailto:Hilde_MATTHIJS@stpierre-bru.be\">E<\/a><a href=\"mailto:Hilde_MATTHIJS@stpierre-bru.be\">-mail<\/a><\/li>\n<li>Celia ROMAN TOMAS: <span>+32 (0)2 535 35 99 &#8211; <\/span><a href=\"mailto:celia.ROMANTOMAS@stpierre-bru.be\">E-mail<\/a><\/li>\n<li>Sarah COSYNS: <span>+32 (0)2 535 47 10 &#8211; <\/span><a href=\"mailto:sarah.cosyns@stpierre-bru.be\">E-mail<\/a>\n<\/li>\n<li>Contact permanence: +32 (0)2 535 50 01<\/li>\n<\/ul>\n<p>[\/et_pb_accordion_item][et_pb_accordion_item title=&#8221;P\u00f4le p\u00e9diatrie \/ Obst\u00e9trique \/ Maternit\u00e9&#8221; _builder_version=&#8221;4.27.3&#8243; _module_preset=&#8221;default&#8221; global_colors_info=&#8221;{}&#8221; open=&#8221;off&#8221;]<\/p>\n<p><strong>Maternit\u00e9 et N\u00e9onatologie U510A et B-611-608 A et B<\/strong><\/p>\n<ul>\n<li>Mich\u00e8le DELEWARDE: +32 2 535 40 18 &#8211; <a href=\"mailto:michele.delewarde@stpierre-bru.be\">michele.delewarde@stpierre-bru.be<\/a><\/li>\n<\/ul>\n<p><strong><br \/>P\u00e9diatrieU509 + U609 + Maternit\u00e9 508 et 510 B<\/strong><\/p>\n<ul>\n<li>Belinda GRILLI: +32 2 535 48 83 &#8211; <a href=\"mailto:belinda.grilli@stpierre-bru.be\">belinda.grilli@stpierre-bru.be<\/a><\/li>\n<\/ul>\n<p>&nbsp;<\/p>\n<p>&nbsp;<\/p>\n<p>[\/et_pb_accordion_item][et_pb_accordion_item title=&#8221;Medisch-chirurgische afdeling &#8211; IC &#8211; Spoedeisende hulp&#8221; _builder_version=&#8221;4.27.3&#8243; _module_preset=&#8221;default&#8221; global_colors_info=&#8221;{}&#8221; open=&#8221;off&#8221;]<\/p>\n<p><strong>U407 (Orthopedie &#8211; KNO &#8211; Urologie &#8211; Tandheelkunde &#8211; Oogheelkunde &#8211; Plastische chirurgie)<\/strong><\/p>\n<ul>\n<li>Imelda DAWE RWAEJEKARE: +32 2 535 48 75 &#8211; <a href=\"mailto:imelda.dawerwajekare@stpierre-bru.be\">E-mail<\/a><\/li>\n<\/ul>\n<p><strong><br \/>U 507 (Hartchirurgie &#8211; oncologie)<\/strong><\/p>\n<ul>\n<li>Sabah EL BRAK: +32 2 535 39 64 &#8211; <a href=\"mailto:sabah.elbrak@stpierre-bru.be\">E-mail<\/a><\/li>\n<\/ul>\n<p><strong><br \/>Intensive Care (Usi 1 en 2)<\/strong><\/p>\n<ul>\n<li>Jean BUKOLO : +32 2 535 48 74-<a href=\"mailto:jean.bukolo@stpierre-bru.be\"> E-mail<\/a><\/li>\n<\/ul>\n<p><strong>Spoedgevallen<\/strong><\/p>\n<ul>\n<li>Julien VANDE WEYER: +32 2 535 34 37 &#8211;  <a href=\"mailto:julien.vandenweyer@stpierre-bru.be\">E-mail<\/a><\/li>\n<\/ul>\n<p><strong>Geriatrie U410 + One Day Geriatrie 411B:<\/strong><\/p>\n<ul>\n<li>Meryam KAISSA: +32 506 76 64 &#8211; <a href=\"mailto:%20meryam.kaissa@stpierre-bru.be\">E-mail<\/a><\/li>\n<\/ul>\n<p>[\/et_pb_accordion_item][et_pb_accordion_item title=&#8221;P\u00f4le Infectieux \/ M\u00e9decine Interne \/ G\u00e9riatrie &#8221; _builder_version=&#8221;4.27.3&#8243; _module_preset=&#8221;default&#8221; hover_enabled=&#8221;0&#8243; global_colors_info=&#8221;{}&#8221; open=&#8221;off&#8221; sticky_enabled=&#8221;0&#8243;]<\/p>\n<p><strong>Geriatrie U306+ One Day Geriatrie 411B<\/strong><\/p>\n<ul>\n<li>Alexane TIDRICK: +32 2 535 40 79 &#8211; <a href=\"mailto:alexane.tidrick@stpierre-bru.be\">E-mail<\/a><\/li>\n<\/ul>\n<p><strong>U308 + U309 + U808A (Infectieziekten)<\/strong><\/p>\n<ul>\n<li>Aliz\u00e9 LINTERMANS +32 2 535 37 29 &#8211;<a href=\"mailto:%20alize.lintermans@stpierre-bru.be\"> E-mail<\/a><\/li>\n<\/ul>\n<p><strong>U310 + U411B (Geriatrie + Eendaagse geriatrie)<\/strong><\/p>\n<ul>\n<li>Philom\u00e8ne UMUHIRE: +32 2 506 75 08<a href=\"mailto:philomene.umuhire@stpierre-bru.be\">&#8211; E-mail<\/a><\/li>\n<\/ul>\n<p> <strong>U408<\/strong><\/p>\n<ul>\n<li>Sophie NICAISE: +32 2 535 34 38 &#8211; <a href=\"mailto:sophie.nicaise@stpierre-bru.be\">E-mail<\/a><\/li>\n<\/ul>\n<p><strong>Pneumologie\/ Neurologie U409<\/strong><\/p>\n<ul>\n<li>Karolina GIEROS: +32 2 535 42 14 &#8211; <a href=\"mailto: karolina.gieros@stpierre-bru.be\">E-mail<\/a><\/li>\n<\/ul>\n<p> <strong>Geriatrie U410  + U 411B<\/strong><\/p>\n<ul>\n<li>Meryam KAISSA: +32 2 506 74 64 &#8211; <a href=\"mailto:meryam.kaissa@stpierre-bru.be\">E-mail<\/a><\/li>\n<\/ul>\n<p>[\/et_pb_accordion_item][et_pb_accordion_item title=&#8221;Centre MIA&#8221; _builder_version=&#8221;4.27.3&#8243; _module_preset=&#8221;default&#8221; global_colors_info=&#8221;{}&#8221; open=&#8221;off&#8221;]<\/p>\n<ul>\n<ul>\n<li>Josseline BAECKELANT: <span>+32 (0)2 53539 61 ou +32 (0)2 535 33 46 &#8211; <\/span><a href=\"mailto:josseline.baeckelant@stpierre-bru.be\">E-mail<\/a><\/li>\n<li>Morgane BATAILLE: <span>+32 (0)2 535 48 79 ou +32 (0)2 535 33 46 &#8211; <\/span><a href=\"mailto:morgane.bataille@stpierre-bru.be\">E-mail<\/a><\/li>\n<\/ul>\n<\/ul>\n<p>&nbsp;<\/p>\n<p>[\/et_pb_accordion_item][et_pb_accordion_item title=&#8221;Unit\u00e9 de revalidation&#8221; _builder_version=&#8221;4.27.3&#8243; _module_preset=&#8221;default&#8221; global_colors_info=&#8221;{}&#8221; open=&#8221;off&#8221;]<\/p>\n<p><strong>U6A (revalidation loco-neuro)+ U8A (Revalidation cardio-pneumologie)<\/strong><\/p>\n<ul>\n<li><span>Gaudiose NSHUTTI: +32 (0)2 506 70 02 <a href=\"mailto:%20gaudiose.nshutti@stpierre-bru.be\" title=\"E-mail\">&#8211; E-mail\u00a0<\/a><\/span><\/li>\n<\/ul>\n<p>&nbsp;<\/p>\n<p><strong>U5A (Psychog\u00e9riatrie) + U8A (revalidation cardio-pneumologie)<\/strong><\/p>\n<ul>\n<li><span>Chifa ZERIOUH: +32 (0)2 506 71 68 &#8211; <a href=\"mailto:chifa.ZERIOUH@stpierre-bru.be\">E-mail\u00a0<\/a>\u00a0\u00a0 \u00a0<\/span><\/li>\n<\/ul>\n<p><span><\/span><\/p>\n<p><strong>U5B (Revalidation G\u00e9riatrique)\u00a0+ U8A (revalidation<br \/>cardio-pneumologie)<\/strong><\/p>\n<ul>\n<li><span>Jean RWASAMANZI NTIZIMIRA: +32 (0)2 506 78 11 &#8211;\u00a0 <a href=\"http:\/\/rwasamanzi_ntizimira@stpierre-bru.be\/\">E-mail<\/a><a href=\"mailto:rwasamanzi.NTIZIMIRA@stpierre-bru.be\">\u00a0 \u00a0<\/a><\/span><\/li>\n<\/ul>\n<p>&nbsp;<\/p>\n<p>[\/et_pb_accordion_item][et_pb_accordion_item title=&#8221;Polyclinique\/ P.A.S.S.\/ Planification sociale&#8221; _builder_version=&#8221;4.27.3&#8243; _module_preset=&#8221;default&#8221; global_colors_info=&#8221;{}&#8221; open=&#8221;off&#8221;]Catherine DISSMANN: +32 (0)2 506 71 16 &#8211; <a href=\"http:\/\/catherine.dissman@stpierre-bru.be\/\">E-mail<\/a><\/p>\n<p>Raffaella VIGNALI: +32 (0)2 506 71 16 &#8211; <a href=\"mailto:Raffaella.VIGNALI@stpierre-bru.be\">E-mail<\/a><\/p>\n<p>&nbsp;[\/et_pb_accordion_item][\/et_pb_accordion][\/et_pb_column][\/et_pb_row][\/et_pb_section]<\/p>\n","protected":false},"excerpt":{"rendered":"<p><div class=\"et_pb_module dipl_breadcrumb dipl_breadcrumb_0\">\n\t\t\t\t\n\t\t\t\t\n\t\t\t\t\n\t\t\t\t\n\t\t\t\t\n\t\t\t\t\n\t\t\t\t<div class=\"et_pb_module_inner\">\n\t\t\t\t\t<div class=\"dipl-breadcrumb-wrapper layout2\">\n\t\t\t\t<ol class=\"dipl-breadcrumb-inner\" vocab=\"https:\/\/schema.org\/\" typeof=\"BreadcrumbList\">\n\t\t\t\t\t<li property=\"itemListElement\" typeof=\"ListItem\" data-icon=\"&#x35;\">\n\t\t\t\t\t\t\t\t<a class=\"breadcrumb-item dipl-home-page\" href=\"https:\/\/www.stpierre-bru.be\/nl\/\" property=\"item\" typeof=\"WebPage\" >\n\t\t\t\t\t\t\t\t\t<span class=\"breadcrumb-page\" property=\"name\">\n\t\t\t\t\t\t\t\t\t\t<span class=\"breadcrumb-home-icon et-pb-icon\">&#xe074;<\/span>\n\t\t\t\t\t\t\t\t\t<\/span>\n\t\t\t\t\t\t\t\t<\/a>\n\t\t\t\t\t\t\t\t<meta property=\"position\" content=\"1\" \/>\n\t\t\t\t\t\t\t<\/li>\n\t\t\t\t<\/ol>\n\t\t\t<\/div>\n\t\t\t\t<\/div>\n\t\t\t<\/div>Sociale DienstLe Service Social peut vous apporter une aide pr\u00e9cieuse avant, pendant et apr\u00e8s votre hospitalisation. Nous [&hellip;]<\/p>\n","protected":false},"author":1,"featured_media":0,"parent":0,"menu_order":0,"comment_status":"closed","ping_status":"closed","template":"","meta":{"_acf_changed":false,"_et_pb_use_builder":"on","_et_pb_old_content":"","_et_gb_content_width":"","_price":"","_stock":"","_tribe_ticket_header":"","_tribe_default_ticket_provider":"","_tribe_ticket_capacity":"0","_ticket_start_date":"","_ticket_end_date":"","_tribe_ticket_show_description":"","_tribe_ticket_show_not_going":false,"_tribe_ticket_use_global_stock":"","_tribe_ticket_global_stock_level":"","_global_stock_mode":"","_global_stock_cap":"","_tribe_rsvp_for_event":"","_tribe_ticket_going_count":"","_tribe_ticket_not_going_count":"","_tribe_tickets_list":"[]","_tribe_ticket_has_attendee_info_fields":false,"footnotes":""},"categories":[],"tags":[651,992,2070,2075,2071,2073,2068,2069,2074,2072],"class_list":["post-5400","page","type-page","status-publish","hentry","tag-accompagnement","tag-assistance","tag-financiele-hulp","tag-medico-sociale","tag-mindervaliden","tag-psychosociale","tag-sociale","tag-sociale-dienst","tag-sociale-problemen-oplossing","tag-ziekenfinds"],"acf":[],"yoast_head":"<!-- This site is optimized with the Yoast SEO plugin v26.5 - https:\/\/yoast.com\/wordpress\/plugins\/seo\/ -->\n<title>Sociale Dienst - CHU Saint-Pierre | UMC Sint-Pieter<\/title>\n<meta name=\"robots\" content=\"index, follow, max-snippet:-1, max-image-preview:large, max-video-preview:-1\" \/>\n<link rel=\"canonical\" href=\"https:\/\/www.stpierre-bru.be\/service-social\/\" \/>\n<meta property=\"og:locale\" content=\"nl_NL\" \/>\n<meta property=\"og:type\" content=\"article\" \/>\n<meta property=\"og:title\" content=\"Sociale Dienst - CHU Saint-Pierre | UMC Sint-Pieter\" \/>\n<meta property=\"og:description\" content=\"Sociale DienstLe Service Social peut vous apporter une aide pr\u00e9cieuse avant, pendant et apr\u00e8s votre hospitalisation. Nous [&hellip;]\" \/>\n<meta property=\"og:site_name\" content=\"CHU Saint-Pierre | UMC Sint-Pieter\" \/>\n<meta property=\"article:modified_time\" content=\"2025-10-09T12:39:42+00:00\" \/>\n<meta name=\"twitter:card\" content=\"summary_large_image\" \/>\n<meta name=\"twitter:label1\" content=\"Est. reading time\" \/>\n\t<meta name=\"twitter:data1\" content=\"6 minutes\" \/>\n<script type=\"application\/ld+json\" class=\"yoast-schema-graph\">{\"@context\":\"https:\/\/schema.org\",\"@graph\":[{\"@type\":\"WebPage\",\"@id\":\"https:\/\/www.stpierre-bru.be\/service-social\/\",\"url\":\"https:\/\/www.stpierre-bru.be\/service-social\/\",\"name\":\"Sociale Dienst - CHU Saint-Pierre | UMC Sint-Pieter\",\"isPartOf\":{\"@id\":\"https:\/\/www.stpierre-bru.be\/#website\"},\"datePublished\":\"2022-01-27T14:30:34+00:00\",\"dateModified\":\"2025-10-09T12:39:42+00:00\",\"breadcrumb\":{\"@id\":\"https:\/\/www.stpierre-bru.be\/service-social\/#breadcrumb\"},\"inLanguage\":\"nl-NL\",\"potentialAction\":[{\"@type\":\"ReadAction\",\"target\":[\"https:\/\/www.stpierre-bru.be\/service-social\/\"]}]},{\"@type\":\"BreadcrumbList\",\"@id\":\"https:\/\/www.stpierre-bru.be\/service-social\/#breadcrumb\",\"itemListElement\":[{\"@type\":\"ListItem\",\"position\":1,\"name\":\"Home\",\"item\":\"https:\/\/www.stpierre-bru.be\/nl\/home\/\"},{\"@type\":\"ListItem\",\"position\":2,\"name\":\"Sociale Dienst\"}]},{\"@type\":\"WebSite\",\"@id\":\"https:\/\/www.stpierre-bru.be\/#website\",\"url\":\"https:\/\/www.stpierre-bru.be\/\",\"name\":\"CHU Saint-Pierre | UMC Sint-Pieter\",\"description\":\"Bienvenue\",\"publisher\":{\"@id\":\"https:\/\/www.stpierre-bru.be\/#organization\"},\"potentialAction\":[{\"@type\":\"SearchAction\",\"target\":{\"@type\":\"EntryPoint\",\"urlTemplate\":\"https:\/\/www.stpierre-bru.be\/?s={search_term_string}\"},\"query-input\":{\"@type\":\"PropertyValueSpecification\",\"valueRequired\":true,\"valueName\":\"search_term_string\"}}],\"inLanguage\":\"nl-NL\"},{\"@type\":\"Organization\",\"@id\":\"https:\/\/www.stpierre-bru.be\/#organization\",\"name\":\"CHU Saint-Pierre | UMC Sint-Pieter\",\"url\":\"https:\/\/www.stpierre-bru.be\/\",\"logo\":{\"@type\":\"ImageObject\",\"inLanguage\":\"nl-NL\",\"@id\":\"https:\/\/www.stpierre-bru.be\/#\/schema\/logo\/image\/\",\"url\":\"https:\/\/www.stpierre-bru.be\/wp-content\/uploads\/2021\/06\/Logo_chu_umc_0.png\",\"contentUrl\":\"https:\/\/www.stpierre-bru.be\/wp-content\/uploads\/2021\/06\/Logo_chu_umc_0.png\",\"width\":733,\"height\":281,\"caption\":\"CHU Saint-Pierre | UMC Sint-Pieter\"},\"image\":{\"@id\":\"https:\/\/www.stpierre-bru.be\/#\/schema\/logo\/image\/\"}}]}<\/script>\n<!-- \/ Yoast SEO plugin. -->","yoast_head_json":{"title":"Sociale Dienst - CHU Saint-Pierre | UMC Sint-Pieter","robots":{"index":"index","follow":"follow","max-snippet":"max-snippet:-1","max-image-preview":"max-image-preview:large","max-video-preview":"max-video-preview:-1"},"canonical":"https:\/\/www.stpierre-bru.be\/service-social\/","og_locale":"nl_NL","og_type":"article","og_title":"Sociale Dienst - CHU Saint-Pierre | UMC Sint-Pieter","og_description":"Sociale DienstLe Service Social peut vous apporter une aide pr\u00e9cieuse avant, pendant et apr\u00e8s votre hospitalisation. Nous [&hellip;]","og_site_name":"CHU Saint-Pierre | UMC Sint-Pieter","article_modified_time":"2025-10-09T12:39:42+00:00","twitter_card":"summary_large_image","twitter_misc":{"Est. reading time":"6 minutes"},"schema":{"@context":"https:\/\/schema.org","@graph":[{"@type":"WebPage","@id":"https:\/\/www.stpierre-bru.be\/service-social\/","url":"https:\/\/www.stpierre-bru.be\/service-social\/","name":"Sociale Dienst - CHU Saint-Pierre | UMC Sint-Pieter","isPartOf":{"@id":"https:\/\/www.stpierre-bru.be\/#website"},"datePublished":"2022-01-27T14:30:34+00:00","dateModified":"2025-10-09T12:39:42+00:00","breadcrumb":{"@id":"https:\/\/www.stpierre-bru.be\/service-social\/#breadcrumb"},"inLanguage":"nl-NL","potentialAction":[{"@type":"ReadAction","target":["https:\/\/www.stpierre-bru.be\/service-social\/"]}]},{"@type":"BreadcrumbList","@id":"https:\/\/www.stpierre-bru.be\/service-social\/#breadcrumb","itemListElement":[{"@type":"ListItem","position":1,"name":"Home","item":"https:\/\/www.stpierre-bru.be\/nl\/home\/"},{"@type":"ListItem","position":2,"name":"Sociale Dienst"}]},{"@type":"WebSite","@id":"https:\/\/www.stpierre-bru.be\/#website","url":"https:\/\/www.stpierre-bru.be\/","name":"CHU Saint-Pierre | UMC Sint-Pieter","description":"Bienvenue","publisher":{"@id":"https:\/\/www.stpierre-bru.be\/#organization"},"potentialAction":[{"@type":"SearchAction","target":{"@type":"EntryPoint","urlTemplate":"https:\/\/www.stpierre-bru.be\/?s={search_term_string}"},"query-input":{"@type":"PropertyValueSpecification","valueRequired":true,"valueName":"search_term_string"}}],"inLanguage":"nl-NL"},{"@type":"Organization","@id":"https:\/\/www.stpierre-bru.be\/#organization","name":"CHU Saint-Pierre | UMC Sint-Pieter","url":"https:\/\/www.stpierre-bru.be\/","logo":{"@type":"ImageObject","inLanguage":"nl-NL","@id":"https:\/\/www.stpierre-bru.be\/#\/schema\/logo\/image\/","url":"https:\/\/www.stpierre-bru.be\/wp-content\/uploads\/2021\/06\/Logo_chu_umc_0.png","contentUrl":"https:\/\/www.stpierre-bru.be\/wp-content\/uploads\/2021\/06\/Logo_chu_umc_0.png","width":733,"height":281,"caption":"CHU Saint-Pierre | UMC Sint-Pieter"},"image":{"@id":"https:\/\/www.stpierre-bru.be\/#\/schema\/logo\/image\/"}}]}},"_links":{"self":[{"href":"https:\/\/www.stpierre-bru.be\/nl\/wp-json\/wp\/v2\/pages\/5400","targetHints":{"allow":["GET"]}}],"collection":[{"href":"https:\/\/www.stpierre-bru.be\/nl\/wp-json\/wp\/v2\/pages"}],"about":[{"href":"https:\/\/www.stpierre-bru.be\/nl\/wp-json\/wp\/v2\/types\/page"}],"author":[{"embeddable":true,"href":"https:\/\/www.stpierre-bru.be\/nl\/wp-json\/wp\/v2\/users\/1"}],"replies":[{"embeddable":true,"href":"https:\/\/www.stpierre-bru.be\/nl\/wp-json\/wp\/v2\/comments?post=5400"}],"version-history":[{"count":8,"href":"https:\/\/www.stpierre-bru.be\/nl\/wp-json\/wp\/v2\/pages\/5400\/revisions"}],"predecessor-version":[{"id":61319,"href":"https:\/\/www.stpierre-bru.be\/nl\/wp-json\/wp\/v2\/pages\/5400\/revisions\/61319"}],"wp:attachment":[{"href":"https:\/\/www.stpierre-bru.be\/nl\/wp-json\/wp\/v2\/media?parent=5400"}],"wp:term":[{"taxonomy":"category","embeddable":true,"href":"https:\/\/www.stpierre-bru.be\/nl\/wp-json\/wp\/v2\/categories?post=5400"},{"taxonomy":"post_tag","embeddable":true,"href":"https:\/\/www.stpierre-bru.be\/nl\/wp-json\/wp\/v2\/tags?post=5400"}],"curies":[{"name":"wp","href":"https:\/\/api.w.org\/{rel}","templated":true}]}}