{"id":992,"date":"2021-11-12T09:40:11","date_gmt":"2021-11-12T08:40:11","guid":{"rendered":"http:\/\/10.14.1.26\/website\/specialite\/actes-techniques-neurologiques\/"},"modified":"2026-03-17T16:47:07","modified_gmt":"2026-03-17T15:47:07","slug":"cephalees","status":"publish","type":"service","link":"https:\/\/www.stpierre-bru.be\/en\/service\/neurologie\/cephalees\/","title":{"rendered":"C\u00e9phal\u00e9es &#8211; migraine"},"content":{"rendered":"<p>[et_pb_section fb_built=&#8221;1&#8243; admin_label=&#8221;section&#8221; _builder_version=&#8221;4.16&#8243; global_colors_info=&#8221;{}&#8221; theme_builder_area=&#8221;post_content&#8221;][et_pb_row admin_label=&#8221;row&#8221; _builder_version=&#8221;4.16&#8243; background_size=&#8221;initial&#8221; background_position=&#8221;top_left&#8221; background_repeat=&#8221;repeat&#8221; global_colors_info=&#8221;{}&#8221; theme_builder_area=&#8221;post_content&#8221;][et_pb_column type=&#8221;4_4&#8243; _builder_version=&#8221;4.16&#8243; custom_padding=&#8221;|||&#8221; global_colors_info=&#8221;{}&#8221; custom_padding__hover=&#8221;|||&#8221; theme_builder_area=&#8221;post_content&#8221;][et_pb_text admin_label=&#8221;Text&#8221; _builder_version=&#8221;4.27.3&#8243; background_size=&#8221;initial&#8221; background_position=&#8221;top_left&#8221; background_repeat=&#8221;repeat&#8221; hover_enabled=&#8221;0&#8243; global_colors_info=&#8221;{}&#8221; theme_builder_area=&#8221;post_content&#8221; sticky_enabled=&#8221;0&#8243;]<\/p>\n<div class=\"x_elementToProof\" data-olk-copy-source=\"MessageBody\">\n<p><span>Il <\/span>existe diff\u00e9rents types de maux de t\u00eate.<\/p>\n<\/div>\n<div class=\"x_elementToProof\"><strong><br \/>Les c\u00e9phal\u00e9es primaires \u2013 \u00ab Primaire \u00bb<\/strong><br \/>signifie que le mal de t\u00eate est le probl\u00e8me principal, et non le sympt\u00f4me d&#8217;une autre affection. La plupart des c\u00e9phal\u00e9es primaires appartiennent \u00e0 l&#8217;une des cat\u00e9gories suivantes :<\/div>\n<ul>\n<li class=\"x_elementToProof\">Les c\u00e9phal\u00e9es de tension<\/li>\n<li class=\"x_elementToProof\">Les migraines<\/li>\n<li class=\"x_elementToProof\">Algie vasculaire de la face<\/li>\n<\/ul>\n<div class=\"x_elementToProof\"><strong>C\u00e9phal\u00e9es secondaires \u2013 \u00ab Secondaire \u00bb<\/strong><br \/>signifie que la c\u00e9phal\u00e9e est li\u00e9e \u00e0 un autre probl\u00e8me de sant\u00e9. Par exemple, des infections, des maladies ou des m\u00e9dicaments peuvent provoquer des c\u00e9phal\u00e9es. Votre m\u00e9decin ou votre infirmi\u00e8re vous aidera \u00e0 d\u00e9terminer si votre c\u00e9phal\u00e9e est li\u00e9e \u00e0 une autre affection.<\/div>\n<div class=\"x_elementToProof\">\n<p>Vous pouvez tenir un calendrier de vos maux de t\u00eate pour informer votre m\u00e9decin des \u00e9ventuels facteurs d\u00e9clenchants, de la fr\u00e9quence de vos maux de t\u00eate, des traitements que vous avez pris et de leur \u00e9ventuel effet.<\/p>\n<\/div>\n<div class=\"x_elementToProof\">Le neurologue d\u00e9cidera, apr\u00e8s un examen neurologique, la n\u00e9cessit\u00e9 ou non de r\u00e9aliser des examens compl\u00e9mentaires et pourra vous proposer un traitement.<\/div>\n<p>[\/et_pb_text][\/et_pb_column][\/et_pb_row][\/et_pb_section]<\/p>\n","protected":false},"excerpt":{"rendered":"<p>La clinique de neurologie prend en charge les adultes pr&eacute;sentant des pathologies aigues, subaig&uuml;es et chroniques du c<strong>erveau, des nerfs cr&acirc;niens, de la moelle &eacute;pini&egrave;re, des m&eacute;ninges, du syst&egrave;me nerveux p&eacute;riph&eacute;rique et des muscles<\/strong>.<\/p>\n","protected":false},"featured_media":870,"parent":831,"menu_order":0,"template":"","meta":{"_acf_changed":false,"_et_pb_use_builder":"on","_et_pb_old_content":"Nous nous occupons du diagnostic, de la prise en charge et de la th\u00e9rapie des&nbsp;<strong>troubles des mouvements<\/strong>, des&nbsp;<strong>troubles de l'\u00e9quilibre<\/strong>, des&nbsp;<strong>troubles cognitifs<\/strong>, des&nbsp;<strong>troubles de la vision<\/strong>, et des&nbsp;<strong>maux de t\u00eate<\/strong>&nbsp;ou de la face.\n\nLes maladies neurologiques peuvent \u00eatre d'origine cong\u00e9nitale, d\u00e9g\u00e9n\u00e9rative, inflammatoire, m\u00e9tabolique, infectieuse, n\u00e9oplasique ou vasculaire. Parmi celles-ci par exemple la&nbsp;<strong>migraine<\/strong>, les&nbsp;<strong>maladies de Parkinson<\/strong>&nbsp;et&nbsp;<strong>d\u2019Alzheimer<\/strong>, les&nbsp;<strong>\u00e9pilepsies<\/strong>, les accidents vasculaires c\u00e9r\u00e9braux (<strong>AVC<\/strong>), l'<strong>hydroc\u00e9phalie normotensive<\/strong>, la&nbsp;<strong>scl\u00e9rose en plaques<\/strong>, les&nbsp;<strong>m\u00e9ningites<\/strong>&nbsp;et&nbsp;<strong>enc\u00e9phalites<\/strong>, la&nbsp;<strong>myasth\u00e9nie<\/strong>, la les neuropathies p\u00e9riph\u00e9riques ou les&nbsp;<strong>tumeurs c\u00e9r\u00e9brales<\/strong>.\n<h2>Actes<\/h2>\n<ul>\n \t<li>Electroenc\u00e9phalographie EEG<\/li>\n \t<li>Electromyographie EMG<\/li>\n \t<li>Vitesses de conductions motrices et sensitives<\/li>\n \t<li>Ondes F<\/li>\n \t<li>R\u00e9flexe H<\/li>\n \t<li>Stimulation r\u00e9p\u00e9titive et tests myasth\u00e9niques<\/li>\n \t<li>Potentiels \u00e9voqu\u00e9s visuels, auditifs, somato-sensoriels et moteurs<\/li>\n \t<li>Traitement par toxine botulique<\/li>\n \t<li>Bilan neuropsychologique<\/li>\n \t<li>Ponction lombaire<\/li>\n \t<li>Echographie Duplex des art\u00e8res carotides, vert\u00e9brales et intracr\u00e2niennes<\/li>\n \t<li>La mise au point d'un diagnostic et l\u2019\u00e9tablissement d'un plan de traitement par une \u00e9quipe multidisciplinaire en soins de l'AVC<\/li>\n \t<li>Un plan de soins pour un b\u00e9n\u00e9ficiaire hospitalis\u00e9 en raison d'un AVC \u00e9tabli par une \u00e9quipe multidisciplinaire<\/li>\n \t<li>Un bilan diagnostique sp\u00e9cialis\u00e9 des d\u00e9mences comprenant un examen neuropsychologique (\u00e9valuation des fonctions cognitives) pour les patients ayant une suspicion de d\u00e9mence<\/li>\n<\/ul>","_et_gb_content_width":"","_price":"","_stock":"","_tribe_ticket_header":"","_tribe_default_ticket_provider":"","_tribe_ticket_capacity":"0","_ticket_start_date":"","_ticket_end_date":"","_tribe_ticket_show_description":"","_tribe_ticket_show_not_going":false,"_tribe_ticket_use_global_stock":"","_tribe_ticket_global_stock_level":"","_global_stock_mode":"","_global_stock_cap":"","_tribe_rsvp_for_event":"","_tribe_ticket_going_count":"","_tribe_ticket_not_going_count":"","_tribe_tickets_list":"[]","_tribe_ticket_has_attendee_info_fields":false},"categories":[1866,44],"tags":[370,374,375,346,372,371,376,373],"class_list":["post-992","service","type-service","status-publish","has-post-thumbnail","hentry","category-neurologie","category-specialite","tag-algies-vasculaires","tag-mal-de-tete","tag-maux-de-tete","tag-migraine","tag-nevralgie","tag-nevralgie-du-trijumeau","tag-tete","tag-trijumeau"],"acf":[],"yoast_head":"<!-- This site is optimized with the Yoast SEO plugin v26.5 - https:\/\/yoast.com\/wordpress\/plugins\/seo\/ -->\n<title>C\u00e9phal\u00e9es - migraine - CHU Saint-Pierre | UMC Sint-Pieter<\/title>\n<meta name=\"robots\" content=\"index, follow, max-snippet:-1, max-image-preview:large, max-video-preview:-1\" \/>\n<link rel=\"canonical\" href=\"https:\/\/www.stpierre-bru.be\/service\/neurologie\/cephalees\/\" \/>\n<meta property=\"og:locale\" content=\"en_US\" \/>\n<meta property=\"og:type\" content=\"article\" \/>\n<meta property=\"og:title\" content=\"C\u00e9phal\u00e9es - migraine - CHU Saint-Pierre | UMC Sint-Pieter\" \/>\n<meta property=\"og:description\" content=\"La clinique de neurologie prend en charge les adultes pr&eacute;sentant des pathologies aigues, subaig&uuml;es et chroniques du cerveau, des nerfs cr&acirc;niens, de la moelle &eacute;pini&egrave;re, des m&eacute;ninges, du syst&egrave;me nerveux p&eacute;riph&eacute;rique et des muscles.\" \/>\n<meta property=\"og:site_name\" content=\"CHU Saint-Pierre | UMC Sint-Pieter\" \/>\n<meta property=\"article:modified_time\" content=\"2026-03-17T15:47:07+00:00\" \/>\n<meta property=\"og:image\" content=\"https:\/\/www.stpierre-bru.be\/app\/uploads\/2021\/11\/Neurologie_72dpi-scaled.jpg\" \/>\n\t<meta property=\"og:image:width\" content=\"2560\" \/>\n\t<meta property=\"og:image:height\" content=\"1706\" \/>\n\t<meta property=\"og:image:type\" content=\"image\/jpeg\" \/>\n<meta name=\"twitter:card\" content=\"summary_large_image\" \/>\n<meta name=\"twitter:label1\" content=\"Est. reading time\" \/>\n\t<meta name=\"twitter:data1\" content=\"1 minute\" \/>\n<script type=\"application\/ld+json\" class=\"yoast-schema-graph\">{\"@context\":\"https:\/\/schema.org\",\"@graph\":[{\"@type\":\"WebPage\",\"@id\":\"https:\/\/www.stpierre-bru.be\/service\/neurologie\/cephalees\/\",\"url\":\"https:\/\/www.stpierre-bru.be\/service\/neurologie\/cephalees\/\",\"name\":\"C\u00e9phal\u00e9es - migraine - CHU Saint-Pierre | UMC Sint-Pieter\",\"isPartOf\":{\"@id\":\"https:\/\/www.stpierre-bru.be\/#website\"},\"primaryImageOfPage\":{\"@id\":\"https:\/\/www.stpierre-bru.be\/service\/neurologie\/cephalees\/#primaryimage\"},\"image\":{\"@id\":\"https:\/\/www.stpierre-bru.be\/service\/neurologie\/cephalees\/#primaryimage\"},\"thumbnailUrl\":\"https:\/\/www.stpierre-bru.be\/app\/uploads\/2021\/11\/Neurologie_72dpi-scaled.jpg\",\"datePublished\":\"2021-11-12T08:40:11+00:00\",\"dateModified\":\"2026-03-17T15:47:07+00:00\",\"breadcrumb\":{\"@id\":\"https:\/\/www.stpierre-bru.be\/service\/neurologie\/cephalees\/#breadcrumb\"},\"inLanguage\":\"en-US\",\"potentialAction\":[{\"@type\":\"ReadAction\",\"target\":[\"https:\/\/www.stpierre-bru.be\/service\/neurologie\/cephalees\/\"]}]},{\"@type\":\"ImageObject\",\"inLanguage\":\"en-US\",\"@id\":\"https:\/\/www.stpierre-bru.be\/service\/neurologie\/cephalees\/#primaryimage\",\"url\":\"https:\/\/www.stpierre-bru.be\/app\/uploads\/2021\/11\/Neurologie_72dpi-scaled.jpg\",\"contentUrl\":\"https:\/\/www.stpierre-bru.be\/app\/uploads\/2021\/11\/Neurologie_72dpi-scaled.jpg\",\"width\":2560,\"height\":1706,\"caption\":\"Human Internal Organic - Human Brain, medical concept.\"},{\"@type\":\"BreadcrumbList\",\"@id\":\"https:\/\/www.stpierre-bru.be\/service\/neurologie\/cephalees\/#breadcrumb\",\"itemListElement\":[{\"@type\":\"ListItem\",\"position\":1,\"name\":\"Home\",\"item\":\"https:\/\/www.stpierre-bru.be\/en\/\"},{\"@type\":\"ListItem\",\"position\":2,\"name\":\"Services\",\"item\":\"https:\/\/www.stpierre-bru.be\/nos-services-de-consultation\/\"},{\"@type\":\"ListItem\",\"position\":3,\"name\":\"Neurologie\",\"item\":\"https:\/\/www.stpierre-bru.be\/service\/neurologie\/\"},{\"@type\":\"ListItem\",\"position\":4,\"name\":\"C\u00e9phal\u00e9es &#8211; migraine\"}]},{\"@type\":\"WebSite\",\"@id\":\"https:\/\/www.stpierre-bru.be\/#website\",\"url\":\"https:\/\/www.stpierre-bru.be\/\",\"name\":\"CHU Saint-Pierre | UMC Sint-Pieter\",\"description\":\"Bienvenue\",\"publisher\":{\"@id\":\"https:\/\/www.stpierre-bru.be\/#organization\"},\"potentialAction\":[{\"@type\":\"SearchAction\",\"target\":{\"@type\":\"EntryPoint\",\"urlTemplate\":\"https:\/\/www.stpierre-bru.be\/?s={search_term_string}\"},\"query-input\":{\"@type\":\"PropertyValueSpecification\",\"valueRequired\":true,\"valueName\":\"search_term_string\"}}],\"inLanguage\":\"en-US\"},{\"@type\":\"Organization\",\"@id\":\"https:\/\/www.stpierre-bru.be\/#organization\",\"name\":\"CHU Saint-Pierre | UMC Sint-Pieter\",\"url\":\"https:\/\/www.stpierre-bru.be\/\",\"logo\":{\"@type\":\"ImageObject\",\"inLanguage\":\"en-US\",\"@id\":\"https:\/\/www.stpierre-bru.be\/#\/schema\/logo\/image\/\",\"url\":\"https:\/\/www.stpierre-bru.be\/wp-content\/uploads\/2021\/06\/Logo_chu_umc_0.png\",\"contentUrl\":\"https:\/\/www.stpierre-bru.be\/wp-content\/uploads\/2021\/06\/Logo_chu_umc_0.png\",\"width\":733,\"height\":281,\"caption\":\"CHU Saint-Pierre | UMC Sint-Pieter\"},\"image\":{\"@id\":\"https:\/\/www.stpierre-bru.be\/#\/schema\/logo\/image\/\"}}]}<\/script>\n<!-- \/ Yoast SEO plugin. -->","yoast_head_json":{"title":"C\u00e9phal\u00e9es - migraine - CHU Saint-Pierre | UMC Sint-Pieter","robots":{"index":"index","follow":"follow","max-snippet":"max-snippet:-1","max-image-preview":"max-image-preview:large","max-video-preview":"max-video-preview:-1"},"canonical":"https:\/\/www.stpierre-bru.be\/service\/neurologie\/cephalees\/","og_locale":"en_US","og_type":"article","og_title":"C\u00e9phal\u00e9es - migraine - CHU Saint-Pierre | UMC Sint-Pieter","og_description":"La clinique de neurologie prend en charge les adultes pr&eacute;sentant des pathologies aigues, subaig&uuml;es et chroniques du cerveau, des nerfs cr&acirc;niens, de la moelle &eacute;pini&egrave;re, des m&eacute;ninges, du syst&egrave;me nerveux p&eacute;riph&eacute;rique et des muscles.","og_site_name":"CHU Saint-Pierre | UMC Sint-Pieter","article_modified_time":"2026-03-17T15:47:07+00:00","og_image":[{"width":2560,"height":1706,"url":"https:\/\/www.stpierre-bru.be\/app\/uploads\/2021\/11\/Neurologie_72dpi-scaled.jpg","type":"image\/jpeg"}],"twitter_card":"summary_large_image","twitter_misc":{"Est. reading time":"1 minute"},"schema":{"@context":"https:\/\/schema.org","@graph":[{"@type":"WebPage","@id":"https:\/\/www.stpierre-bru.be\/service\/neurologie\/cephalees\/","url":"https:\/\/www.stpierre-bru.be\/service\/neurologie\/cephalees\/","name":"C\u00e9phal\u00e9es - migraine - CHU Saint-Pierre | UMC Sint-Pieter","isPartOf":{"@id":"https:\/\/www.stpierre-bru.be\/#website"},"primaryImageOfPage":{"@id":"https:\/\/www.stpierre-bru.be\/service\/neurologie\/cephalees\/#primaryimage"},"image":{"@id":"https:\/\/www.stpierre-bru.be\/service\/neurologie\/cephalees\/#primaryimage"},"thumbnailUrl":"https:\/\/www.stpierre-bru.be\/app\/uploads\/2021\/11\/Neurologie_72dpi-scaled.jpg","datePublished":"2021-11-12T08:40:11+00:00","dateModified":"2026-03-17T15:47:07+00:00","breadcrumb":{"@id":"https:\/\/www.stpierre-bru.be\/service\/neurologie\/cephalees\/#breadcrumb"},"inLanguage":"en-US","potentialAction":[{"@type":"ReadAction","target":["https:\/\/www.stpierre-bru.be\/service\/neurologie\/cephalees\/"]}]},{"@type":"ImageObject","inLanguage":"en-US","@id":"https:\/\/www.stpierre-bru.be\/service\/neurologie\/cephalees\/#primaryimage","url":"https:\/\/www.stpierre-bru.be\/app\/uploads\/2021\/11\/Neurologie_72dpi-scaled.jpg","contentUrl":"https:\/\/www.stpierre-bru.be\/app\/uploads\/2021\/11\/Neurologie_72dpi-scaled.jpg","width":2560,"height":1706,"caption":"Human Internal Organic - Human Brain, medical concept."},{"@type":"BreadcrumbList","@id":"https:\/\/www.stpierre-bru.be\/service\/neurologie\/cephalees\/#breadcrumb","itemListElement":[{"@type":"ListItem","position":1,"name":"Home","item":"https:\/\/www.stpierre-bru.be\/en\/"},{"@type":"ListItem","position":2,"name":"Services","item":"https:\/\/www.stpierre-bru.be\/nos-services-de-consultation\/"},{"@type":"ListItem","position":3,"name":"Neurologie","item":"https:\/\/www.stpierre-bru.be\/service\/neurologie\/"},{"@type":"ListItem","position":4,"name":"C\u00e9phal\u00e9es &#8211; migraine"}]},{"@type":"WebSite","@id":"https:\/\/www.stpierre-bru.be\/#website","url":"https:\/\/www.stpierre-bru.be\/","name":"CHU Saint-Pierre | UMC Sint-Pieter","description":"Bienvenue","publisher":{"@id":"https:\/\/www.stpierre-bru.be\/#organization"},"potentialAction":[{"@type":"SearchAction","target":{"@type":"EntryPoint","urlTemplate":"https:\/\/www.stpierre-bru.be\/?s={search_term_string}"},"query-input":{"@type":"PropertyValueSpecification","valueRequired":true,"valueName":"search_term_string"}}],"inLanguage":"en-US"},{"@type":"Organization","@id":"https:\/\/www.stpierre-bru.be\/#organization","name":"CHU Saint-Pierre | UMC Sint-Pieter","url":"https:\/\/www.stpierre-bru.be\/","logo":{"@type":"ImageObject","inLanguage":"en-US","@id":"https:\/\/www.stpierre-bru.be\/#\/schema\/logo\/image\/","url":"https:\/\/www.stpierre-bru.be\/wp-content\/uploads\/2021\/06\/Logo_chu_umc_0.png","contentUrl":"https:\/\/www.stpierre-bru.be\/wp-content\/uploads\/2021\/06\/Logo_chu_umc_0.png","width":733,"height":281,"caption":"CHU Saint-Pierre | UMC Sint-Pieter"},"image":{"@id":"https:\/\/www.stpierre-bru.be\/#\/schema\/logo\/image\/"}}]}},"_links":{"self":[{"href":"https:\/\/www.stpierre-bru.be\/en\/wp-json\/wp\/v2\/service\/992","targetHints":{"allow":["GET"]}}],"collection":[{"href":"https:\/\/www.stpierre-bru.be\/en\/wp-json\/wp\/v2\/service"}],"about":[{"href":"https:\/\/www.stpierre-bru.be\/en\/wp-json\/wp\/v2\/types\/service"}],"up":[{"embeddable":true,"href":"https:\/\/www.stpierre-bru.be\/en\/wp-json\/wp\/v2\/service\/831"}],"wp:featuredmedia":[{"embeddable":true,"href":"https:\/\/www.stpierre-bru.be\/en\/wp-json\/wp\/v2\/media\/870"}],"wp:attachment":[{"href":"https:\/\/www.stpierre-bru.be\/en\/wp-json\/wp\/v2\/media?parent=992"}],"wp:term":[{"taxonomy":"category","embeddable":true,"href":"https:\/\/www.stpierre-bru.be\/en\/wp-json\/wp\/v2\/categories?post=992"},{"taxonomy":"post_tag","embeddable":true,"href":"https:\/\/www.stpierre-bru.be\/en\/wp-json\/wp\/v2\/tags?post=992"}],"curies":[{"name":"wp","href":"https:\/\/api.w.org\/{rel}","templated":true}]}}