{"id":956,"date":"2021-11-03T17:39:05","date_gmt":"2021-11-03T16:39:05","guid":{"rendered":"http:\/\/10.14.1.26\/website\/specialite\/plaies-ulcere-et-pied-diabetique\/"},"modified":"2022-03-19T01:13:33","modified_gmt":"2022-03-19T00:13:33","slug":"plaies-ulcere-et-pied-diabetique","status":"publish","type":"service","link":"https:\/\/www.stpierre-bru.be\/en\/service\/dermatologie\/plaies-ulcere-et-pied-diabetique\/","title":{"rendered":"Plaies &#8211; ulc\u00e8re et pied diab\u00e9tique"},"content":{"rendered":"\n[et_pb_section fb_built=&#8221;1&#8243; admin_label=&#8221;section&#8221; _builder_version=&#8221;3.22&#8243; global_colors_info=&#8221;{}&#8221; theme_builder_area=&#8221;post_content&#8221;][et_pb_row admin_label=&#8221;row&#8221; _builder_version=&#8221;3.25&#8243; background_size=&#8221;initial&#8221; background_position=&#8221;top_left&#8221; background_repeat=&#8221;repeat&#8221; global_colors_info=&#8221;{}&#8221; theme_builder_area=&#8221;post_content&#8221;][et_pb_column type=&#8221;4_4&#8243; _builder_version=&#8221;3.25&#8243; custom_padding=&#8221;|||&#8221; global_colors_info=&#8221;{}&#8221; custom_padding__hover=&#8221;|||&#8221; theme_builder_area=&#8221;post_content&#8221;][et_pb_text _builder_version=&#8221;4.14.4&#8243; _module_preset=&#8221;default&#8221; theme_builder_area=&#8221;post_content&#8221; hover_enabled=&#8221;0&#8243; sticky_enabled=&#8221;0&#8243;]<section class=\"section section--white section-contents\">\n<div class=\"typeset  first-letter\">\n<p>Le service de Dermatologie vous propose une prise en charge des plaies chroniques, notamment des ulc\u00e8res variqueux dans un contexte d&#8217;insuffisance veineuse chronique et des ulc\u00e8res secondaires \u00e0 une insuffisance art\u00e9rielle.<\/p>\n<p>Le service assure \u00e9galement un suivi multidisciplinaire des plaies des membres inf\u00e9rieurs chez les patients diab\u00e9tiques.<\/p>\n<\/div>\n<\/section>[\/et_pb_text][\/et_pb_column][\/et_pb_row][\/et_pb_section]\n","protected":false},"excerpt":{"rendered":"<p>Le service de Dermatologie vous propose une prise en charge des plaies chroniques, notamment des ulc\u00e8res variqueux dans un contexte d&#8217;insuffisance veineuse chronique et des ulc\u00e8res secondaires \u00e0 une insuffisance [&hellip;]<\/p>\n","protected":false},"featured_media":720,"parent":821,"menu_order":0,"template":"","meta":{"_acf_changed":false,"_et_pb_use_builder":"on","_et_pb_old_content":"","_et_gb_content_width":"","_price":"","_stock":"","_tribe_ticket_header":"","_tribe_default_ticket_provider":"","_tribe_ticket_capacity":"0","_ticket_start_date":"","_ticket_end_date":"","_tribe_ticket_show_description":"","_tribe_ticket_show_not_going":false,"_tribe_ticket_use_global_stock":"","_tribe_ticket_global_stock_level":"","_global_stock_mode":"","_global_stock_cap":"","_tribe_rsvp_for_event":"","_tribe_ticket_going_count":"","_tribe_ticket_not_going_count":"","_tribe_tickets_list":"[]","_tribe_ticket_has_attendee_info_fields":false},"categories":[1856,44],"tags":[529,479,551,475,482,548,550,552],"class_list":["post-956","service","type-service","status-publish","has-post-thumbnail","hentry","category-dermatologie","category-specialite","tag-dermatologie-pediatrique","tag-epiderme","tag-insuffissance","tag-peau","tag-pied-diabetique","tag-plaie","tag-ulcere","tag-veineuse"],"acf":[],"yoast_head":"<!-- This site is optimized with the Yoast SEO plugin v26.5 - https:\/\/yoast.com\/wordpress\/plugins\/seo\/ -->\n<title>Plaies - ulc\u00e8re et pied diab\u00e9tique - CHU Saint-Pierre | UMC Sint-Pieter<\/title>\n<meta name=\"description\" content=\"Une prise en charge des plaies chroniques, notamment des ulc\u00e8res variqueux dans un contexte d&#039;insuffisance veineuse chronique et des ulc\u00e8res secondaires \u00e0 une insuffisance art\u00e9rielle.\" \/>\n<meta name=\"robots\" content=\"index, follow, max-snippet:-1, max-image-preview:large, max-video-preview:-1\" \/>\n<link rel=\"canonical\" href=\"https:\/\/www.stpierre-bru.be\/service\/dermatologie\/plaies-ulcere-et-pied-diabetique\/\" \/>\n<meta property=\"og:locale\" content=\"en_US\" \/>\n<meta property=\"og:type\" content=\"article\" \/>\n<meta property=\"og:title\" content=\"Plaies - ulc\u00e8re et pied diab\u00e9tique - CHU Saint-Pierre | UMC Sint-Pieter\" \/>\n<meta property=\"og:description\" content=\"Une prise en charge des plaies chroniques, notamment des ulc\u00e8res variqueux dans un contexte d&#039;insuffisance veineuse chronique et des ulc\u00e8res secondaires \u00e0 une insuffisance art\u00e9rielle.\" \/>\n<meta property=\"og:site_name\" content=\"CHU Saint-Pierre | UMC Sint-Pieter\" \/>\n<meta property=\"article:modified_time\" content=\"2022-03-19T00:13:33+00:00\" \/>\n<meta property=\"og:image\" content=\"https:\/\/i0.wp.com\/www.stpierre-bru.be\/wp-content\/uploads\/2021\/10\/Dermatologie.jpg?fit=2121%2C1414&ssl=1\" \/>\n\t<meta property=\"og:image:width\" content=\"2121\" \/>\n\t<meta property=\"og:image:height\" content=\"1414\" \/>\n\t<meta property=\"og:image:type\" content=\"image\/jpeg\" \/>\n<meta name=\"twitter:card\" content=\"summary_large_image\" \/>\n<meta name=\"twitter:label1\" content=\"Est. reading time\" \/>\n\t<meta name=\"twitter:data1\" content=\"1 minute\" \/>\n<script type=\"application\/ld+json\" class=\"yoast-schema-graph\">{\"@context\":\"https:\/\/schema.org\",\"@graph\":[{\"@type\":\"WebPage\",\"@id\":\"https:\/\/www.stpierre-bru.be\/service\/dermatologie\/plaies-ulcere-et-pied-diabetique\/\",\"url\":\"https:\/\/www.stpierre-bru.be\/service\/dermatologie\/plaies-ulcere-et-pied-diabetique\/\",\"name\":\"Plaies - ulc\u00e8re et pied diab\u00e9tique - CHU Saint-Pierre | UMC Sint-Pieter\",\"isPartOf\":{\"@id\":\"https:\/\/www.stpierre-bru.be\/#website\"},\"primaryImageOfPage\":{\"@id\":\"https:\/\/www.stpierre-bru.be\/service\/dermatologie\/plaies-ulcere-et-pied-diabetique\/#primaryimage\"},\"image\":{\"@id\":\"https:\/\/www.stpierre-bru.be\/service\/dermatologie\/plaies-ulcere-et-pied-diabetique\/#primaryimage\"},\"thumbnailUrl\":\"https:\/\/www.stpierre-bru.be\/app\/uploads\/2021\/10\/Dermatologie.jpg\",\"datePublished\":\"2021-11-03T16:39:05+00:00\",\"dateModified\":\"2022-03-19T00:13:33+00:00\",\"description\":\"Une prise en charge des plaies chroniques, notamment des ulc\u00e8res variqueux dans un contexte d'insuffisance veineuse chronique et des ulc\u00e8res secondaires \u00e0 une insuffisance art\u00e9rielle.\",\"breadcrumb\":{\"@id\":\"https:\/\/www.stpierre-bru.be\/service\/dermatologie\/plaies-ulcere-et-pied-diabetique\/#breadcrumb\"},\"inLanguage\":\"en-US\",\"potentialAction\":[{\"@type\":\"ReadAction\",\"target\":[\"https:\/\/www.stpierre-bru.be\/service\/dermatologie\/plaies-ulcere-et-pied-diabetique\/\"]}]},{\"@type\":\"ImageObject\",\"inLanguage\":\"en-US\",\"@id\":\"https:\/\/www.stpierre-bru.be\/service\/dermatologie\/plaies-ulcere-et-pied-diabetique\/#primaryimage\",\"url\":\"https:\/\/www.stpierre-bru.be\/app\/uploads\/2021\/10\/Dermatologie.jpg\",\"contentUrl\":\"https:\/\/www.stpierre-bru.be\/app\/uploads\/2021\/10\/Dermatologie.jpg\",\"width\":2121,\"height\":1414,\"caption\":\"Cape Town, South Africa\"},{\"@type\":\"BreadcrumbList\",\"@id\":\"https:\/\/www.stpierre-bru.be\/service\/dermatologie\/plaies-ulcere-et-pied-diabetique\/#breadcrumb\",\"itemListElement\":[{\"@type\":\"ListItem\",\"position\":1,\"name\":\"Home\",\"item\":\"https:\/\/www.stpierre-bru.be\/en\/\"},{\"@type\":\"ListItem\",\"position\":2,\"name\":\"Services\",\"item\":\"https:\/\/www.stpierre-bru.be\/nos-services-de-consultation\/\"},{\"@type\":\"ListItem\",\"position\":3,\"name\":\"Dermatologie\",\"item\":\"https:\/\/www.stpierre-bru.be\/service\/dermatologie\/\"},{\"@type\":\"ListItem\",\"position\":4,\"name\":\"Plaies &#8211; ulc\u00e8re et pied diab\u00e9tique\"}]},{\"@type\":\"WebSite\",\"@id\":\"https:\/\/www.stpierre-bru.be\/#website\",\"url\":\"https:\/\/www.stpierre-bru.be\/\",\"name\":\"CHU Saint-Pierre | UMC Sint-Pieter\",\"description\":\"Bienvenue\",\"publisher\":{\"@id\":\"https:\/\/www.stpierre-bru.be\/#organization\"},\"potentialAction\":[{\"@type\":\"SearchAction\",\"target\":{\"@type\":\"EntryPoint\",\"urlTemplate\":\"https:\/\/www.stpierre-bru.be\/?s={search_term_string}\"},\"query-input\":{\"@type\":\"PropertyValueSpecification\",\"valueRequired\":true,\"valueName\":\"search_term_string\"}}],\"inLanguage\":\"en-US\"},{\"@type\":\"Organization\",\"@id\":\"https:\/\/www.stpierre-bru.be\/#organization\",\"name\":\"CHU Saint-Pierre | UMC Sint-Pieter\",\"url\":\"https:\/\/www.stpierre-bru.be\/\",\"logo\":{\"@type\":\"ImageObject\",\"inLanguage\":\"en-US\",\"@id\":\"https:\/\/www.stpierre-bru.be\/#\/schema\/logo\/image\/\",\"url\":\"https:\/\/www.stpierre-bru.be\/wp-content\/uploads\/2021\/06\/Logo_chu_umc_0.png\",\"contentUrl\":\"https:\/\/www.stpierre-bru.be\/wp-content\/uploads\/2021\/06\/Logo_chu_umc_0.png\",\"width\":733,\"height\":281,\"caption\":\"CHU Saint-Pierre | UMC Sint-Pieter\"},\"image\":{\"@id\":\"https:\/\/www.stpierre-bru.be\/#\/schema\/logo\/image\/\"}}]}<\/script>\n<!-- \/ Yoast SEO plugin. -->","yoast_head_json":{"title":"Plaies - ulc\u00e8re et pied diab\u00e9tique - CHU Saint-Pierre | UMC Sint-Pieter","description":"Une prise en charge des plaies chroniques, notamment des ulc\u00e8res variqueux dans un contexte d'insuffisance veineuse chronique et des ulc\u00e8res secondaires \u00e0 une insuffisance art\u00e9rielle.","robots":{"index":"index","follow":"follow","max-snippet":"max-snippet:-1","max-image-preview":"max-image-preview:large","max-video-preview":"max-video-preview:-1"},"canonical":"https:\/\/www.stpierre-bru.be\/service\/dermatologie\/plaies-ulcere-et-pied-diabetique\/","og_locale":"en_US","og_type":"article","og_title":"Plaies - ulc\u00e8re et pied diab\u00e9tique - CHU Saint-Pierre | UMC Sint-Pieter","og_description":"Une prise en charge des plaies chroniques, notamment des ulc\u00e8res variqueux dans un contexte d'insuffisance veineuse chronique et des ulc\u00e8res secondaires \u00e0 une insuffisance art\u00e9rielle.","og_site_name":"CHU Saint-Pierre | UMC Sint-Pieter","article_modified_time":"2022-03-19T00:13:33+00:00","og_image":[{"width":2121,"height":1414,"url":"https:\/\/i0.wp.com\/www.stpierre-bru.be\/wp-content\/uploads\/2021\/10\/Dermatologie.jpg?fit=2121%2C1414&ssl=1","type":"image\/jpeg"}],"twitter_card":"summary_large_image","twitter_misc":{"Est. reading time":"1 minute"},"schema":{"@context":"https:\/\/schema.org","@graph":[{"@type":"WebPage","@id":"https:\/\/www.stpierre-bru.be\/service\/dermatologie\/plaies-ulcere-et-pied-diabetique\/","url":"https:\/\/www.stpierre-bru.be\/service\/dermatologie\/plaies-ulcere-et-pied-diabetique\/","name":"Plaies - ulc\u00e8re et pied diab\u00e9tique - CHU Saint-Pierre | UMC Sint-Pieter","isPartOf":{"@id":"https:\/\/www.stpierre-bru.be\/#website"},"primaryImageOfPage":{"@id":"https:\/\/www.stpierre-bru.be\/service\/dermatologie\/plaies-ulcere-et-pied-diabetique\/#primaryimage"},"image":{"@id":"https:\/\/www.stpierre-bru.be\/service\/dermatologie\/plaies-ulcere-et-pied-diabetique\/#primaryimage"},"thumbnailUrl":"https:\/\/www.stpierre-bru.be\/app\/uploads\/2021\/10\/Dermatologie.jpg","datePublished":"2021-11-03T16:39:05+00:00","dateModified":"2022-03-19T00:13:33+00:00","description":"Une prise en charge des plaies chroniques, notamment des ulc\u00e8res variqueux dans un contexte d'insuffisance veineuse chronique et des ulc\u00e8res secondaires \u00e0 une insuffisance art\u00e9rielle.","breadcrumb":{"@id":"https:\/\/www.stpierre-bru.be\/service\/dermatologie\/plaies-ulcere-et-pied-diabetique\/#breadcrumb"},"inLanguage":"en-US","potentialAction":[{"@type":"ReadAction","target":["https:\/\/www.stpierre-bru.be\/service\/dermatologie\/plaies-ulcere-et-pied-diabetique\/"]}]},{"@type":"ImageObject","inLanguage":"en-US","@id":"https:\/\/www.stpierre-bru.be\/service\/dermatologie\/plaies-ulcere-et-pied-diabetique\/#primaryimage","url":"https:\/\/www.stpierre-bru.be\/app\/uploads\/2021\/10\/Dermatologie.jpg","contentUrl":"https:\/\/www.stpierre-bru.be\/app\/uploads\/2021\/10\/Dermatologie.jpg","width":2121,"height":1414,"caption":"Cape Town, South Africa"},{"@type":"BreadcrumbList","@id":"https:\/\/www.stpierre-bru.be\/service\/dermatologie\/plaies-ulcere-et-pied-diabetique\/#breadcrumb","itemListElement":[{"@type":"ListItem","position":1,"name":"Home","item":"https:\/\/www.stpierre-bru.be\/en\/"},{"@type":"ListItem","position":2,"name":"Services","item":"https:\/\/www.stpierre-bru.be\/nos-services-de-consultation\/"},{"@type":"ListItem","position":3,"name":"Dermatologie","item":"https:\/\/www.stpierre-bru.be\/service\/dermatologie\/"},{"@type":"ListItem","position":4,"name":"Plaies &#8211; ulc\u00e8re et pied diab\u00e9tique"}]},{"@type":"WebSite","@id":"https:\/\/www.stpierre-bru.be\/#website","url":"https:\/\/www.stpierre-bru.be\/","name":"CHU Saint-Pierre | UMC Sint-Pieter","description":"Bienvenue","publisher":{"@id":"https:\/\/www.stpierre-bru.be\/#organization"},"potentialAction":[{"@type":"SearchAction","target":{"@type":"EntryPoint","urlTemplate":"https:\/\/www.stpierre-bru.be\/?s={search_term_string}"},"query-input":{"@type":"PropertyValueSpecification","valueRequired":true,"valueName":"search_term_string"}}],"inLanguage":"en-US"},{"@type":"Organization","@id":"https:\/\/www.stpierre-bru.be\/#organization","name":"CHU Saint-Pierre | UMC Sint-Pieter","url":"https:\/\/www.stpierre-bru.be\/","logo":{"@type":"ImageObject","inLanguage":"en-US","@id":"https:\/\/www.stpierre-bru.be\/#\/schema\/logo\/image\/","url":"https:\/\/www.stpierre-bru.be\/wp-content\/uploads\/2021\/06\/Logo_chu_umc_0.png","contentUrl":"https:\/\/www.stpierre-bru.be\/wp-content\/uploads\/2021\/06\/Logo_chu_umc_0.png","width":733,"height":281,"caption":"CHU Saint-Pierre | UMC Sint-Pieter"},"image":{"@id":"https:\/\/www.stpierre-bru.be\/#\/schema\/logo\/image\/"}}]}},"_links":{"self":[{"href":"https:\/\/www.stpierre-bru.be\/en\/wp-json\/wp\/v2\/service\/956","targetHints":{"allow":["GET"]}}],"collection":[{"href":"https:\/\/www.stpierre-bru.be\/en\/wp-json\/wp\/v2\/service"}],"about":[{"href":"https:\/\/www.stpierre-bru.be\/en\/wp-json\/wp\/v2\/types\/service"}],"up":[{"embeddable":true,"href":"https:\/\/www.stpierre-bru.be\/en\/wp-json\/wp\/v2\/service\/821"}],"wp:featuredmedia":[{"embeddable":true,"href":"https:\/\/www.stpierre-bru.be\/en\/wp-json\/wp\/v2\/media\/720"}],"wp:attachment":[{"href":"https:\/\/www.stpierre-bru.be\/en\/wp-json\/wp\/v2\/media?parent=956"}],"wp:term":[{"taxonomy":"category","embeddable":true,"href":"https:\/\/www.stpierre-bru.be\/en\/wp-json\/wp\/v2\/categories?post=956"},{"taxonomy":"post_tag","embeddable":true,"href":"https:\/\/www.stpierre-bru.be\/en\/wp-json\/wp\/v2\/tags?post=956"}],"curies":[{"name":"wp","href":"https:\/\/api.w.org\/{rel}","templated":true}]}}