{"id":938,"date":"2021-11-11T23:07:00","date_gmt":"2021-11-11T22:07:00","guid":{"rendered":"http:\/\/10.14.1.26\/website\/specialite\/clinique-du-cheveu-unite-medico-chirurgicale-georges-achten\/"},"modified":"2025-06-27T11:50:52","modified_gmt":"2025-06-27T09:50:52","slug":"clinique-du-cheveu-unite-medico-chirurgicale-georges-achten","status":"publish","type":"service","link":"https:\/\/www.stpierre-bru.be\/en\/service\/dermatologie\/clinique-du-cheveu-unite-medico-chirurgicale-georges-achten\/","title":{"rendered":"Pathologie du cheveux"},"content":{"rendered":"<p>[et_pb_section fb_built=&#8221;1&#8243; admin_label=&#8221;section&#8221; _builder_version=&#8221;4.16&#8243; global_colors_info=&#8221;{}&#8221;][et_pb_row admin_label=&#8221;row&#8221; _builder_version=&#8221;4.16&#8243; background_size=&#8221;initial&#8221; background_position=&#8221;top_left&#8221; background_repeat=&#8221;repeat&#8221; global_colors_info=&#8221;{}&#8221;][et_pb_column type=&#8221;4_4&#8243; _builder_version=&#8221;4.16&#8243; custom_padding=&#8221;|||&#8221; global_colors_info=&#8221;{}&#8221; custom_padding__hover=&#8221;|||&#8221;][et_pb_text admin_label=&#8221;Text&#8221; _builder_version=&#8221;4.16&#8243; background_size=&#8221;initial&#8221; background_position=&#8221;top_left&#8221; background_repeat=&#8221;repeat&#8221; global_colors_info=&#8221;{}&#8221;]<\/p>\n<p>Le service de dermatologie vous propose des consultations sp\u00e9cialis\u00e9es consacr\u00e9es au diagnostique et au traitement des maladies des cheveux et du cuir chevelu.<\/p>\n<p>[\/et_pb_text][et_pb_accordion open_toggle_text_color=&#8221;#00B9B4&#8243; icon_color=&#8221;#00B9B4&#8243; _builder_version=&#8221;4.27.3&#8243; _module_preset=&#8221;default&#8221; toggle_text_color=&#8221;#00B9B4&#8243; toggle_level=&#8221;h3&#8243; width=&#8221;100%&#8221; custom_margin=&#8221;|-198px||||&#8221; global_colors_info=&#8221;{}&#8221;][et_pb_accordion_item title=&#8221;Trichologie &#8211; Cheveux Afro&#8221; open=&#8221;on&#8221; _builder_version=&#8221;4.27.3&#8243; _module_preset=&#8221;default&#8221; global_colors_info=&#8221;{}&#8221;]<\/p>\n<p>Qu\u2019il soit de type africain ou m\u00e9tiss\u00e9, d\u00e9fris\u00e9 ou naturel, ses caract\u00e9ristiques font l\u2019objet d\u2019une prise en charge particuli\u00e8re. Il s\u2019agit d\u2019un cheveu naturellement fris\u00e9 et d\u2019un cuir chevelu naturellement sec.<\/p>\n<p>La structure du cheveu africain entra\u00eene une plus grande difficult\u00e9 au coiffage et le recours fr\u00e9quent aux pratiques de coiffure telles que le d\u00e9frisage et\/ou les rajouts.<\/p>\n<p>La raret\u00e9 des shampoings, l\u2019utilisation quotidienne de surgraissants et de conditionneurs mal adapt\u00e9s, ainsi que le climat moins humide amplifient les probl\u00e8mes pouvant aller jusqu\u2019\u00e0 la destruction d\u00e9finitive de la racine du cheveu.<\/p>\n<ul>\n<li><em>Probl\u00e8me de chute ou de fragilit\u00e9 du cheveu ?<\/em><\/li>\n<li><em>Cuir chevelu sec ou irrit\u00e9, ou autre probl\u00e8me capillaire ?<\/em><\/li>\n<li><em>Vous ne savez pas comment entretenir vos cheveux ?<\/em><\/li>\n<li><em>Vous \u00eates simplement soucieux du bien-\u00eatre de votre chevelure, dans un esprit de pr\u00e9vention ?<\/em><\/li>\n<\/ul>\n<p>Nous vous invitons \u00e0 prendre rendez-vous.<\/p>\n<p>&nbsp;<\/p>\n<p>&nbsp;<\/p>\n<p>[\/et_pb_accordion_item][\/et_pb_accordion][\/et_pb_column][\/et_pb_row][\/et_pb_section]<\/p>\n","protected":false},"excerpt":{"rendered":"<p>Chaque ann&eacute;e, le service de dermatologie prend en charge pr&egrave;s de 30&nbsp;000 patients, avec attention et comp&eacute;tence dans des domaines aussi &eacute;tendus que les maladies de la peau, des ongles et des cheveux, tant chez l&rsquo;adulte que chez l&rsquo;enfant.<\/p>\n","protected":false},"featured_media":720,"parent":821,"menu_order":0,"template":"","meta":{"_acf_changed":false,"_et_pb_use_builder":"on","_et_pb_old_content":"Le service de dermatologie vous propose des consultations sp\u00e9cialis\u00e9es consacr\u00e9es au diagnostique et au traitement des maladies des cheveux et du cuir chevelu.","_et_gb_content_width":"","_price":"","_stock":"","_tribe_ticket_header":"","_tribe_default_ticket_provider":"","_tribe_ticket_capacity":"0","_ticket_start_date":"","_ticket_end_date":"","_tribe_ticket_show_description":"","_tribe_ticket_show_not_going":false,"_tribe_ticket_use_global_stock":"","_tribe_ticket_global_stock_level":"","_global_stock_mode":"","_global_stock_cap":"","_tribe_rsvp_for_event":"","_tribe_ticket_going_count":"","_tribe_ticket_not_going_count":"","_tribe_tickets_list":"[]","_tribe_ticket_has_attendee_info_fields":false},"categories":[1856,44],"tags":[478,515,513,476,517,512,516,514],"class_list":["post-938","service","type-service","status-publish","has-post-thumbnail","hentry","category-dermatologie","category-specialite","tag-cheveu","tag-cheveux-afro","tag-clinique-du-cheveu","tag-dermatologie","tag-georges-achten","tag-greffe","tag-greffe-capillaire","tag-trichologie"],"acf":[],"yoast_head":"<!-- This site is optimized with the Yoast SEO plugin v26.5 - https:\/\/yoast.com\/wordpress\/plugins\/seo\/ -->\n<title>Pathologie du cheveux - CHU Saint-Pierre | UMC Sint-Pieter<\/title>\n<meta name=\"description\" content=\"Consultations sp\u00e9cialis\u00e9es consacr\u00e9es au diagnostique et au traitement des maladies des cheveux et du cuir chevelu.\" \/>\n<meta name=\"robots\" content=\"index, follow, max-snippet:-1, max-image-preview:large, max-video-preview:-1\" \/>\n<link rel=\"canonical\" href=\"https:\/\/www.stpierre-bru.be\/service\/dermatologie\/clinique-du-cheveu-unite-medico-chirurgicale-georges-achten\/\" \/>\n<meta property=\"og:locale\" content=\"en_US\" \/>\n<meta property=\"og:type\" content=\"article\" \/>\n<meta property=\"og:title\" content=\"Pathologie du cheveux - CHU Saint-Pierre | UMC Sint-Pieter\" \/>\n<meta property=\"og:description\" content=\"Consultations sp\u00e9cialis\u00e9es consacr\u00e9es au diagnostique et au traitement des maladies des cheveux et du cuir chevelu.\" \/>\n<meta property=\"og:site_name\" content=\"CHU Saint-Pierre | UMC Sint-Pieter\" \/>\n<meta property=\"article:modified_time\" content=\"2025-06-27T09:50:52+00:00\" \/>\n<meta property=\"og:image\" content=\"https:\/\/www.stpierre-bru.be\/app\/uploads\/2021\/10\/Dermatologie.jpg\" \/>\n\t<meta property=\"og:image:width\" content=\"2121\" \/>\n\t<meta property=\"og:image:height\" content=\"1414\" \/>\n\t<meta property=\"og:image:type\" content=\"image\/jpeg\" \/>\n<meta name=\"twitter:card\" content=\"summary_large_image\" \/>\n<meta name=\"twitter:label1\" content=\"Est. reading time\" \/>\n\t<meta name=\"twitter:data1\" content=\"2 minutes\" \/>\n<script type=\"application\/ld+json\" class=\"yoast-schema-graph\">{\"@context\":\"https:\/\/schema.org\",\"@graph\":[{\"@type\":\"WebPage\",\"@id\":\"https:\/\/www.stpierre-bru.be\/service\/dermatologie\/clinique-du-cheveu-unite-medico-chirurgicale-georges-achten\/\",\"url\":\"https:\/\/www.stpierre-bru.be\/service\/dermatologie\/clinique-du-cheveu-unite-medico-chirurgicale-georges-achten\/\",\"name\":\"Pathologie du cheveux - CHU Saint-Pierre | UMC Sint-Pieter\",\"isPartOf\":{\"@id\":\"https:\/\/www.stpierre-bru.be\/#website\"},\"primaryImageOfPage\":{\"@id\":\"https:\/\/www.stpierre-bru.be\/service\/dermatologie\/clinique-du-cheveu-unite-medico-chirurgicale-georges-achten\/#primaryimage\"},\"image\":{\"@id\":\"https:\/\/www.stpierre-bru.be\/service\/dermatologie\/clinique-du-cheveu-unite-medico-chirurgicale-georges-achten\/#primaryimage\"},\"thumbnailUrl\":\"https:\/\/www.stpierre-bru.be\/app\/uploads\/2021\/10\/Dermatologie.jpg\",\"datePublished\":\"2021-11-11T22:07:00+00:00\",\"dateModified\":\"2025-06-27T09:50:52+00:00\",\"description\":\"Consultations sp\u00e9cialis\u00e9es consacr\u00e9es au diagnostique et au traitement des maladies des cheveux et du cuir chevelu.\",\"breadcrumb\":{\"@id\":\"https:\/\/www.stpierre-bru.be\/service\/dermatologie\/clinique-du-cheveu-unite-medico-chirurgicale-georges-achten\/#breadcrumb\"},\"inLanguage\":\"en-US\",\"potentialAction\":[{\"@type\":\"ReadAction\",\"target\":[\"https:\/\/www.stpierre-bru.be\/service\/dermatologie\/clinique-du-cheveu-unite-medico-chirurgicale-georges-achten\/\"]}]},{\"@type\":\"ImageObject\",\"inLanguage\":\"en-US\",\"@id\":\"https:\/\/www.stpierre-bru.be\/service\/dermatologie\/clinique-du-cheveu-unite-medico-chirurgicale-georges-achten\/#primaryimage\",\"url\":\"https:\/\/www.stpierre-bru.be\/app\/uploads\/2021\/10\/Dermatologie.jpg\",\"contentUrl\":\"https:\/\/www.stpierre-bru.be\/app\/uploads\/2021\/10\/Dermatologie.jpg\",\"width\":2121,\"height\":1414,\"caption\":\"Cape Town, South Africa\"},{\"@type\":\"BreadcrumbList\",\"@id\":\"https:\/\/www.stpierre-bru.be\/service\/dermatologie\/clinique-du-cheveu-unite-medico-chirurgicale-georges-achten\/#breadcrumb\",\"itemListElement\":[{\"@type\":\"ListItem\",\"position\":1,\"name\":\"Home\",\"item\":\"https:\/\/www.stpierre-bru.be\/en\/\"},{\"@type\":\"ListItem\",\"position\":2,\"name\":\"Services\",\"item\":\"https:\/\/www.stpierre-bru.be\/nos-services-de-consultation\/\"},{\"@type\":\"ListItem\",\"position\":3,\"name\":\"Dermatologie\",\"item\":\"https:\/\/www.stpierre-bru.be\/service\/dermatologie\/\"},{\"@type\":\"ListItem\",\"position\":4,\"name\":\"Pathologie du cheveux\"}]},{\"@type\":\"WebSite\",\"@id\":\"https:\/\/www.stpierre-bru.be\/#website\",\"url\":\"https:\/\/www.stpierre-bru.be\/\",\"name\":\"CHU Saint-Pierre | UMC Sint-Pieter\",\"description\":\"Bienvenue\",\"publisher\":{\"@id\":\"https:\/\/www.stpierre-bru.be\/#organization\"},\"potentialAction\":[{\"@type\":\"SearchAction\",\"target\":{\"@type\":\"EntryPoint\",\"urlTemplate\":\"https:\/\/www.stpierre-bru.be\/?s={search_term_string}\"},\"query-input\":{\"@type\":\"PropertyValueSpecification\",\"valueRequired\":true,\"valueName\":\"search_term_string\"}}],\"inLanguage\":\"en-US\"},{\"@type\":\"Organization\",\"@id\":\"https:\/\/www.stpierre-bru.be\/#organization\",\"name\":\"CHU Saint-Pierre | UMC Sint-Pieter\",\"url\":\"https:\/\/www.stpierre-bru.be\/\",\"logo\":{\"@type\":\"ImageObject\",\"inLanguage\":\"en-US\",\"@id\":\"https:\/\/www.stpierre-bru.be\/#\/schema\/logo\/image\/\",\"url\":\"https:\/\/www.stpierre-bru.be\/wp-content\/uploads\/2021\/06\/Logo_chu_umc_0.png\",\"contentUrl\":\"https:\/\/www.stpierre-bru.be\/wp-content\/uploads\/2021\/06\/Logo_chu_umc_0.png\",\"width\":733,\"height\":281,\"caption\":\"CHU Saint-Pierre | UMC Sint-Pieter\"},\"image\":{\"@id\":\"https:\/\/www.stpierre-bru.be\/#\/schema\/logo\/image\/\"}}]}<\/script>\n<!-- \/ Yoast SEO plugin. -->","yoast_head_json":{"title":"Pathologie du cheveux - CHU Saint-Pierre | UMC Sint-Pieter","description":"Consultations sp\u00e9cialis\u00e9es consacr\u00e9es au diagnostique et au traitement des maladies des cheveux et du cuir chevelu.","robots":{"index":"index","follow":"follow","max-snippet":"max-snippet:-1","max-image-preview":"max-image-preview:large","max-video-preview":"max-video-preview:-1"},"canonical":"https:\/\/www.stpierre-bru.be\/service\/dermatologie\/clinique-du-cheveu-unite-medico-chirurgicale-georges-achten\/","og_locale":"en_US","og_type":"article","og_title":"Pathologie du cheveux - CHU Saint-Pierre | UMC Sint-Pieter","og_description":"Consultations sp\u00e9cialis\u00e9es consacr\u00e9es au diagnostique et au traitement des maladies des cheveux et du cuir chevelu.","og_site_name":"CHU Saint-Pierre | UMC Sint-Pieter","article_modified_time":"2025-06-27T09:50:52+00:00","og_image":[{"width":2121,"height":1414,"url":"https:\/\/www.stpierre-bru.be\/app\/uploads\/2021\/10\/Dermatologie.jpg","type":"image\/jpeg"}],"twitter_card":"summary_large_image","twitter_misc":{"Est. reading time":"2 minutes"},"schema":{"@context":"https:\/\/schema.org","@graph":[{"@type":"WebPage","@id":"https:\/\/www.stpierre-bru.be\/service\/dermatologie\/clinique-du-cheveu-unite-medico-chirurgicale-georges-achten\/","url":"https:\/\/www.stpierre-bru.be\/service\/dermatologie\/clinique-du-cheveu-unite-medico-chirurgicale-georges-achten\/","name":"Pathologie du cheveux - CHU Saint-Pierre | UMC Sint-Pieter","isPartOf":{"@id":"https:\/\/www.stpierre-bru.be\/#website"},"primaryImageOfPage":{"@id":"https:\/\/www.stpierre-bru.be\/service\/dermatologie\/clinique-du-cheveu-unite-medico-chirurgicale-georges-achten\/#primaryimage"},"image":{"@id":"https:\/\/www.stpierre-bru.be\/service\/dermatologie\/clinique-du-cheveu-unite-medico-chirurgicale-georges-achten\/#primaryimage"},"thumbnailUrl":"https:\/\/www.stpierre-bru.be\/app\/uploads\/2021\/10\/Dermatologie.jpg","datePublished":"2021-11-11T22:07:00+00:00","dateModified":"2025-06-27T09:50:52+00:00","description":"Consultations sp\u00e9cialis\u00e9es consacr\u00e9es au diagnostique et au traitement des maladies des cheveux et du cuir chevelu.","breadcrumb":{"@id":"https:\/\/www.stpierre-bru.be\/service\/dermatologie\/clinique-du-cheveu-unite-medico-chirurgicale-georges-achten\/#breadcrumb"},"inLanguage":"en-US","potentialAction":[{"@type":"ReadAction","target":["https:\/\/www.stpierre-bru.be\/service\/dermatologie\/clinique-du-cheveu-unite-medico-chirurgicale-georges-achten\/"]}]},{"@type":"ImageObject","inLanguage":"en-US","@id":"https:\/\/www.stpierre-bru.be\/service\/dermatologie\/clinique-du-cheveu-unite-medico-chirurgicale-georges-achten\/#primaryimage","url":"https:\/\/www.stpierre-bru.be\/app\/uploads\/2021\/10\/Dermatologie.jpg","contentUrl":"https:\/\/www.stpierre-bru.be\/app\/uploads\/2021\/10\/Dermatologie.jpg","width":2121,"height":1414,"caption":"Cape Town, South Africa"},{"@type":"BreadcrumbList","@id":"https:\/\/www.stpierre-bru.be\/service\/dermatologie\/clinique-du-cheveu-unite-medico-chirurgicale-georges-achten\/#breadcrumb","itemListElement":[{"@type":"ListItem","position":1,"name":"Home","item":"https:\/\/www.stpierre-bru.be\/en\/"},{"@type":"ListItem","position":2,"name":"Services","item":"https:\/\/www.stpierre-bru.be\/nos-services-de-consultation\/"},{"@type":"ListItem","position":3,"name":"Dermatologie","item":"https:\/\/www.stpierre-bru.be\/service\/dermatologie\/"},{"@type":"ListItem","position":4,"name":"Pathologie du cheveux"}]},{"@type":"WebSite","@id":"https:\/\/www.stpierre-bru.be\/#website","url":"https:\/\/www.stpierre-bru.be\/","name":"CHU Saint-Pierre | UMC Sint-Pieter","description":"Bienvenue","publisher":{"@id":"https:\/\/www.stpierre-bru.be\/#organization"},"potentialAction":[{"@type":"SearchAction","target":{"@type":"EntryPoint","urlTemplate":"https:\/\/www.stpierre-bru.be\/?s={search_term_string}"},"query-input":{"@type":"PropertyValueSpecification","valueRequired":true,"valueName":"search_term_string"}}],"inLanguage":"en-US"},{"@type":"Organization","@id":"https:\/\/www.stpierre-bru.be\/#organization","name":"CHU Saint-Pierre | UMC Sint-Pieter","url":"https:\/\/www.stpierre-bru.be\/","logo":{"@type":"ImageObject","inLanguage":"en-US","@id":"https:\/\/www.stpierre-bru.be\/#\/schema\/logo\/image\/","url":"https:\/\/www.stpierre-bru.be\/wp-content\/uploads\/2021\/06\/Logo_chu_umc_0.png","contentUrl":"https:\/\/www.stpierre-bru.be\/wp-content\/uploads\/2021\/06\/Logo_chu_umc_0.png","width":733,"height":281,"caption":"CHU Saint-Pierre | UMC Sint-Pieter"},"image":{"@id":"https:\/\/www.stpierre-bru.be\/#\/schema\/logo\/image\/"}}]}},"_links":{"self":[{"href":"https:\/\/www.stpierre-bru.be\/en\/wp-json\/wp\/v2\/service\/938","targetHints":{"allow":["GET"]}}],"collection":[{"href":"https:\/\/www.stpierre-bru.be\/en\/wp-json\/wp\/v2\/service"}],"about":[{"href":"https:\/\/www.stpierre-bru.be\/en\/wp-json\/wp\/v2\/types\/service"}],"up":[{"embeddable":true,"href":"https:\/\/www.stpierre-bru.be\/en\/wp-json\/wp\/v2\/service\/821"}],"wp:featuredmedia":[{"embeddable":true,"href":"https:\/\/www.stpierre-bru.be\/en\/wp-json\/wp\/v2\/media\/720"}],"wp:attachment":[{"href":"https:\/\/www.stpierre-bru.be\/en\/wp-json\/wp\/v2\/media?parent=938"}],"wp:term":[{"taxonomy":"category","embeddable":true,"href":"https:\/\/www.stpierre-bru.be\/en\/wp-json\/wp\/v2\/categories?post=938"},{"taxonomy":"post_tag","embeddable":true,"href":"https:\/\/www.stpierre-bru.be\/en\/wp-json\/wp\/v2\/tags?post=938"}],"curies":[{"name":"wp","href":"https:\/\/api.w.org\/{rel}","templated":true}]}}