{"id":829,"date":"2021-11-03T16:08:09","date_gmt":"2021-11-03T15:08:09","guid":{"rendered":"http:\/\/10.14.1.26\/website\/service\/medecine-interne\/"},"modified":"2026-01-16T08:15:59","modified_gmt":"2026-01-16T07:15:59","slug":"medecine-interne","status":"publish","type":"service","link":"https:\/\/www.stpierre-bru.be\/en\/service\/medecine-interne\/","title":{"rendered":"M\u00e9decine Interne"},"content":{"rendered":"<p>[et_pb_section fb_built=&#8221;1&#8243; admin_label=&#8221;section&#8221; _builder_version=&#8221;4.16&#8243; global_colors_info=&#8221;{}&#8221;][et_pb_row admin_label=&#8221;row&#8221; _builder_version=&#8221;4.16&#8243; background_size=&#8221;initial&#8221; background_position=&#8221;top_left&#8221; background_repeat=&#8221;repeat&#8221; global_colors_info=&#8221;{}&#8221;][et_pb_column type=&#8221;4_4&#8243; _builder_version=&#8221;4.16&#8243; custom_padding=&#8221;|||&#8221; global_colors_info=&#8221;{}&#8221; custom_padding__hover=&#8221;|||&#8221;][et_pb_text admin_label=&#8221;Text&#8221; _builder_version=&#8221;4.16&#8243; background_size=&#8221;initial&#8221; background_position=&#8221;top_left&#8221; background_repeat=&#8221;repeat&#8221; global_colors_info=&#8221;{}&#8221;]<\/p>\n<p>Il fait partie des services de stage du r\u00e9seau ULB et VUB et re\u00e7oit chaque ann\u00e9e des m\u00e9decins candidats sp\u00e9cialistes qui viennent se former dans diff\u00e9rentes disciplines. Il favorise l&#8217;approche multidisciplinaire et globale du patient.<\/p>\n<p>Deux unit\u00e9s de soins intensifs (g\u00e9n\u00e9raux et cardiologiques) ainsi que deux unit\u00e9s de revalidation viennent compl\u00e9ter l&#8217;ensemble des 247 lits du D\u00e9partement r\u00e9parti sur les 2 sites.<\/p>\n<p>A c\u00f4t\u00e9 de l&#8217;activit\u00e9 d&#8217;hospitalisation (50% des malades \u00e9tant hospitalis\u00e9s \u00e0 partir de la garde, en urgence), le D\u00e9partement de M\u00e9decine interne comprend l&#8217;ensemble des sp\u00e9cialit\u00e9s de la m\u00e9decine interne dont l&#8217;activit\u00e9 se d\u00e9roule en consultations ambulatoires o\u00f9 la majorit\u00e9 des mises au point sont pratiqu\u00e9es ainsi que les examens sp\u00e9cialis\u00e9s. Des conventions avec l\u2019INAMI permettent \u00e9galement la prise en charge pointue de certaines pathologies (insuffisance respiratoire, diab\u00e8te insulino-d\u00e9pendant, infection \u00e0 VIH) gr\u00e2ce \u00e0 un financement particulier.<\/p>\n<p>Toutes ces disciplines sont pr\u00e9sentes sur les deux sites.<\/p>\n<p>Enfin dans le contexte de la fonction universitaire de notre h\u00f4pital, de nombreux m\u00e9decins du D\u00e9partement sont titulaires d&#8217;enseignements \u00e0 l&#8217;ULB (maladies infectieuses, endocrinologie, s\u00e9miologie, pneumologie, etc&#8230;) et pratiquent des travaux de recherche clinique de haut niveau permettant dans de nombreux domaines de dispenser \u00e0 nos malades les derniers progr\u00e8s diagnostiques et th\u00e9rapeutiques.<\/p>\n<p>Le D\u00e9partement de M\u00e9decine est en constante mutation afin de r\u00e9pondre au mieux aux exigences de la qualit\u00e9 et au progr\u00e8s de la m\u00e9decine.<\/p>\n<p>Parmi les r\u00e9alisations, soulignons l&#8217;ouverture de l&#8217;<a href=\"https:\/\/www.stpierre-bru.be\/specialite\/hopital-de-jour-geriatrique-brusselage\/\" data-type=\"specialite\" data-id=\"1047\">H\u00f4pital de Jour g\u00e9riatrique<\/a>&nbsp;sur le site Porte de Hal (U411B) et la cr\u00e9ation d&#8217;une Stroke Unit et une deuxi\u00e8me salle de coronographie.<\/p>\n<p>[\/et_pb_text][\/et_pb_column][\/et_pb_row][\/et_pb_section]<\/p>\n","protected":false},"excerpt":{"rendered":"<p>Le D\u00e9partement de M\u00e9decine Interne comprend des secteurs d&#8217;hospitalisation g\u00e9n\u00e9rale et des secteurs o\u00f9 les \u00e9quipes se sont sp\u00e9cialis\u00e9es dans des soins plus sp\u00e9cifiques (maladies infectieuses, g\u00e9riatrie, pneumologie, cardiologie, gastro-ent\u00e9rologie etc&#8230;).<\/p>\n","protected":false},"featured_media":866,"parent":0,"menu_order":0,"template":"","meta":{"_acf_changed":false,"_et_pb_use_builder":"on","_et_pb_old_content":"<!-- wp:paragraph -->\r\n<p>Il fait partie des services de stage du r\u00e9seau ULB et VUB et re\u00e7oit chaque ann\u00e9e des m\u00e9decins candidats sp\u00e9cialistes qui viennent se former dans diff\u00e9rentes disciplines. Il favorise l'approche multidisciplinaire et globale du patient.<\/p>\r\n<!-- \/wp:paragraph -->\r\n\r\n<!-- wp:paragraph -->\r\n<p>Deux unit\u00e9s de soins intensifs (g\u00e9n\u00e9raux et cardiologiques) ainsi que deux unit\u00e9s de revalidation viennent compl\u00e9ter l'ensemble des 247 lits du D\u00e9partement r\u00e9parti sur les 2 sites.<\/p>\r\n<!-- \/wp:paragraph -->\r\n\r\n<!-- wp:paragraph -->\r\n<p>A c\u00f4t\u00e9 de l'activit\u00e9 d'hospitalisation (50% des malades \u00e9tant hospitalis\u00e9s \u00e0 partir de la garde, en urgence), le D\u00e9partement de M\u00e9decine interne comprend l'ensemble des sp\u00e9cialit\u00e9s de la m\u00e9decine interne dont l'activit\u00e9 se d\u00e9roule en consultations ambulatoires o\u00f9 la majorit\u00e9 des mises au point sont pratiqu\u00e9es ainsi que les examens sp\u00e9cialis\u00e9s. Des conventions avec l\u2019INAMI permettent \u00e9galement la prise en charge pointue de certaines pathologies (insuffisance respiratoire, diab\u00e8te insulino-d\u00e9pendant, infection \u00e0 VIH) gr\u00e2ce \u00e0 un financement particulier.<\/p>\r\n<!-- \/wp:paragraph -->\r\n\r\n<!-- wp:paragraph -->\r\n<p>Toutes ces disciplines sont pr\u00e9sentes sur les deux sites.<\/p>\r\n<!-- \/wp:paragraph -->\r\n\r\n<!-- wp:paragraph -->\r\n<p>Enfin dans le contexte de la fonction universitaire de notre h\u00f4pital, de nombreux m\u00e9decins du D\u00e9partement sont titulaires d'enseignements \u00e0 l'ULB (maladies infectieuses, endocrinologie, s\u00e9miologie, pneumologie, etc...) et pratiquent des travaux de recherche clinique de haut niveau permettant dans de nombreux domaines de dispenser \u00e0 nos malades les derniers progr\u00e8s diagnostiques et th\u00e9rapeutiques.<\/p>\r\n<!-- \/wp:paragraph -->\r\n\r\n<!-- wp:paragraph -->\r\n<p>Le D\u00e9partement de M\u00e9decine est en constante mutation afin de r\u00e9pondre au mieux aux exigences de la qualit\u00e9 et au progr\u00e8s de la m\u00e9decine.<\/p>\r\n<!-- \/wp:paragraph -->\r\n\r\n<!-- wp:paragraph -->\r\n<p>Parmi les r\u00e9alisations, soulignons l'ouverture de l'<a href=\"https:\/\/www.stpierre-bru.be\/specialite\/hopital-de-jour-geriatrique-brusselage\/\" data-type=\"specialite\" data-id=\"1047\">H\u00f4pital de Jour g\u00e9riatrique<\/a>\u00a0sur le site Porte de Hal (U411B) et la cr\u00e9ation d'une Stroke Unit et une deuxi\u00e8me salle de coronographie.<\/p>\r\n<!-- \/wp:paragraph -->","_et_gb_content_width":"","_price":"","_stock":"","_tribe_ticket_header":"","_tribe_default_ticket_provider":"","_tribe_ticket_capacity":"0","_ticket_start_date":"","_ticket_end_date":"","_tribe_ticket_show_description":"","_tribe_ticket_show_not_going":false,"_tribe_ticket_use_global_stock":"","_tribe_ticket_global_stock_level":"","_global_stock_mode":"","_global_stock_cap":"","_tribe_rsvp_for_event":"","_tribe_ticket_going_count":"","_tribe_ticket_not_going_count":"","_tribe_tickets_list":"[]","_tribe_ticket_has_attendee_info_fields":false},"categories":[1864,43],"tags":[],"class_list":["post-829","service","type-service","status-publish","has-post-thumbnail","hentry","category-medecine-interne","category-service"],"acf":[],"yoast_head":"<!-- This site is optimized with the Yoast SEO plugin v26.5 - https:\/\/yoast.com\/wordpress\/plugins\/seo\/ -->\n<title>M\u00e9decine Interne - CHU Saint-Pierre | UMC Sint-Pieter<\/title>\n<meta name=\"robots\" content=\"index, follow, max-snippet:-1, max-image-preview:large, max-video-preview:-1\" \/>\n<link rel=\"canonical\" href=\"https:\/\/www.stpierre-bru.be\/service\/medecine-interne\/\" \/>\n<meta property=\"og:locale\" content=\"en_US\" \/>\n<meta property=\"og:type\" content=\"article\" \/>\n<meta property=\"og:title\" content=\"M\u00e9decine Interne - CHU Saint-Pierre | UMC Sint-Pieter\" \/>\n<meta property=\"og:description\" content=\"Le D\u00e9partement de M\u00e9decine Interne comprend des secteurs d&#039;hospitalisation g\u00e9n\u00e9rale et des secteurs o\u00f9 les \u00e9quipes se sont sp\u00e9cialis\u00e9es dans des soins plus sp\u00e9cifiques (maladies infectieuses, g\u00e9riatrie, pneumologie, cardiologie, gastro-ent\u00e9rologie etc...).\" \/>\n<meta property=\"og:site_name\" content=\"CHU Saint-Pierre | UMC Sint-Pieter\" \/>\n<meta property=\"article:modified_time\" content=\"2026-01-16T07:15:59+00:00\" \/>\n<meta property=\"og:image\" content=\"https:\/\/www.stpierre-bru.be\/app\/uploads\/2021\/11\/Med_interne_72dpi.jpg\" \/>\n\t<meta property=\"og:image:width\" content=\"724\" \/>\n\t<meta property=\"og:image:height\" content=\"483\" \/>\n\t<meta property=\"og:image:type\" content=\"image\/jpeg\" \/>\n<meta name=\"twitter:card\" content=\"summary_large_image\" \/>\n<meta name=\"twitter:label1\" content=\"Est. reading time\" \/>\n\t<meta name=\"twitter:data1\" content=\"2 minutes\" \/>\n<script type=\"application\/ld+json\" class=\"yoast-schema-graph\">{\"@context\":\"https:\/\/schema.org\",\"@graph\":[{\"@type\":\"WebPage\",\"@id\":\"https:\/\/www.stpierre-bru.be\/service\/medecine-interne\/\",\"url\":\"https:\/\/www.stpierre-bru.be\/service\/medecine-interne\/\",\"name\":\"M\u00e9decine Interne - CHU Saint-Pierre | UMC Sint-Pieter\",\"isPartOf\":{\"@id\":\"https:\/\/www.stpierre-bru.be\/#website\"},\"primaryImageOfPage\":{\"@id\":\"https:\/\/www.stpierre-bru.be\/service\/medecine-interne\/#primaryimage\"},\"image\":{\"@id\":\"https:\/\/www.stpierre-bru.be\/service\/medecine-interne\/#primaryimage\"},\"thumbnailUrl\":\"https:\/\/www.stpierre-bru.be\/app\/uploads\/2021\/11\/Med_interne_72dpi.jpg\",\"datePublished\":\"2021-11-03T15:08:09+00:00\",\"dateModified\":\"2026-01-16T07:15:59+00:00\",\"breadcrumb\":{\"@id\":\"https:\/\/www.stpierre-bru.be\/service\/medecine-interne\/#breadcrumb\"},\"inLanguage\":\"en-US\",\"potentialAction\":[{\"@type\":\"ReadAction\",\"target\":[\"https:\/\/www.stpierre-bru.be\/service\/medecine-interne\/\"]}]},{\"@type\":\"ImageObject\",\"inLanguage\":\"en-US\",\"@id\":\"https:\/\/www.stpierre-bru.be\/service\/medecine-interne\/#primaryimage\",\"url\":\"https:\/\/www.stpierre-bru.be\/app\/uploads\/2021\/11\/Med_interne_72dpi.jpg\",\"contentUrl\":\"https:\/\/www.stpierre-bru.be\/app\/uploads\/2021\/11\/Med_interne_72dpi.jpg\",\"width\":724,\"height\":483,\"caption\":\"Doctor examines the internal organs on a blue background.\"},{\"@type\":\"BreadcrumbList\",\"@id\":\"https:\/\/www.stpierre-bru.be\/service\/medecine-interne\/#breadcrumb\",\"itemListElement\":[{\"@type\":\"ListItem\",\"position\":1,\"name\":\"Home\",\"item\":\"https:\/\/www.stpierre-bru.be\/en\/\"},{\"@type\":\"ListItem\",\"position\":2,\"name\":\"Services\",\"item\":\"https:\/\/www.stpierre-bru.be\/nos-services-de-consultation\/\"},{\"@type\":\"ListItem\",\"position\":3,\"name\":\"M\u00e9decine Interne\"}]},{\"@type\":\"WebSite\",\"@id\":\"https:\/\/www.stpierre-bru.be\/#website\",\"url\":\"https:\/\/www.stpierre-bru.be\/\",\"name\":\"CHU Saint-Pierre | UMC Sint-Pieter\",\"description\":\"Bienvenue\",\"publisher\":{\"@id\":\"https:\/\/www.stpierre-bru.be\/#organization\"},\"potentialAction\":[{\"@type\":\"SearchAction\",\"target\":{\"@type\":\"EntryPoint\",\"urlTemplate\":\"https:\/\/www.stpierre-bru.be\/?s={search_term_string}\"},\"query-input\":{\"@type\":\"PropertyValueSpecification\",\"valueRequired\":true,\"valueName\":\"search_term_string\"}}],\"inLanguage\":\"en-US\"},{\"@type\":\"Organization\",\"@id\":\"https:\/\/www.stpierre-bru.be\/#organization\",\"name\":\"CHU Saint-Pierre | UMC Sint-Pieter\",\"url\":\"https:\/\/www.stpierre-bru.be\/\",\"logo\":{\"@type\":\"ImageObject\",\"inLanguage\":\"en-US\",\"@id\":\"https:\/\/www.stpierre-bru.be\/#\/schema\/logo\/image\/\",\"url\":\"https:\/\/www.stpierre-bru.be\/wp-content\/uploads\/2021\/06\/Logo_chu_umc_0.png\",\"contentUrl\":\"https:\/\/www.stpierre-bru.be\/wp-content\/uploads\/2021\/06\/Logo_chu_umc_0.png\",\"width\":733,\"height\":281,\"caption\":\"CHU Saint-Pierre | UMC Sint-Pieter\"},\"image\":{\"@id\":\"https:\/\/www.stpierre-bru.be\/#\/schema\/logo\/image\/\"}}]}<\/script>\n<!-- \/ Yoast SEO plugin. -->","yoast_head_json":{"title":"M\u00e9decine Interne - CHU Saint-Pierre | UMC Sint-Pieter","robots":{"index":"index","follow":"follow","max-snippet":"max-snippet:-1","max-image-preview":"max-image-preview:large","max-video-preview":"max-video-preview:-1"},"canonical":"https:\/\/www.stpierre-bru.be\/service\/medecine-interne\/","og_locale":"en_US","og_type":"article","og_title":"M\u00e9decine Interne - CHU Saint-Pierre | UMC Sint-Pieter","og_description":"Le D\u00e9partement de M\u00e9decine Interne comprend des secteurs d'hospitalisation g\u00e9n\u00e9rale et des secteurs o\u00f9 les \u00e9quipes se sont sp\u00e9cialis\u00e9es dans des soins plus sp\u00e9cifiques (maladies infectieuses, g\u00e9riatrie, pneumologie, cardiologie, gastro-ent\u00e9rologie etc...).","og_site_name":"CHU Saint-Pierre | UMC Sint-Pieter","article_modified_time":"2026-01-16T07:15:59+00:00","og_image":[{"width":724,"height":483,"url":"https:\/\/www.stpierre-bru.be\/app\/uploads\/2021\/11\/Med_interne_72dpi.jpg","type":"image\/jpeg"}],"twitter_card":"summary_large_image","twitter_misc":{"Est. reading time":"2 minutes"},"schema":{"@context":"https:\/\/schema.org","@graph":[{"@type":"WebPage","@id":"https:\/\/www.stpierre-bru.be\/service\/medecine-interne\/","url":"https:\/\/www.stpierre-bru.be\/service\/medecine-interne\/","name":"M\u00e9decine Interne - CHU Saint-Pierre | UMC Sint-Pieter","isPartOf":{"@id":"https:\/\/www.stpierre-bru.be\/#website"},"primaryImageOfPage":{"@id":"https:\/\/www.stpierre-bru.be\/service\/medecine-interne\/#primaryimage"},"image":{"@id":"https:\/\/www.stpierre-bru.be\/service\/medecine-interne\/#primaryimage"},"thumbnailUrl":"https:\/\/www.stpierre-bru.be\/app\/uploads\/2021\/11\/Med_interne_72dpi.jpg","datePublished":"2021-11-03T15:08:09+00:00","dateModified":"2026-01-16T07:15:59+00:00","breadcrumb":{"@id":"https:\/\/www.stpierre-bru.be\/service\/medecine-interne\/#breadcrumb"},"inLanguage":"en-US","potentialAction":[{"@type":"ReadAction","target":["https:\/\/www.stpierre-bru.be\/service\/medecine-interne\/"]}]},{"@type":"ImageObject","inLanguage":"en-US","@id":"https:\/\/www.stpierre-bru.be\/service\/medecine-interne\/#primaryimage","url":"https:\/\/www.stpierre-bru.be\/app\/uploads\/2021\/11\/Med_interne_72dpi.jpg","contentUrl":"https:\/\/www.stpierre-bru.be\/app\/uploads\/2021\/11\/Med_interne_72dpi.jpg","width":724,"height":483,"caption":"Doctor examines the internal organs on a blue background."},{"@type":"BreadcrumbList","@id":"https:\/\/www.stpierre-bru.be\/service\/medecine-interne\/#breadcrumb","itemListElement":[{"@type":"ListItem","position":1,"name":"Home","item":"https:\/\/www.stpierre-bru.be\/en\/"},{"@type":"ListItem","position":2,"name":"Services","item":"https:\/\/www.stpierre-bru.be\/nos-services-de-consultation\/"},{"@type":"ListItem","position":3,"name":"M\u00e9decine Interne"}]},{"@type":"WebSite","@id":"https:\/\/www.stpierre-bru.be\/#website","url":"https:\/\/www.stpierre-bru.be\/","name":"CHU Saint-Pierre | UMC Sint-Pieter","description":"Bienvenue","publisher":{"@id":"https:\/\/www.stpierre-bru.be\/#organization"},"potentialAction":[{"@type":"SearchAction","target":{"@type":"EntryPoint","urlTemplate":"https:\/\/www.stpierre-bru.be\/?s={search_term_string}"},"query-input":{"@type":"PropertyValueSpecification","valueRequired":true,"valueName":"search_term_string"}}],"inLanguage":"en-US"},{"@type":"Organization","@id":"https:\/\/www.stpierre-bru.be\/#organization","name":"CHU Saint-Pierre | UMC Sint-Pieter","url":"https:\/\/www.stpierre-bru.be\/","logo":{"@type":"ImageObject","inLanguage":"en-US","@id":"https:\/\/www.stpierre-bru.be\/#\/schema\/logo\/image\/","url":"https:\/\/www.stpierre-bru.be\/wp-content\/uploads\/2021\/06\/Logo_chu_umc_0.png","contentUrl":"https:\/\/www.stpierre-bru.be\/wp-content\/uploads\/2021\/06\/Logo_chu_umc_0.png","width":733,"height":281,"caption":"CHU Saint-Pierre | UMC Sint-Pieter"},"image":{"@id":"https:\/\/www.stpierre-bru.be\/#\/schema\/logo\/image\/"}}]}},"_links":{"self":[{"href":"https:\/\/www.stpierre-bru.be\/en\/wp-json\/wp\/v2\/service\/829","targetHints":{"allow":["GET"]}}],"collection":[{"href":"https:\/\/www.stpierre-bru.be\/en\/wp-json\/wp\/v2\/service"}],"about":[{"href":"https:\/\/www.stpierre-bru.be\/en\/wp-json\/wp\/v2\/types\/service"}],"wp:featuredmedia":[{"embeddable":true,"href":"https:\/\/www.stpierre-bru.be\/en\/wp-json\/wp\/v2\/media\/866"}],"wp:attachment":[{"href":"https:\/\/www.stpierre-bru.be\/en\/wp-json\/wp\/v2\/media?parent=829"}],"wp:term":[{"taxonomy":"category","embeddable":true,"href":"https:\/\/www.stpierre-bru.be\/en\/wp-json\/wp\/v2\/categories?post=829"},{"taxonomy":"post_tag","embeddable":true,"href":"https:\/\/www.stpierre-bru.be\/en\/wp-json\/wp\/v2\/tags?post=829"}],"curies":[{"name":"wp","href":"https:\/\/api.w.org\/{rel}","templated":true}]}}