{"id":7911,"date":"2022-05-19T16:39:35","date_gmt":"2022-05-19T14:39:35","guid":{"rendered":"https:\/\/www.stpierre-bru.be\/?post_type=service&#038;p=7911"},"modified":"2025-10-16T16:54:47","modified_gmt":"2025-10-16T14:54:47","slug":"la-medecine-foetale","status":"publish","type":"service","link":"https:\/\/www.stpierre-bru.be\/en\/service\/grossesse-et-accouchement\/la-medecine-foetale\/","title":{"rendered":"4 La m\u00e9decine f\u0153tale"},"content":{"rendered":"<p>[et_pb_section fb_built=&#8221;1&#8243; _builder_version=&#8221;4.17.4&#8243; _module_preset=&#8221;default&#8221; global_colors_info=&#8221;{}&#8221; theme_builder_area=&#8221;post_content&#8221;][et_pb_row _builder_version=&#8221;4.17.4&#8243; _module_preset=&#8221;default&#8221; global_colors_info=&#8221;{}&#8221; theme_builder_area=&#8221;post_content&#8221;][et_pb_column type=&#8221;4_4&#8243; _builder_version=&#8221;4.17.4&#8243; _module_preset=&#8221;default&#8221; global_colors_info=&#8221;{}&#8221; theme_builder_area=&#8221;post_content&#8221;][et_pb_text _builder_version=&#8221;4.17.4&#8243; _module_preset=&#8221;default&#8221; hover_enabled=&#8221;0&#8243; global_colors_info=&#8221;{}&#8221; theme_builder_area=&#8221;post_content&#8221; sticky_enabled=&#8221;0&#8243;]<\/p>\n<p>Si lors d\u2019une des \u00e9chographies de d\u00e9pistage, une anomalie venait \u00e0 \u00eatre d\u00e9tect\u00e9e, le m\u00e9decin vous orientera vers l\u2019\u00e9quipe de m\u00e9decine f\u0153tale.<\/p>\n<p>La m\u00e9decine f\u0153tale consiste en la prise en charge multidisciplinaire du couple autour de la pathologie de leur f\u0153tus. Cette prise en charge n\u00e9cessite l\u2019intervention d\u2019un corps m\u00e9dical vari\u00e9 englobant le couple au niveau m\u00e9dical, psychologique et social. La pierre angulaire est la sage-femme coordinatrice, qui fera le lien entre les diff\u00e9rents intervenants et le couple.<\/p>\n<p>Le corps m\u00e9dical est constitu\u00e9 de gyn\u00e9cologues-\u00e9chographistes sp\u00e9cialis\u00e9s en m\u00e9decine f\u0153tale, de radiop\u00e9diatres, g\u00e9n\u00e9ticiens et psychiatres. Le corps param\u00e9dical est constitu\u00e9 de sages-femmes coordinatrices en m\u00e9decine f\u0153tale.<\/p>\n<p>Les actes techniques de diagnostic utilis\u00e9s sont l\u2019\u00e9chographie de diagnostic (2ieme niveau), la r\u00e9sonnance magn\u00e9tique f\u0153tale, dans une moindre mesure le scanner f\u0153tal. Les ponctions de trophoblaste ou de liquide amniotique ont comme principal int\u00e9r\u00eat la recherche g\u00e9n\u00e9tique.<\/p>\n<p>La pr\u00e9valence des malformations cong\u00e9niales est d\u2019environ 1%. La majorit\u00e9 d&#8217;entre elles est d\u00e9couverte dans l\u2019enfance, mais avec le d\u00e9veloppement de la technologie en imagerie \u00e9chographique et en g\u00e9n\u00e9tique, la d\u00e9tection de ces anomalies en ant\u00e9natal est en augmentation et notre d\u00e9partement vient en aide \u00e0 un nombre croissant de couple durant cette p\u00e9riode ant\u00e9natale.<\/p>\n<p>&nbsp;<\/p>\n<h4><strong>Actes techniques r\u00e9alis\u00e9s en m\u00e9decine f\u0153tale:<\/strong><\/h4>\n<p>[\/et_pb_text][et_pb_accordion icon_color=&#8221;#00B9B4&#8243; _builder_version=&#8221;4.17.4&#8243; _module_preset=&#8221;default&#8221; toggle_text_color=&#8221;#00B9B4&#8243; toggle_level=&#8221;h4&#8243; width=&#8221;100%&#8221; custom_margin=&#8221;|-198px||||&#8221; hover_enabled=&#8221;0&#8243; global_colors_info=&#8221;{}&#8221; theme_builder_area=&#8221;post_content&#8221; sticky_enabled=&#8221;0&#8243;][et_pb_accordion_item title=&#8221;La ponction de villosit\u00e9 choriale&#8221; open=&#8221;on&#8221; _builder_version=&#8221;4.17.4&#8243; _module_preset=&#8221;default&#8221; hover_enabled=&#8221;0&#8243; global_colors_info=&#8221;{}&#8221; theme_builder_area=&#8221;post_content&#8221; sticky_enabled=&#8221;0&#8243;]<\/p>\n<p>Elle se r\u00e9alise \u00e0 partir de la 11e et jusqu&#8217;\u00e0 la 14e semaine de grossesse.<\/p>\n<p>Elle consiste en la biopsie du placenta et a comme avantage de pouvoir d\u00e9pister tr\u00e8s t\u00f4t certaines maladies g\u00e9n\u00e9tiques du f\u0153tus.<\/p>\n<p>Le risque de fausse couche est estim\u00e9 \u00e0 0,5%.<\/p>\n<p>[\/et_pb_accordion_item][et_pb_accordion_item title=&#8221;La ponction de liquide amniotique&#8221; _builder_version=&#8221;4.17.4&#8243; _module_preset=&#8221;default&#8221; hover_enabled=&#8221;0&#8243; global_colors_info=&#8221;{}&#8221; theme_builder_area=&#8221;post_content&#8221; open=&#8221;off&#8221; sticky_enabled=&#8221;0&#8243;]<\/p>\n<p>Elle se r\u00e9alise id\u00e9alement \u00e0 partir de la 16e semaine\u00a0d\u2019am\u00e9norrh\u00e9e et jusqu&#8217;\u00e0 la fin de celle-ci.<\/p>\n<p>Elle permet de rechercher une anomalie g\u00e9n\u00e9tique ou une infection f\u0153tale (par exemple lors de la d\u00e9couverte d\u2019une malformation chez le f\u0153tus).<\/p>\n<p>Le risque de complications est estim\u00e9 \u00e0 0,1%.<\/p>\n<p>[\/et_pb_accordion_item][et_pb_accordion_item title=&#8221;L&#8217;IRM f\u0153tale&#8221; _builder_version=&#8221;4.17.4&#8243; _module_preset=&#8221;default&#8221; global_colors_info=&#8221;{}&#8221; theme_builder_area=&#8221;post_content&#8221; open=&#8221;off&#8221;]<\/p>\n<p>L&#8217;IRM foetale, r\u00e9alis\u00e9e par le Pr Marie Cassart, radiop\u00e9diatre, est un examen prescrit en compl\u00e9ment de l&#8217;\u00e9chographie, afin de pr\u00e9ciser un diagnostic et d&#8217;\u00e9tablir un pronostic.<\/p>\n<p>Cet examen est non irradiant et sans danger pour la maman et le b\u00e9b\u00e9 et ne n\u00e9cessite aucune injection ou s\u00e9dation au pr\u00e9alable (pas de rayon &#8220;X&#8221; et aucune injection de m\u00e9dicament ou de produit de contraste, ni aucune pr\u00e9paration particuli\u00e8re).<\/p>\n<p>\u00a0Il est donc tout-\u00e0-fait inoffensif pour la maman et son b\u00e9b\u00e9.<\/p>\n<p>\u00a0Si un tel examen vous est propos\u00e9, les modalit\u00e9s pratiques vous seront expliqu\u00e9es par le\u00a0Pr Cassart lors de l&#8217;\u00e9chographie faite au pr\u00e9alable.<\/p>\n<p>[\/et_pb_accordion_item][\/et_pb_accordion][\/et_pb_column][\/et_pb_row][\/et_pb_section]<\/p>\n","protected":false},"excerpt":{"rendered":"<p>Si lors d\u2019une des \u00e9chographies de d\u00e9pistage, une anomalie venait \u00e0 \u00eatre d\u00e9tect\u00e9e, le m\u00e9decin vous orientera vers l\u2019\u00e9quipe de m\u00e9decine f\u0153tale. La m\u00e9decine f\u0153tale consiste en la prise en [&hellip;]<\/p>\n","protected":false},"featured_media":0,"parent":967,"menu_order":2,"template":"","meta":{"_acf_changed":false,"_et_pb_use_builder":"on","_et_pb_old_content":"","_et_gb_content_width":"","_price":"","_stock":"","_tribe_ticket_header":"","_tribe_default_ticket_provider":"","_tribe_ticket_capacity":"0","_ticket_start_date":"","_ticket_end_date":"","_tribe_ticket_show_description":"","_tribe_ticket_show_not_going":false,"_tribe_ticket_use_global_stock":"","_tribe_ticket_global_stock_level":"","_global_stock_mode":"","_global_stock_cap":"","_tribe_rsvp_for_event":"","_tribe_ticket_going_count":"","_tribe_ticket_not_going_count":"","_tribe_tickets_list":"[]","_tribe_ticket_has_attendee_info_fields":false},"categories":[1859,44],"tags":[2105,2107,2106,2104,2108],"class_list":["post-7911","service","type-service","status-publish","hentry","category-gynecologie-obstetrique","category-specialite","tag-anomalie","tag-echo","tag-echographie-2","tag-foetale","tag-irm-foetale"],"acf":[],"yoast_head":"<!-- This site is optimized with the Yoast SEO plugin v26.5 - https:\/\/yoast.com\/wordpress\/plugins\/seo\/ -->\n<title>4 La m\u00e9decine f\u0153tale - CHU Saint-Pierre | UMC Sint-Pieter<\/title>\n<meta name=\"robots\" content=\"index, follow, max-snippet:-1, max-image-preview:large, max-video-preview:-1\" \/>\n<link rel=\"canonical\" href=\"https:\/\/www.stpierre-bru.be\/service\/grossesse-et-accouchement\/la-medecine-foetale\/\" \/>\n<meta property=\"og:locale\" content=\"en_US\" \/>\n<meta property=\"og:type\" content=\"article\" \/>\n<meta property=\"og:title\" content=\"4 La m\u00e9decine f\u0153tale - CHU Saint-Pierre | UMC Sint-Pieter\" \/>\n<meta property=\"og:description\" content=\"Si lors d\u2019une des \u00e9chographies de d\u00e9pistage, une anomalie venait \u00e0 \u00eatre d\u00e9tect\u00e9e, le m\u00e9decin vous orientera vers l\u2019\u00e9quipe de m\u00e9decine f\u0153tale. La m\u00e9decine f\u0153tale consiste en la prise en [&hellip;]\" \/>\n<meta property=\"og:site_name\" content=\"CHU Saint-Pierre | UMC Sint-Pieter\" \/>\n<meta property=\"article:modified_time\" content=\"2025-10-16T14:54:47+00:00\" \/>\n<meta name=\"twitter:card\" content=\"summary_large_image\" \/>\n<meta name=\"twitter:label1\" content=\"Est. reading time\" \/>\n\t<meta name=\"twitter:data1\" content=\"2 minutes\" \/>\n<script type=\"application\/ld+json\" class=\"yoast-schema-graph\">{\"@context\":\"https:\/\/schema.org\",\"@graph\":[{\"@type\":\"WebPage\",\"@id\":\"https:\/\/www.stpierre-bru.be\/service\/grossesse-et-accouchement\/la-medecine-foetale\/\",\"url\":\"https:\/\/www.stpierre-bru.be\/service\/grossesse-et-accouchement\/la-medecine-foetale\/\",\"name\":\"4 La m\u00e9decine f\u0153tale - CHU Saint-Pierre | UMC Sint-Pieter\",\"isPartOf\":{\"@id\":\"https:\/\/www.stpierre-bru.be\/#website\"},\"datePublished\":\"2022-05-19T14:39:35+00:00\",\"dateModified\":\"2025-10-16T14:54:47+00:00\",\"breadcrumb\":{\"@id\":\"https:\/\/www.stpierre-bru.be\/service\/grossesse-et-accouchement\/la-medecine-foetale\/#breadcrumb\"},\"inLanguage\":\"en-US\",\"potentialAction\":[{\"@type\":\"ReadAction\",\"target\":[\"https:\/\/www.stpierre-bru.be\/service\/grossesse-et-accouchement\/la-medecine-foetale\/\"]}]},{\"@type\":\"BreadcrumbList\",\"@id\":\"https:\/\/www.stpierre-bru.be\/service\/grossesse-et-accouchement\/la-medecine-foetale\/#breadcrumb\",\"itemListElement\":[{\"@type\":\"ListItem\",\"position\":1,\"name\":\"Home\",\"item\":\"https:\/\/www.stpierre-bru.be\/en\/\"},{\"@type\":\"ListItem\",\"position\":2,\"name\":\"Services\",\"item\":\"https:\/\/www.stpierre-bru.be\/nos-services-de-consultation\/\"},{\"@type\":\"ListItem\",\"position\":3,\"name\":\"La Clinique de la Femme Enceinte\",\"item\":\"https:\/\/www.stpierre-bru.be\/service\/grossesse-et-accouchement\/\"},{\"@type\":\"ListItem\",\"position\":4,\"name\":\"4 La m\u00e9decine f\u0153tale\"}]},{\"@type\":\"WebSite\",\"@id\":\"https:\/\/www.stpierre-bru.be\/#website\",\"url\":\"https:\/\/www.stpierre-bru.be\/\",\"name\":\"CHU Saint-Pierre | UMC Sint-Pieter\",\"description\":\"Bienvenue\",\"publisher\":{\"@id\":\"https:\/\/www.stpierre-bru.be\/#organization\"},\"potentialAction\":[{\"@type\":\"SearchAction\",\"target\":{\"@type\":\"EntryPoint\",\"urlTemplate\":\"https:\/\/www.stpierre-bru.be\/?s={search_term_string}\"},\"query-input\":{\"@type\":\"PropertyValueSpecification\",\"valueRequired\":true,\"valueName\":\"search_term_string\"}}],\"inLanguage\":\"en-US\"},{\"@type\":\"Organization\",\"@id\":\"https:\/\/www.stpierre-bru.be\/#organization\",\"name\":\"CHU Saint-Pierre | UMC Sint-Pieter\",\"url\":\"https:\/\/www.stpierre-bru.be\/\",\"logo\":{\"@type\":\"ImageObject\",\"inLanguage\":\"en-US\",\"@id\":\"https:\/\/www.stpierre-bru.be\/#\/schema\/logo\/image\/\",\"url\":\"https:\/\/www.stpierre-bru.be\/wp-content\/uploads\/2021\/06\/Logo_chu_umc_0.png\",\"contentUrl\":\"https:\/\/www.stpierre-bru.be\/wp-content\/uploads\/2021\/06\/Logo_chu_umc_0.png\",\"width\":733,\"height\":281,\"caption\":\"CHU Saint-Pierre | UMC Sint-Pieter\"},\"image\":{\"@id\":\"https:\/\/www.stpierre-bru.be\/#\/schema\/logo\/image\/\"}}]}<\/script>\n<!-- \/ Yoast SEO plugin. -->","yoast_head_json":{"title":"4 La m\u00e9decine f\u0153tale - CHU Saint-Pierre | UMC Sint-Pieter","robots":{"index":"index","follow":"follow","max-snippet":"max-snippet:-1","max-image-preview":"max-image-preview:large","max-video-preview":"max-video-preview:-1"},"canonical":"https:\/\/www.stpierre-bru.be\/service\/grossesse-et-accouchement\/la-medecine-foetale\/","og_locale":"en_US","og_type":"article","og_title":"4 La m\u00e9decine f\u0153tale - CHU Saint-Pierre | UMC Sint-Pieter","og_description":"Si lors d\u2019une des \u00e9chographies de d\u00e9pistage, une anomalie venait \u00e0 \u00eatre d\u00e9tect\u00e9e, le m\u00e9decin vous orientera vers l\u2019\u00e9quipe de m\u00e9decine f\u0153tale. La m\u00e9decine f\u0153tale consiste en la prise en [&hellip;]","og_site_name":"CHU Saint-Pierre | UMC Sint-Pieter","article_modified_time":"2025-10-16T14:54:47+00:00","twitter_card":"summary_large_image","twitter_misc":{"Est. reading time":"2 minutes"},"schema":{"@context":"https:\/\/schema.org","@graph":[{"@type":"WebPage","@id":"https:\/\/www.stpierre-bru.be\/service\/grossesse-et-accouchement\/la-medecine-foetale\/","url":"https:\/\/www.stpierre-bru.be\/service\/grossesse-et-accouchement\/la-medecine-foetale\/","name":"4 La m\u00e9decine f\u0153tale - CHU Saint-Pierre | UMC Sint-Pieter","isPartOf":{"@id":"https:\/\/www.stpierre-bru.be\/#website"},"datePublished":"2022-05-19T14:39:35+00:00","dateModified":"2025-10-16T14:54:47+00:00","breadcrumb":{"@id":"https:\/\/www.stpierre-bru.be\/service\/grossesse-et-accouchement\/la-medecine-foetale\/#breadcrumb"},"inLanguage":"en-US","potentialAction":[{"@type":"ReadAction","target":["https:\/\/www.stpierre-bru.be\/service\/grossesse-et-accouchement\/la-medecine-foetale\/"]}]},{"@type":"BreadcrumbList","@id":"https:\/\/www.stpierre-bru.be\/service\/grossesse-et-accouchement\/la-medecine-foetale\/#breadcrumb","itemListElement":[{"@type":"ListItem","position":1,"name":"Home","item":"https:\/\/www.stpierre-bru.be\/en\/"},{"@type":"ListItem","position":2,"name":"Services","item":"https:\/\/www.stpierre-bru.be\/nos-services-de-consultation\/"},{"@type":"ListItem","position":3,"name":"La Clinique de la Femme Enceinte","item":"https:\/\/www.stpierre-bru.be\/service\/grossesse-et-accouchement\/"},{"@type":"ListItem","position":4,"name":"4 La m\u00e9decine f\u0153tale"}]},{"@type":"WebSite","@id":"https:\/\/www.stpierre-bru.be\/#website","url":"https:\/\/www.stpierre-bru.be\/","name":"CHU Saint-Pierre | UMC Sint-Pieter","description":"Bienvenue","publisher":{"@id":"https:\/\/www.stpierre-bru.be\/#organization"},"potentialAction":[{"@type":"SearchAction","target":{"@type":"EntryPoint","urlTemplate":"https:\/\/www.stpierre-bru.be\/?s={search_term_string}"},"query-input":{"@type":"PropertyValueSpecification","valueRequired":true,"valueName":"search_term_string"}}],"inLanguage":"en-US"},{"@type":"Organization","@id":"https:\/\/www.stpierre-bru.be\/#organization","name":"CHU Saint-Pierre | UMC Sint-Pieter","url":"https:\/\/www.stpierre-bru.be\/","logo":{"@type":"ImageObject","inLanguage":"en-US","@id":"https:\/\/www.stpierre-bru.be\/#\/schema\/logo\/image\/","url":"https:\/\/www.stpierre-bru.be\/wp-content\/uploads\/2021\/06\/Logo_chu_umc_0.png","contentUrl":"https:\/\/www.stpierre-bru.be\/wp-content\/uploads\/2021\/06\/Logo_chu_umc_0.png","width":733,"height":281,"caption":"CHU Saint-Pierre | UMC Sint-Pieter"},"image":{"@id":"https:\/\/www.stpierre-bru.be\/#\/schema\/logo\/image\/"}}]}},"_links":{"self":[{"href":"https:\/\/www.stpierre-bru.be\/en\/wp-json\/wp\/v2\/service\/7911","targetHints":{"allow":["GET"]}}],"collection":[{"href":"https:\/\/www.stpierre-bru.be\/en\/wp-json\/wp\/v2\/service"}],"about":[{"href":"https:\/\/www.stpierre-bru.be\/en\/wp-json\/wp\/v2\/types\/service"}],"up":[{"embeddable":true,"href":"https:\/\/www.stpierre-bru.be\/en\/wp-json\/wp\/v2\/service\/967"}],"wp:attachment":[{"href":"https:\/\/www.stpierre-bru.be\/en\/wp-json\/wp\/v2\/media?parent=7911"}],"wp:term":[{"taxonomy":"category","embeddable":true,"href":"https:\/\/www.stpierre-bru.be\/en\/wp-json\/wp\/v2\/categories?post=7911"},{"taxonomy":"post_tag","embeddable":true,"href":"https:\/\/www.stpierre-bru.be\/en\/wp-json\/wp\/v2\/tags?post=7911"}],"curies":[{"name":"wp","href":"https:\/\/api.w.org\/{rel}","templated":true}]}}