{"id":7908,"date":"2022-05-19T16:19:21","date_gmt":"2022-05-19T14:19:21","guid":{"rendered":"https:\/\/www.stpierre-bru.be\/?post_type=service&#038;p=7908"},"modified":"2022-07-04T16:28:15","modified_gmt":"2022-07-04T14:28:15","slug":"les-echographies-de-suivi-de-grossesse","status":"publish","type":"service","link":"https:\/\/www.stpierre-bru.be\/en\/service\/grossesse-et-accouchement\/les-echographies-de-suivi-de-grossesse\/","title":{"rendered":"3 &#8211; Les \u00e9chographies de suivi de grossesse"},"content":{"rendered":"<p>[et_pb_section fb_built=&#8221;1&#8243; _builder_version=&#8221;4.17.4&#8243; _module_preset=&#8221;default&#8221; global_colors_info=&#8221;{}&#8221; theme_builder_area=&#8221;post_content&#8221;][et_pb_row _builder_version=&#8221;4.17.4&#8243; _module_preset=&#8221;default&#8221; global_colors_info=&#8221;{}&#8221; theme_builder_area=&#8221;post_content&#8221;][et_pb_column type=&#8221;4_4&#8243; _builder_version=&#8221;4.17.4&#8243; _module_preset=&#8221;default&#8221; global_colors_info=&#8221;{}&#8221; theme_builder_area=&#8221;post_content&#8221;][et_pb_text _builder_version=&#8221;4.17.4&#8243; _module_preset=&#8221;default&#8221; theme_builder_area=&#8221;post_content&#8221; background_color=&#8221;rgba(0,185,180,0.26)&#8221; border_radii=&#8221;on|20px|20px|20px|20px&#8221; header_text_align=&#8221;center&#8221; hover_enabled=&#8221;0&#8243; sticky_enabled=&#8221;0&#8243;]<\/p>\n<h3 style=\"text-align: center;\">Instructions avant votre rendez-vous<\/h3>\n<ul>\n<li>Se pr\u00e9senter 10 minutes avant l&#8217;heure de votre examen afin de r\u00e9aliser l&#8217;inscription chez nos secr\u00e9taires.<\/li>\n<li>Pensez \u00e0 prendre votre demande d&#8217;examen avec vous si votre suivi de grossesse se fait \u00e0 l&#8217;ext\u00e9rieur.<\/li>\n<li>Pour le m\u00e9decin-\u00e9chographiste, il s&#8217;agira d&#8217;un r\u00e9el examen m\u00e9dical qui doit se d\u00e9rouler dans des conditions optimales de calme et de concentration. C&#8217;est pourquoi ce moment de rencontre est exclusivement r\u00e9serv\u00e9 aux parents et les enfants n&#8217;y sont pas invit\u00e9s.<\/li>\n<li>Nous vous rappelons que pour des raisons m\u00e9dico-l\u00e9gales, il est interdit de filmer l&#8217;examen.<\/li>\n<li>Eviter les cr\u00e8mes anti-verg\u00e9tures dans les 24h qui pr\u00e9c\u00e8dent l&#8217;examen.<\/li>\n<li>Pensez \u00e0 mettre votre GSM sur silence durant l\u2019\u00e9chographie.<\/li>\n<\/ul>\n<p>[\/et_pb_text][et_pb_text _builder_version=&#8221;4.17.4&#8243; _module_preset=&#8221;default&#8221; hover_enabled=&#8221;0&#8243; global_colors_info=&#8221;{}&#8221; theme_builder_area=&#8221;post_content&#8221; sticky_enabled=&#8221;0&#8243;]<\/p>\n<p>3 \u00e9chographies de d\u00e9pistage sont pr\u00e9vues durant la grossesse, vers 12 semaines,<br \/>22 semaines et 32 semaines.<\/p>\n<p>Elles sont indolores et sans danger.<\/p>\n<p>Chacune d&#8217;entre elles apportera des renseignements diff\u00e9rents et importants sur votre b\u00e9b\u00e9.<\/p>\n<p>C&#8217;est un moment que vous attendez souvent impatiemment, car il vous permet de d\u00e9couvrir visuellement votre f\u0153tus.<\/p>\n<p>Vous attendez aussi de nous que nous vous rassurions de l\u2019\u00e9tat de sant\u00e9 de votre f\u0153tus.<\/p>\n<p>[\/et_pb_text][et_pb_accordion icon_color=&#8221;#00B9B4&#8243; _builder_version=&#8221;4.17.4&#8243; _module_preset=&#8221;default&#8221; toggle_text_color=&#8221;#00B9B4&#8243; toggle_level=&#8221;h4&#8243; width=&#8221;100%&#8221; custom_margin=&#8221;|-198px||||&#8221; hover_enabled=&#8221;0&#8243; global_colors_info=&#8221;{}&#8221; theme_builder_area=&#8221;post_content&#8221; sticky_enabled=&#8221;0&#8243;][et_pb_accordion_item title=&#8221;L&#8217;\u00e9chographie du 1er trimestre&#8221; open=&#8221;on&#8221; _builder_version=&#8221;4.17.4&#8243; _module_preset=&#8221;default&#8221; hover_enabled=&#8221;0&#8243; global_colors_info=&#8221;{}&#8221; theme_builder_area=&#8221;post_content&#8221; sticky_enabled=&#8221;0&#8243;]<\/p>\n<p>Elle se fait entre 11 semaines et 13 semaines et 6 jours d\u2019am\u00e9norrh\u00e9e.<\/p>\n<p>Cet examen vise \u00e0 dater votre grossesse, \u00e0 examiner votre f\u0153tus \u00e0 la recherche d\u2019\u00e9ventuels signes d\u2019anomalies chromosomiques.<\/p>\n<p>Si vous d\u00e9sirez r\u00e9aliser un <em>NIPT<\/em> , nous remplirons la demande que vous aura transmis votre gyn\u00e9cologue ou sage-femme.<\/p>\n<p>Un d\u00e9pistage de la pr\u00e9-\u00e9clampsie est disponible pour votre gyn\u00e9cologue puisque lors de cette \u00e9chographie, nous mesurons \u00e9galement l\u2019index de r\u00e9sistance des art\u00e8res ut\u00e9rines.<\/p>\n<p>[\/et_pb_accordion_item][et_pb_accordion_item title=&#8221;L&#8217;\u00e9chographie du 2e trimestre&#8221; _builder_version=&#8221;4.17.4&#8243; _module_preset=&#8221;default&#8221; hover_enabled=&#8221;0&#8243; global_colors_info=&#8221;{}&#8221; theme_builder_area=&#8221;post_content&#8221; open=&#8221;off&#8221; sticky_enabled=&#8221;0&#8243;]<\/p>\n<p>Cette \u00e9chographie est importante.<\/p>\n<p>Id\u00e9alement\u00a0elle se r\u00e9alise entre la 20\u00e8 et la 24\u00e8 semaine d\u2019am\u00e9norrh\u00e9e<em>,\u00a0<\/em>c&#8217;est l&#8217;\u00e9chographie dite \u00ab morphologique \u00bb.<\/p>\n<p>Cet examen est essentiel pour s&#8217;assurer que le f\u0153tus grandit bien mais aussi pour d\u00e9pister certaines anomalies et \u00e9ventuellement d\u00e9cider d&#8217;une surveillance \u00e9chographique particuli\u00e8re.<\/p>\n<p>Cet examen est r\u00e9alis\u00e9\u00a0par un \u00e9chographiste exp\u00e9riment\u00e9 ayant un dipl\u00f4me suppl\u00e9mentaire d\u2019\u00e9chographie.<\/p>\n<p>[\/et_pb_accordion_item][et_pb_accordion_item title=&#8221;L&#8217;\u00e9chographie du 3e trimestre&#8221; _builder_version=&#8221;4.17.4&#8243; _module_preset=&#8221;default&#8221; hover_enabled=&#8221;0&#8243; global_colors_info=&#8221;{}&#8221; theme_builder_area=&#8221;post_content&#8221; open=&#8221;off&#8221; sticky_enabled=&#8221;0&#8243;]<\/p>\n<p>Cette \u00e9chographie se r\u00e9alise entre la 31e et la 34e semaine de grossesse.<\/p>\n<p>Elle permet d&#8217;\u00e9valuer la vitalit\u00e9 de votre f\u0153tus, sa position, mais aussi sa croissance via diff\u00e9rentes mesures r\u00e9alis\u00e9es.<\/p>\n<p>L\u2019\u00e9chographiste v\u00e9rifiera aussi la qualit\u00e9 des \u00e9changes entre vous et votre f\u0153tus via le placenta.<\/p>\n<p>A l\u2019issue de cet examen, il sera d\u00e9cid\u00e9 si des dispositions particuli\u00e8res sont \u00e0 prendre pour la surveillance de fin de grossesse (contr\u00f4le \u00e9chographique, monitorings de fin de grossesse, etc..) ou lors de la naissance et ce, apr\u00e8s discussion avec votre gyn\u00e9cologue ou sage-femme. <\/p>\n<p>&nbsp;<\/p>\n<p>&nbsp;<\/p>\n<p>[\/et_pb_accordion_item][\/et_pb_accordion][\/et_pb_column][\/et_pb_row][\/et_pb_section]<\/p>\n","protected":false},"excerpt":{"rendered":"<p>Instructions avant votre rendez-vous Se pr\u00e9senter 10 minutes avant l&#8217;heure de votre examen afin de r\u00e9aliser l&#8217;inscription chez nos secr\u00e9taires. Pensez \u00e0 prendre votre demande d&#8217;examen avec vous si votre [&hellip;]<\/p>\n","protected":false},"featured_media":0,"parent":967,"menu_order":0,"template":"","meta":{"_acf_changed":false,"_et_pb_use_builder":"on","_et_pb_old_content":"","_et_gb_content_width":"","_price":"","_stock":"","_tribe_ticket_header":"","_tribe_default_ticket_provider":"","_tribe_ticket_capacity":"0","_ticket_start_date":"","_ticket_end_date":"","_tribe_ticket_show_description":"","_tribe_ticket_show_not_going":false,"_tribe_ticket_use_global_stock":"","_tribe_ticket_global_stock_level":"","_global_stock_mode":"","_global_stock_cap":"","_tribe_rsvp_for_event":"","_tribe_ticket_going_count":"","_tribe_ticket_not_going_count":"","_tribe_tickets_list":"[]","_tribe_ticket_has_attendee_info_fields":false},"categories":[1859,44],"tags":[],"class_list":["post-7908","service","type-service","status-publish","hentry","category-gynecologie-obstetrique","category-specialite"],"acf":[],"yoast_head":"<!-- This site is optimized with the Yoast SEO plugin v26.5 - https:\/\/yoast.com\/wordpress\/plugins\/seo\/ -->\n<title>3 - Les \u00e9chographies de suivi de grossesse - CHU Saint-Pierre | UMC Sint-Pieter<\/title>\n<meta name=\"robots\" content=\"index, follow, max-snippet:-1, max-image-preview:large, max-video-preview:-1\" \/>\n<link rel=\"canonical\" href=\"https:\/\/www.stpierre-bru.be\/service\/grossesse-et-accouchement\/les-echographies-de-suivi-de-grossesse\/\" \/>\n<meta property=\"og:locale\" content=\"en_US\" \/>\n<meta property=\"og:type\" content=\"article\" \/>\n<meta property=\"og:title\" content=\"3 - Les \u00e9chographies de suivi de grossesse - CHU Saint-Pierre | UMC Sint-Pieter\" \/>\n<meta property=\"og:description\" content=\"Instructions avant votre rendez-vous Se pr\u00e9senter 10 minutes avant l&#039;heure de votre examen afin de r\u00e9aliser l&#039;inscription chez nos secr\u00e9taires. Pensez \u00e0 prendre votre demande d&#039;examen avec vous si votre [&hellip;]\" \/>\n<meta property=\"og:site_name\" content=\"CHU Saint-Pierre | UMC Sint-Pieter\" \/>\n<meta property=\"article:modified_time\" content=\"2022-07-04T14:28:15+00:00\" \/>\n<meta name=\"twitter:card\" content=\"summary_large_image\" \/>\n<meta name=\"twitter:label1\" content=\"Est. reading time\" \/>\n\t<meta name=\"twitter:data1\" content=\"2 minutes\" \/>\n<script type=\"application\/ld+json\" class=\"yoast-schema-graph\">{\"@context\":\"https:\/\/schema.org\",\"@graph\":[{\"@type\":\"WebPage\",\"@id\":\"https:\/\/www.stpierre-bru.be\/service\/grossesse-et-accouchement\/les-echographies-de-suivi-de-grossesse\/\",\"url\":\"https:\/\/www.stpierre-bru.be\/service\/grossesse-et-accouchement\/les-echographies-de-suivi-de-grossesse\/\",\"name\":\"3 - Les \u00e9chographies de suivi de grossesse - CHU Saint-Pierre | UMC Sint-Pieter\",\"isPartOf\":{\"@id\":\"https:\/\/www.stpierre-bru.be\/#website\"},\"datePublished\":\"2022-05-19T14:19:21+00:00\",\"dateModified\":\"2022-07-04T14:28:15+00:00\",\"breadcrumb\":{\"@id\":\"https:\/\/www.stpierre-bru.be\/service\/grossesse-et-accouchement\/les-echographies-de-suivi-de-grossesse\/#breadcrumb\"},\"inLanguage\":\"en-US\",\"potentialAction\":[{\"@type\":\"ReadAction\",\"target\":[\"https:\/\/www.stpierre-bru.be\/service\/grossesse-et-accouchement\/les-echographies-de-suivi-de-grossesse\/\"]}]},{\"@type\":\"BreadcrumbList\",\"@id\":\"https:\/\/www.stpierre-bru.be\/service\/grossesse-et-accouchement\/les-echographies-de-suivi-de-grossesse\/#breadcrumb\",\"itemListElement\":[{\"@type\":\"ListItem\",\"position\":1,\"name\":\"Home\",\"item\":\"https:\/\/www.stpierre-bru.be\/en\/\"},{\"@type\":\"ListItem\",\"position\":2,\"name\":\"Services\",\"item\":\"https:\/\/www.stpierre-bru.be\/nos-services-de-consultation\/\"},{\"@type\":\"ListItem\",\"position\":3,\"name\":\"La Clinique de la Femme Enceinte\",\"item\":\"https:\/\/www.stpierre-bru.be\/service\/grossesse-et-accouchement\/\"},{\"@type\":\"ListItem\",\"position\":4,\"name\":\"3 &#8211; Les \u00e9chographies de suivi de grossesse\"}]},{\"@type\":\"WebSite\",\"@id\":\"https:\/\/www.stpierre-bru.be\/#website\",\"url\":\"https:\/\/www.stpierre-bru.be\/\",\"name\":\"CHU Saint-Pierre | UMC Sint-Pieter\",\"description\":\"Bienvenue\",\"publisher\":{\"@id\":\"https:\/\/www.stpierre-bru.be\/#organization\"},\"potentialAction\":[{\"@type\":\"SearchAction\",\"target\":{\"@type\":\"EntryPoint\",\"urlTemplate\":\"https:\/\/www.stpierre-bru.be\/?s={search_term_string}\"},\"query-input\":{\"@type\":\"PropertyValueSpecification\",\"valueRequired\":true,\"valueName\":\"search_term_string\"}}],\"inLanguage\":\"en-US\"},{\"@type\":\"Organization\",\"@id\":\"https:\/\/www.stpierre-bru.be\/#organization\",\"name\":\"CHU Saint-Pierre | UMC Sint-Pieter\",\"url\":\"https:\/\/www.stpierre-bru.be\/\",\"logo\":{\"@type\":\"ImageObject\",\"inLanguage\":\"en-US\",\"@id\":\"https:\/\/www.stpierre-bru.be\/#\/schema\/logo\/image\/\",\"url\":\"https:\/\/www.stpierre-bru.be\/wp-content\/uploads\/2021\/06\/Logo_chu_umc_0.png\",\"contentUrl\":\"https:\/\/www.stpierre-bru.be\/wp-content\/uploads\/2021\/06\/Logo_chu_umc_0.png\",\"width\":733,\"height\":281,\"caption\":\"CHU Saint-Pierre | UMC Sint-Pieter\"},\"image\":{\"@id\":\"https:\/\/www.stpierre-bru.be\/#\/schema\/logo\/image\/\"}}]}<\/script>\n<!-- \/ Yoast SEO plugin. -->","yoast_head_json":{"title":"3 - Les \u00e9chographies de suivi de grossesse - CHU Saint-Pierre | UMC Sint-Pieter","robots":{"index":"index","follow":"follow","max-snippet":"max-snippet:-1","max-image-preview":"max-image-preview:large","max-video-preview":"max-video-preview:-1"},"canonical":"https:\/\/www.stpierre-bru.be\/service\/grossesse-et-accouchement\/les-echographies-de-suivi-de-grossesse\/","og_locale":"en_US","og_type":"article","og_title":"3 - Les \u00e9chographies de suivi de grossesse - CHU Saint-Pierre | UMC Sint-Pieter","og_description":"Instructions avant votre rendez-vous Se pr\u00e9senter 10 minutes avant l'heure de votre examen afin de r\u00e9aliser l'inscription chez nos secr\u00e9taires. Pensez \u00e0 prendre votre demande d'examen avec vous si votre [&hellip;]","og_site_name":"CHU Saint-Pierre | UMC Sint-Pieter","article_modified_time":"2022-07-04T14:28:15+00:00","twitter_card":"summary_large_image","twitter_misc":{"Est. reading time":"2 minutes"},"schema":{"@context":"https:\/\/schema.org","@graph":[{"@type":"WebPage","@id":"https:\/\/www.stpierre-bru.be\/service\/grossesse-et-accouchement\/les-echographies-de-suivi-de-grossesse\/","url":"https:\/\/www.stpierre-bru.be\/service\/grossesse-et-accouchement\/les-echographies-de-suivi-de-grossesse\/","name":"3 - Les \u00e9chographies de suivi de grossesse - CHU Saint-Pierre | UMC Sint-Pieter","isPartOf":{"@id":"https:\/\/www.stpierre-bru.be\/#website"},"datePublished":"2022-05-19T14:19:21+00:00","dateModified":"2022-07-04T14:28:15+00:00","breadcrumb":{"@id":"https:\/\/www.stpierre-bru.be\/service\/grossesse-et-accouchement\/les-echographies-de-suivi-de-grossesse\/#breadcrumb"},"inLanguage":"en-US","potentialAction":[{"@type":"ReadAction","target":["https:\/\/www.stpierre-bru.be\/service\/grossesse-et-accouchement\/les-echographies-de-suivi-de-grossesse\/"]}]},{"@type":"BreadcrumbList","@id":"https:\/\/www.stpierre-bru.be\/service\/grossesse-et-accouchement\/les-echographies-de-suivi-de-grossesse\/#breadcrumb","itemListElement":[{"@type":"ListItem","position":1,"name":"Home","item":"https:\/\/www.stpierre-bru.be\/en\/"},{"@type":"ListItem","position":2,"name":"Services","item":"https:\/\/www.stpierre-bru.be\/nos-services-de-consultation\/"},{"@type":"ListItem","position":3,"name":"La Clinique de la Femme Enceinte","item":"https:\/\/www.stpierre-bru.be\/service\/grossesse-et-accouchement\/"},{"@type":"ListItem","position":4,"name":"3 &#8211; Les \u00e9chographies de suivi de grossesse"}]},{"@type":"WebSite","@id":"https:\/\/www.stpierre-bru.be\/#website","url":"https:\/\/www.stpierre-bru.be\/","name":"CHU Saint-Pierre | UMC Sint-Pieter","description":"Bienvenue","publisher":{"@id":"https:\/\/www.stpierre-bru.be\/#organization"},"potentialAction":[{"@type":"SearchAction","target":{"@type":"EntryPoint","urlTemplate":"https:\/\/www.stpierre-bru.be\/?s={search_term_string}"},"query-input":{"@type":"PropertyValueSpecification","valueRequired":true,"valueName":"search_term_string"}}],"inLanguage":"en-US"},{"@type":"Organization","@id":"https:\/\/www.stpierre-bru.be\/#organization","name":"CHU Saint-Pierre | UMC Sint-Pieter","url":"https:\/\/www.stpierre-bru.be\/","logo":{"@type":"ImageObject","inLanguage":"en-US","@id":"https:\/\/www.stpierre-bru.be\/#\/schema\/logo\/image\/","url":"https:\/\/www.stpierre-bru.be\/wp-content\/uploads\/2021\/06\/Logo_chu_umc_0.png","contentUrl":"https:\/\/www.stpierre-bru.be\/wp-content\/uploads\/2021\/06\/Logo_chu_umc_0.png","width":733,"height":281,"caption":"CHU Saint-Pierre | UMC Sint-Pieter"},"image":{"@id":"https:\/\/www.stpierre-bru.be\/#\/schema\/logo\/image\/"}}]}},"_links":{"self":[{"href":"https:\/\/www.stpierre-bru.be\/en\/wp-json\/wp\/v2\/service\/7908","targetHints":{"allow":["GET"]}}],"collection":[{"href":"https:\/\/www.stpierre-bru.be\/en\/wp-json\/wp\/v2\/service"}],"about":[{"href":"https:\/\/www.stpierre-bru.be\/en\/wp-json\/wp\/v2\/types\/service"}],"up":[{"embeddable":true,"href":"https:\/\/www.stpierre-bru.be\/en\/wp-json\/wp\/v2\/service\/967"}],"wp:attachment":[{"href":"https:\/\/www.stpierre-bru.be\/en\/wp-json\/wp\/v2\/media?parent=7908"}],"wp:term":[{"taxonomy":"category","embeddable":true,"href":"https:\/\/www.stpierre-bru.be\/en\/wp-json\/wp\/v2\/categories?post=7908"},{"taxonomy":"post_tag","embeddable":true,"href":"https:\/\/www.stpierre-bru.be\/en\/wp-json\/wp\/v2\/tags?post=7908"}],"curies":[{"name":"wp","href":"https:\/\/api.w.org\/{rel}","templated":true}]}}