{"id":5547,"date":"2022-02-03T14:56:36","date_gmt":"2022-02-03T13:56:36","guid":{"rendered":"http:\/\/10.14.1.26\/website\/?post_type=service&#038;p=5547"},"modified":"2022-03-27T21:57:53","modified_gmt":"2022-03-27T19:57:53","slug":"kinesitherapie-pour-lhyperventilation","status":"publish","type":"service","link":"https:\/\/www.stpierre-bru.be\/en\/service\/pneumologie\/kinesitherapie-pour-lhyperventilation\/","title":{"rendered":"Kin\u00e9sith\u00e9rapie pour la prise en charge de l&#8217;hyperventilation"},"content":{"rendered":"\n[et_pb_section fb_built=&#8221;1&#8243; admin_label=&#8221;section&#8221; _builder_version=&#8221;3.22&#8243; global_colors_info=&#8221;{}&#8221; theme_builder_area=&#8221;post_content&#8221;][et_pb_row admin_label=&#8221;row&#8221; _builder_version=&#8221;3.25&#8243; background_size=&#8221;initial&#8221; background_position=&#8221;top_left&#8221; background_repeat=&#8221;repeat&#8221; global_colors_info=&#8221;{}&#8221; theme_builder_area=&#8221;post_content&#8221;][et_pb_column type=&#8221;4_4&#8243; _builder_version=&#8221;3.25&#8243; custom_padding=&#8221;|||&#8221; global_colors_info=&#8221;{}&#8221; custom_padding__hover=&#8221;|||&#8221; theme_builder_area=&#8221;post_content&#8221;][et_pb_text admin_label=&#8221;Text&#8221; _builder_version=&#8221;4.14.7&#8243; background_size=&#8221;initial&#8221; background_position=&#8221;top_left&#8221; background_repeat=&#8221;repeat&#8221; hover_enabled=&#8221;0&#8243; global_colors_info=&#8221;{}&#8221; theme_builder_area=&#8221;post_content&#8221; sticky_enabled=&#8221;0&#8243;]<p style=\"text-align: left;\"><b>Le syndrome d\u2019hyperventilation (SHV)<\/b><\/p>\n<p><span style=\"font-weight: 400;\">La d\u00e9finition du SHV, toujours accept\u00e9e \u00e0 ce jour est\u00a0:<\/span><\/p>\n<p><span style=\"font-weight: 400;\">\u00a0\u201cun syndrome caract\u00e9ris\u00e9 par une vari\u00e9t\u00e9 de sympt\u00f4mes somatiques induits par une hyperventilation physiologiquement inappropri\u00e9e et reproductibles en tout ou en partie par une hyperventilation volontaire\u201d (Lewis et Howell, 1986).<\/span><\/p>\n<p><span style=\"font-weight: 400;\">Le diagnostic est \u00e9tabli sur la base du test de Hardonck-Beumer (test d\u2019hyperventilation) , ainsi que sur les questionnaires de Wilcol et Nijmegen.<\/span><\/p>\n<p><span style=\"font-weight: 400;\">Le syndrome d\u2019hyperventilation idiopathique est une pathologie fr\u00e9quente qui pr\u00e9domine chez les femmes jeunes, et est de plus en plus r\u00e9pandue depuis la pand\u00e9mie de COVID-19.<\/span><\/p>\n<p><span style=\"font-weight: 400;\">Concr\u00e8tement, l&#8217;hyperventilation est d\u00e9finie par une augmentation inadequate de la ventilation , qui d\u00e9passe les besoins m\u00e9taboliques du corps (Folgering H., 1999). Cette ventilation excessive d\u00e9s\u00e9quilibre la balance entre la production et l\u2019\u00e9limination du dioxyde de carbone (C02) induisant une chute importante de la pression partielle en CO2 (PaCO2) dans le sang (=hypocapnie) ainsi qu\u2019un pH sanguin \u00e9lev\u00e9 (=alcalose respiratoire).<\/span><\/p>\n<p><span style=\"font-weight: 400;\">Le test diagnostic de Hardonck-Beumer comprend 3 phases pendant lesquelles le sujet respire dans un embout buccal pendant plusieurs minutes. Durant <\/span><i><span style=\"font-weight: 400;\">la phase d\u2019adaptation, <\/span><\/i><span style=\"font-weight: 400;\">\u00a0nous observerons les valeurs de la PetCO2 au repos.<\/span><\/p>\n<p><span style=\"font-weight: 400;\">\u00a0\u00a0-La deuxi\u00e8me phase est la <\/span><i><span style=\"font-weight: 400;\">phase d\u2019hyperventilation volontaire<\/span><\/i><span style=\"font-weight: 400;\"> pendant laquelle le patient va augmenter sa fr\u00e9quence respiratoire et son volume courant et provoquer une chute de la PetCO2 et ressentir les premiers sympt\u00f4mes li\u00e9s \u00e0 l\u2019hypocapnie.<\/span><\/p>\n<p><span style=\"font-weight: 400;\">-La troisi\u00e8me phase est celle de la <\/span><i><span style=\"font-weight: 400;\">r\u00e9cup\u00e9ration<\/span><\/i><span style=\"font-weight: 400;\"> qui permet de v\u00e9rifier la cin\u00e9tique de la courbe de r\u00e9cup\u00e9ration et \u00e9galement la vitesse de r\u00e9cup\u00e9ration de la PetCO2.<\/span><\/p>\n<p><span style=\"font-weight: 400;\">L\u2019examen dure une heure, se r\u00e9alise au CHU Saint-Pierre, site porte de Hal, chaque mardi matin.<\/span><\/p>\n<p><span style=\"font-weight: 400;\">La prise en charge du SHV<\/span><span style=\"font-weight: 400;\"> (si le test se r\u00e9v\u00e8le \u00eatre positif) est effectu\u00e9e par un(e) kin\u00e9sith\u00e9rapeute respiratoire form\u00e9(e) \u00e0 cette pathologie et prescrite par un pneumologue, un cardiologue, ou un m\u00e9decin g\u00e9n\u00e9raliste, \u00e0 raison de 9 s\u00e9ances au total ( 1\/semaine).<\/span><\/p>\n<p><span style=\"font-weight: 400;\">Apr\u00e8s le traitement de kin\u00e9sith\u00e9rapie cibl\u00e9es pour un SHV, un nouveau test de Hardonck-Beumer est propos\u00e9 avec les 2 questionnaires, ceci afin de contr\u00f4ler la m\u00e9thode apprise et de v\u00e9rifier la performance de la valeur de la PetCO2.<\/span><\/p>[\/et_pb_text][\/et_pb_column][\/et_pb_row][\/et_pb_section]\n","protected":false},"excerpt":{"rendered":"<p>Le syndrome d\u2019hyperventilation idiopathique est une pathologie fr\u00e9quente qui pr\u00e9domine chez les femmes jeunes, et est de plus en plus r\u00e9pandue depuis la pand\u00e9mie de COVID-19.<\/p>\n","protected":false},"featured_media":876,"parent":836,"menu_order":0,"template":"","meta":{"_acf_changed":false,"_et_pb_use_builder":"on","_et_pb_old_content":"<b>Le service de pneumologie dispose d'une clinique compl\u00e8te de l\u2019asthme et de l\u2019allergologie<\/b>&nbsp;dot\u00e9e&nbsp;des techniques diagnostiques les plus modernes (NO exhal\u00e9, tests de provocation) avec une \u00e9cole de l\u2019asthme. La recherche clinique est d\u00e9velopp\u00e9e dans de nombreux secteurs du service.","_et_gb_content_width":"","_price":"","_stock":"","_tribe_ticket_header":"","_tribe_default_ticket_provider":"","_tribe_ticket_capacity":"0","_ticket_start_date":"","_ticket_end_date":"","_tribe_ticket_show_description":"","_tribe_ticket_show_not_going":false,"_tribe_ticket_use_global_stock":"","_tribe_ticket_global_stock_level":"","_global_stock_mode":"","_global_stock_cap":"","_tribe_rsvp_for_event":"","_tribe_ticket_going_count":"","_tribe_ticket_not_going_count":"","_tribe_tickets_list":"[]","_tribe_ticket_has_attendee_info_fields":false},"categories":[1871,44],"tags":[1279],"class_list":["post-5547","service","type-service","status-publish","has-post-thumbnail","hentry","category-pneumologie","category-specialite","tag-hyperventilation"],"acf":[],"yoast_head":"<!-- This site is optimized with the Yoast SEO plugin v26.5 - https:\/\/yoast.com\/wordpress\/plugins\/seo\/ -->\n<title>Kin\u00e9sith\u00e9rapie pour la prise en charge de l&#039;hyperventilation - CHU Saint-Pierre | UMC Sint-Pieter<\/title>\n<meta name=\"description\" content=\"Le syndrome d\u2019hyperventilation idiopathique est une pathologie fr\u00e9quente qui pr\u00e9domine chez les femmes jeunes, et est de plus en plus r\u00e9pandue depuis la pand\u00e9mie de COVID-19.\" \/>\n<meta name=\"robots\" content=\"index, follow, max-snippet:-1, max-image-preview:large, max-video-preview:-1\" \/>\n<link rel=\"canonical\" href=\"https:\/\/www.stpierre-bru.be\/service\/pneumologie\/kinesitherapie-pour-lhyperventilation\/\" \/>\n<meta property=\"og:locale\" content=\"en_US\" \/>\n<meta property=\"og:type\" content=\"article\" \/>\n<meta property=\"og:title\" content=\"Kin\u00e9sith\u00e9rapie pour la prise en charge de l&#039;hyperventilation - CHU Saint-Pierre | UMC Sint-Pieter\" \/>\n<meta property=\"og:description\" content=\"Le syndrome d\u2019hyperventilation idiopathique est une pathologie fr\u00e9quente qui pr\u00e9domine chez les femmes jeunes, et est de plus en plus r\u00e9pandue depuis la pand\u00e9mie de COVID-19.\" \/>\n<meta property=\"og:site_name\" content=\"CHU Saint-Pierre | UMC Sint-Pieter\" \/>\n<meta property=\"article:modified_time\" content=\"2022-03-27T19:57:53+00:00\" \/>\n<meta property=\"og:image\" content=\"https:\/\/i0.wp.com\/www.stpierre-bru.be\/wp-content\/uploads\/2021\/11\/Pneumo-e1647353562922.jpg?fit=849%2C882&ssl=1\" \/>\n\t<meta property=\"og:image:width\" content=\"849\" \/>\n\t<meta property=\"og:image:height\" content=\"882\" \/>\n\t<meta property=\"og:image:type\" content=\"image\/jpeg\" \/>\n<meta name=\"twitter:card\" content=\"summary_large_image\" \/>\n<meta name=\"twitter:label1\" content=\"Est. reading time\" \/>\n\t<meta name=\"twitter:data1\" content=\"2 minutes\" \/>\n<script type=\"application\/ld+json\" class=\"yoast-schema-graph\">{\"@context\":\"https:\/\/schema.org\",\"@graph\":[{\"@type\":\"WebPage\",\"@id\":\"https:\/\/www.stpierre-bru.be\/service\/pneumologie\/kinesitherapie-pour-lhyperventilation\/\",\"url\":\"https:\/\/www.stpierre-bru.be\/service\/pneumologie\/kinesitherapie-pour-lhyperventilation\/\",\"name\":\"Kin\u00e9sith\u00e9rapie pour la prise en charge de l'hyperventilation - CHU Saint-Pierre | UMC Sint-Pieter\",\"isPartOf\":{\"@id\":\"https:\/\/www.stpierre-bru.be\/#website\"},\"primaryImageOfPage\":{\"@id\":\"https:\/\/www.stpierre-bru.be\/service\/pneumologie\/kinesitherapie-pour-lhyperventilation\/#primaryimage\"},\"image\":{\"@id\":\"https:\/\/www.stpierre-bru.be\/service\/pneumologie\/kinesitherapie-pour-lhyperventilation\/#primaryimage\"},\"thumbnailUrl\":\"https:\/\/www.stpierre-bru.be\/app\/uploads\/2021\/11\/Pneumo-e1647353562922.jpg\",\"datePublished\":\"2022-02-03T13:56:36+00:00\",\"dateModified\":\"2022-03-27T19:57:53+00:00\",\"description\":\"Le syndrome d\u2019hyperventilation idiopathique est une pathologie fr\u00e9quente qui pr\u00e9domine chez les femmes jeunes, et est de plus en plus r\u00e9pandue depuis la pand\u00e9mie de COVID-19.\",\"breadcrumb\":{\"@id\":\"https:\/\/www.stpierre-bru.be\/service\/pneumologie\/kinesitherapie-pour-lhyperventilation\/#breadcrumb\"},\"inLanguage\":\"en-US\",\"potentialAction\":[{\"@type\":\"ReadAction\",\"target\":[\"https:\/\/www.stpierre-bru.be\/service\/pneumologie\/kinesitherapie-pour-lhyperventilation\/\"]}]},{\"@type\":\"ImageObject\",\"inLanguage\":\"en-US\",\"@id\":\"https:\/\/www.stpierre-bru.be\/service\/pneumologie\/kinesitherapie-pour-lhyperventilation\/#primaryimage\",\"url\":\"https:\/\/www.stpierre-bru.be\/app\/uploads\/2021\/11\/Pneumo-e1647353562922.jpg\",\"contentUrl\":\"https:\/\/www.stpierre-bru.be\/app\/uploads\/2021\/11\/Pneumo-e1647353562922.jpg\",\"width\":849,\"height\":882},{\"@type\":\"BreadcrumbList\",\"@id\":\"https:\/\/www.stpierre-bru.be\/service\/pneumologie\/kinesitherapie-pour-lhyperventilation\/#breadcrumb\",\"itemListElement\":[{\"@type\":\"ListItem\",\"position\":1,\"name\":\"Home\",\"item\":\"https:\/\/www.stpierre-bru.be\/en\/\"},{\"@type\":\"ListItem\",\"position\":2,\"name\":\"Services\",\"item\":\"https:\/\/www.stpierre-bru.be\/nos-services-de-consultation\/\"},{\"@type\":\"ListItem\",\"position\":3,\"name\":\"Pneumologie\",\"item\":\"https:\/\/www.stpierre-bru.be\/service\/pneumologie\/\"},{\"@type\":\"ListItem\",\"position\":4,\"name\":\"Kin\u00e9sith\u00e9rapie pour la prise en charge de l&rsquo;hyperventilation\"}]},{\"@type\":\"WebSite\",\"@id\":\"https:\/\/www.stpierre-bru.be\/#website\",\"url\":\"https:\/\/www.stpierre-bru.be\/\",\"name\":\"CHU Saint-Pierre | UMC Sint-Pieter\",\"description\":\"Bienvenue\",\"publisher\":{\"@id\":\"https:\/\/www.stpierre-bru.be\/#organization\"},\"potentialAction\":[{\"@type\":\"SearchAction\",\"target\":{\"@type\":\"EntryPoint\",\"urlTemplate\":\"https:\/\/www.stpierre-bru.be\/?s={search_term_string}\"},\"query-input\":{\"@type\":\"PropertyValueSpecification\",\"valueRequired\":true,\"valueName\":\"search_term_string\"}}],\"inLanguage\":\"en-US\"},{\"@type\":\"Organization\",\"@id\":\"https:\/\/www.stpierre-bru.be\/#organization\",\"name\":\"CHU Saint-Pierre | UMC Sint-Pieter\",\"url\":\"https:\/\/www.stpierre-bru.be\/\",\"logo\":{\"@type\":\"ImageObject\",\"inLanguage\":\"en-US\",\"@id\":\"https:\/\/www.stpierre-bru.be\/#\/schema\/logo\/image\/\",\"url\":\"https:\/\/www.stpierre-bru.be\/wp-content\/uploads\/2021\/06\/Logo_chu_umc_0.png\",\"contentUrl\":\"https:\/\/www.stpierre-bru.be\/wp-content\/uploads\/2021\/06\/Logo_chu_umc_0.png\",\"width\":733,\"height\":281,\"caption\":\"CHU Saint-Pierre | UMC Sint-Pieter\"},\"image\":{\"@id\":\"https:\/\/www.stpierre-bru.be\/#\/schema\/logo\/image\/\"}}]}<\/script>\n<!-- \/ Yoast SEO plugin. -->","yoast_head_json":{"title":"Kin\u00e9sith\u00e9rapie pour la prise en charge de l'hyperventilation - CHU Saint-Pierre | UMC Sint-Pieter","description":"Le syndrome d\u2019hyperventilation idiopathique est une pathologie fr\u00e9quente qui pr\u00e9domine chez les femmes jeunes, et est de plus en plus r\u00e9pandue depuis la pand\u00e9mie de COVID-19.","robots":{"index":"index","follow":"follow","max-snippet":"max-snippet:-1","max-image-preview":"max-image-preview:large","max-video-preview":"max-video-preview:-1"},"canonical":"https:\/\/www.stpierre-bru.be\/service\/pneumologie\/kinesitherapie-pour-lhyperventilation\/","og_locale":"en_US","og_type":"article","og_title":"Kin\u00e9sith\u00e9rapie pour la prise en charge de l'hyperventilation - CHU Saint-Pierre | UMC Sint-Pieter","og_description":"Le syndrome d\u2019hyperventilation idiopathique est une pathologie fr\u00e9quente qui pr\u00e9domine chez les femmes jeunes, et est de plus en plus r\u00e9pandue depuis la pand\u00e9mie de COVID-19.","og_site_name":"CHU Saint-Pierre | UMC Sint-Pieter","article_modified_time":"2022-03-27T19:57:53+00:00","og_image":[{"width":849,"height":882,"url":"https:\/\/i0.wp.com\/www.stpierre-bru.be\/wp-content\/uploads\/2021\/11\/Pneumo-e1647353562922.jpg?fit=849%2C882&ssl=1","type":"image\/jpeg"}],"twitter_card":"summary_large_image","twitter_misc":{"Est. reading time":"2 minutes"},"schema":{"@context":"https:\/\/schema.org","@graph":[{"@type":"WebPage","@id":"https:\/\/www.stpierre-bru.be\/service\/pneumologie\/kinesitherapie-pour-lhyperventilation\/","url":"https:\/\/www.stpierre-bru.be\/service\/pneumologie\/kinesitherapie-pour-lhyperventilation\/","name":"Kin\u00e9sith\u00e9rapie pour la prise en charge de l'hyperventilation - CHU Saint-Pierre | UMC Sint-Pieter","isPartOf":{"@id":"https:\/\/www.stpierre-bru.be\/#website"},"primaryImageOfPage":{"@id":"https:\/\/www.stpierre-bru.be\/service\/pneumologie\/kinesitherapie-pour-lhyperventilation\/#primaryimage"},"image":{"@id":"https:\/\/www.stpierre-bru.be\/service\/pneumologie\/kinesitherapie-pour-lhyperventilation\/#primaryimage"},"thumbnailUrl":"https:\/\/www.stpierre-bru.be\/app\/uploads\/2021\/11\/Pneumo-e1647353562922.jpg","datePublished":"2022-02-03T13:56:36+00:00","dateModified":"2022-03-27T19:57:53+00:00","description":"Le syndrome d\u2019hyperventilation idiopathique est une pathologie fr\u00e9quente qui pr\u00e9domine chez les femmes jeunes, et est de plus en plus r\u00e9pandue depuis la pand\u00e9mie de COVID-19.","breadcrumb":{"@id":"https:\/\/www.stpierre-bru.be\/service\/pneumologie\/kinesitherapie-pour-lhyperventilation\/#breadcrumb"},"inLanguage":"en-US","potentialAction":[{"@type":"ReadAction","target":["https:\/\/www.stpierre-bru.be\/service\/pneumologie\/kinesitherapie-pour-lhyperventilation\/"]}]},{"@type":"ImageObject","inLanguage":"en-US","@id":"https:\/\/www.stpierre-bru.be\/service\/pneumologie\/kinesitherapie-pour-lhyperventilation\/#primaryimage","url":"https:\/\/www.stpierre-bru.be\/app\/uploads\/2021\/11\/Pneumo-e1647353562922.jpg","contentUrl":"https:\/\/www.stpierre-bru.be\/app\/uploads\/2021\/11\/Pneumo-e1647353562922.jpg","width":849,"height":882},{"@type":"BreadcrumbList","@id":"https:\/\/www.stpierre-bru.be\/service\/pneumologie\/kinesitherapie-pour-lhyperventilation\/#breadcrumb","itemListElement":[{"@type":"ListItem","position":1,"name":"Home","item":"https:\/\/www.stpierre-bru.be\/en\/"},{"@type":"ListItem","position":2,"name":"Services","item":"https:\/\/www.stpierre-bru.be\/nos-services-de-consultation\/"},{"@type":"ListItem","position":3,"name":"Pneumologie","item":"https:\/\/www.stpierre-bru.be\/service\/pneumologie\/"},{"@type":"ListItem","position":4,"name":"Kin\u00e9sith\u00e9rapie pour la prise en charge de l&rsquo;hyperventilation"}]},{"@type":"WebSite","@id":"https:\/\/www.stpierre-bru.be\/#website","url":"https:\/\/www.stpierre-bru.be\/","name":"CHU Saint-Pierre | UMC Sint-Pieter","description":"Bienvenue","publisher":{"@id":"https:\/\/www.stpierre-bru.be\/#organization"},"potentialAction":[{"@type":"SearchAction","target":{"@type":"EntryPoint","urlTemplate":"https:\/\/www.stpierre-bru.be\/?s={search_term_string}"},"query-input":{"@type":"PropertyValueSpecification","valueRequired":true,"valueName":"search_term_string"}}],"inLanguage":"en-US"},{"@type":"Organization","@id":"https:\/\/www.stpierre-bru.be\/#organization","name":"CHU Saint-Pierre | UMC Sint-Pieter","url":"https:\/\/www.stpierre-bru.be\/","logo":{"@type":"ImageObject","inLanguage":"en-US","@id":"https:\/\/www.stpierre-bru.be\/#\/schema\/logo\/image\/","url":"https:\/\/www.stpierre-bru.be\/wp-content\/uploads\/2021\/06\/Logo_chu_umc_0.png","contentUrl":"https:\/\/www.stpierre-bru.be\/wp-content\/uploads\/2021\/06\/Logo_chu_umc_0.png","width":733,"height":281,"caption":"CHU Saint-Pierre | UMC Sint-Pieter"},"image":{"@id":"https:\/\/www.stpierre-bru.be\/#\/schema\/logo\/image\/"}}]}},"_links":{"self":[{"href":"https:\/\/www.stpierre-bru.be\/en\/wp-json\/wp\/v2\/service\/5547","targetHints":{"allow":["GET"]}}],"collection":[{"href":"https:\/\/www.stpierre-bru.be\/en\/wp-json\/wp\/v2\/service"}],"about":[{"href":"https:\/\/www.stpierre-bru.be\/en\/wp-json\/wp\/v2\/types\/service"}],"up":[{"embeddable":true,"href":"https:\/\/www.stpierre-bru.be\/en\/wp-json\/wp\/v2\/service\/836"}],"wp:featuredmedia":[{"embeddable":true,"href":"https:\/\/www.stpierre-bru.be\/en\/wp-json\/wp\/v2\/media\/876"}],"wp:attachment":[{"href":"https:\/\/www.stpierre-bru.be\/en\/wp-json\/wp\/v2\/media?parent=5547"}],"wp:term":[{"taxonomy":"category","embeddable":true,"href":"https:\/\/www.stpierre-bru.be\/en\/wp-json\/wp\/v2\/categories?post=5547"},{"taxonomy":"post_tag","embeddable":true,"href":"https:\/\/www.stpierre-bru.be\/en\/wp-json\/wp\/v2\/tags?post=5547"}],"curies":[{"name":"wp","href":"https:\/\/api.w.org\/{rel}","templated":true}]}}