{"id":5543,"date":"2022-02-03T13:01:23","date_gmt":"2022-02-03T12:01:23","guid":{"rendered":"http:\/\/10.14.1.26\/website\/?post_type=service&#038;p=5543"},"modified":"2022-03-27T21:57:53","modified_gmt":"2022-03-27T19:57:53","slug":"fonction-respiratoire","status":"publish","type":"service","link":"https:\/\/www.stpierre-bru.be\/en\/service\/pneumologie\/fonction-respiratoire\/","title":{"rendered":"Laboratoire d&#8217;explorations fonctionnelles respiratoires"},"content":{"rendered":"\n[et_pb_section fb_built=&#8221;1&#8243; admin_label=&#8221;section&#8221; _builder_version=&#8221;3.22&#8243; global_colors_info=&#8221;{}&#8221; theme_builder_area=&#8221;post_content&#8221;][et_pb_row admin_label=&#8221;row&#8221; _builder_version=&#8221;3.25&#8243; background_size=&#8221;initial&#8221; background_position=&#8221;top_left&#8221; background_repeat=&#8221;repeat&#8221; global_colors_info=&#8221;{}&#8221; theme_builder_area=&#8221;post_content&#8221;][et_pb_column type=&#8221;4_4&#8243; _builder_version=&#8221;3.25&#8243; custom_padding=&#8221;|||&#8221; global_colors_info=&#8221;{}&#8221; custom_padding__hover=&#8221;|||&#8221; theme_builder_area=&#8221;post_content&#8221;][et_pb_accordion open_toggle_text_color=&#8221;#00B9B4&#8243; icon_color=&#8221;#00B9B4&#8243; _builder_version=&#8221;4.14.7&#8243; _module_preset=&#8221;default&#8221; toggle_text_color=&#8221;#00B9B4&#8243; width=&#8221;100%&#8221; custom_margin=&#8221;|-198px||||&#8221; hover_enabled=&#8221;0&#8243; global_colors_info=&#8221;{}&#8221; theme_builder_area=&#8221;post_content&#8221; sticky_enabled=&#8221;0&#8243;][et_pb_accordion_item title=&#8221;\u00c9preuve fonctionnelle respiratoire (EFR, spirom\u00e9trie)\/open lab&#8221; open=&#8221;on&#8221; _builder_version=&#8221;4.14.7&#8243; _module_preset=&#8221;default&#8221; global_colors_info=&#8221;{}&#8221; theme_builder_area=&#8221;post_content&#8221;]<p><span style=\"font-weight: 400;\">Ce test consiste \u00e0 souffler dans un appareil. Il permet de mesurer la capacit\u00e9 respiratoire au repos.<\/span><\/p>\n<p><span style=\"font-weight: 400;\">Il est non invasif, non douloureux et dure 20 minutes.<\/span><\/p>\n<p><span style=\"font-weight: 400;\">Cet examen est utile pour\u00a0:\u00a0<\/span><\/p>\n<ul>\n<li style=\"font-weight: 400;\" aria-level=\"1\"><span style=\"font-weight: 400;\">Le diagnostic et le suivi des maladies respiratoires (BPCO, emphys\u00e8me, asthme, \u2026)<\/span><\/li>\n<li style=\"font-weight: 400;\" aria-level=\"1\"><span style=\"font-weight: 400;\">Le bilan fonctionnel avant certaines op\u00e9rations chirurgicales.<\/span><\/li>\n<li style=\"font-weight: 400;\" aria-level=\"1\"><span style=\"font-weight: 400;\">Le suivi de certaines maladies avec atteintes respiratoires (scl\u00e9rodermie,\u00a0 &#8230;)<\/span><\/li>\n<\/ul>\n<p><span style=\"font-weight: 400;\">Ce test peut \u00eatre prescrit par votre m\u00e9decin g\u00e9n\u00e9raliste ou sp\u00e9cialiste.<\/span><\/p>[\/et_pb_accordion_item][et_pb_accordion_item title=&#8221;Test \u00e0 l\u2019effort sur v\u00e9lo (ergospirom\u00e9trie) &#8221; _builder_version=&#8221;4.14.7&#8243; _module_preset=&#8221;default&#8221; hover_enabled=&#8221;0&#8243; global_colors_info=&#8221;{}&#8221; theme_builder_area=&#8221;post_content&#8221; open=&#8221;off&#8221; sticky_enabled=&#8221;0&#8243;]<p><span style=\"font-weight: 400;\">Cet examen consiste \u00e0 p\u00e9daler sur un v\u00e9lo pendant 8 \u00e0 12 minutes sous surveillance m\u00e9dicale.<\/span><\/p>\n<p><span style=\"font-weight: 400;\">La r\u00e9sistance du v\u00e9lo augmente progressivement jusqu\u2019\u00e0 ce que votre capacit\u00e9 maximale \u00e0 l\u2019effort soit atteinte.<\/span><\/p>\n<p><span style=\"font-weight: 400;\">Lors de cet examen nous enregistrons un \u00e9lectrocardiogramme (ECG) ainsi que vos param\u00e8tres ventilatoires afin de suivre l\u2019adaptation de votre c\u0153ur et de votre respiration \u00e0 l\u2019effort.<\/span><\/p>\n<p><span style=\"font-weight: 400;\">Ce test peut \u00eatre prescrit par votre m\u00e9decin g\u00e9n\u00e9raliste ou sp\u00e9cialiste pour plusieurs raisons\u00a0:<\/span><\/p>\n<ul>\n<li style=\"font-weight: 400;\" aria-level=\"1\"><span style=\"font-weight: 400;\">Evaluation de votre condition physique<\/span><\/li>\n<li style=\"font-weight: 400;\" aria-level=\"1\"><span style=\"font-weight: 400;\">Evaluation de l\u2019origine d\u2019un essoufflement \u00e0 l\u2019effort<\/span><\/li>\n<li style=\"font-weight: 400;\" aria-level=\"1\"><span style=\"font-weight: 400;\">Bilan fonctionnel d\u2019une maladie pulmonaire ou cardiaque<\/span><\/li>\n<li style=\"font-weight: 400;\" aria-level=\"1\"><span style=\"font-weight: 400;\">Bilan pr\u00e9-op\u00e9ratoire<\/span><\/li>\n<\/ul>\n<p>&nbsp;<\/p>[\/et_pb_accordion_item][et_pb_accordion_item title=&#8221;Test de provocation&#8221; _builder_version=&#8221;4.14.7&#8243; _module_preset=&#8221;default&#8221; global_colors_info=&#8221;{}&#8221; theme_builder_area=&#8221;post_content&#8221; open=&#8221;off&#8221;]<p><span style=\"font-weight: 400;\">Le m\u00e9decin prescrira un test de provocation, si une hyperr\u00e9activit\u00e9 bronchique (asthme,\u2026) est suspect\u00e9e lors de l\u2019examen clinique et que les tests de souffle sont normaux. Ce test va permettre d\u2019affirmer ou non un diagnostic d\u2019asthme\/d\u2019hyperreactivit\u00e9 bronchique.\u00a0<\/span><\/p>\n<p><span style=\"font-weight: 400;\">Durant ce test, vous devrez effectuer des spirom\u00e9tries forc\u00e9es avant et apr\u00e8s avoir inhal\u00e9 de la m\u00e9tacholine (ou de l\u2019histamine). En effet, cet agent peut entra\u00eener une constriction des bronches et donc une diminution des valeurs du test de souffle. Si patient r\u00e9agit au test, il se verra administrer un m\u00e9dicament qui aura l\u2019effet inverse et dilatera les bronches. Ce test dure environ 30 minutes et est inoffensif pour la sant\u00e9.\u00a0<\/span><\/p>\n<p>&nbsp;<\/p>\n<p><span style=\"font-weight: 400;\">Le local de test se trouve en consultation de pneumologie, route 305 et est ouvert du lundi au vendredi de 8h30 \u00e0 16h30.<\/span><\/p>[\/et_pb_accordion_item][\/et_pb_accordion][\/et_pb_column][\/et_pb_row][\/et_pb_section]\n","protected":false},"excerpt":{"rendered":"<p>Epreuve fonctionnelle respiratoire et test \u00e0 l&#8217;effort sur v\u00e9lo sous surveillance m\u00e9dicale afin de mesurer la capacit\u00e9 respiratoire au repos ou la capacit\u00e9 maximale \u00e0 l&#8217;effort. Le test de provocation aide au diagnostique d&#8217;asthme.<\/p>\n","protected":false},"featured_media":876,"parent":836,"menu_order":0,"template":"","meta":{"_acf_changed":false,"_et_pb_use_builder":"on","_et_pb_old_content":"<b>Le service de pneumologie dispose d'une clinique compl\u00e8te de l\u2019asthme et de l\u2019allergologie<\/b>&nbsp;dot\u00e9e&nbsp;des techniques diagnostiques les plus modernes (NO exhal\u00e9, tests de provocation) avec une \u00e9cole de l\u2019asthme. La recherche clinique est d\u00e9velopp\u00e9e dans de nombreux secteurs du service.","_et_gb_content_width":"","_price":"","_stock":"","_tribe_ticket_header":"","_tribe_default_ticket_provider":"","_tribe_ticket_capacity":"0","_ticket_start_date":"","_ticket_end_date":"","_tribe_ticket_show_description":"","_tribe_ticket_show_not_going":false,"_tribe_ticket_use_global_stock":"","_tribe_ticket_global_stock_level":"","_global_stock_mode":"","_global_stock_cap":"","_tribe_rsvp_for_event":"","_tribe_ticket_going_count":"","_tribe_ticket_not_going_count":"","_tribe_tickets_list":"[]","_tribe_ticket_has_attendee_info_fields":false},"categories":[1871,44],"tags":[1276,1277,1278,1275],"class_list":["post-5543","service","type-service","status-publish","has-post-thumbnail","hentry","category-pneumologie","category-specialite","tag-capacite-respiratoire","tag-effort","tag-ergospirometrie","tag-test-souffle"],"acf":[],"yoast_head":"<!-- This site is optimized with the Yoast SEO plugin v26.5 - https:\/\/yoast.com\/wordpress\/plugins\/seo\/ -->\n<title>Laboratoire d&#039;explorations fonctionnelles respiratoires - CHU Saint-Pierre | UMC Sint-Pieter<\/title>\n<meta name=\"description\" content=\"Ce test non douloureux dure 20 minutes et consiste \u00e0 souffler dans un appareil afin de mesurer la capacit\u00e9 respiratoire au repos\" \/>\n<meta name=\"robots\" content=\"index, follow, max-snippet:-1, max-image-preview:large, max-video-preview:-1\" \/>\n<link rel=\"canonical\" href=\"https:\/\/www.stpierre-bru.be\/service\/pneumologie\/fonction-respiratoire\/\" \/>\n<meta property=\"og:locale\" content=\"en_US\" \/>\n<meta property=\"og:type\" content=\"article\" \/>\n<meta property=\"og:title\" content=\"Laboratoire d&#039;explorations fonctionnelles respiratoires - CHU Saint-Pierre | UMC Sint-Pieter\" \/>\n<meta property=\"og:description\" content=\"Ce test non douloureux dure 20 minutes et consiste \u00e0 souffler dans un appareil afin de mesurer la capacit\u00e9 respiratoire au repos\" \/>\n<meta property=\"og:site_name\" content=\"CHU Saint-Pierre | UMC Sint-Pieter\" \/>\n<meta property=\"article:modified_time\" content=\"2022-03-27T19:57:53+00:00\" \/>\n<meta property=\"og:image\" content=\"https:\/\/i0.wp.com\/www.stpierre-bru.be\/wp-content\/uploads\/2021\/11\/Pneumo-e1647353562922.jpg?fit=849%2C882&ssl=1\" \/>\n\t<meta property=\"og:image:width\" content=\"849\" \/>\n\t<meta property=\"og:image:height\" content=\"882\" \/>\n\t<meta property=\"og:image:type\" content=\"image\/jpeg\" \/>\n<meta name=\"twitter:card\" content=\"summary_large_image\" \/>\n<meta name=\"twitter:label1\" content=\"Est. reading time\" \/>\n\t<meta name=\"twitter:data1\" content=\"2 minutes\" \/>\n<script type=\"application\/ld+json\" class=\"yoast-schema-graph\">{\"@context\":\"https:\/\/schema.org\",\"@graph\":[{\"@type\":\"WebPage\",\"@id\":\"https:\/\/www.stpierre-bru.be\/service\/pneumologie\/fonction-respiratoire\/\",\"url\":\"https:\/\/www.stpierre-bru.be\/service\/pneumologie\/fonction-respiratoire\/\",\"name\":\"Laboratoire d'explorations fonctionnelles respiratoires - CHU Saint-Pierre | UMC Sint-Pieter\",\"isPartOf\":{\"@id\":\"https:\/\/www.stpierre-bru.be\/#website\"},\"primaryImageOfPage\":{\"@id\":\"https:\/\/www.stpierre-bru.be\/service\/pneumologie\/fonction-respiratoire\/#primaryimage\"},\"image\":{\"@id\":\"https:\/\/www.stpierre-bru.be\/service\/pneumologie\/fonction-respiratoire\/#primaryimage\"},\"thumbnailUrl\":\"https:\/\/www.stpierre-bru.be\/app\/uploads\/2021\/11\/Pneumo-e1647353562922.jpg\",\"datePublished\":\"2022-02-03T12:01:23+00:00\",\"dateModified\":\"2022-03-27T19:57:53+00:00\",\"description\":\"Ce test non douloureux dure 20 minutes et consiste \u00e0 souffler dans un appareil afin de mesurer la capacit\u00e9 respiratoire au repos\",\"breadcrumb\":{\"@id\":\"https:\/\/www.stpierre-bru.be\/service\/pneumologie\/fonction-respiratoire\/#breadcrumb\"},\"inLanguage\":\"en-US\",\"potentialAction\":[{\"@type\":\"ReadAction\",\"target\":[\"https:\/\/www.stpierre-bru.be\/service\/pneumologie\/fonction-respiratoire\/\"]}]},{\"@type\":\"ImageObject\",\"inLanguage\":\"en-US\",\"@id\":\"https:\/\/www.stpierre-bru.be\/service\/pneumologie\/fonction-respiratoire\/#primaryimage\",\"url\":\"https:\/\/www.stpierre-bru.be\/app\/uploads\/2021\/11\/Pneumo-e1647353562922.jpg\",\"contentUrl\":\"https:\/\/www.stpierre-bru.be\/app\/uploads\/2021\/11\/Pneumo-e1647353562922.jpg\",\"width\":849,\"height\":882},{\"@type\":\"BreadcrumbList\",\"@id\":\"https:\/\/www.stpierre-bru.be\/service\/pneumologie\/fonction-respiratoire\/#breadcrumb\",\"itemListElement\":[{\"@type\":\"ListItem\",\"position\":1,\"name\":\"Home\",\"item\":\"https:\/\/www.stpierre-bru.be\/en\/\"},{\"@type\":\"ListItem\",\"position\":2,\"name\":\"Services\",\"item\":\"https:\/\/www.stpierre-bru.be\/nos-services-de-consultation\/\"},{\"@type\":\"ListItem\",\"position\":3,\"name\":\"Pneumologie\",\"item\":\"https:\/\/www.stpierre-bru.be\/service\/pneumologie\/\"},{\"@type\":\"ListItem\",\"position\":4,\"name\":\"Laboratoire d&rsquo;explorations fonctionnelles respiratoires\"}]},{\"@type\":\"WebSite\",\"@id\":\"https:\/\/www.stpierre-bru.be\/#website\",\"url\":\"https:\/\/www.stpierre-bru.be\/\",\"name\":\"CHU Saint-Pierre | UMC Sint-Pieter\",\"description\":\"Bienvenue\",\"publisher\":{\"@id\":\"https:\/\/www.stpierre-bru.be\/#organization\"},\"potentialAction\":[{\"@type\":\"SearchAction\",\"target\":{\"@type\":\"EntryPoint\",\"urlTemplate\":\"https:\/\/www.stpierre-bru.be\/?s={search_term_string}\"},\"query-input\":{\"@type\":\"PropertyValueSpecification\",\"valueRequired\":true,\"valueName\":\"search_term_string\"}}],\"inLanguage\":\"en-US\"},{\"@type\":\"Organization\",\"@id\":\"https:\/\/www.stpierre-bru.be\/#organization\",\"name\":\"CHU Saint-Pierre | UMC Sint-Pieter\",\"url\":\"https:\/\/www.stpierre-bru.be\/\",\"logo\":{\"@type\":\"ImageObject\",\"inLanguage\":\"en-US\",\"@id\":\"https:\/\/www.stpierre-bru.be\/#\/schema\/logo\/image\/\",\"url\":\"https:\/\/www.stpierre-bru.be\/wp-content\/uploads\/2021\/06\/Logo_chu_umc_0.png\",\"contentUrl\":\"https:\/\/www.stpierre-bru.be\/wp-content\/uploads\/2021\/06\/Logo_chu_umc_0.png\",\"width\":733,\"height\":281,\"caption\":\"CHU Saint-Pierre | UMC Sint-Pieter\"},\"image\":{\"@id\":\"https:\/\/www.stpierre-bru.be\/#\/schema\/logo\/image\/\"}}]}<\/script>\n<!-- \/ Yoast SEO plugin. -->","yoast_head_json":{"title":"Laboratoire d'explorations fonctionnelles respiratoires - CHU Saint-Pierre | UMC Sint-Pieter","description":"Ce test non douloureux dure 20 minutes et consiste \u00e0 souffler dans un appareil afin de mesurer la capacit\u00e9 respiratoire au repos","robots":{"index":"index","follow":"follow","max-snippet":"max-snippet:-1","max-image-preview":"max-image-preview:large","max-video-preview":"max-video-preview:-1"},"canonical":"https:\/\/www.stpierre-bru.be\/service\/pneumologie\/fonction-respiratoire\/","og_locale":"en_US","og_type":"article","og_title":"Laboratoire d'explorations fonctionnelles respiratoires - CHU Saint-Pierre | UMC Sint-Pieter","og_description":"Ce test non douloureux dure 20 minutes et consiste \u00e0 souffler dans un appareil afin de mesurer la capacit\u00e9 respiratoire au repos","og_site_name":"CHU Saint-Pierre | UMC Sint-Pieter","article_modified_time":"2022-03-27T19:57:53+00:00","og_image":[{"width":849,"height":882,"url":"https:\/\/i0.wp.com\/www.stpierre-bru.be\/wp-content\/uploads\/2021\/11\/Pneumo-e1647353562922.jpg?fit=849%2C882&ssl=1","type":"image\/jpeg"}],"twitter_card":"summary_large_image","twitter_misc":{"Est. reading time":"2 minutes"},"schema":{"@context":"https:\/\/schema.org","@graph":[{"@type":"WebPage","@id":"https:\/\/www.stpierre-bru.be\/service\/pneumologie\/fonction-respiratoire\/","url":"https:\/\/www.stpierre-bru.be\/service\/pneumologie\/fonction-respiratoire\/","name":"Laboratoire d'explorations fonctionnelles respiratoires - CHU Saint-Pierre | UMC Sint-Pieter","isPartOf":{"@id":"https:\/\/www.stpierre-bru.be\/#website"},"primaryImageOfPage":{"@id":"https:\/\/www.stpierre-bru.be\/service\/pneumologie\/fonction-respiratoire\/#primaryimage"},"image":{"@id":"https:\/\/www.stpierre-bru.be\/service\/pneumologie\/fonction-respiratoire\/#primaryimage"},"thumbnailUrl":"https:\/\/www.stpierre-bru.be\/app\/uploads\/2021\/11\/Pneumo-e1647353562922.jpg","datePublished":"2022-02-03T12:01:23+00:00","dateModified":"2022-03-27T19:57:53+00:00","description":"Ce test non douloureux dure 20 minutes et consiste \u00e0 souffler dans un appareil afin de mesurer la capacit\u00e9 respiratoire au repos","breadcrumb":{"@id":"https:\/\/www.stpierre-bru.be\/service\/pneumologie\/fonction-respiratoire\/#breadcrumb"},"inLanguage":"en-US","potentialAction":[{"@type":"ReadAction","target":["https:\/\/www.stpierre-bru.be\/service\/pneumologie\/fonction-respiratoire\/"]}]},{"@type":"ImageObject","inLanguage":"en-US","@id":"https:\/\/www.stpierre-bru.be\/service\/pneumologie\/fonction-respiratoire\/#primaryimage","url":"https:\/\/www.stpierre-bru.be\/app\/uploads\/2021\/11\/Pneumo-e1647353562922.jpg","contentUrl":"https:\/\/www.stpierre-bru.be\/app\/uploads\/2021\/11\/Pneumo-e1647353562922.jpg","width":849,"height":882},{"@type":"BreadcrumbList","@id":"https:\/\/www.stpierre-bru.be\/service\/pneumologie\/fonction-respiratoire\/#breadcrumb","itemListElement":[{"@type":"ListItem","position":1,"name":"Home","item":"https:\/\/www.stpierre-bru.be\/en\/"},{"@type":"ListItem","position":2,"name":"Services","item":"https:\/\/www.stpierre-bru.be\/nos-services-de-consultation\/"},{"@type":"ListItem","position":3,"name":"Pneumologie","item":"https:\/\/www.stpierre-bru.be\/service\/pneumologie\/"},{"@type":"ListItem","position":4,"name":"Laboratoire d&rsquo;explorations fonctionnelles respiratoires"}]},{"@type":"WebSite","@id":"https:\/\/www.stpierre-bru.be\/#website","url":"https:\/\/www.stpierre-bru.be\/","name":"CHU Saint-Pierre | UMC Sint-Pieter","description":"Bienvenue","publisher":{"@id":"https:\/\/www.stpierre-bru.be\/#organization"},"potentialAction":[{"@type":"SearchAction","target":{"@type":"EntryPoint","urlTemplate":"https:\/\/www.stpierre-bru.be\/?s={search_term_string}"},"query-input":{"@type":"PropertyValueSpecification","valueRequired":true,"valueName":"search_term_string"}}],"inLanguage":"en-US"},{"@type":"Organization","@id":"https:\/\/www.stpierre-bru.be\/#organization","name":"CHU Saint-Pierre | UMC Sint-Pieter","url":"https:\/\/www.stpierre-bru.be\/","logo":{"@type":"ImageObject","inLanguage":"en-US","@id":"https:\/\/www.stpierre-bru.be\/#\/schema\/logo\/image\/","url":"https:\/\/www.stpierre-bru.be\/wp-content\/uploads\/2021\/06\/Logo_chu_umc_0.png","contentUrl":"https:\/\/www.stpierre-bru.be\/wp-content\/uploads\/2021\/06\/Logo_chu_umc_0.png","width":733,"height":281,"caption":"CHU Saint-Pierre | UMC Sint-Pieter"},"image":{"@id":"https:\/\/www.stpierre-bru.be\/#\/schema\/logo\/image\/"}}]}},"_links":{"self":[{"href":"https:\/\/www.stpierre-bru.be\/en\/wp-json\/wp\/v2\/service\/5543","targetHints":{"allow":["GET"]}}],"collection":[{"href":"https:\/\/www.stpierre-bru.be\/en\/wp-json\/wp\/v2\/service"}],"about":[{"href":"https:\/\/www.stpierre-bru.be\/en\/wp-json\/wp\/v2\/types\/service"}],"up":[{"embeddable":true,"href":"https:\/\/www.stpierre-bru.be\/en\/wp-json\/wp\/v2\/service\/836"}],"wp:featuredmedia":[{"embeddable":true,"href":"https:\/\/www.stpierre-bru.be\/en\/wp-json\/wp\/v2\/media\/876"}],"wp:attachment":[{"href":"https:\/\/www.stpierre-bru.be\/en\/wp-json\/wp\/v2\/media?parent=5543"}],"wp:term":[{"taxonomy":"category","embeddable":true,"href":"https:\/\/www.stpierre-bru.be\/en\/wp-json\/wp\/v2\/categories?post=5543"},{"taxonomy":"post_tag","embeddable":true,"href":"https:\/\/www.stpierre-bru.be\/en\/wp-json\/wp\/v2\/tags?post=5543"}],"curies":[{"name":"wp","href":"https:\/\/api.w.org\/{rel}","templated":true}]}}