{"id":4171,"date":"2022-01-13T12:50:25","date_gmt":"2022-01-13T11:50:25","guid":{"rendered":"http:\/\/10.14.1.26\/website\/?post_type=service&#038;p=4171"},"modified":"2026-04-23T15:49:58","modified_gmt":"2026-04-23T13:49:58","slug":"potentiels-evoques","status":"publish","type":"service","link":"https:\/\/www.stpierre-bru.be\/en\/service\/neurologie\/potentiels-evoques\/","title":{"rendered":"Potentiels \u00e9voqu\u00e9s et doppler"},"content":{"rendered":"<p>[et_pb_section fb_built=&#8221;1&#8243; admin_label=&#8221;section&#8221; _builder_version=&#8221;4.16&#8243; global_colors_info=&#8221;{}&#8221;][et_pb_row admin_label=&#8221;row&#8221; _builder_version=&#8221;4.16&#8243; background_size=&#8221;initial&#8221; background_position=&#8221;top_left&#8221; background_repeat=&#8221;repeat&#8221; global_colors_info=&#8221;{}&#8221;][et_pb_column type=&#8221;4_4&#8243; _builder_version=&#8221;4.16&#8243; custom_padding=&#8221;|||&#8221; global_colors_info=&#8221;{}&#8221; custom_padding__hover=&#8221;|||&#8221;][et_pb_text admin_label=&#8221;Text&#8221; _builder_version=&#8221;4.27.3&#8243; background_size=&#8221;initial&#8221; background_position=&#8221;top_left&#8221; background_repeat=&#8221;repeat&#8221; global_colors_info=&#8221;{}&#8221;]<\/p>\n<div class=\"x_elementToProof\" data-olk-copy-source=\"MessageBody\">\n<p>La polyclinique de neurologie du CHU Saint-Pierre r\u00e9alise des<span>\u00a0<\/span><b>potentiels \u00e9voqu\u00e9s (PE)<\/b>, une technique neurophysiologique permettant d\u2019\u00e9valuer le fonctionnement des voies sensitives et motrices du syst\u00e8me nerveux.<\/p>\n<p>&nbsp;<\/p>\n<\/div>\n<div class=\"x_elementToProof\"><b>\u00c0 quoi servent les potentiels \u00e9voqu\u00e9s ?<\/b><\/div>\n<ul>\n<li>\n<div class=\"x_elementToProof\" role=\"presentation\">D\u00e9tecter une atteinte du nerf optique (par exemple en cas de suspicion de n\u00e9vrite optique ou de scl\u00e9rose en plaques)<\/div>\n<\/li>\n<li>\n<div class=\"x_elementToProof\" role=\"presentation\">Explorer des troubles sensitifs\u00a0<\/div>\n<\/li>\n<li>\n<div class=\"x_elementToProof\" role=\"presentation\">\u00c9valuer certaines atteintes m\u00e9dullaires<\/div>\n<\/li>\n<li>\n<div class=\"x_elementToProof\" role=\"presentation\">\n<p>Compl\u00e9ter le bilan de maladies neurologiques\u00a0<\/p>\n<\/div>\n<\/li>\n<\/ul>\n<div class=\"x_elementToProof\"><b>Quels types de potentiels \u00e9voqu\u00e9s sont r\u00e9alis\u00e9s ?<\/b><\/div>\n<div class=\"x_elementToProof\">\n<p>En fonction de l\u2019indication clinique, diff\u00e9rents examens peuvent \u00eatre propos\u00e9s :<\/p>\n<p>&nbsp;<\/p>\n<\/div>\n<ul>\n<li>\n<div class=\"x_elementToProof\" role=\"presentation\"><b>Potentiels \u00e9voqu\u00e9s visuels (PEV)<\/b>\u00a0: analyse de la conduction du nerf optique \u00e0 partir d\u2019une stimulation visuelle (\u00e9cran \u00e0 damier).<\/div>\n<\/li>\n<li>\n<div class=\"x_elementToProof\" role=\"presentation\"><b>Potentiels \u00e9voqu\u00e9s somesth\u00e9siques (PES)<\/b>\u00a0: \u00e9tude des voies sensitives apr\u00e8s stimulation \u00e9lectrique d\u2019un nerf p\u00e9riph\u00e9rique.<\/div>\n<\/li>\n<li>\n<div class=\"x_elementToProof\" role=\"presentation\"><b>Potentiels \u00e9voqu\u00e9s moteurs (PEM)<\/b>\u00a0: exploration des voies motrices apr\u00e8s stimulation du cortex c\u00e9r\u00e9bral, et de la moelle \u00e9pini\u00e8re.<\/div>\n<\/li>\n<\/ul>\n<div class=\"x_elementToProof\"><\/div>\n<p>[\/et_pb_text][\/et_pb_column][\/et_pb_row][\/et_pb_section]<\/p>\n","protected":false},"excerpt":{"rendered":"<p>La clinique de neurologie prend en charge les adultes pr&eacute;sentant des pathologies aigues, subaig&uuml;es et chroniques du c<strong>erveau, des nerfs cr&acirc;niens, de la moelle &eacute;pini&egrave;re, des m&eacute;ninges, du syst&egrave;me nerveux p&eacute;riph&eacute;rique et des muscles<\/strong>.<\/p>\n","protected":false},"featured_media":870,"parent":831,"menu_order":0,"template":"","meta":{"_acf_changed":false,"_et_pb_use_builder":"on","_et_pb_old_content":"Nous nous occupons du diagnostic, de la prise en charge et de la th\u00e9rapie des\u00a0<strong>troubles des mouvements<\/strong>, des\u00a0<strong>troubles de l'\u00e9quilibre<\/strong>, des\u00a0<strong>troubles cognitifs<\/strong>, des\u00a0<strong>troubles de la vision<\/strong>, et des\u00a0<strong>maux de t\u00eate<\/strong>\u00a0ou de la face.\r\n\r\nLes maladies neurologiques peuvent \u00eatre d'origine cong\u00e9nitale, d\u00e9g\u00e9n\u00e9rative, inflammatoire, m\u00e9tabolique, infectieuse, n\u00e9oplasique ou vasculaire. Parmi celles-ci par exemple la\u00a0<strong>migraine<\/strong>, les\u00a0<strong>maladies de Parkinson<\/strong>\u00a0et\u00a0<strong>d\u2019Alzheimer<\/strong>, les\u00a0<strong>\u00e9pilepsies<\/strong>, les accidents vasculaires c\u00e9r\u00e9braux (<strong>AVC<\/strong>), l'<strong>hydroc\u00e9phalie normotensive<\/strong>, la\u00a0<strong>scl\u00e9rose en plaques<\/strong>, les\u00a0<strong>m\u00e9ningites<\/strong>\u00a0et\u00a0<strong>enc\u00e9phalites<\/strong>, la\u00a0<strong>myasth\u00e9nie<\/strong>, la les neuropathies p\u00e9riph\u00e9riques ou les\u00a0<strong>tumeurs c\u00e9r\u00e9brales<\/strong>.\r\n<h2>Actes<\/h2>\r\n<ul>\r\n \t<li>Electroenc\u00e9phalographie EEG<\/li>\r\n \t<li>Electromyographie EMG<\/li>\r\n \t<li>Vitesses de conductions motrices et sensitives<\/li>\r\n \t<li>Ondes F<\/li>\r\n \t<li>R\u00e9flexe H<\/li>\r\n \t<li>Stimulation r\u00e9p\u00e9titive et tests myasth\u00e9niques<\/li>\r\n \t<li>Potentiels \u00e9voqu\u00e9s visuels, auditifs, somato-sensoriels et moteurs<\/li>\r\n \t<li>Traitement par toxine botulique<\/li>\r\n \t<li>Bilan neuropsychologique<\/li>\r\n \t<li>Ponction lombaire<\/li>\r\n \t<li>Echographie Duplex des art\u00e8res carotides, vert\u00e9brales et intracr\u00e2niennes<\/li>\r\n \t<li>La mise au point d'un diagnostic et l\u2019\u00e9tablissement d'un plan de traitement par une \u00e9quipe multidisciplinaire en soins de l'AVC<\/li>\r\n \t<li>Un plan de soins pour un b\u00e9n\u00e9ficiaire hospitalis\u00e9 en raison d'un AVC \u00e9tabli par une \u00e9quipe multidisciplinaire<\/li>\r\n \t<li>Un bilan diagnostique sp\u00e9cialis\u00e9 des d\u00e9mences comprenant un examen neuropsychologique (\u00e9valuation des fonctions cognitives) pour les patients ayant une suspicion de d\u00e9mence<\/li>\r\n<\/ul>","_et_gb_content_width":"","_price":"","_stock":"","_tribe_ticket_header":"","_tribe_default_ticket_provider":"","_tribe_ticket_capacity":"0","_ticket_start_date":"","_ticket_end_date":"","_tribe_ticket_show_description":"","_tribe_ticket_show_not_going":false,"_tribe_ticket_use_global_stock":"","_tribe_ticket_global_stock_level":"","_global_stock_mode":"","_global_stock_cap":"","_tribe_rsvp_for_event":"","_tribe_ticket_going_count":"","_tribe_ticket_not_going_count":"","_tribe_tickets_list":"[]","_tribe_ticket_has_attendee_info_fields":false},"categories":[1866,44],"tags":[556,400,402,401,555,403,195,558,559,554,353,557],"class_list":["post-4171","service","type-service","status-publish","has-post-thumbnail","hentry","category-neurologie","category-specialite","tag-auditif","tag-eeg","tag-erp","tag-meg","tag-moteur","tag-neurophysiologie","tag-neuropsychologie","tag-potentiel","tag-potentiel-evoque","tag-somesthesique","tag-systeme-nerveux","tag-visuel"],"acf":[],"yoast_head":"<!-- This site is optimized with the Yoast SEO plugin v26.5 - https:\/\/yoast.com\/wordpress\/plugins\/seo\/ -->\n<title>Potentiels \u00e9voqu\u00e9s et doppler - CHU Saint-Pierre | UMC Sint-Pieter<\/title>\n<meta name=\"description\" content=\"La modification du potentiel \u00e9lectrique produite par le syst\u00e8me nerveux en r\u00e9ponse \u00e0 une stimulation externe, ou \u00e0 un \u00e9v\u00e9nement interne et enregistr\u00e9 gr\u00e2ce \u00e0 des techniques comme l&#039;\u00e9lectroenc\u00e9phalographie (EEG) ou la magn\u00e9toenc\u00e9phalographie (MEG).\" \/>\n<meta name=\"robots\" content=\"index, follow, max-snippet:-1, max-image-preview:large, max-video-preview:-1\" \/>\n<link rel=\"canonical\" href=\"https:\/\/www.stpierre-bru.be\/service\/neurologie\/potentiels-evoques\/\" \/>\n<meta property=\"og:locale\" content=\"en_US\" \/>\n<meta property=\"og:type\" content=\"article\" \/>\n<meta property=\"og:title\" content=\"Potentiels \u00e9voqu\u00e9s et doppler - CHU Saint-Pierre | UMC Sint-Pieter\" \/>\n<meta property=\"og:description\" content=\"La modification du potentiel \u00e9lectrique produite par le syst\u00e8me nerveux en r\u00e9ponse \u00e0 une stimulation externe, ou \u00e0 un \u00e9v\u00e9nement interne et enregistr\u00e9 gr\u00e2ce \u00e0 des techniques comme l&#039;\u00e9lectroenc\u00e9phalographie (EEG) ou la magn\u00e9toenc\u00e9phalographie (MEG).\" \/>\n<meta property=\"og:site_name\" content=\"CHU Saint-Pierre | UMC Sint-Pieter\" \/>\n<meta property=\"article:modified_time\" content=\"2026-04-23T13:49:58+00:00\" \/>\n<meta property=\"og:image\" content=\"https:\/\/www.stpierre-bru.be\/app\/uploads\/2021\/11\/Neurologie_72dpi-scaled.jpg\" \/>\n\t<meta property=\"og:image:width\" content=\"2560\" \/>\n\t<meta property=\"og:image:height\" content=\"1706\" \/>\n\t<meta property=\"og:image:type\" content=\"image\/jpeg\" \/>\n<meta name=\"twitter:card\" content=\"summary_large_image\" \/>\n<meta name=\"twitter:label1\" content=\"Est. reading time\" \/>\n\t<meta name=\"twitter:data1\" content=\"1 minute\" \/>\n<script type=\"application\/ld+json\" class=\"yoast-schema-graph\">{\"@context\":\"https:\/\/schema.org\",\"@graph\":[{\"@type\":\"WebPage\",\"@id\":\"https:\/\/www.stpierre-bru.be\/service\/neurologie\/potentiels-evoques\/\",\"url\":\"https:\/\/www.stpierre-bru.be\/service\/neurologie\/potentiels-evoques\/\",\"name\":\"Potentiels \u00e9voqu\u00e9s et doppler - CHU Saint-Pierre | UMC Sint-Pieter\",\"isPartOf\":{\"@id\":\"https:\/\/www.stpierre-bru.be\/#website\"},\"primaryImageOfPage\":{\"@id\":\"https:\/\/www.stpierre-bru.be\/service\/neurologie\/potentiels-evoques\/#primaryimage\"},\"image\":{\"@id\":\"https:\/\/www.stpierre-bru.be\/service\/neurologie\/potentiels-evoques\/#primaryimage\"},\"thumbnailUrl\":\"https:\/\/www.stpierre-bru.be\/app\/uploads\/2021\/11\/Neurologie_72dpi-scaled.jpg\",\"datePublished\":\"2022-01-13T11:50:25+00:00\",\"dateModified\":\"2026-04-23T13:49:58+00:00\",\"description\":\"La modification du potentiel \u00e9lectrique produite par le syst\u00e8me nerveux en r\u00e9ponse \u00e0 une stimulation externe, ou \u00e0 un \u00e9v\u00e9nement interne et enregistr\u00e9 gr\u00e2ce \u00e0 des techniques comme l'\u00e9lectroenc\u00e9phalographie (EEG) ou la magn\u00e9toenc\u00e9phalographie (MEG).\",\"breadcrumb\":{\"@id\":\"https:\/\/www.stpierre-bru.be\/service\/neurologie\/potentiels-evoques\/#breadcrumb\"},\"inLanguage\":\"en-US\",\"potentialAction\":[{\"@type\":\"ReadAction\",\"target\":[\"https:\/\/www.stpierre-bru.be\/service\/neurologie\/potentiels-evoques\/\"]}]},{\"@type\":\"ImageObject\",\"inLanguage\":\"en-US\",\"@id\":\"https:\/\/www.stpierre-bru.be\/service\/neurologie\/potentiels-evoques\/#primaryimage\",\"url\":\"https:\/\/www.stpierre-bru.be\/app\/uploads\/2021\/11\/Neurologie_72dpi-scaled.jpg\",\"contentUrl\":\"https:\/\/www.stpierre-bru.be\/app\/uploads\/2021\/11\/Neurologie_72dpi-scaled.jpg\",\"width\":2560,\"height\":1706,\"caption\":\"Human Internal Organic - Human Brain, medical concept.\"},{\"@type\":\"BreadcrumbList\",\"@id\":\"https:\/\/www.stpierre-bru.be\/service\/neurologie\/potentiels-evoques\/#breadcrumb\",\"itemListElement\":[{\"@type\":\"ListItem\",\"position\":1,\"name\":\"Home\",\"item\":\"https:\/\/www.stpierre-bru.be\/en\/\"},{\"@type\":\"ListItem\",\"position\":2,\"name\":\"Services\",\"item\":\"https:\/\/www.stpierre-bru.be\/nos-services-de-consultation\/\"},{\"@type\":\"ListItem\",\"position\":3,\"name\":\"Neurologie\",\"item\":\"https:\/\/www.stpierre-bru.be\/service\/neurologie\/\"},{\"@type\":\"ListItem\",\"position\":4,\"name\":\"Potentiels \u00e9voqu\u00e9s et doppler\"}]},{\"@type\":\"WebSite\",\"@id\":\"https:\/\/www.stpierre-bru.be\/#website\",\"url\":\"https:\/\/www.stpierre-bru.be\/\",\"name\":\"CHU Saint-Pierre | UMC Sint-Pieter\",\"description\":\"Bienvenue\",\"publisher\":{\"@id\":\"https:\/\/www.stpierre-bru.be\/#organization\"},\"potentialAction\":[{\"@type\":\"SearchAction\",\"target\":{\"@type\":\"EntryPoint\",\"urlTemplate\":\"https:\/\/www.stpierre-bru.be\/?s={search_term_string}\"},\"query-input\":{\"@type\":\"PropertyValueSpecification\",\"valueRequired\":true,\"valueName\":\"search_term_string\"}}],\"inLanguage\":\"en-US\"},{\"@type\":\"Organization\",\"@id\":\"https:\/\/www.stpierre-bru.be\/#organization\",\"name\":\"CHU Saint-Pierre | UMC Sint-Pieter\",\"url\":\"https:\/\/www.stpierre-bru.be\/\",\"logo\":{\"@type\":\"ImageObject\",\"inLanguage\":\"en-US\",\"@id\":\"https:\/\/www.stpierre-bru.be\/#\/schema\/logo\/image\/\",\"url\":\"https:\/\/www.stpierre-bru.be\/wp-content\/uploads\/2021\/06\/Logo_chu_umc_0.png\",\"contentUrl\":\"https:\/\/www.stpierre-bru.be\/wp-content\/uploads\/2021\/06\/Logo_chu_umc_0.png\",\"width\":733,\"height\":281,\"caption\":\"CHU Saint-Pierre | UMC Sint-Pieter\"},\"image\":{\"@id\":\"https:\/\/www.stpierre-bru.be\/#\/schema\/logo\/image\/\"}}]}<\/script>\n<!-- \/ Yoast SEO plugin. -->","yoast_head_json":{"title":"Potentiels \u00e9voqu\u00e9s et doppler - CHU Saint-Pierre | UMC Sint-Pieter","description":"La modification du potentiel \u00e9lectrique produite par le syst\u00e8me nerveux en r\u00e9ponse \u00e0 une stimulation externe, ou \u00e0 un \u00e9v\u00e9nement interne et enregistr\u00e9 gr\u00e2ce \u00e0 des techniques comme l'\u00e9lectroenc\u00e9phalographie (EEG) ou la magn\u00e9toenc\u00e9phalographie (MEG).","robots":{"index":"index","follow":"follow","max-snippet":"max-snippet:-1","max-image-preview":"max-image-preview:large","max-video-preview":"max-video-preview:-1"},"canonical":"https:\/\/www.stpierre-bru.be\/service\/neurologie\/potentiels-evoques\/","og_locale":"en_US","og_type":"article","og_title":"Potentiels \u00e9voqu\u00e9s et doppler - CHU Saint-Pierre | UMC Sint-Pieter","og_description":"La modification du potentiel \u00e9lectrique produite par le syst\u00e8me nerveux en r\u00e9ponse \u00e0 une stimulation externe, ou \u00e0 un \u00e9v\u00e9nement interne et enregistr\u00e9 gr\u00e2ce \u00e0 des techniques comme l'\u00e9lectroenc\u00e9phalographie (EEG) ou la magn\u00e9toenc\u00e9phalographie (MEG).","og_site_name":"CHU Saint-Pierre | UMC Sint-Pieter","article_modified_time":"2026-04-23T13:49:58+00:00","og_image":[{"width":2560,"height":1706,"url":"https:\/\/www.stpierre-bru.be\/app\/uploads\/2021\/11\/Neurologie_72dpi-scaled.jpg","type":"image\/jpeg"}],"twitter_card":"summary_large_image","twitter_misc":{"Est. reading time":"1 minute"},"schema":{"@context":"https:\/\/schema.org","@graph":[{"@type":"WebPage","@id":"https:\/\/www.stpierre-bru.be\/service\/neurologie\/potentiels-evoques\/","url":"https:\/\/www.stpierre-bru.be\/service\/neurologie\/potentiels-evoques\/","name":"Potentiels \u00e9voqu\u00e9s et doppler - CHU Saint-Pierre | UMC Sint-Pieter","isPartOf":{"@id":"https:\/\/www.stpierre-bru.be\/#website"},"primaryImageOfPage":{"@id":"https:\/\/www.stpierre-bru.be\/service\/neurologie\/potentiels-evoques\/#primaryimage"},"image":{"@id":"https:\/\/www.stpierre-bru.be\/service\/neurologie\/potentiels-evoques\/#primaryimage"},"thumbnailUrl":"https:\/\/www.stpierre-bru.be\/app\/uploads\/2021\/11\/Neurologie_72dpi-scaled.jpg","datePublished":"2022-01-13T11:50:25+00:00","dateModified":"2026-04-23T13:49:58+00:00","description":"La modification du potentiel \u00e9lectrique produite par le syst\u00e8me nerveux en r\u00e9ponse \u00e0 une stimulation externe, ou \u00e0 un \u00e9v\u00e9nement interne et enregistr\u00e9 gr\u00e2ce \u00e0 des techniques comme l'\u00e9lectroenc\u00e9phalographie (EEG) ou la magn\u00e9toenc\u00e9phalographie (MEG).","breadcrumb":{"@id":"https:\/\/www.stpierre-bru.be\/service\/neurologie\/potentiels-evoques\/#breadcrumb"},"inLanguage":"en-US","potentialAction":[{"@type":"ReadAction","target":["https:\/\/www.stpierre-bru.be\/service\/neurologie\/potentiels-evoques\/"]}]},{"@type":"ImageObject","inLanguage":"en-US","@id":"https:\/\/www.stpierre-bru.be\/service\/neurologie\/potentiels-evoques\/#primaryimage","url":"https:\/\/www.stpierre-bru.be\/app\/uploads\/2021\/11\/Neurologie_72dpi-scaled.jpg","contentUrl":"https:\/\/www.stpierre-bru.be\/app\/uploads\/2021\/11\/Neurologie_72dpi-scaled.jpg","width":2560,"height":1706,"caption":"Human Internal Organic - Human Brain, medical concept."},{"@type":"BreadcrumbList","@id":"https:\/\/www.stpierre-bru.be\/service\/neurologie\/potentiels-evoques\/#breadcrumb","itemListElement":[{"@type":"ListItem","position":1,"name":"Home","item":"https:\/\/www.stpierre-bru.be\/en\/"},{"@type":"ListItem","position":2,"name":"Services","item":"https:\/\/www.stpierre-bru.be\/nos-services-de-consultation\/"},{"@type":"ListItem","position":3,"name":"Neurologie","item":"https:\/\/www.stpierre-bru.be\/service\/neurologie\/"},{"@type":"ListItem","position":4,"name":"Potentiels \u00e9voqu\u00e9s et doppler"}]},{"@type":"WebSite","@id":"https:\/\/www.stpierre-bru.be\/#website","url":"https:\/\/www.stpierre-bru.be\/","name":"CHU Saint-Pierre | UMC Sint-Pieter","description":"Bienvenue","publisher":{"@id":"https:\/\/www.stpierre-bru.be\/#organization"},"potentialAction":[{"@type":"SearchAction","target":{"@type":"EntryPoint","urlTemplate":"https:\/\/www.stpierre-bru.be\/?s={search_term_string}"},"query-input":{"@type":"PropertyValueSpecification","valueRequired":true,"valueName":"search_term_string"}}],"inLanguage":"en-US"},{"@type":"Organization","@id":"https:\/\/www.stpierre-bru.be\/#organization","name":"CHU Saint-Pierre | UMC Sint-Pieter","url":"https:\/\/www.stpierre-bru.be\/","logo":{"@type":"ImageObject","inLanguage":"en-US","@id":"https:\/\/www.stpierre-bru.be\/#\/schema\/logo\/image\/","url":"https:\/\/www.stpierre-bru.be\/wp-content\/uploads\/2021\/06\/Logo_chu_umc_0.png","contentUrl":"https:\/\/www.stpierre-bru.be\/wp-content\/uploads\/2021\/06\/Logo_chu_umc_0.png","width":733,"height":281,"caption":"CHU Saint-Pierre | UMC Sint-Pieter"},"image":{"@id":"https:\/\/www.stpierre-bru.be\/#\/schema\/logo\/image\/"}}]}},"_links":{"self":[{"href":"https:\/\/www.stpierre-bru.be\/en\/wp-json\/wp\/v2\/service\/4171","targetHints":{"allow":["GET"]}}],"collection":[{"href":"https:\/\/www.stpierre-bru.be\/en\/wp-json\/wp\/v2\/service"}],"about":[{"href":"https:\/\/www.stpierre-bru.be\/en\/wp-json\/wp\/v2\/types\/service"}],"up":[{"embeddable":true,"href":"https:\/\/www.stpierre-bru.be\/en\/wp-json\/wp\/v2\/service\/831"}],"wp:featuredmedia":[{"embeddable":true,"href":"https:\/\/www.stpierre-bru.be\/en\/wp-json\/wp\/v2\/media\/870"}],"wp:attachment":[{"href":"https:\/\/www.stpierre-bru.be\/en\/wp-json\/wp\/v2\/media?parent=4171"}],"wp:term":[{"taxonomy":"category","embeddable":true,"href":"https:\/\/www.stpierre-bru.be\/en\/wp-json\/wp\/v2\/categories?post=4171"},{"taxonomy":"post_tag","embeddable":true,"href":"https:\/\/www.stpierre-bru.be\/en\/wp-json\/wp\/v2\/tags?post=4171"}],"curies":[{"name":"wp","href":"https:\/\/api.w.org\/{rel}","templated":true}]}}