{"id":4052,"date":"2022-01-07T09:16:25","date_gmt":"2022-01-07T08:16:25","guid":{"rendered":"http:\/\/10.14.1.26\/website\/?post_type=service&#038;p=4052"},"modified":"2025-10-16T16:53:57","modified_gmt":"2025-10-16T14:53:57","slug":"consultation-dallaitement","status":"publish","type":"service","link":"https:\/\/www.stpierre-bru.be\/en\/service\/grossesse-et-accouchement\/consultation-dallaitement\/","title":{"rendered":"9.1 L\u2019alimentation du nouveau-n\u00e9"},"content":{"rendered":"<p>[et_pb_section fb_built=&#8221;1&#8243; _builder_version=&#8221;4.16&#8243; _module_preset=&#8221;default&#8221; global_colors_info=&#8221;{}&#8221; theme_builder_area=&#8221;post_content&#8221;][et_pb_row _builder_version=&#8221;4.16&#8243; _module_preset=&#8221;default&#8221; global_colors_info=&#8221;{}&#8221; theme_builder_area=&#8221;post_content&#8221;][et_pb_column type=&#8221;4_4&#8243; _builder_version=&#8221;4.16&#8243; _module_preset=&#8221;default&#8221; global_colors_info=&#8221;{}&#8221; theme_builder_area=&#8221;post_content&#8221;][et_pb_accordion open_toggle_text_color=&#8221;#00B9B4&#8243; icon_color=&#8221;#00B9B4&#8243; _builder_version=&#8221;4.20.0&#8243; _module_preset=&#8221;default&#8221; toggle_text_color=&#8221;#00B9B4&#8243; toggle_font=&#8221;|600|||||||&#8221; width=&#8221;100%&#8221; custom_margin=&#8221;|-198px||||&#8221; hover_enabled=&#8221;0&#8243; global_colors_info=&#8221;{}&#8221; theme_builder_area=&#8221;post_content&#8221; sticky_enabled=&#8221;0&#8243;][et_pb_accordion_item title=&#8221;Soutien renforc\u00e9 dans le choix de l\u2019alimentation du nouveau-n\u00e9&#8221; open=&#8221;on&#8221; _builder_version=&#8221;4.16&#8243; _module_preset=&#8221;default&#8221; global_colors_info=&#8221;{}&#8221; theme_builder_area=&#8221;post_content&#8221;]<\/p>\n<p><span style=\"font-weight: 400;\">Nous sommes labellis\u00e9s \u00ab H\u00f4pital Amis des B\u00e9b\u00e9s \u00bb.<\/span><\/p>\n<p><span style=\"font-weight: 400;\">Cela signifie entre autres que notre maternit\u00e9 offre \u00e0 ses petits patients et leurs mamans le soutien n\u00e9cessaire \u00e0 la mise en place optimale de l&#8217;alimentation du nouveau-n\u00e9 que ce soit via le lait maternel ou artificiel.<\/span><\/p>\n<p><span style=\"font-weight: 400;\">C\u2019est pourquoi une \u00e9quipe de sages-femmes sp\u00e9cialis\u00e9e en alimentation du nouveau-n\u00e9 (consultantes certifi\u00e9es IBCLC) a \u00e9t\u00e9 cr\u00e9\u00e9e et est \u00e0 votre service aussi bien avant qu\u2019apr\u00e8s la naissance de votre enfant, en consultation ou \u00e0 la maternit\u00e9 lors de votre s\u00e9jour.<\/span><\/p>\n<p>[\/et_pb_accordion_item][et_pb_accordion_item title=&#8221;Dans quels cas prendre un rendez-vous avec une consultante en lactation?&#8221; _builder_version=&#8221;4.16&#8243; _module_preset=&#8221;default&#8221; global_colors_info=&#8221;{}&#8221; theme_builder_area=&#8221;post_content&#8221; open=&#8221;off&#8221;]<\/p>\n<p><i><span style=\"font-weight: 400;\">En pr\u00e9natal\u00a0<\/span><\/i><span style=\"font-weight: 400;\">: il est b\u00e9n\u00e9fique de se pencher d\u00e9j\u00e0 sur le sujet de l\u2019allaitement surtout si la future maman pr\u00e9sente une chirurgie mammaire, un ant\u00e9c\u00e9dent d\u2019allaitement difficile, des jumeaux, des mamelons qui ne ressortent pas (appel\u00e9 aussi mamelon ombiliqu\u00e9s ou plats), des questionnements quant au choix d\u2019alimentation du nouveau-n\u00e9 (maternel ou artificiel), des doutes ou des peurs\u2026<\/span><\/p>\n<p><i><span style=\"font-weight: 400;\">Apr\u00e8s la naissance<\/span><\/i><span style=\"font-weight: 400;\"> : Nous vous accompagnons tout au long de votre allaitement en fonction de vos besoins et questionnements et ce jusqu\u2019au 1 an de votre b\u00e9b\u00e9. Les demandes les plus fr\u00e9quentes sont en lien avec des probl\u00e8mes de douleurs au sein, la production de lait, les rythmes de sommeil du nouveau-n\u00e9, le sevrage de l\u2019allaitement, les probl\u00e8mes de frein de langue restrictif\u2026<\/span><\/p>\n<p><span style=\"font-weight: 400;\">Nous vous accueillons dans la bienveillance et le respect de vos choix.<\/span><\/p>\n<p>[\/et_pb_accordion_item][et_pb_accordion_item title=&#8221;Prendre rendez-vous&#8221; _builder_version=&#8221;4.16&#8243; _module_preset=&#8221;default&#8221; global_colors_info=&#8221;{}&#8221; theme_builder_area=&#8221;post_content&#8221; open=&#8221;off&#8221;]<\/p>\n<p><span style=\"font-weight: 400;\">T. +32(0)2 535 47 13<\/span><\/p>\n<p><span style=\"font-weight: 400;\">Pour prendre contact avec l\u2019\u00e9quipe de consultantes en allaitement\u00a0:\u00a0<\/span><\/p>\n<p><span style=\"font-weight: 400;\">Email\u00a0: consultante_lactation@stpierre-bru.be<\/span><span style=\"font-weight: 400;\">\u00a0<\/span><\/p>\n<p>&nbsp;<\/p>\n<p>[\/et_pb_accordion_item][et_pb_accordion_item title=&#8221;Douze conditions pour le succ\u00e8s de l&#8217;allaitement maternel&#8221; _builder_version=&#8221;4.20.0&#8243; _module_preset=&#8221;default&#8221; hover_enabled=&#8221;0&#8243; global_colors_info=&#8221;{}&#8221; theme_builder_area=&#8221;post_content&#8221; open=&#8221;off&#8221; sticky_enabled=&#8221;0&#8243;]<\/p>\n<p>Notre politique se base sur la philosophie IHAB (Initiative H\u00f4pital Ami des B\u00e9b\u00e9s), soutenue conjointement par l\u2019UNICEF et l\u2019OMS qui regroupe<span> <a href=\"https:\/\/www.stpierre-bru.be\/wp-content\/uploads\/2023\/03\/RECO_IHAB12_FR_090323.pdf\" rel=\"attachment wp-att-6093\">les 12 conditions pour le succ\u00e8s de l&#8217;allaitement maternel<\/a>:<\/span><\/p>\n<ol>\n<li>Adopter une politique d\u2019allaitement maternel formul\u00e9e par \u00e9crit et syst\u00e9matiquement port\u00e9e \u00e0 la connaissance de tous le personnel soignant.\n<\/li>\n<li>Donner \u00e0 tout le personnel soignant la formation et les comp\u00e9tences n\u00e9cessaires pour mettre en \u0153uvre cette politique.\n<\/li>\n<li>Informer toutes les femmes enceintes des avantages de l\u2019allaitement maternel et de sa pratique.\n<\/li>\n<li>Mettre les nouveau-n\u00e9s en contact peau-\u00e0-peau avec leur m\u00e8re imm\u00e9diatement \u00e0 la naissance et pendant au moins une heure; encourager les m\u00e8res \u00e0 reconna\u00eetre quand leur b\u00e9b\u00e9 est pr\u00eat \u00e0 t\u00e9ter, et offrir de l\u2019aide si n\u00e9cessaire.\n<\/li>\n<li>Indiquer aux m\u00e8res comment pratiquer l\u2019allaitement au sein et comment entretenir la lactation m\u00eame si elles se trouvent s\u00e9par\u00e9es de leur nourrisson.\n<\/li>\n<li>Ne donner aux nouveau-n\u00e9s aucun aliment ni aucune boisson autre que le lait maternel, sauf indication m\u00e9dicale.\n<\/li>\n<li>Laisser l\u2019enfant avec sa m\u00e8re 24h par jour.\n<\/li>\n<li>Encourager l\u2019allaitement au sein \u00e0 la demande de l\u2019enfant.\n<\/li>\n<li>Ne donner aux enfants nourris au sein aucune t\u00e9tine artificielle ou sucette.\n<\/li>\n<li>Encourager la constitution d\u2019associations de soutien \u00e0 l\u2019allaitement maternel et leur adresser les m\u00e8res d\u00e8s leur sortie de l\u2019h\u00f4pital ou de la clinique.\n<\/li>\n<li>Prot\u00e9ger les familles des pressions commerciales en respectant le Code International de commercialisation des substituts du lait maternel.\n<\/li>\n<li>Pendant le travail et l&#8217;accouchement, adopter des pratiques susceptibles de favoriser le lien m\u00e8re-enfant et un bon d\u00e9marrage de l&#8217;allaitement.<\/li>\n<\/ol>\n<p>Notre politique d\u2019accompagnement en salle de naissance est bas\u00e9e sur le respect de la physiologie.<br \/>Les interventions plus m\u00e9dicalis\u00e9es durant \u00a0le travail, l\u2019accouchement et l\u2019accueil du b\u00e9b\u00e9 sont r\u00e9serv\u00e9es aux situations qui le n\u00e9cessitent et seront expliqu\u00e9es aux parents.<\/p>\n<p>[\/et_pb_accordion_item][\/et_pb_accordion][\/et_pb_column][\/et_pb_row][et_pb_row column_structure=&#8221;1_2,1_2&#8243; make_equal=&#8221;on&#8221; _builder_version=&#8221;4.16&#8243; _module_preset=&#8221;default&#8221; custom_margin=&#8221;auto||auto||true|false&#8221; saved_tabs=&#8221;all&#8221; global_colors_info=&#8221;{}&#8221; theme_builder_area=&#8221;post_content&#8221;][et_pb_column type=&#8221;1_2&#8243; _builder_version=&#8221;4.16&#8243; _module_preset=&#8221;default&#8221; global_colors_info=&#8221;{}&#8221; theme_builder_area=&#8221;post_content&#8221;][et_pb_cta title=&#8221;N\u00e9onatologie &#038; Grossesse \u00e0 risque&#8221; button_url=&#8221;@ET-DC@eyJkeW5hbWljIjp0cnVlLCJjb250ZW50IjoicG9zdF9saW5rX3VybF9zZXJ2aWNlIiwic2V0dGluZ3MiOnsicG9zdF9pZCI6IjQwNTEifX0=@&#8221; button_text=&#8221;Plus d&#8217;infos&#8221; _builder_version=&#8221;4.16&#8243; _dynamic_attributes=&#8221;button_url&#8221; _module_preset=&#8221;default&#8221; header_font=&#8221;|||||on|||&#8221; background_color=&#8221;#FFFFFF&#8221; custom_button=&#8221;on&#8221; button_text_size=&#8221;16px&#8221; button_text_color=&#8221;#FFFFFF&#8221; button_bg_color=&#8221;#B1C737&#8243; button_border_color=&#8221;#FFFFFF&#8221; button_border_radius=&#8221;210px&#8221; button_use_icon=&#8221;off&#8221; button_alignment=&#8221;right&#8221; transform_scale_linked__hover=&#8221;off&#8221; transform_translate_linked__hover=&#8221;off&#8221; text_orientation=&#8221;left&#8221; background_layout=&#8221;light&#8221; height=&#8221;250px&#8221; border_width_left=&#8221;3px&#8221; border_color_left=&#8221;#B1C737&#8243; box_shadow_style=&#8221;preset1&#8243; box_shadow_style_button=&#8221;preset1&#8243; global_colors_info=&#8221;{}&#8221; transform_styles__hover_enabled=&#8221;on|hover&#8221; transform_scale__hover_enabled=&#8221;on|hover&#8221; transform_translate__hover_enabled=&#8221;on|desktop&#8221; transform_rotate__hover_enabled=&#8221;on|desktop&#8221; transform_skew__hover_enabled=&#8221;on|desktop&#8221; transform_origin__hover_enabled=&#8221;on|desktop&#8221; transform_translate__hover=&#8221;0px|-20px&#8221; theme_builder_area=&#8221;post_content&#8221;][\/et_pb_cta][\/et_pb_column][et_pb_column type=&#8221;1_2&#8243; _builder_version=&#8221;4.16&#8243; _module_preset=&#8221;default&#8221; global_colors_info=&#8221;{}&#8221; theme_builder_area=&#8221;post_content&#8221;][et_pb_cta title=&#8221;Brochure Bien-Na\u00eetre&#8221; button_url=&#8221;@ET-DC@eyJkeW5hbWljIjp0cnVlLCJjb250ZW50IjoicG9zdF9saW5rX3VybF9icm9jaHVyZSIsInNldHRpbmdzIjp7InBvc3RfaWQiOiI0MDY4In19@&#8221; button_text=&#8221;Lire&#8221; _builder_version=&#8221;4.16&#8243; _dynamic_attributes=&#8221;button_url&#8221; _module_preset=&#8221;default&#8221; header_font=&#8221;|||||on|||&#8221; background_color=&#8221;#FFFFFF&#8221; custom_button=&#8221;on&#8221; button_text_size=&#8221;16px&#8221; button_text_color=&#8221;#FFFFFF&#8221; button_bg_color=&#8221;#49CBC7&#8243; button_border_color=&#8221;#FFFFFF&#8221; button_border_radius=&#8221;210px&#8221; button_use_icon=&#8221;off&#8221; button_alignment=&#8221;right&#8221; transform_translate_linked__hover=&#8221;off&#8221; text_orientation=&#8221;left&#8221; background_layout=&#8221;light&#8221; height=&#8221;250px&#8221; border_color_all=&#8221;#49CBC7&#8243; border_width_left=&#8221;3px&#8221; box_shadow_style=&#8221;preset1&#8243; box_shadow_style_button=&#8221;preset1&#8243; global_colors_info=&#8221;{}&#8221; transform_styles__hover_enabled=&#8221;on|hover&#8221; transform_scale__hover_enabled=&#8221;on|desktop&#8221; transform_translate__hover_enabled=&#8221;on|hover&#8221; transform_rotate__hover_enabled=&#8221;on|desktop&#8221; transform_skew__hover_enabled=&#8221;on|desktop&#8221; transform_origin__hover_enabled=&#8221;on|desktop&#8221; transform_translate__hover=&#8221;0px|-20px&#8221; theme_builder_area=&#8221;post_content&#8221;][\/et_pb_cta][\/et_pb_column][\/et_pb_row][\/et_pb_section]<\/p>\n","protected":false},"excerpt":{"rendered":"<p>Nous sommes labelis\u00e9 \u00ab H\u00f4pital Amis des B\u00e9b\u00e9s \u00bb.<br \/>\nCela signifie en autres que notre maternit\u00e9 offre \u00e0 ses petits patients et leurs mamans le soutien n\u00e9cessaire \u00e0 la mise en place optimale de l\u2019allaitement.<\/p>\n","protected":false},"featured_media":5384,"parent":967,"menu_order":0,"template":"","meta":{"_acf_changed":false,"_et_pb_use_builder":"on","_et_pb_old_content":"","_et_gb_content_width":"","_price":"","_stock":"","_tribe_ticket_header":"","_tribe_default_ticket_provider":"","_tribe_ticket_capacity":"0","_ticket_start_date":"","_ticket_end_date":"","_tribe_ticket_show_description":"","_tribe_ticket_show_not_going":false,"_tribe_ticket_use_global_stock":"","_tribe_ticket_global_stock_level":"","_global_stock_mode":"","_global_stock_cap":"","_tribe_rsvp_for_event":"","_tribe_ticket_going_count":"","_tribe_ticket_not_going_count":"","_tribe_tickets_list":"[]","_tribe_ticket_has_attendee_info_fields":false},"categories":[],"tags":[137,151,183,136,133,185,184,182,186,176],"class_list":["post-4052","service","type-service","status-publish","has-post-thumbnail","hentry","tag-accouchement","tag-allaitement","tag-allaitement-maternel","tag-bebe","tag-foetus","tag-hopital-ami-des-bebes","tag-ihab","tag-lactation","tag-lait","tag-nouveau-ne"],"acf":[],"yoast_head":"<!-- This site is optimized with the Yoast SEO plugin v26.5 - https:\/\/yoast.com\/wordpress\/plugins\/seo\/ -->\n<title>9.1 L\u2019alimentation du nouveau-n\u00e9 - CHU Saint-Pierre | UMC Sint-Pieter<\/title>\n<meta name=\"description\" content=\"L&#039;\u00e9quipe d&#039;un service \u00ab Ami des B\u00e9b\u00e9s \u00bb favorise la proximit\u00e9 m\u00e8re-enfant d\u2019une part, et encourage, accompagne et prot\u00e8ge l\u2019allaitement maternel d\u2019autre part.\" \/>\n<meta name=\"robots\" content=\"index, follow, max-snippet:-1, max-image-preview:large, max-video-preview:-1\" \/>\n<link rel=\"canonical\" href=\"https:\/\/www.stpierre-bru.be\/service\/grossesse-et-accouchement\/consultation-dallaitement\/\" \/>\n<meta property=\"og:locale\" content=\"en_US\" \/>\n<meta property=\"og:type\" content=\"article\" \/>\n<meta property=\"og:title\" content=\"9.1 L\u2019alimentation du nouveau-n\u00e9 - CHU Saint-Pierre | UMC Sint-Pieter\" \/>\n<meta property=\"og:description\" content=\"L&#039;\u00e9quipe d&#039;un service \u00ab Ami des B\u00e9b\u00e9s \u00bb favorise la proximit\u00e9 m\u00e8re-enfant d\u2019une part, et encourage, accompagne et prot\u00e8ge l\u2019allaitement maternel d\u2019autre part.\" \/>\n<meta property=\"og:site_name\" content=\"CHU Saint-Pierre | UMC Sint-Pieter\" \/>\n<meta property=\"article:modified_time\" content=\"2025-10-16T14:53:57+00:00\" \/>\n<meta property=\"og:image\" content=\"https:\/\/www.stpierre-bru.be\/app\/uploads\/2022\/01\/maternite_saint_pierre_bruxelles.png\" \/>\n\t<meta property=\"og:image:width\" content=\"850\" \/>\n\t<meta property=\"og:image:height\" content=\"748\" \/>\n\t<meta property=\"og:image:type\" content=\"image\/png\" \/>\n<meta name=\"twitter:card\" content=\"summary_large_image\" \/>\n<meta name=\"twitter:label1\" content=\"Est. reading time\" \/>\n\t<meta name=\"twitter:data1\" content=\"4 minutes\" \/>\n<script type=\"application\/ld+json\" class=\"yoast-schema-graph\">{\"@context\":\"https:\/\/schema.org\",\"@graph\":[{\"@type\":\"WebPage\",\"@id\":\"https:\/\/www.stpierre-bru.be\/service\/grossesse-et-accouchement\/consultation-dallaitement\/\",\"url\":\"https:\/\/www.stpierre-bru.be\/service\/grossesse-et-accouchement\/consultation-dallaitement\/\",\"name\":\"9.1 L\u2019alimentation du nouveau-n\u00e9 - CHU Saint-Pierre | UMC Sint-Pieter\",\"isPartOf\":{\"@id\":\"https:\/\/www.stpierre-bru.be\/#website\"},\"primaryImageOfPage\":{\"@id\":\"https:\/\/www.stpierre-bru.be\/service\/grossesse-et-accouchement\/consultation-dallaitement\/#primaryimage\"},\"image\":{\"@id\":\"https:\/\/www.stpierre-bru.be\/service\/grossesse-et-accouchement\/consultation-dallaitement\/#primaryimage\"},\"thumbnailUrl\":\"https:\/\/www.stpierre-bru.be\/app\/uploads\/2022\/01\/maternite_saint_pierre_bruxelles.png\",\"datePublished\":\"2022-01-07T08:16:25+00:00\",\"dateModified\":\"2025-10-16T14:53:57+00:00\",\"description\":\"L'\u00e9quipe d'un service \u00ab Ami des B\u00e9b\u00e9s \u00bb favorise la proximit\u00e9 m\u00e8re-enfant d\u2019une part, et encourage, accompagne et prot\u00e8ge l\u2019allaitement maternel d\u2019autre part.\",\"breadcrumb\":{\"@id\":\"https:\/\/www.stpierre-bru.be\/service\/grossesse-et-accouchement\/consultation-dallaitement\/#breadcrumb\"},\"inLanguage\":\"en-US\",\"potentialAction\":[{\"@type\":\"ReadAction\",\"target\":[\"https:\/\/www.stpierre-bru.be\/service\/grossesse-et-accouchement\/consultation-dallaitement\/\"]}]},{\"@type\":\"ImageObject\",\"inLanguage\":\"en-US\",\"@id\":\"https:\/\/www.stpierre-bru.be\/service\/grossesse-et-accouchement\/consultation-dallaitement\/#primaryimage\",\"url\":\"https:\/\/www.stpierre-bru.be\/app\/uploads\/2022\/01\/maternite_saint_pierre_bruxelles.png\",\"contentUrl\":\"https:\/\/www.stpierre-bru.be\/app\/uploads\/2022\/01\/maternite_saint_pierre_bruxelles.png\",\"width\":850,\"height\":748,\"caption\":\"Grossesse accouchement mternit\u00e9 Saint-Pierre bruxelles\"},{\"@type\":\"BreadcrumbList\",\"@id\":\"https:\/\/www.stpierre-bru.be\/service\/grossesse-et-accouchement\/consultation-dallaitement\/#breadcrumb\",\"itemListElement\":[{\"@type\":\"ListItem\",\"position\":1,\"name\":\"Home\",\"item\":\"https:\/\/www.stpierre-bru.be\/en\/\"},{\"@type\":\"ListItem\",\"position\":2,\"name\":\"Services\",\"item\":\"https:\/\/www.stpierre-bru.be\/nos-services-de-consultation\/\"},{\"@type\":\"ListItem\",\"position\":3,\"name\":\"La Clinique de la Femme Enceinte\",\"item\":\"https:\/\/www.stpierre-bru.be\/service\/grossesse-et-accouchement\/\"},{\"@type\":\"ListItem\",\"position\":4,\"name\":\"9.1 L\u2019alimentation du nouveau-n\u00e9\"}]},{\"@type\":\"WebSite\",\"@id\":\"https:\/\/www.stpierre-bru.be\/#website\",\"url\":\"https:\/\/www.stpierre-bru.be\/\",\"name\":\"CHU Saint-Pierre | UMC Sint-Pieter\",\"description\":\"Bienvenue\",\"publisher\":{\"@id\":\"https:\/\/www.stpierre-bru.be\/#organization\"},\"potentialAction\":[{\"@type\":\"SearchAction\",\"target\":{\"@type\":\"EntryPoint\",\"urlTemplate\":\"https:\/\/www.stpierre-bru.be\/?s={search_term_string}\"},\"query-input\":{\"@type\":\"PropertyValueSpecification\",\"valueRequired\":true,\"valueName\":\"search_term_string\"}}],\"inLanguage\":\"en-US\"},{\"@type\":\"Organization\",\"@id\":\"https:\/\/www.stpierre-bru.be\/#organization\",\"name\":\"CHU Saint-Pierre | UMC Sint-Pieter\",\"url\":\"https:\/\/www.stpierre-bru.be\/\",\"logo\":{\"@type\":\"ImageObject\",\"inLanguage\":\"en-US\",\"@id\":\"https:\/\/www.stpierre-bru.be\/#\/schema\/logo\/image\/\",\"url\":\"https:\/\/www.stpierre-bru.be\/wp-content\/uploads\/2021\/06\/Logo_chu_umc_0.png\",\"contentUrl\":\"https:\/\/www.stpierre-bru.be\/wp-content\/uploads\/2021\/06\/Logo_chu_umc_0.png\",\"width\":733,\"height\":281,\"caption\":\"CHU Saint-Pierre | UMC Sint-Pieter\"},\"image\":{\"@id\":\"https:\/\/www.stpierre-bru.be\/#\/schema\/logo\/image\/\"}}]}<\/script>\n<!-- \/ Yoast SEO plugin. -->","yoast_head_json":{"title":"9.1 L\u2019alimentation du nouveau-n\u00e9 - CHU Saint-Pierre | UMC Sint-Pieter","description":"L'\u00e9quipe d'un service \u00ab Ami des B\u00e9b\u00e9s \u00bb favorise la proximit\u00e9 m\u00e8re-enfant d\u2019une part, et encourage, accompagne et prot\u00e8ge l\u2019allaitement maternel d\u2019autre part.","robots":{"index":"index","follow":"follow","max-snippet":"max-snippet:-1","max-image-preview":"max-image-preview:large","max-video-preview":"max-video-preview:-1"},"canonical":"https:\/\/www.stpierre-bru.be\/service\/grossesse-et-accouchement\/consultation-dallaitement\/","og_locale":"en_US","og_type":"article","og_title":"9.1 L\u2019alimentation du nouveau-n\u00e9 - CHU Saint-Pierre | UMC Sint-Pieter","og_description":"L'\u00e9quipe d'un service \u00ab Ami des B\u00e9b\u00e9s \u00bb favorise la proximit\u00e9 m\u00e8re-enfant d\u2019une part, et encourage, accompagne et prot\u00e8ge l\u2019allaitement maternel d\u2019autre part.","og_site_name":"CHU Saint-Pierre | UMC Sint-Pieter","article_modified_time":"2025-10-16T14:53:57+00:00","og_image":[{"width":850,"height":748,"url":"https:\/\/www.stpierre-bru.be\/app\/uploads\/2022\/01\/maternite_saint_pierre_bruxelles.png","type":"image\/png"}],"twitter_card":"summary_large_image","twitter_misc":{"Est. reading time":"4 minutes"},"schema":{"@context":"https:\/\/schema.org","@graph":[{"@type":"WebPage","@id":"https:\/\/www.stpierre-bru.be\/service\/grossesse-et-accouchement\/consultation-dallaitement\/","url":"https:\/\/www.stpierre-bru.be\/service\/grossesse-et-accouchement\/consultation-dallaitement\/","name":"9.1 L\u2019alimentation du nouveau-n\u00e9 - CHU Saint-Pierre | UMC Sint-Pieter","isPartOf":{"@id":"https:\/\/www.stpierre-bru.be\/#website"},"primaryImageOfPage":{"@id":"https:\/\/www.stpierre-bru.be\/service\/grossesse-et-accouchement\/consultation-dallaitement\/#primaryimage"},"image":{"@id":"https:\/\/www.stpierre-bru.be\/service\/grossesse-et-accouchement\/consultation-dallaitement\/#primaryimage"},"thumbnailUrl":"https:\/\/www.stpierre-bru.be\/app\/uploads\/2022\/01\/maternite_saint_pierre_bruxelles.png","datePublished":"2022-01-07T08:16:25+00:00","dateModified":"2025-10-16T14:53:57+00:00","description":"L'\u00e9quipe d'un service \u00ab Ami des B\u00e9b\u00e9s \u00bb favorise la proximit\u00e9 m\u00e8re-enfant d\u2019une part, et encourage, accompagne et prot\u00e8ge l\u2019allaitement maternel d\u2019autre part.","breadcrumb":{"@id":"https:\/\/www.stpierre-bru.be\/service\/grossesse-et-accouchement\/consultation-dallaitement\/#breadcrumb"},"inLanguage":"en-US","potentialAction":[{"@type":"ReadAction","target":["https:\/\/www.stpierre-bru.be\/service\/grossesse-et-accouchement\/consultation-dallaitement\/"]}]},{"@type":"ImageObject","inLanguage":"en-US","@id":"https:\/\/www.stpierre-bru.be\/service\/grossesse-et-accouchement\/consultation-dallaitement\/#primaryimage","url":"https:\/\/www.stpierre-bru.be\/app\/uploads\/2022\/01\/maternite_saint_pierre_bruxelles.png","contentUrl":"https:\/\/www.stpierre-bru.be\/app\/uploads\/2022\/01\/maternite_saint_pierre_bruxelles.png","width":850,"height":748,"caption":"Grossesse accouchement mternit\u00e9 Saint-Pierre bruxelles"},{"@type":"BreadcrumbList","@id":"https:\/\/www.stpierre-bru.be\/service\/grossesse-et-accouchement\/consultation-dallaitement\/#breadcrumb","itemListElement":[{"@type":"ListItem","position":1,"name":"Home","item":"https:\/\/www.stpierre-bru.be\/en\/"},{"@type":"ListItem","position":2,"name":"Services","item":"https:\/\/www.stpierre-bru.be\/nos-services-de-consultation\/"},{"@type":"ListItem","position":3,"name":"La Clinique de la Femme Enceinte","item":"https:\/\/www.stpierre-bru.be\/service\/grossesse-et-accouchement\/"},{"@type":"ListItem","position":4,"name":"9.1 L\u2019alimentation du nouveau-n\u00e9"}]},{"@type":"WebSite","@id":"https:\/\/www.stpierre-bru.be\/#website","url":"https:\/\/www.stpierre-bru.be\/","name":"CHU Saint-Pierre | UMC Sint-Pieter","description":"Bienvenue","publisher":{"@id":"https:\/\/www.stpierre-bru.be\/#organization"},"potentialAction":[{"@type":"SearchAction","target":{"@type":"EntryPoint","urlTemplate":"https:\/\/www.stpierre-bru.be\/?s={search_term_string}"},"query-input":{"@type":"PropertyValueSpecification","valueRequired":true,"valueName":"search_term_string"}}],"inLanguage":"en-US"},{"@type":"Organization","@id":"https:\/\/www.stpierre-bru.be\/#organization","name":"CHU Saint-Pierre | UMC Sint-Pieter","url":"https:\/\/www.stpierre-bru.be\/","logo":{"@type":"ImageObject","inLanguage":"en-US","@id":"https:\/\/www.stpierre-bru.be\/#\/schema\/logo\/image\/","url":"https:\/\/www.stpierre-bru.be\/wp-content\/uploads\/2021\/06\/Logo_chu_umc_0.png","contentUrl":"https:\/\/www.stpierre-bru.be\/wp-content\/uploads\/2021\/06\/Logo_chu_umc_0.png","width":733,"height":281,"caption":"CHU Saint-Pierre | UMC Sint-Pieter"},"image":{"@id":"https:\/\/www.stpierre-bru.be\/#\/schema\/logo\/image\/"}}]}},"_links":{"self":[{"href":"https:\/\/www.stpierre-bru.be\/en\/wp-json\/wp\/v2\/service\/4052","targetHints":{"allow":["GET"]}}],"collection":[{"href":"https:\/\/www.stpierre-bru.be\/en\/wp-json\/wp\/v2\/service"}],"about":[{"href":"https:\/\/www.stpierre-bru.be\/en\/wp-json\/wp\/v2\/types\/service"}],"up":[{"embeddable":true,"href":"https:\/\/www.stpierre-bru.be\/en\/wp-json\/wp\/v2\/service\/967"}],"wp:featuredmedia":[{"embeddable":true,"href":"https:\/\/www.stpierre-bru.be\/en\/wp-json\/wp\/v2\/media\/5384"}],"wp:attachment":[{"href":"https:\/\/www.stpierre-bru.be\/en\/wp-json\/wp\/v2\/media?parent=4052"}],"wp:term":[{"taxonomy":"category","embeddable":true,"href":"https:\/\/www.stpierre-bru.be\/en\/wp-json\/wp\/v2\/categories?post=4052"},{"taxonomy":"post_tag","embeddable":true,"href":"https:\/\/www.stpierre-bru.be\/en\/wp-json\/wp\/v2\/tags?post=4052"}],"curies":[{"name":"wp","href":"https:\/\/api.w.org\/{rel}","templated":true}]}}