{"id":4048,"date":"2022-01-07T09:04:27","date_gmt":"2022-01-07T08:04:27","guid":{"rendered":"http:\/\/10.14.1.26\/website\/?post_type=service&#038;p=4048"},"modified":"2022-05-19T16:58:49","modified_gmt":"2022-05-19T14:58:49","slug":"pre-admission-maternite","status":"publish","type":"service","link":"https:\/\/www.stpierre-bru.be\/en\/service\/grossesse-et-accouchement\/pre-admission-maternite\/","title":{"rendered":"6 &#8211; Pr\u00e9-admission maternit\u00e9"},"content":{"rendered":"<p>[et_pb_section fb_built=&#8221;1&#8243; _builder_version=&#8221;4.14.4&#8243; _module_preset=&#8221;default&#8221; global_colors_info=&#8221;{}&#8221; theme_builder_area=&#8221;post_content&#8221;][et_pb_row _builder_version=&#8221;4.14.4&#8243; _module_preset=&#8221;default&#8221; global_colors_info=&#8221;{}&#8221; theme_builder_area=&#8221;post_content&#8221;][et_pb_column type=&#8221;4_4&#8243; _builder_version=&#8221;4.14.4&#8243; _module_preset=&#8221;default&#8221; global_colors_info=&#8221;{}&#8221; theme_builder_area=&#8221;post_content&#8221;][et_pb_text _builder_version=&#8221;4.14.8&#8243; _module_preset=&#8221;default&#8221; hover_enabled=&#8221;0&#8243; global_colors_info=&#8221;{}&#8221; theme_builder_area=&#8221;post_content&#8221; sticky_enabled=&#8221;0&#8243;]<\/p>\n<p>La pr\u00e9-admission c\u2019est un guichet et des horaires pr\u00e9vus sp\u00e9cialement pour vous permettre d\u2019effectuer cette d\u00e9marche administrative relative \u00e0 votre<span>\u00a0<\/span><strong>admission<\/strong>, quelques semaines avant votre accouchement.<\/p>\n<p>C\u2019est l\u2019\u00e9tape indispensable pour\u00a0:<\/p>\n<ul>\n<li>gagner du temps<\/li>\n<li>choisir votre chambre<\/li>\n<li>recevoir les infos pratiques et financi\u00e8res relatives \u00e0 votre hospitalisation<\/li>\n<\/ul>\n<h3><\/h3>\n<h4><strong><span style=\"color: #33cccc;\">Quand\u00a0?<\/span><\/strong><\/h4>\n<p>D\u00e8s votre 24<sup>\u00e8me<\/sup><span>\u00a0<\/span>semaine.<\/p>\n<h3><\/h3>\n<h4><span style=\"color: #33cccc;\"><strong>Comment\u00a0?<\/strong><\/span><\/h4>\n<ol>\n<li>Prenez rendez-vous:<br \/>Guichet d\u2019accueil des consultations (route 205)<br \/>+32 (0)2 535 36 66<\/li>\n<li>Munissez-vous de vos:<\/li>\n<\/ol>\n<ul>\n<li>Documents d\u2019identit\u00e9 (carte d\u2019identit\u00e9, carte de s\u00e9jour, passeport\u2026)<\/li>\n<li>Documents d\u2019assurabilit\u00e9 (mutuelle, assurance, carte m\u00e9dicale\u2026)<\/li>\n<\/ul>\n<h3><\/h3>\n<h4><span style=\"color: #33cccc;\"><strong>O\u00f9\u00a0?<\/strong><\/span><\/h4>\n<p><a href=\"https:\/\/www.stpierre-bru.be\/patients-visiteurs-hospitalisation\/hospitalisation-classique\/visites\/\">CHU Saint-Pierre &#8211; site Porte de Hal\u00a0<\/a><br \/>Route 205 \/Pr\u00e9-admission<\/p>\n<p>&nbsp;<\/p>\n<p>[\/et_pb_text][\/et_pb_column][\/et_pb_row][et_pb_row column_structure=&#8221;1_2,1_2&#8243; make_equal=&#8221;on&#8221; _builder_version=&#8221;4.9.4&#8243; _module_preset=&#8221;default&#8221; custom_margin=&#8221;auto||auto||true|false&#8221; saved_tabs=&#8221;all&#8221; global_colors_info=&#8221;{}&#8221; theme_builder_area=&#8221;post_content&#8221;][et_pb_column type=&#8221;1_2&#8243; _builder_version=&#8221;4.9.4&#8243; _module_preset=&#8221;default&#8221; global_colors_info=&#8221;{}&#8221; theme_builder_area=&#8221;post_content&#8221;][et_pb_cta title=&#8221;Pr\u00e9paration \u00e0 la naissance&#8221; button_url=&#8221;@ET-DC@eyJkeW5hbWljIjp0cnVlLCJjb250ZW50IjoicG9zdF9saW5rX3VybF9zZXJ2aWNlIiwic2V0dGluZ3MiOnsicG9zdF9pZCI6IjQwNDcifX0=@&#8221; button_text=&#8221;Plus d&#8217;infos&#8221; _builder_version=&#8221;4.14.4&#8243; _dynamic_attributes=&#8221;button_url&#8221; _module_preset=&#8221;default&#8221; header_font=&#8221;|||||on|||&#8221; background_color=&#8221;#FFFFFF&#8221; custom_button=&#8221;on&#8221; button_text_size=&#8221;16px&#8221; button_text_color=&#8221;#FFFFFF&#8221; button_bg_color=&#8221;#B1C737&#8243; button_border_color=&#8221;#FFFFFF&#8221; button_border_radius=&#8221;210px&#8221; button_use_icon=&#8221;off&#8221; button_alignment=&#8221;right&#8221; transform_scale_linked__hover=&#8221;off&#8221; transform_translate_linked__hover=&#8221;off&#8221; text_orientation=&#8221;left&#8221; background_layout=&#8221;light&#8221; height=&#8221;250px&#8221; border_width_left=&#8221;3px&#8221; border_color_left=&#8221;#B1C737&#8243; box_shadow_style=&#8221;preset1&#8243; box_shadow_style_button=&#8221;preset1&#8243; global_colors_info=&#8221;{}&#8221; transform_styles__hover_enabled=&#8221;on|hover&#8221; transform_scale__hover_enabled=&#8221;on|hover&#8221; transform_translate__hover_enabled=&#8221;on|desktop&#8221; transform_rotate__hover_enabled=&#8221;on|desktop&#8221; transform_skew__hover_enabled=&#8221;on|desktop&#8221; transform_origin__hover_enabled=&#8221;on|desktop&#8221; transform_translate__hover=&#8221;0px|-20px&#8221; theme_builder_area=&#8221;post_content&#8221;][\/et_pb_cta][\/et_pb_column][et_pb_column type=&#8221;1_2&#8243; _builder_version=&#8221;4.9.4&#8243; _module_preset=&#8221;default&#8221; global_colors_info=&#8221;{}&#8221; theme_builder_area=&#8221;post_content&#8221;][et_pb_cta title=&#8221;Quand se rendre \u00e0 l&#8217;h\u00f4pital?&#8221; button_url=&#8221;@ET-DC@eyJkeW5hbWljIjp0cnVlLCJjb250ZW50IjoicG9zdF9saW5rX3VybF9zZXJ2aWNlIiwic2V0dGluZ3MiOnsicG9zdF9pZCI6IjQwNDkifX0=@&#8221; button_text=&#8221;Plus d&#8217;infos&#8221; _builder_version=&#8221;4.14.4&#8243; _dynamic_attributes=&#8221;button_url&#8221; _module_preset=&#8221;default&#8221; header_font=&#8221;|||||on|||&#8221; background_color=&#8221;#FFFFFF&#8221; custom_button=&#8221;on&#8221; button_text_size=&#8221;16px&#8221; button_text_color=&#8221;#FFFFFF&#8221; button_bg_color=&#8221;#49CBC7&#8243; button_border_color=&#8221;#FFFFFF&#8221; button_border_radius=&#8221;210px&#8221; button_use_icon=&#8221;off&#8221; button_alignment=&#8221;right&#8221; transform_translate_linked__hover=&#8221;off&#8221; text_orientation=&#8221;left&#8221; background_layout=&#8221;light&#8221; height=&#8221;250px&#8221; border_color_all=&#8221;#49CBC7&#8243; border_width_left=&#8221;3px&#8221; box_shadow_style=&#8221;preset1&#8243; box_shadow_style_button=&#8221;preset1&#8243; global_colors_info=&#8221;{}&#8221; transform_styles__hover_enabled=&#8221;on|hover&#8221; transform_scale__hover_enabled=&#8221;on|desktop&#8221; transform_translate__hover_enabled=&#8221;on|hover&#8221; transform_rotate__hover_enabled=&#8221;on|desktop&#8221; transform_skew__hover_enabled=&#8221;on|desktop&#8221; transform_origin__hover_enabled=&#8221;on|desktop&#8221; transform_translate__hover=&#8221;0px|-20px&#8221; theme_builder_area=&#8221;post_content&#8221;][\/et_pb_cta][\/et_pb_column][\/et_pb_row][\/et_pb_section]<\/p>\n","protected":false},"excerpt":{"rendered":"<p>Pensez \u00e0 la pr\u00e9-admission maternit\u00e9 d\u00e8s votre 22\u00e8me semaine de grossesse!<\/p>\n","protected":false},"featured_media":5390,"parent":967,"menu_order":0,"template":"","meta":{"_acf_changed":false,"_et_pb_use_builder":"on","_et_pb_old_content":"","_et_gb_content_width":"","_price":"","_stock":"","_tribe_ticket_header":"","_tribe_default_ticket_provider":"","_tribe_ticket_capacity":"0","_ticket_start_date":"","_ticket_end_date":"","_tribe_ticket_show_description":"","_tribe_ticket_show_not_going":false,"_tribe_ticket_use_global_stock":"","_tribe_ticket_global_stock_level":"","_global_stock_mode":"","_global_stock_cap":"","_tribe_rsvp_for_event":"","_tribe_ticket_going_count":"","_tribe_ticket_not_going_count":"","_tribe_tickets_list":"[]","_tribe_ticket_has_attendee_info_fields":false},"categories":[1859,44],"tags":[137,169,136,133,170],"class_list":["post-4048","service","type-service","status-publish","has-post-thumbnail","hentry","category-gynecologie-obstetrique","category-specialite","tag-accouchement","tag-admission","tag-bebe","tag-foetus","tag-grossessse"],"acf":[],"yoast_head":"<!-- This site is optimized with the Yoast SEO plugin v26.5 - https:\/\/yoast.com\/wordpress\/plugins\/seo\/ -->\n<title>6 - Pr\u00e9-admission maternit\u00e9 - CHU Saint-Pierre | UMC Sint-Pieter<\/title>\n<meta name=\"description\" content=\"La pr\u00e9-admission c\u2019est un guichet et des horaires pr\u00e9vus sp\u00e9cialement pour vous permettre d\u2019effectuer la d\u00e9marche administrative relative \u00e0 votre admission.\" \/>\n<meta name=\"robots\" content=\"index, follow, max-snippet:-1, max-image-preview:large, max-video-preview:-1\" \/>\n<link rel=\"canonical\" href=\"https:\/\/www.stpierre-bru.be\/service\/grossesse-et-accouchement\/pre-admission-maternite\/\" \/>\n<meta property=\"og:locale\" content=\"en_US\" \/>\n<meta property=\"og:type\" content=\"article\" \/>\n<meta property=\"og:title\" content=\"6 - Pr\u00e9-admission maternit\u00e9 - CHU Saint-Pierre | UMC Sint-Pieter\" \/>\n<meta property=\"og:description\" content=\"La pr\u00e9-admission c\u2019est un guichet et des horaires pr\u00e9vus sp\u00e9cialement pour vous permettre d\u2019effectuer la d\u00e9marche administrative relative \u00e0 votre admission.\" \/>\n<meta property=\"og:site_name\" content=\"CHU Saint-Pierre | UMC Sint-Pieter\" \/>\n<meta property=\"article:modified_time\" content=\"2022-05-19T14:58:49+00:00\" \/>\n<meta property=\"og:image\" content=\"https:\/\/i0.wp.com\/www.stpierre-bru.be\/wp-content\/uploads\/2022\/01\/maternite_saint_pierre_bruxelles_2.png?fit=850%2C748&ssl=1\" \/>\n\t<meta property=\"og:image:width\" content=\"850\" \/>\n\t<meta property=\"og:image:height\" content=\"748\" \/>\n\t<meta property=\"og:image:type\" content=\"image\/png\" \/>\n<meta name=\"twitter:card\" content=\"summary_large_image\" \/>\n<script type=\"application\/ld+json\" class=\"yoast-schema-graph\">{\"@context\":\"https:\/\/schema.org\",\"@graph\":[{\"@type\":\"WebPage\",\"@id\":\"https:\/\/www.stpierre-bru.be\/service\/grossesse-et-accouchement\/pre-admission-maternite\/\",\"url\":\"https:\/\/www.stpierre-bru.be\/service\/grossesse-et-accouchement\/pre-admission-maternite\/\",\"name\":\"6 - Pr\u00e9-admission maternit\u00e9 - CHU Saint-Pierre | UMC Sint-Pieter\",\"isPartOf\":{\"@id\":\"https:\/\/www.stpierre-bru.be\/#website\"},\"primaryImageOfPage\":{\"@id\":\"https:\/\/www.stpierre-bru.be\/service\/grossesse-et-accouchement\/pre-admission-maternite\/#primaryimage\"},\"image\":{\"@id\":\"https:\/\/www.stpierre-bru.be\/service\/grossesse-et-accouchement\/pre-admission-maternite\/#primaryimage\"},\"thumbnailUrl\":\"https:\/\/www.stpierre-bru.be\/app\/uploads\/2022\/01\/maternite_saint_pierre_bruxelles_2.png\",\"datePublished\":\"2022-01-07T08:04:27+00:00\",\"dateModified\":\"2022-05-19T14:58:49+00:00\",\"description\":\"La pr\u00e9-admission c\u2019est un guichet et des horaires pr\u00e9vus sp\u00e9cialement pour vous permettre d\u2019effectuer la d\u00e9marche administrative relative \u00e0 votre admission.\",\"breadcrumb\":{\"@id\":\"https:\/\/www.stpierre-bru.be\/service\/grossesse-et-accouchement\/pre-admission-maternite\/#breadcrumb\"},\"inLanguage\":\"en-US\",\"potentialAction\":[{\"@type\":\"ReadAction\",\"target\":[\"https:\/\/www.stpierre-bru.be\/service\/grossesse-et-accouchement\/pre-admission-maternite\/\"]}]},{\"@type\":\"ImageObject\",\"inLanguage\":\"en-US\",\"@id\":\"https:\/\/www.stpierre-bru.be\/service\/grossesse-et-accouchement\/pre-admission-maternite\/#primaryimage\",\"url\":\"https:\/\/www.stpierre-bru.be\/app\/uploads\/2022\/01\/maternite_saint_pierre_bruxelles_2.png\",\"contentUrl\":\"https:\/\/www.stpierre-bru.be\/app\/uploads\/2022\/01\/maternite_saint_pierre_bruxelles_2.png\",\"width\":850,\"height\":748,\"caption\":\"Kevin Zuijderhoff\"},{\"@type\":\"BreadcrumbList\",\"@id\":\"https:\/\/www.stpierre-bru.be\/service\/grossesse-et-accouchement\/pre-admission-maternite\/#breadcrumb\",\"itemListElement\":[{\"@type\":\"ListItem\",\"position\":1,\"name\":\"Home\",\"item\":\"https:\/\/www.stpierre-bru.be\/en\/\"},{\"@type\":\"ListItem\",\"position\":2,\"name\":\"Services\",\"item\":\"https:\/\/www.stpierre-bru.be\/nos-services-de-consultation\/\"},{\"@type\":\"ListItem\",\"position\":3,\"name\":\"La Clinique de la Femme Enceinte\",\"item\":\"https:\/\/www.stpierre-bru.be\/service\/grossesse-et-accouchement\/\"},{\"@type\":\"ListItem\",\"position\":4,\"name\":\"6 &#8211; Pr\u00e9-admission maternit\u00e9\"}]},{\"@type\":\"WebSite\",\"@id\":\"https:\/\/www.stpierre-bru.be\/#website\",\"url\":\"https:\/\/www.stpierre-bru.be\/\",\"name\":\"CHU Saint-Pierre | UMC Sint-Pieter\",\"description\":\"Bienvenue\",\"publisher\":{\"@id\":\"https:\/\/www.stpierre-bru.be\/#organization\"},\"potentialAction\":[{\"@type\":\"SearchAction\",\"target\":{\"@type\":\"EntryPoint\",\"urlTemplate\":\"https:\/\/www.stpierre-bru.be\/?s={search_term_string}\"},\"query-input\":{\"@type\":\"PropertyValueSpecification\",\"valueRequired\":true,\"valueName\":\"search_term_string\"}}],\"inLanguage\":\"en-US\"},{\"@type\":\"Organization\",\"@id\":\"https:\/\/www.stpierre-bru.be\/#organization\",\"name\":\"CHU Saint-Pierre | UMC Sint-Pieter\",\"url\":\"https:\/\/www.stpierre-bru.be\/\",\"logo\":{\"@type\":\"ImageObject\",\"inLanguage\":\"en-US\",\"@id\":\"https:\/\/www.stpierre-bru.be\/#\/schema\/logo\/image\/\",\"url\":\"https:\/\/www.stpierre-bru.be\/wp-content\/uploads\/2021\/06\/Logo_chu_umc_0.png\",\"contentUrl\":\"https:\/\/www.stpierre-bru.be\/wp-content\/uploads\/2021\/06\/Logo_chu_umc_0.png\",\"width\":733,\"height\":281,\"caption\":\"CHU Saint-Pierre | UMC Sint-Pieter\"},\"image\":{\"@id\":\"https:\/\/www.stpierre-bru.be\/#\/schema\/logo\/image\/\"}}]}<\/script>\n<!-- \/ Yoast SEO plugin. -->","yoast_head_json":{"title":"6 - Pr\u00e9-admission maternit\u00e9 - CHU Saint-Pierre | UMC Sint-Pieter","description":"La pr\u00e9-admission c\u2019est un guichet et des horaires pr\u00e9vus sp\u00e9cialement pour vous permettre d\u2019effectuer la d\u00e9marche administrative relative \u00e0 votre admission.","robots":{"index":"index","follow":"follow","max-snippet":"max-snippet:-1","max-image-preview":"max-image-preview:large","max-video-preview":"max-video-preview:-1"},"canonical":"https:\/\/www.stpierre-bru.be\/service\/grossesse-et-accouchement\/pre-admission-maternite\/","og_locale":"en_US","og_type":"article","og_title":"6 - Pr\u00e9-admission maternit\u00e9 - CHU Saint-Pierre | UMC Sint-Pieter","og_description":"La pr\u00e9-admission c\u2019est un guichet et des horaires pr\u00e9vus sp\u00e9cialement pour vous permettre d\u2019effectuer la d\u00e9marche administrative relative \u00e0 votre admission.","og_site_name":"CHU Saint-Pierre | UMC Sint-Pieter","article_modified_time":"2022-05-19T14:58:49+00:00","og_image":[{"width":850,"height":748,"url":"https:\/\/i0.wp.com\/www.stpierre-bru.be\/wp-content\/uploads\/2022\/01\/maternite_saint_pierre_bruxelles_2.png?fit=850%2C748&ssl=1","type":"image\/png"}],"twitter_card":"summary_large_image","schema":{"@context":"https:\/\/schema.org","@graph":[{"@type":"WebPage","@id":"https:\/\/www.stpierre-bru.be\/service\/grossesse-et-accouchement\/pre-admission-maternite\/","url":"https:\/\/www.stpierre-bru.be\/service\/grossesse-et-accouchement\/pre-admission-maternite\/","name":"6 - Pr\u00e9-admission maternit\u00e9 - CHU Saint-Pierre | UMC Sint-Pieter","isPartOf":{"@id":"https:\/\/www.stpierre-bru.be\/#website"},"primaryImageOfPage":{"@id":"https:\/\/www.stpierre-bru.be\/service\/grossesse-et-accouchement\/pre-admission-maternite\/#primaryimage"},"image":{"@id":"https:\/\/www.stpierre-bru.be\/service\/grossesse-et-accouchement\/pre-admission-maternite\/#primaryimage"},"thumbnailUrl":"https:\/\/www.stpierre-bru.be\/app\/uploads\/2022\/01\/maternite_saint_pierre_bruxelles_2.png","datePublished":"2022-01-07T08:04:27+00:00","dateModified":"2022-05-19T14:58:49+00:00","description":"La pr\u00e9-admission c\u2019est un guichet et des horaires pr\u00e9vus sp\u00e9cialement pour vous permettre d\u2019effectuer la d\u00e9marche administrative relative \u00e0 votre admission.","breadcrumb":{"@id":"https:\/\/www.stpierre-bru.be\/service\/grossesse-et-accouchement\/pre-admission-maternite\/#breadcrumb"},"inLanguage":"en-US","potentialAction":[{"@type":"ReadAction","target":["https:\/\/www.stpierre-bru.be\/service\/grossesse-et-accouchement\/pre-admission-maternite\/"]}]},{"@type":"ImageObject","inLanguage":"en-US","@id":"https:\/\/www.stpierre-bru.be\/service\/grossesse-et-accouchement\/pre-admission-maternite\/#primaryimage","url":"https:\/\/www.stpierre-bru.be\/app\/uploads\/2022\/01\/maternite_saint_pierre_bruxelles_2.png","contentUrl":"https:\/\/www.stpierre-bru.be\/app\/uploads\/2022\/01\/maternite_saint_pierre_bruxelles_2.png","width":850,"height":748,"caption":"Kevin Zuijderhoff"},{"@type":"BreadcrumbList","@id":"https:\/\/www.stpierre-bru.be\/service\/grossesse-et-accouchement\/pre-admission-maternite\/#breadcrumb","itemListElement":[{"@type":"ListItem","position":1,"name":"Home","item":"https:\/\/www.stpierre-bru.be\/en\/"},{"@type":"ListItem","position":2,"name":"Services","item":"https:\/\/www.stpierre-bru.be\/nos-services-de-consultation\/"},{"@type":"ListItem","position":3,"name":"La Clinique de la Femme Enceinte","item":"https:\/\/www.stpierre-bru.be\/service\/grossesse-et-accouchement\/"},{"@type":"ListItem","position":4,"name":"6 &#8211; Pr\u00e9-admission maternit\u00e9"}]},{"@type":"WebSite","@id":"https:\/\/www.stpierre-bru.be\/#website","url":"https:\/\/www.stpierre-bru.be\/","name":"CHU Saint-Pierre | UMC Sint-Pieter","description":"Bienvenue","publisher":{"@id":"https:\/\/www.stpierre-bru.be\/#organization"},"potentialAction":[{"@type":"SearchAction","target":{"@type":"EntryPoint","urlTemplate":"https:\/\/www.stpierre-bru.be\/?s={search_term_string}"},"query-input":{"@type":"PropertyValueSpecification","valueRequired":true,"valueName":"search_term_string"}}],"inLanguage":"en-US"},{"@type":"Organization","@id":"https:\/\/www.stpierre-bru.be\/#organization","name":"CHU Saint-Pierre | UMC Sint-Pieter","url":"https:\/\/www.stpierre-bru.be\/","logo":{"@type":"ImageObject","inLanguage":"en-US","@id":"https:\/\/www.stpierre-bru.be\/#\/schema\/logo\/image\/","url":"https:\/\/www.stpierre-bru.be\/wp-content\/uploads\/2021\/06\/Logo_chu_umc_0.png","contentUrl":"https:\/\/www.stpierre-bru.be\/wp-content\/uploads\/2021\/06\/Logo_chu_umc_0.png","width":733,"height":281,"caption":"CHU Saint-Pierre | UMC Sint-Pieter"},"image":{"@id":"https:\/\/www.stpierre-bru.be\/#\/schema\/logo\/image\/"}}]}},"_links":{"self":[{"href":"https:\/\/www.stpierre-bru.be\/en\/wp-json\/wp\/v2\/service\/4048","targetHints":{"allow":["GET"]}}],"collection":[{"href":"https:\/\/www.stpierre-bru.be\/en\/wp-json\/wp\/v2\/service"}],"about":[{"href":"https:\/\/www.stpierre-bru.be\/en\/wp-json\/wp\/v2\/types\/service"}],"up":[{"embeddable":true,"href":"https:\/\/www.stpierre-bru.be\/en\/wp-json\/wp\/v2\/service\/967"}],"wp:featuredmedia":[{"embeddable":true,"href":"https:\/\/www.stpierre-bru.be\/en\/wp-json\/wp\/v2\/media\/5390"}],"wp:attachment":[{"href":"https:\/\/www.stpierre-bru.be\/en\/wp-json\/wp\/v2\/media?parent=4048"}],"wp:term":[{"taxonomy":"category","embeddable":true,"href":"https:\/\/www.stpierre-bru.be\/en\/wp-json\/wp\/v2\/categories?post=4048"},{"taxonomy":"post_tag","embeddable":true,"href":"https:\/\/www.stpierre-bru.be\/en\/wp-json\/wp\/v2\/tags?post=4048"}],"curies":[{"name":"wp","href":"https:\/\/api.w.org\/{rel}","templated":true}]}}