{"id":4047,"date":"2022-01-07T09:04:15","date_gmt":"2022-01-07T08:04:15","guid":{"rendered":"http:\/\/10.14.1.26\/website\/?post_type=service&#038;p=4047"},"modified":"2026-02-09T15:15:56","modified_gmt":"2026-02-09T14:15:56","slug":"preparation-a-la-naissance","status":"publish","type":"service","link":"https:\/\/www.stpierre-bru.be\/en\/service\/grossesse-et-accouchement\/preparation-a-la-naissance\/","title":{"rendered":"5 Pr\u00e9paration \u00e0 la naissance"},"content":{"rendered":"<p>[et_pb_section fb_built=&#8221;1&#8243; _builder_version=&#8221;4.16&#8243; _module_preset=&#8221;default&#8221; global_colors_info=&#8221;{}&#8221; theme_builder_area=&#8221;post_content&#8221;][et_pb_row _builder_version=&#8221;4.16&#8243; _module_preset=&#8221;default&#8221; global_colors_info=&#8221;{}&#8221; theme_builder_area=&#8221;post_content&#8221;][et_pb_column type=&#8221;4_4&#8243; _builder_version=&#8221;4.16&#8243; _module_preset=&#8221;default&#8221; global_colors_info=&#8221;{}&#8221; theme_builder_area=&#8221;post_content&#8221;][et_pb_text _builder_version=&#8221;4.20.4&#8243; _dynamic_attributes=&#8221;link_option_url&#8221; _module_preset=&#8221;default&#8221; link_option_url=&#8221;@ET-DC@eyJkeW5hbWljIjp0cnVlLCJjb250ZW50IjoicG9zdF9saW5rX3VybF9icm9jaHVyZSIsInNldHRpbmdzIjp7InBvc3RfaWQiOiI0Mzc3In19@&#8221; global_colors_info=&#8221;{}&#8221; theme_builder_area=&#8221;post_content&#8221;]<\/p>\n<p><strong>D\u00e9couvrez notre brochure <a href=\"https:\/\/www.stpierre-bru.be\/wp-content\/uploads\/2022\/06\/brochure_prepnaissance-FR-3-2022.pdf\">&#8220;Pr\u00e9paration \u00e0 la naissance&#8221;<\/a><\/strong><\/p>\n<p>[\/et_pb_text][et_pb_text _builder_version=&#8221;4.27.3&#8243; _module_preset=&#8221;default&#8221; custom_padding=&#8221;||0px|||&#8221; global_colors_info=&#8221;{}&#8221; theme_builder_area=&#8221;post_content&#8221;]<\/p>\n<p>Nos pr\u00e9parations \u00e0 la naissance commencent en g\u00e9n\u00e9ral vers la <strong>24i\u00e8me<\/strong> semaine d&#8217;am\u00e9norrh\u00e9e. Pensez \u00e0 les <strong>planifier<\/strong> \u00e0 partir de votre <strong>14i\u00e8me<\/strong> semaine d&#8217;am\u00e9norrh\u00e9e afin d&#8217;\u00eatre certaine d&#8217;avoir de la place.<\/p>\n<p>[\/et_pb_text][et_pb_accordion open_toggle_text_color=&#8221;#00B9B4&#8243; toggle_icon=&#8221;&#xe046;||divi||400&#8243; icon_color=&#8221;#00B9B4&#8243; _builder_version=&#8221;4.27.3&#8243; _module_preset=&#8221;default&#8221; toggle_text_color=&#8221;#00B9B4&#8243; toggle_font=&#8221;|600|||||||&#8221; hover_enabled=&#8221;0&#8243; global_colors_info=&#8221;{}&#8221; theme_builder_area=&#8221;post_content&#8221; sticky_enabled=&#8221;0&#8243;][et_pb_accordion_item title=&#8221;Choisir sa maternit\u00e9 &#8221; open=&#8221;on&#8221; _builder_version=&#8221;4.27.3&#8243; _module_preset=&#8221;default&#8221; hover_enabled=&#8221;0&#8243; global_colors_info=&#8221;{}&#8221; theme_builder_area=&#8221;post_content&#8221; sticky_enabled=&#8221;0&#8243;]<\/p>\n<p><a href=\"https:\/\/www.stpierre-bru.be\/app\/uploads\/2026\/02\/Seance-info-prenatale-Choisir-sa-maternite_light.pdf\">Cette rencontre avec une sage-femme<\/a> s\u2019adresse aux couples en p\u00e9riode pr\u00e9-conceptionnelle, en d\u00e9but de grossesse, ainsi qu\u2019\u00e0 ceux souhaitant changer d\u2019\u00e9tablissement hospitalier.<\/p>\n<div class=\"x_elementToProof\">\n<p>L\u2019objectif de cette s\u00e9ance est de vous pr\u00e9senter notre maternit\u00e9 dans son ensemble, depuis le suivi pr\u00e9natal jusqu\u2019\u00e0 l\u2019accouchement et le suivi post-partum, ainsi que notre philosophie de soins et les diff\u00e9rents services que nous proposons. Notre objectif est de vous donner toutes les informations n\u00e9cessaires pour vous <span data-olk-copy-source=\"MessageBody\">permettre de faire un choix \u00e9clair\u00e9 et en toute conscience quant \u00e0 votre <\/span>choix de maternit\u00e9. <strong>S\u00e9ance 1x\/mois g\u00e9n\u00e9ralement les jeudis.\u00a0<\/strong><strong><\/strong><strong><\/strong><\/p>\n<p><a href=\"https:\/\/rosa.be\/fr\/booking\/hp\/tarha-pradez\/motive\/?site=68f3788b2b9a0aff11f9c729&amp;is-new-patient=false&amp;organization_id=681a0123fc64847976121479&amp;isExternalBooking=true&amp;origin_path_name=%2Ffr%2Fprofile%2Ftarha-pradez%2F\">&#8211;&gt; Inscrivez-vous \u00e0 la s\u00e9ance d&#8217;information en ligne<\/a><\/p>\n<\/div>\n<p>[\/et_pb_accordion_item][et_pb_accordion_item title=&#8221;La consultation %22Parcours Pr\u00e9natal Personnalis\u00e9%22&#8243; _builder_version=&#8221;4.27.3&#8243; _module_preset=&#8221;default&#8221; global_colors_info=&#8221;{}&#8221; theme_builder_area=&#8221;post_content&#8221; open=&#8221;off&#8221;]<\/p>\n<p>C\u2019est une consultation obligatoire organis\u00e9e de mani\u00e8re individuelle par une sage-femme afin de mettre en place un suivi personnalis\u00e9, propos\u00e9 un r\u00e9seau adapt\u00e9 et pr\u00e9parer au mieux la naissance et le post-partum.\u00a0\u00a0<\/p>\n<ul>\n<li><span data-contrast=\"auto\">Vers la 14 semaine <\/span><span data-contrast=\"auto\">d\u2019am\u00e9norrh\u00e9e: discussion sur le suivi de grossesse et les diff\u00e9rentes pr\u00e9pa \u00e0 la naissance<\/span><span data-contrast=\"auto\">\u00a0\u00a0<\/span><span data-ccp-props=\"{}\">\u00a0<\/span><\/li>\n<li><span data-contrast=\"auto\">Vers la 30 semaine <\/span><span data-contrast=\"auto\">d\u2019am\u00e9norrh\u00e9e: naissance, \u00e9laboration du projet de naissance, prise en charge en Post-partum<\/span><span data-contrast=\"auto\">\u00a0\u00a0<\/span><span data-ccp-props=\"{}\">\u00a0<\/span><\/li>\n<li><span style=\"font-weight: 400;\">Dur\u00e9e : 30 min<\/span><\/li>\n<li><span style=\"font-weight: 400;\">O\u00f9 ? Route 510 A \u2013 Inscription pr\u00e9alable au 206 Consultation <\/span><span style=\"font-weight: 400;\">Pr\u00e9natale<\/span><\/li>\n<\/ul>\n<p><strong>\u00a0<\/strong><\/p>\n<p>[\/et_pb_accordion_item][et_pb_accordion_item title=&#8221;S\u00e9ances d&#8217;informations pr\u00e9natales &#8221; _builder_version=&#8221;4.27.3&#8243; _module_preset=&#8221;default&#8221; global_colors_info=&#8221;{}&#8221; theme_builder_area=&#8221;post_content&#8221; open=&#8221;off&#8221;]<\/p>\n<p>Tous les lundis,\u00a0<strong>de 18h \u00e0 20h au FORUM (<\/strong>CHU Saint-Pierre &#8211; Entr\u00e9e C, rue Haute 322 &#8211; 1000 BXL), nous organisons une s\u00e9ance d\u2019information pr\u00e9natale \u00e0 destination des futurs parents.<\/p>\n<p>Anim\u00e9e par une ou plusieurs sages femmes, ces s\u00e9ances se veulent dynamiques et interactives. Les accompagnants sont plus que bienvenus\u00a0!<\/p>\n<p>Les inscriptions se font via notre \u00e9quipe de secr\u00e9taires \u00e0 la consultation pr\u00e9natale (Route 205) ou\u00a0par t\u00e9l\u00e9phone (02\/535.47.13).<\/p>\n<p>Les diff\u00e9rents th\u00e8mes:<\/p>\n<ul>\n<li><strong>Choisir sa maternit\u00e9:<\/strong> Cette rencontre s\u2019adresse aux couples en p\u00e9riode pr\u00e9-conceptionnelle, en d\u00e9but de grossesse, ainsi qu\u2019\u00e0 ceux souhaitant changer d\u2019\u00e9tablissement hospitalier. <a href=\"https:\/\/rosa.be\/fr\/booking\/hp\/tarha-pradez\/motive\/?site=68f3788b2b9a0aff11f9c729&amp;is-new-patient=false&amp;organization_id=681a0123fc64847976121479&amp;isExternalBooking=true&amp;origin_path_name=%2Ffr%2Fprofile%2Ftarha-pradez%2F\">Inscrivez-vous ici<\/a>\n<div class=\"x_elementToProof\">\n<p>L\u2019objectif de cette s\u00e9ance est de vous pr\u00e9senter notre maternit\u00e9 dans son ensemble, depuis le suivi pr\u00e9natal jusqu\u2019\u00e0 l\u2019accouchement et le suivi post-partum, ainsi que notre philosophie de soins et les diff\u00e9rents services que nous proposons. Notre objectif est de vous donner toutes les informations n\u00e9cessaires pour vous <span data-olk-copy-source=\"MessageBody\">permettre de faire un choix \u00e9clair\u00e9 et en toute conscience quant \u00e0 votre <\/span>choix de maternit\u00e9. <strong>S\u00e9ance 1x\/mois.<\/strong><\/p>\n<\/div>\n<\/li>\n<li><a href=\"https:\/\/www.stpierre-bru.be\/app\/uploads\/2025\/08\/1.-Les-petits-maux-de-la-grossesse-2025.pdf\">La grossesse <\/a>(d\u00e8s 15 semaines): La grossesse est un \u00e9v\u00e9nement surprenant. Le corps de la femme change rapidement. Entre envies, petits maux, modifications physiques et psychiques, les sages-femmes vont faire la lumi\u00e8re sur ce qu\u2019il faut faire ou ne pas faire pendant sa grossesse. Une s\u00e9ance remplie de conseils d\u2019hygi\u00e8ne, d\u2019alimentation, de sports, etc\u2026 Une fa\u00e7on de faire table rase des id\u00e9es re\u00e7ues autour de la grossesse. Un moment indispensable d\u2019\u00e9changes et de discussions.<\/li>\n<li><a href=\"https:\/\/www.stpierre-bru.be\/app\/uploads\/2025\/08\/Salle_accouchement.pdf\" rel=\"attachment wp-att-6089\">La pr\u00e9paration \u00e0 la naissance <\/a>(d\u00e8s 28 semaines): Vivre une naissance peut \u00eatre un moment magique si on s\u2019y est pr\u00e9par\u00e9. Cette s\u00e9ance va vous permettre de comprendre comment se d\u00e9roule la naissance. Quand venir \u00e0 l\u2019h\u00f4pital ? Qu\u2019est-ce qu\u2019une contraction ? Que peut faire l\u2019accompagnant pour aider au mieux la patiente ? Comment soulager la douleur du travail ? Comment accueillir son b\u00e9b\u00e9 ? En r\u00e9sum\u00e9, nous allons essayer d\u2019effacer un peu cet inconnu qu\u2019est le moment de la naissance. <strong>Egalement les premiers lundis du mois de 18h-20h<\/strong><\/li>\n<li><a href=\"https:\/\/www.stpierre-bru.be\/app\/uploads\/2025\/08\/3.-Lallaitement-2025.pdf\" rel=\"attachment wp-att-6091\">L&#8217;allaitement du nouveau-n\u00e9 <\/a>(d\u00e8s 30 semaines): Vous avez fait le choisir de nourrir votre b\u00e9b\u00e9 au sein. En tant qu\u2019h\u00f4pital IHAB (initiative h\u00f4pital ami des b\u00e9b\u00e9s), nous sommes sp\u00e9cialis\u00e9s dans l\u2019accompagnement des mamans qui font le choix d\u2019allaiter au sein leur nouveau-n\u00e9. Nos consultantes en lactation vont donner de nombreux conseils pour \u00eatre pr\u00eat lors de la naissance. Elles permettront \u00e9galement \u00e0 l\u2019accompagnant de trouver sa place dans ce moment particulier des premiers jours de vie de votre b\u00e9b\u00e9. Vous avez fait le choix de nourrir votre b\u00e9b\u00e9 au biberon avec du lait artificiel et vous avez de nombreuses questions, nous vous proposons alors de prendre rendez vous en individuel pour en parler.<\/li>\n<li><strong><a href=\"https:\/\/www.stpierre-bru.be\/wp-content\/uploads\/2022\/03\/Retour_Maison.pdf\" rel=\"attachment wp-att-6087\">Le retour \u00e0 domicile et le caf\u00e9 des coparents<\/a><\/strong>\u00a0(d\u00e8s 32 semaines): Avez-vous d\u00e9j\u00e0 entendu parler du 4<sup>\u00e8me<\/sup>\u00a0trimestre de la grossesse ? Ingrid Bayot, sage-femme, en parle tr\u00e8s bien. Ces 3 mois apr\u00e8s la naissance qui sont si importants et pourtant si peu pr\u00e9par\u00e9s. Nos sages femmes vont vous donner de nombreux conseils pour vivre pleinement et sereinement cette p\u00e9riode.<br \/>A la fin de la s\u00e9ance, Mo\u00efse, partenaire enfants-parents de l\u2019ONE (Office de la Naissance et de l\u2019Enfance), proposera un moment de rencontre, de partage et d\u2019\u00e9changes entre futurs papas et co-parents autour de leur parentalit\u00e9 naissante.<\/li>\n<li><a href=\"https:\/\/www.stpierre-bru.be\/app\/uploads\/2025\/02\/5.-Aventure_de_la_vie_avec_bebe_2025_FR.pdf\" rel=\"attachment wp-att-50992\">Pleurs, comp\u00e9tence et sommeil du nouveau-n\u00e9<\/a>\u00a0(apr\u00e8s l&#8217;accouchement avec votre b\u00e9b\u00e9 ou en ant\u00e9natal): Le Dr Carouy, p\u00e9diatre g\u00e9n\u00e9raliste et passionn\u00e9 par les nouveau-n\u00e9s, vous parlera de l\u2019aventure in\u00e9dite de la vie avec un b\u00e9b\u00e9. Sa pr\u00e9sentation dynamique vous permettra d\u2019y voir plus clair sur votre b\u00e9b\u00e9 que vous ne comprenez pas toujours. <strong>Les 3\u00e8mes mardis du mois de 10h \u00e0 12h.<\/strong><\/li>\n<\/ul>\n<p>[\/et_pb_accordion_item][et_pb_accordion_item title=&#8221;La pr\u00e9paration \u00e0 la naissance collective avec une sage-femme&#8221; _builder_version=&#8221;4.17.6&#8243; _module_preset=&#8221;default&#8221; global_colors_info=&#8221;{}&#8221; theme_builder_area=&#8221;post_content&#8221; open=&#8221;off&#8221;]<\/p>\n<p>Si vous souhaitez recevoir de plus amples informations sur votre grossesse et les changements inh\u00e9rents \u00e0 celle-ci, comprendre les m\u00e9canismes de<span>\u00a0<\/span><strong>l\u2019accouchement<span>\u00a0<\/span><\/strong>et parler de l\u2019<strong>arriv\u00e9e de votre b\u00e9b\u00e9<\/strong><span>\u00a0<\/span>au sein de votre famille, des s\u00e9ances de pr\u00e9paration \u00e0 la naissance en groupe sont organis\u00e9es par des sages-femmes\u00a0de l\u2019h\u00f4pital (<strong>yoga pr\u00e9- et postnatal<\/strong>,<span>\u00a0<\/span><strong>pr\u00e9paration globale<\/strong>,<span>\u00a0<\/span><strong>pr\u00e9paration aquatique, atelier portage, massage femme enceinte, hypnonaissance<\/strong>).<\/p>\n<p>Ces s\u00e9ances vous permettront aussi de partager vos exp\u00e9riences et votre v\u00e9cu avec d\u2019autres femmes enceintes, d\u2019autres futurs parents.<\/p>\n<p>La premi\u00e8re s\u00e9ance aura lieu aux alentours de la<span>\u00a0<\/span><strong>24\u00e8me semaine. <\/strong>Nous vous conseillons de vous inscrire vers la<span>\u00a0<\/span><strong>20\u00e8me semaine.<\/strong><\/p>\n<p>[\/et_pb_accordion_item][et_pb_accordion_item title=&#8221;La pr\u00e9paration \u00e0 la naissance individuelle avec une sage-femme&#8221; _builder_version=&#8221;4.16&#8243; _module_preset=&#8221;default&#8221; global_colors_info=&#8221;{}&#8221; theme_builder_area=&#8221;post_content&#8221; open=&#8221;off&#8221;]<\/p>\n<p><span>Vous pouvez \u00e9galement vous pr\u00e9parer avec votre compagnon, ou le co-parent \u00e0 l\u2019arriv\u00e9e de votre b\u00e9b\u00e9 gr\u00e2ce \u00e0 des sages-femmes qui consultent soit en cabinet soit \u00e0 votre domicile. Les PEP&#8217;s (Partenaire Parent-enfant) de l\u2019ONE vous remettront la fascicule de pr\u00e9parations \u00e0 la naissance qui reprend toutes les sages-femmes qui travaillent au sein de notre h\u00f4pital et qui proposent des <\/span><strong>pr\u00e9parations \u00e0 la naissance<\/strong><span>\u00a0\u00e0 l\u2019ext\u00e9rieur. Vous pouvez \u00e9galement consulter le site\u00a0<\/span><a href=\"http:\/\/www.sage-femme.be\/\">www.sage-femme.be<\/a><span>\u00a0afin de trouver une sage-femme pr\u00e8s de chez vous.<\/span><\/p>\n<p>[\/et_pb_accordion_item][et_pb_accordion_item title=&#8221;Les s\u00e9ances individuelles de kin\u00e9 pr\u00e9natales&#8221; _builder_version=&#8221;4.16&#8243; _module_preset=&#8221;default&#8221; global_colors_info=&#8221;{}&#8221; theme_builder_area=&#8221;post_content&#8221; open=&#8221;off&#8221;]<\/p>\n<p>D\u00e8s le<strong><span>\u00a0<\/span>12 semaines\u00a0de grossesse<\/strong>, une \u00e9quipe de kin\u00e9sith\u00e9rapeutes est \u00e0 votre disposition afin de vous pr\u00e9parer et de vous informer sur les diff\u00e9rents aspects de l\u2019accouchement.<\/p>\n<p>Les diff\u00e9rents th\u00e8mes abord\u00e9s sont\u00a0:<\/p>\n<ul>\n<li>la pr\u00e9vention et la pr\u00e9paration du corps durant la grossesse<\/li>\n<li>le d\u00e9part pour la<span>\u00a0<\/span><strong>salle d\u2019accouchement<\/strong><\/li>\n<li>la<span>\u00a0<\/span><strong>gestion du travail<\/strong><span>\u00a0<\/span>en salle de naissance avec ou sans p\u00e9ridurale<\/li>\n<li><strong>l\u2019accouchement<span>\u00a0<\/span><\/strong>et les positions<\/li>\n<li>massage et relaxation de la future maman.<\/li>\n<\/ul>\n<p>Lors de ces s\u00e9ances, le futur p\u00e8re ou la personne qui vous accompagnera en salle de naissance est invit\u00e9(e) \u00e0 participer.<\/p>\n<p>Cette pr\u00e9paration se fait uniquement en s\u00e9ance individuelle et sur rendez-vous.<\/p>\n<p>Il vous est \u00e9galement possible de demander la pr\u00e9sence d\u2019une kin\u00e9sith\u00e9rapeute lors de l\u2019accouchement. Les modalit\u00e9s pratiques sont \u00e0 convenir lors de votre pr\u00e9paration.<\/p>\n<p><strong>O\u00f9?<a href=\"https:\/\/www.stpierre-bru.be\/patients-visiteurs-hospitalisation\/hospitalisation-classique\/visites\/\">\u00a0<\/a><\/strong><a href=\"https:\/\/www.stpierre-bru.be\/patients-visiteurs-hospitalisation\/hospitalisation-classique\/visites\/\">Site Alexiens\/C\u00e9sar De Paepe<\/a><br \/>Service de Gyn\u00e9cologie\/Clinique de P\u00e9rin\u00e9ologie &#8211; 3\u00e8me \u00e9tage<br \/>T. +32 (0)2 535 36 66<br \/>T. +32 (0)477 60 54 13<\/p>\n<p>[\/et_pb_accordion_item][et_pb_accordion_item title=&#8221;Pr\u00e9paration \u00e0 la naissance par c\u00e9sarienne&#8221; _builder_version=&#8221;4.27.3&#8243; _module_preset=&#8221;default&#8221; global_colors_info=&#8221;{}&#8221; theme_builder_area=&#8221;post_content&#8221; open=&#8221;off&#8221;]<\/p>\n<p><span style=\"font-weight: 400;\">Pour les patientes ayant une c\u00e9sarienne programm\u00e9e. Elle aborde, dans ce contexte, le projet de naissance, notre protocole en douceur et le post-partum. Une visite de la salle de naissance peut \u00eatre organis\u00e9e afin de permettre aux futurs parents de se rep\u00e9rer et d\u2019\u00eatre rassur\u00e9s avant la naissance de leur b\u00e9b\u00e9.<\/span><\/p>\n<ul>\n<li><b>Quand <\/b><span style=\"font-weight: 400;\">? A partir de 32 semaines d&#8217;am\u00e9norrh\u00e9e, 1 seule s\u00e9ance\u00a0<\/span><\/li>\n<li><span style=\"font-weight: 400;\">Dur\u00e9e: 1h30<\/span><\/li>\n<li><b>O\u00f9<\/b> <b>? <\/b><span style=\"font-weight: 400;\">Route 510 A<\/span><\/li>\n<\/ul>\n<p>[\/et_pb_accordion_item][et_pb_accordion_item title=&#8221;Pr\u00e9paration globale \u00e0 l&#8217;accouchement&#8221; _builder_version=&#8221;4.27.3&#8243; _module_preset=&#8221;default&#8221; global_colors_info=&#8221;{}&#8221; theme_builder_area=&#8221;post_content&#8221; open=&#8221;off&#8221;]<\/p>\n<p><span style=\"font-weight: 400;\">4 s\u00e9ances donn\u00e9es par des sages-femmes,\u00a0<\/span><span style=\"font-weight: 400;\">sur la physiologie de la grossesse, <\/span><span style=\"font-weight: 400;\">l\u2019accouchement et le post-partum. Elles <\/span><span style=\"font-weight: 400;\">sont \u00e9galement des moments de d\u00e9tente\u00a0<\/span><span style=\"font-weight: 400;\">incluant respiration et mouvement pour\u00a0<\/span><span style=\"font-weight: 400;\">la grossesse et l\u2019accouchement. Une visite\u00a0<\/span><span style=\"font-weight: 400;\">de la maternit\u00e9 et la salle d\u2019accouchement\u00a0<\/span><span style=\"font-weight: 400;\">est pr\u00e9vue. S\u00e9ances collectives ou\u00a0<\/span><span style=\"font-weight: 400;\">individuelles, les accompagnant(e)s sont <\/span><span style=\"font-weight: 400;\">bienvenus.<\/span><\/p>\n<ul>\n<li><span style=\"font-weight: 400;\">Quand ? \u00c0 partir de 28 semaines d\u2019am\u00e9<\/span><span style=\"font-weight: 400;\">norrh\u00e9e. En matin\u00e9e ou en soir\u00e9e. <\/span><span style=\"font-weight: 400;\">4 s\u00e9ances \u00e9tal\u00e9es sur 4 semaines + 1s\u00e9ance post accouchement<\/span><\/li>\n<li><span style=\"font-weight: 400;\">Dur\u00e9e : en individuelle= 1h15, en groupe 2h &#8211; 2h30<\/span><\/li>\n<li><span style=\"font-weight: 400;\">O\u00f9 ? Route 510 A (MIC)<\/span><\/li>\n<\/ul>\n<p>[\/et_pb_accordion_item][et_pb_accordion_item title=&#8221;Visite de la salle d&#8217;accouchement et de la maternit\u00e9&#8221; _builder_version=&#8221;4.27.3&#8243; _module_preset=&#8221;default&#8221; global_colors_info=&#8221;{}&#8221; theme_builder_area=&#8221;post_content&#8221; open=&#8221;off&#8221;]<\/p>\n<p>La visite permet aux futurs parents de se rep\u00e9rer et d\u2019\u00eatre rassur\u00e9s avant la naissance de leur b\u00e9b\u00e9. <span style=\"font-weight: 400;\">Elles se font<\/span><strong> sans enfant. <\/strong><\/p>\n<ul>\n<li><strong>Quand\u00a0?\u00a0<\/strong>A tout moment de la grossesse<\/li>\n<li><span style=\"font-weight: 400;\"><strong>Dur\u00e9e<\/strong>: 1h30<\/span><\/li>\n<li><strong>O\u00f9\u00a0?<\/strong> Route 510A (MIC)<\/li>\n<\/ul>\n<p>D\u00e9couvrez notre maternit\u00e9 ainsi que les autres lieux qui composent la Clinique de la Femme Enceinte gr\u00e2ce \u00e0<strong>\u00a0<\/strong><a href=\"https:\/\/www.vebi.be\/Visites-Virtuelles\/CHU_Saint-Pierre\/Maternite_FR.html\" target=\"_blank\" rel=\"noopener\">notre visite virtuelle<\/a>.<\/p>\n<p>[\/et_pb_accordion_item][et_pb_accordion_item title=&#8221;Pr\u00e9paration pr\u00e9natale aquatique&#8221; _builder_version=&#8221;4.24.2&#8243; _module_preset=&#8221;default&#8221; global_colors_info=&#8221;{}&#8221; theme_builder_area=&#8221;post_content&#8221; open=&#8221;off&#8221;]<\/p>\n<p><span style=\"font-weight: 400;\">4 s\u00e9ances offrant des exercices de\u00a0<\/span><span style=\"font-weight: 400;\">relaxation en piscine pour la grossesse et\u00a0<\/span><span style=\"font-weight: 400;\">l\u2019accouchement (sans accompagnant(e)) <\/span><\/p>\n<ul>\n<li><span style=\"font-weight: 400;\">Quand ? A partir de 30 semaines\u00a0<\/span><\/li>\n<li><span style=\"font-weight: 400;\">O\u00f9 ? RDV aux Bains de Bruxelles &#8211; Place <\/span><span style=\"font-weight: 400;\">du jeu de Balle &#8211; Rue du Chevreuil, 28 \u00e0 <\/span><span style=\"font-weight: 400;\">1000 BXL<\/span><\/li>\n<li><span style=\"font-weight: 400;\">Pr\u00e9voir maillot de bain et bonnet <\/span><\/li>\n<\/ul>\n<p>[\/et_pb_accordion_item][et_pb_accordion_item title=&#8221;Pr\u00e9paration \u00e0 l&#8217;accouchement dans l&#8217;eau&#8221; _builder_version=&#8221;4.27.3&#8243; _module_preset=&#8221;default&#8221; global_colors_info=&#8221;{}&#8221; theme_builder_area=&#8221;post_content&#8221; open=&#8221;off&#8221;]<\/p>\n<div class=\"x_elementToProof\" role=\"presentation\" data-olk-copy-source=\"MessageBody\">\n<p>Consultation individuelle et obligatoire si votre souhait est d&#8217;accoucher dans l&#8217;eau. il sera n\u00e9cessaire de discuter avec votre soignant r\u00e9f\u00e9rent au pr\u00e9alable afin de v\u00e9rifier l&#8217;\u00e9ligibilit\u00e9 de votre projet.\u00a0<\/p>\n<p>Cette s\u00e9ance vous permettra de discuter avec la sage-femme sur les pr\u00e9cautions particuli\u00e8res \u00e0 prendre afin de garantir votre s\u00e9curit\u00e9 lors d&#8217;un accouchement dans l&#8217;eau.<\/p><\/div>\n<ul>\n<li class=\"x_elementToProof\" role=\"presentation\">Quand? A partir de 30 SA d&#8217;am\u00e9norrh\u00e9e<\/li>\n<li class=\"x_elementToProof\" role=\"presentation\">Dur\u00e9e : 30 min<\/li>\n<li class=\"x_elementToProof\" role=\"presentation\">Route 510 A &#8211; inscription pr\u00e9alable au 206 Consultation pr\u00e9natale<\/li>\n<\/ul>\n<p>[\/et_pb_accordion_item][et_pb_accordion_item title=&#8221;Hypnonaissance&#8221; _builder_version=&#8221;4.27.3&#8243; _module_preset=&#8221;default&#8221; global_colors_info=&#8221;{}&#8221; theme_builder_area=&#8221;post_content&#8221; open=&#8221;off&#8221;]<\/p>\n<p><span style=\"font-weight: 400;\">S\u00e9ances collective ou individuelles, les accomapgnant(e)s sont les bienvenu(e)s. P<\/span><span style=\"font-weight: 400;\">r\u00e9paration \u00e0 la naissance permettant, <\/span><span style=\"font-weight: 400;\">gr\u00e2ce \u00e0 l\u2019hypnose, de vivre son accouche<\/span><span style=\"font-weight: 400;\">ment de fa\u00e7on plus sereine, plus naturelle <\/span><span style=\"font-weight: 400;\">et avec moins de douleur.<\/span><\/p>\n<ul>\n<li><span style=\"font-weight: 400;\">Quand ? A partir de 26 semaines d\u2019am\u00e9<\/span><span style=\"font-weight: 400;\">norrh\u00e9e<br \/><span>&#8211; 4 s\u00e9ances en individuel dur\u00e9e 1h15<br \/><\/span><\/span><span style=\"font-weight: 400;\"><span>&#8211; 5 s\u00e9ances en collectif dur\u00e9e 2h00<\/span><\/span><\/li>\n<li><span style=\"font-weight: 400;\">O\u00f9 ? Route 510 A\u00a0<\/span><\/li>\n<\/ul>\n<p>[\/et_pb_accordion_item][et_pb_accordion_item title=&#8221;Yoga pr\u00e9natal&#8221; _builder_version=&#8221;4.24.2&#8243; _module_preset=&#8221;default&#8221; global_colors_info=&#8221;{}&#8221; theme_builder_area=&#8221;post_content&#8221; open=&#8221;off&#8221;]<\/p>\n<p><span style=\"font-weight: 400;\">S\u00e9ances de yoga proposant aux femmes enceintes un moment de d\u00e9tente avec leur b\u00e9b\u00e9 gr\u00e2ce \u00e0 des postures simples et des exercices respiratoires (sans accompa<\/span><span style=\"font-weight: 400;\">gnant.e.s)<\/span><\/p>\n<ul>\n<li><span style=\"font-weight: 400;\">Quand ? \u00c0 partir de 28 semaines d\u2019am\u00e9<\/span><span style=\"font-weight: 400;\">norrh\u00e9e<\/span><\/li>\n<li><span style=\"font-weight: 400;\">Dur\u00e9e : 1h15<\/span><\/li>\n<li><span style=\"font-weight: 400;\">O\u00f9 ? Route 510A (MIC)<\/span><\/li>\n<\/ul>\n<p>[\/et_pb_accordion_item][et_pb_accordion_item title=&#8221;Consultation d&#8217;allaitement&#8221; _builder_version=&#8221;4.27.3&#8243; _module_preset=&#8221;default&#8221; global_colors_info=&#8221;{}&#8221; theme_builder_area=&#8221;post_content&#8221; open=&#8221;off&#8221;]<\/p>\n<p><span style=\"font-weight: 400;\">Consultation individuelle sp\u00e9cialis\u00e9e\u00a0<\/span><span style=\"font-weight: 400;\">dans l\u2019allaitement maternel et artificiel du <\/span><span style=\"font-weight: 400;\">nouveau-n\u00e9 et les pathologies\u00a0<\/span><span style=\"font-weight: 400;\">mammaires de la lactation, le v\u00e9cu difficile <\/span><span style=\"font-weight: 400;\">d\u2019un premier allaitement, op\u00e9ration mammaire, etc.<\/span><\/p>\n<p><span style=\"font-weight: 400;\">Pour qui ? Toutes les femmes d\u00e9sirant plus d\u2019informations sur la fa\u00e7on dont elles peuvent nourrir leur nouveau-n\u00e9, ayant un v\u00e9cu difficile d\u2019un premier allaitement, ayant subi une op\u00e9ration mammaire, etc.<\/span><\/p>\n<ul>\n<li><span style=\"font-weight: 400;\">O\u00f9 ? Route 510A &#8211; inscription pr\u00e9alable au 206<\/span><\/li>\n<\/ul>\n<p>[\/et_pb_accordion_item][et_pb_accordion_item title=&#8221;Massage pour femme enceinte&#8221; _builder_version=&#8221;4.27.3&#8243; _module_preset=&#8221;default&#8221; global_colors_info=&#8221;{}&#8221; theme_builder_area=&#8221;post_content&#8221; open=&#8221;off&#8221;]<\/p>\n<p><span style=\"font-weight: 400;\">Massage global harmonisant favorisant\u00a0<\/span><span style=\"font-weight: 400;\">un bien \u00eatre physique et mental pendant\u00a0<\/span><span style=\"font-weight: 400;\">la grossesse <\/span><span style=\"font-weight: 400;\">et en postnatal, r\u00e9alis\u00e9 par des sages-femmes.\u00a0<\/span><\/p>\n<ul>\n<li><span style=\"font-weight: 400;\">Dur\u00e9e? 1h<\/span><\/li>\n<li><span style=\"font-weight: 400;\">O\u00f9 ? Route 510 A<\/span><\/li>\n<\/ul>\n<p>[\/et_pb_accordion_item][et_pb_accordion_item title=&#8221;Atelier Portage du b\u00e9b\u00e9&#8221; _builder_version=&#8221;4.24.2&#8243; _module_preset=&#8221;default&#8221; global_colors_info=&#8221;{}&#8221; theme_builder_area=&#8221;post_content&#8221; open=&#8221;off&#8221;]<\/p>\n<p><span style=\"font-weight: 400;\">Un atelier unique proposant une initiation au portage physiologique et la d\u00e9monstration des diff\u00e9rents syst\u00e8mes existants. <\/span><span style=\"font-weight: 400;\">S\u00e9ance collective, les accompagnants sont les bienvenus.\u00a0<\/span><\/p>\n<ul>\n<li>dur\u00e9e: 2h<\/li>\n<li><span style=\"font-weight: 400;\">O\u00f9 ? Route 510 A (MIC)<\/span><\/li>\n<\/ul>\n<p>[\/et_pb_accordion_item][et_pb_accordion_item title=&#8221;Atelier %22Devenir Parents%22&#8243; _builder_version=&#8221;4.27.3&#8243; _module_preset=&#8221;default&#8221; global_colors_info=&#8221;{}&#8221; theme_builder_area=&#8221;post_content&#8221; open=&#8221;off&#8221;]<\/p>\n<p><strong>Vous devenez parent pour la premi\u00e8re fois?\u00a0<\/strong><\/p>\n<p>Participez \u00e0 nos journ\u00e9es d\u2019ateliers organis\u00e9es par la Clinique de la Femme Enceinte autour du passage \u00e0 la parentalit\u00e9 pour vous apporter confiance et s\u00e9r\u00e9nit\u00e9.<\/p>\n<p><strong>PROGRAMME<\/strong><\/p>\n<ul>\n<li>Les premiers gestes (change, bain, habillage, emmaillotage)<\/li>\n<li>Le portage<\/li>\n<li>La mise en route de l\u2019allaitement maternel<\/li>\n<li>Le r\u00f4le indispensable de l\u2019accompagnant durant le travail et l\u2019accouchement<\/li>\n<\/ul>\n<p><strong>Prochaines dates: les samedis<\/strong><\/p>\n<ul>\n<li><span>07\/02\/2026<\/span><\/li>\n<li><span>16\/05\/2026<\/span><\/li>\n<li><span>19\/09\/2026<\/span><\/li>\n<li><span>12\/12\/2026<\/span><\/li>\n<\/ul>\n<p><strong>Heures:<\/strong> de 9h30 \u00e0 16h00<\/p>\n<p><strong>O\u00f9?<\/strong> Au FORUM &#8211; 322 rue Haute \u00e0 1000 Bruxelles &#8211; Entr\u00e9e C &#8211; Auditoire Bastenie<\/p>\n<p><strong>Tarifs<\/strong>: 50 euros<\/p>\n<p><strong>Inscriptions et renseignements:<\/strong>\u00a0<a href=\"https:\/\/www.stpierre-bru.be\/event\/atliers-devenir-parents-2025\/\"> ici en ligne<\/a> , ou \u00e0 l&#8217;accueil des consultations pr\u00e9natales &#8211; Route 205 ou au 02\/ 535 47 13<\/p>\n<p>[\/et_pb_accordion_item][et_pb_accordion_item title=&#8221;Cycle de pleine conscience: soutien \u00e0 la parentalit\u00e9 en p\u00e9rinatalit\u00e9&#8221; _builder_version=&#8221;4.27.3&#8243; _module_preset=&#8221;default&#8221; global_colors_info=&#8221;{}&#8221; theme_builder_area=&#8221;post_content&#8221; open=&#8221;off&#8221;]<\/p>\n<p><span class=\"TextRun SCXW139696312 BCX0\" lang=\"FR-BE\" xml:lang=\"FR-BE\" data-contrast=\"auto\"><span class=\"NormalTextRun ContextualSpellingAndGrammarErrorV2Themed SCXW139696312 BCX0\">A<\/span><span class=\"NormalTextRun ContextualSpellingAndGrammarErrorV2Themed SCXW139696312 BCX0\">ccueille<\/span><span class=\"NormalTextRun ContextualSpellingAndGrammarErrorV2Themed SCXW139696312 BCX0\">\u00a0<\/span><span class=\"NormalTextRun ContextualSpellingAndGrammarErrorV2Themed SCXW139696312 BCX0\">les<\/span><span class=\"NormalTextRun SCXW139696312 BCX0\">\u00a0<\/span><span class=\"NormalTextRun SCXW139696312 BCX0\">(futurs) parents\u00a0<\/span><span class=\"NormalTextRun SCXW139696312 BCX0\">et<\/span><span class=\"NormalTextRun SCXW139696312 BCX0\">, s\u2019ils le souhaitent,<\/span><span class=\"NormalTextRun SCXW139696312 BCX0\">\u00a0<\/span><\/span><span class=\"TextRun SCXW139696312 BCX0\" lang=\"FR-BE\" xml:lang=\"FR-BE\" data-contrast=\"none\"><span class=\"NormalTextRun SCXW139696312 BCX0\">leur b\u00e9b\u00e9<\/span><span class=\"NormalTextRun SCXW139696312 BCX0\">. Les d\u00e9fis de la parentalit\u00e9 sollicitent un travail sur\u00a0<\/span><span class=\"NormalTextRun SCXW139696312 BCX0\">l<\/span><span class=\"NormalTextRun SCXW139696312 BCX0\">a pr\u00e9sence,\u00a0<\/span><span class=\"NormalTextRun SCXW139696312 BCX0\">l<\/span><span class=\"NormalTextRun SCXW139696312 BCX0\">a patience<\/span><span class=\"NormalTextRun SCXW139696312 BCX0\">\u00a0et l<\/span><span class=\"NormalTextRun SCXW139696312 BCX0\">a r\u00e9activit\u00e9\u00a0<\/span><span class=\"NormalTextRun SCXW139696312 BCX0\">du parent\u00a0<\/span><span class=\"NormalTextRun SCXW139696312 BCX0\">\u00e0 ce \u00e0 quoi<\/span><span class=\"NormalTextRun SCXW139696312 BCX0\">\u00a0confronte le b\u00e9b\u00e9<\/span><span class=\"NormalTextRun SCXW139696312 BCX0\">.<\/span><span class=\"NormalTextRun SCXW139696312 BCX0\">\u00a0<\/span><span class=\"NormalTextRun SCXW139696312 BCX0\">En d\u00e9veloppant\u00a0<\/span><span class=\"NormalTextRun SCXW139696312 BCX0\">la<\/span><span class=\"NormalTextRun SCXW139696312 BCX0\">\u00a0capacit\u00e9 de modulation de sa r\u00e9activit\u00e9, le parent peut soutenir son b\u00e9b\u00e9 \u00e0 r\u00e9guler sa propre mani\u00e8re d\u2019\u00eatre.\u00a0<\/span><\/span><span class=\"EOP SCXW139696312 BCX0\" data-ccp-props=\"{&quot;335551550&quot;:6,&quot;335551620&quot;:6}\">\u00a0<\/span><\/p>\n<p><a href=\"https:\/\/psybru.be\/fr\/psychologue\/cycle-de-pleine-conscience-soutien-a-la-parentalite-en-perinatalite\">Infos suppl\u00e9mentaires<\/a><\/p>\n<p class=\"x_MsoListParagraph\"><a href=\"https:\/\/forms.office.com\/pages\/responsepage.aspx?id=zVoFSJuyw0aY70P78H6TDitpDNZm_RxBgtxS9YcEKglUQ0VUWUZDNUIyOEZGWE5SQTQwSTVGTjNFSS4u&amp;route=shorturl\">inscription au cycle de janvier 2026<\/a><\/p>\n<p class=\"x_MsoListParagraph\">Contact: <a href=\"mailto:pleine.conscience@stpierre-bru.be\">pleine.conscience@stpierre-bru.be<\/a><\/p>\n<p>[\/et_pb_accordion_item][et_pb_accordion_item title=&#8221;Consultation Sommeil (POST NATAL) &#8221; _builder_version=&#8221;4.27.3&#8243; _module_preset=&#8221;default&#8221; global_colors_info=&#8221;{}&#8221; theme_builder_area=&#8221;post_content&#8221; open=&#8221;off&#8221;]<\/p>\n<p><strong>Destin\u00e9e aux parents d&#8217;enfants de 0 \u00e0 2 ans. <\/strong><\/p>\n<p><span data-olk-copy-source=\"MessageBody\">Cette consultation vise \u00e0 accompagner les parents dans la compr\u00e9hension de la physiologie du sommeil de leur enfant \u2014 en tenant compte de son \u00e2ge, de son stade de d\u00e9veloppement neurologique et de ses particularit\u00e9s. L\u2019objectif est d\u2019aider les familles \u00e0 identifier des ajustements compatibles avec leurs valeurs \u00e9ducatives, leurs besoins, tout en respectant le rythme et les besoins de l\u2019enfant.<\/span><\/p>\n<p><span data-olk-copy-source=\"MessageBody\">Attention: cette consultation n&#8217;est accessible qu&#8217;apr\u00e8s la naissance de votre b\u00e9b\u00e9.\u00a0<\/span><\/p>\n<p><span data-olk-copy-source=\"MessageBody\">Tarif: 60 euros\u00a0<\/span><\/p>\n<p>[\/et_pb_accordion_item][\/et_pb_accordion][et_pb_text _builder_version=&#8221;4.20.4&#8243; _dynamic_attributes=&#8221;link_option_url&#8221; _module_preset=&#8221;default&#8221; link_option_url=&#8221;@ET-DC@eyJkeW5hbWljIjp0cnVlLCJjb250ZW50IjoicG9zdF9saW5rX3VybF9icm9jaHVyZSIsInNldHRpbmdzIjp7InBvc3RfaWQiOiI0Mzc3In19@&#8221; global_colors_info=&#8221;{}&#8221; theme_builder_area=&#8221;post_content&#8221;]<\/p>\n<p><strong>Inscriptions<\/strong><\/p>\n<ul>\n<li><span style=\"font-weight: 400;\">Secr\u00e9tariat de la Consultation pr\u00e9natale \u2013 route 205<\/span><\/li>\n<li><span style=\"font-weight: 400;\">ou par t\u00e9l\u00e9phone T. 02\/535.47.13 ou via le site de l\u2019h\u00f4pital.<\/span><\/li>\n<\/ul>\n<p>[\/et_pb_text][\/et_pb_column][\/et_pb_row][et_pb_row column_structure=&#8221;1_2,1_2&#8243; make_equal=&#8221;on&#8221; _builder_version=&#8221;4.16&#8243; _module_preset=&#8221;default&#8221; custom_margin=&#8221;auto||auto||true|false&#8221; saved_tabs=&#8221;all&#8221; global_colors_info=&#8221;{}&#8221; theme_builder_area=&#8221;post_content&#8221;][et_pb_column type=&#8221;1_2&#8243; _builder_version=&#8221;4.16&#8243; _module_preset=&#8221;default&#8221; global_colors_info=&#8221;{}&#8221; theme_builder_area=&#8221;post_content&#8221;][et_pb_cta title=&#8221;Examens durant la grossesse&#8221; button_url=&#8221;@ET-DC@eyJkeW5hbWljIjp0cnVlLCJjb250ZW50IjoicG9zdF9saW5rX3VybF9zZXJ2aWNlIiwic2V0dGluZ3MiOnsicG9zdF9pZCI6IjQwNDYifX0=@&#8221; button_text=&#8221;Plus d&#8217;infos&#8221; _builder_version=&#8221;4.16&#8243; _dynamic_attributes=&#8221;button_url&#8221; _module_preset=&#8221;default&#8221; header_font=&#8221;|||||on|||&#8221; background_color=&#8221;#FFFFFF&#8221; custom_button=&#8221;on&#8221; button_text_size=&#8221;16px&#8221; button_text_color=&#8221;#FFFFFF&#8221; button_bg_color=&#8221;#B1C737&#8243; button_border_color=&#8221;#FFFFFF&#8221; button_border_radius=&#8221;210px&#8221; button_use_icon=&#8221;off&#8221; button_alignment=&#8221;right&#8221; transform_scale_linked__hover=&#8221;off&#8221; transform_translate_linked__hover=&#8221;off&#8221; text_orientation=&#8221;left&#8221; background_layout=&#8221;light&#8221; height=&#8221;250px&#8221; border_width_left=&#8221;3px&#8221; border_color_left=&#8221;#B1C737&#8243; box_shadow_style=&#8221;preset1&#8243; box_shadow_style_button=&#8221;preset1&#8243; global_colors_info=&#8221;{}&#8221; transform_styles__hover_enabled=&#8221;on|hover&#8221; transform_scale__hover_enabled=&#8221;on|hover&#8221; transform_translate__hover_enabled=&#8221;on|desktop&#8221; transform_rotate__hover_enabled=&#8221;on|desktop&#8221; transform_skew__hover_enabled=&#8221;on|desktop&#8221; transform_origin__hover_enabled=&#8221;on|desktop&#8221; transform_translate__hover=&#8221;0px|-20px&#8221; theme_builder_area=&#8221;post_content&#8221;][\/et_pb_cta][\/et_pb_column][et_pb_column type=&#8221;1_2&#8243; _builder_version=&#8221;4.16&#8243; _module_preset=&#8221;default&#8221; global_colors_info=&#8221;{}&#8221; theme_builder_area=&#8221;post_content&#8221;][et_pb_cta title=&#8221;Pr\u00e9-admission maternit\u00e9&#8221; button_url=&#8221;@ET-DC@eyJkeW5hbWljIjp0cnVlLCJjb250ZW50IjoicG9zdF9saW5rX3VybF9zZXJ2aWNlIiwic2V0dGluZ3MiOnsicG9zdF9pZCI6IjQwNDgifX0=@&#8221; button_text=&#8221;Plus d&#8217;infos&#8221; _builder_version=&#8221;4.16&#8243; _dynamic_attributes=&#8221;button_url&#8221; _module_preset=&#8221;default&#8221; header_font=&#8221;|||||on|||&#8221; background_color=&#8221;#FFFFFF&#8221; custom_button=&#8221;on&#8221; button_text_size=&#8221;16px&#8221; button_text_color=&#8221;#FFFFFF&#8221; button_bg_color=&#8221;#49CBC7&#8243; button_border_color=&#8221;#FFFFFF&#8221; button_border_radius=&#8221;210px&#8221; button_use_icon=&#8221;off&#8221; button_alignment=&#8221;right&#8221; transform_translate_linked__hover=&#8221;off&#8221; text_orientation=&#8221;left&#8221; background_layout=&#8221;light&#8221; height=&#8221;250px&#8221; border_color_all=&#8221;#49CBC7&#8243; border_width_left=&#8221;3px&#8221; box_shadow_style=&#8221;preset1&#8243; box_shadow_style_button=&#8221;preset1&#8243; global_colors_info=&#8221;{}&#8221; transform_styles__hover_enabled=&#8221;on|hover&#8221; transform_scale__hover_enabled=&#8221;on|desktop&#8221; transform_translate__hover_enabled=&#8221;on|hover&#8221; transform_rotate__hover_enabled=&#8221;on|desktop&#8221; transform_skew__hover_enabled=&#8221;on|desktop&#8221; transform_origin__hover_enabled=&#8221;on|desktop&#8221; transform_translate__hover=&#8221;0px|-20px&#8221; theme_builder_area=&#8221;post_content&#8221;][\/et_pb_cta][\/et_pb_column][\/et_pb_row][\/et_pb_section]<\/p>\n","protected":false},"excerpt":{"rendered":"<p>Nous mettons en place diff\u00e9rentes s\u00e9ances pour vous accompagnez dans votre pr\u00e9paration \u00e0 la naissance.<\/p>\n","protected":false},"featured_media":5384,"parent":967,"menu_order":0,"template":"","meta":{"_acf_changed":false,"_et_pb_use_builder":"on","_et_pb_old_content":"","_et_gb_content_width":"","_price":"","_stock":"","_tribe_ticket_header":"","_tribe_default_ticket_provider":"","_tribe_ticket_capacity":"0","_ticket_start_date":"","_ticket_end_date":"","_tribe_ticket_show_description":"","_tribe_ticket_show_not_going":false,"_tribe_ticket_use_global_stock":"","_tribe_ticket_global_stock_level":"","_global_stock_mode":"","_global_stock_cap":"","_tribe_rsvp_for_event":"","_tribe_ticket_going_count":"","_tribe_ticket_not_going_count":"","_tribe_tickets_list":"[]","_tribe_ticket_has_attendee_info_fields":false},"categories":[1859,44],"tags":[137,151,136,135,723,165,173,167,168,2088,166],"class_list":["post-4047","service","type-service","status-publish","has-post-thumbnail","hentry","category-gynecologie-obstetrique","category-specialite","tag-accouchement","tag-allaitement","tag-bebe","tag-enceinte","tag-femme","tag-kines-prenatales","tag-maternite","tag-preparation-aquatique","tag-preparation-globale","tag-preparation-naissance","tag-yoga-prenatal"],"acf":[],"yoast_head":"<!-- This site is optimized with the Yoast SEO plugin v26.5 - https:\/\/yoast.com\/wordpress\/plugins\/seo\/ -->\n<title>5 Pr\u00e9paration \u00e0 la naissance - CHU Saint-Pierre | UMC Sint-Pieter<\/title>\n<meta name=\"description\" content=\"Consultation bien-na\u00eetre, yoga pr\u00e9natal, pr\u00e9paration aquatiques, kin\u00e9 pr\u00e9natales, s\u00e9ances individuelles ou collectives avec une sage-femme.\" \/>\n<meta name=\"robots\" content=\"index, follow, max-snippet:-1, max-image-preview:large, max-video-preview:-1\" \/>\n<link rel=\"canonical\" href=\"https:\/\/www.stpierre-bru.be\/service\/grossesse-et-accouchement\/preparation-a-la-naissance\/\" \/>\n<meta property=\"og:locale\" content=\"en_US\" \/>\n<meta property=\"og:type\" content=\"article\" \/>\n<meta property=\"og:title\" content=\"5 Pr\u00e9paration \u00e0 la naissance - CHU Saint-Pierre | UMC Sint-Pieter\" \/>\n<meta property=\"og:description\" content=\"Consultation bien-na\u00eetre, yoga pr\u00e9natal, pr\u00e9paration aquatiques, kin\u00e9 pr\u00e9natales, s\u00e9ances individuelles ou collectives avec une sage-femme.\" \/>\n<meta property=\"og:site_name\" content=\"CHU Saint-Pierre | UMC Sint-Pieter\" \/>\n<meta property=\"article:modified_time\" content=\"2026-02-09T14:15:56+00:00\" \/>\n<meta property=\"og:image\" content=\"https:\/\/www.stpierre-bru.be\/app\/uploads\/2022\/01\/maternite_saint_pierre_bruxelles.png\" \/>\n\t<meta property=\"og:image:width\" content=\"850\" \/>\n\t<meta property=\"og:image:height\" content=\"748\" \/>\n\t<meta property=\"og:image:type\" content=\"image\/png\" \/>\n<meta name=\"twitter:card\" content=\"summary_large_image\" \/>\n<meta name=\"twitter:label1\" content=\"Est. reading time\" \/>\n\t<meta name=\"twitter:data1\" content=\"10 minutes\" \/>\n<script type=\"application\/ld+json\" class=\"yoast-schema-graph\">{\"@context\":\"https:\/\/schema.org\",\"@graph\":[{\"@type\":\"WebPage\",\"@id\":\"https:\/\/www.stpierre-bru.be\/service\/grossesse-et-accouchement\/preparation-a-la-naissance\/\",\"url\":\"https:\/\/www.stpierre-bru.be\/service\/grossesse-et-accouchement\/preparation-a-la-naissance\/\",\"name\":\"5 Pr\u00e9paration \u00e0 la naissance - CHU Saint-Pierre | UMC Sint-Pieter\",\"isPartOf\":{\"@id\":\"https:\/\/www.stpierre-bru.be\/#website\"},\"primaryImageOfPage\":{\"@id\":\"https:\/\/www.stpierre-bru.be\/service\/grossesse-et-accouchement\/preparation-a-la-naissance\/#primaryimage\"},\"image\":{\"@id\":\"https:\/\/www.stpierre-bru.be\/service\/grossesse-et-accouchement\/preparation-a-la-naissance\/#primaryimage\"},\"thumbnailUrl\":\"https:\/\/www.stpierre-bru.be\/app\/uploads\/2022\/01\/maternite_saint_pierre_bruxelles.png\",\"datePublished\":\"2022-01-07T08:04:15+00:00\",\"dateModified\":\"2026-02-09T14:15:56+00:00\",\"description\":\"Consultation bien-na\u00eetre, yoga pr\u00e9natal, pr\u00e9paration aquatiques, kin\u00e9 pr\u00e9natales, s\u00e9ances individuelles ou collectives avec une sage-femme.\",\"breadcrumb\":{\"@id\":\"https:\/\/www.stpierre-bru.be\/service\/grossesse-et-accouchement\/preparation-a-la-naissance\/#breadcrumb\"},\"inLanguage\":\"en-US\",\"potentialAction\":[{\"@type\":\"ReadAction\",\"target\":[\"https:\/\/www.stpierre-bru.be\/service\/grossesse-et-accouchement\/preparation-a-la-naissance\/\"]}]},{\"@type\":\"ImageObject\",\"inLanguage\":\"en-US\",\"@id\":\"https:\/\/www.stpierre-bru.be\/service\/grossesse-et-accouchement\/preparation-a-la-naissance\/#primaryimage\",\"url\":\"https:\/\/www.stpierre-bru.be\/app\/uploads\/2022\/01\/maternite_saint_pierre_bruxelles.png\",\"contentUrl\":\"https:\/\/www.stpierre-bru.be\/app\/uploads\/2022\/01\/maternite_saint_pierre_bruxelles.png\",\"width\":850,\"height\":748,\"caption\":\"Grossesse accouchement mternit\u00e9 Saint-Pierre bruxelles\"},{\"@type\":\"BreadcrumbList\",\"@id\":\"https:\/\/www.stpierre-bru.be\/service\/grossesse-et-accouchement\/preparation-a-la-naissance\/#breadcrumb\",\"itemListElement\":[{\"@type\":\"ListItem\",\"position\":1,\"name\":\"Home\",\"item\":\"https:\/\/www.stpierre-bru.be\/en\/\"},{\"@type\":\"ListItem\",\"position\":2,\"name\":\"Services\",\"item\":\"https:\/\/www.stpierre-bru.be\/nos-services-de-consultation\/\"},{\"@type\":\"ListItem\",\"position\":3,\"name\":\"La Clinique de la Femme Enceinte\",\"item\":\"https:\/\/www.stpierre-bru.be\/service\/grossesse-et-accouchement\/\"},{\"@type\":\"ListItem\",\"position\":4,\"name\":\"5 Pr\u00e9paration \u00e0 la naissance\"}]},{\"@type\":\"WebSite\",\"@id\":\"https:\/\/www.stpierre-bru.be\/#website\",\"url\":\"https:\/\/www.stpierre-bru.be\/\",\"name\":\"CHU Saint-Pierre | UMC Sint-Pieter\",\"description\":\"Bienvenue\",\"publisher\":{\"@id\":\"https:\/\/www.stpierre-bru.be\/#organization\"},\"potentialAction\":[{\"@type\":\"SearchAction\",\"target\":{\"@type\":\"EntryPoint\",\"urlTemplate\":\"https:\/\/www.stpierre-bru.be\/?s={search_term_string}\"},\"query-input\":{\"@type\":\"PropertyValueSpecification\",\"valueRequired\":true,\"valueName\":\"search_term_string\"}}],\"inLanguage\":\"en-US\"},{\"@type\":\"Organization\",\"@id\":\"https:\/\/www.stpierre-bru.be\/#organization\",\"name\":\"CHU Saint-Pierre | UMC Sint-Pieter\",\"url\":\"https:\/\/www.stpierre-bru.be\/\",\"logo\":{\"@type\":\"ImageObject\",\"inLanguage\":\"en-US\",\"@id\":\"https:\/\/www.stpierre-bru.be\/#\/schema\/logo\/image\/\",\"url\":\"https:\/\/www.stpierre-bru.be\/wp-content\/uploads\/2021\/06\/Logo_chu_umc_0.png\",\"contentUrl\":\"https:\/\/www.stpierre-bru.be\/wp-content\/uploads\/2021\/06\/Logo_chu_umc_0.png\",\"width\":733,\"height\":281,\"caption\":\"CHU Saint-Pierre | UMC Sint-Pieter\"},\"image\":{\"@id\":\"https:\/\/www.stpierre-bru.be\/#\/schema\/logo\/image\/\"}}]}<\/script>\n<!-- \/ Yoast SEO plugin. -->","yoast_head_json":{"title":"5 Pr\u00e9paration \u00e0 la naissance - CHU Saint-Pierre | UMC Sint-Pieter","description":"Consultation bien-na\u00eetre, yoga pr\u00e9natal, pr\u00e9paration aquatiques, kin\u00e9 pr\u00e9natales, s\u00e9ances individuelles ou collectives avec une sage-femme.","robots":{"index":"index","follow":"follow","max-snippet":"max-snippet:-1","max-image-preview":"max-image-preview:large","max-video-preview":"max-video-preview:-1"},"canonical":"https:\/\/www.stpierre-bru.be\/service\/grossesse-et-accouchement\/preparation-a-la-naissance\/","og_locale":"en_US","og_type":"article","og_title":"5 Pr\u00e9paration \u00e0 la naissance - CHU Saint-Pierre | UMC Sint-Pieter","og_description":"Consultation bien-na\u00eetre, yoga pr\u00e9natal, pr\u00e9paration aquatiques, kin\u00e9 pr\u00e9natales, s\u00e9ances individuelles ou collectives avec une sage-femme.","og_site_name":"CHU Saint-Pierre | UMC Sint-Pieter","article_modified_time":"2026-02-09T14:15:56+00:00","og_image":[{"width":850,"height":748,"url":"https:\/\/www.stpierre-bru.be\/app\/uploads\/2022\/01\/maternite_saint_pierre_bruxelles.png","type":"image\/png"}],"twitter_card":"summary_large_image","twitter_misc":{"Est. reading time":"10 minutes"},"schema":{"@context":"https:\/\/schema.org","@graph":[{"@type":"WebPage","@id":"https:\/\/www.stpierre-bru.be\/service\/grossesse-et-accouchement\/preparation-a-la-naissance\/","url":"https:\/\/www.stpierre-bru.be\/service\/grossesse-et-accouchement\/preparation-a-la-naissance\/","name":"5 Pr\u00e9paration \u00e0 la naissance - CHU Saint-Pierre | UMC Sint-Pieter","isPartOf":{"@id":"https:\/\/www.stpierre-bru.be\/#website"},"primaryImageOfPage":{"@id":"https:\/\/www.stpierre-bru.be\/service\/grossesse-et-accouchement\/preparation-a-la-naissance\/#primaryimage"},"image":{"@id":"https:\/\/www.stpierre-bru.be\/service\/grossesse-et-accouchement\/preparation-a-la-naissance\/#primaryimage"},"thumbnailUrl":"https:\/\/www.stpierre-bru.be\/app\/uploads\/2022\/01\/maternite_saint_pierre_bruxelles.png","datePublished":"2022-01-07T08:04:15+00:00","dateModified":"2026-02-09T14:15:56+00:00","description":"Consultation bien-na\u00eetre, yoga pr\u00e9natal, pr\u00e9paration aquatiques, kin\u00e9 pr\u00e9natales, s\u00e9ances individuelles ou collectives avec une sage-femme.","breadcrumb":{"@id":"https:\/\/www.stpierre-bru.be\/service\/grossesse-et-accouchement\/preparation-a-la-naissance\/#breadcrumb"},"inLanguage":"en-US","potentialAction":[{"@type":"ReadAction","target":["https:\/\/www.stpierre-bru.be\/service\/grossesse-et-accouchement\/preparation-a-la-naissance\/"]}]},{"@type":"ImageObject","inLanguage":"en-US","@id":"https:\/\/www.stpierre-bru.be\/service\/grossesse-et-accouchement\/preparation-a-la-naissance\/#primaryimage","url":"https:\/\/www.stpierre-bru.be\/app\/uploads\/2022\/01\/maternite_saint_pierre_bruxelles.png","contentUrl":"https:\/\/www.stpierre-bru.be\/app\/uploads\/2022\/01\/maternite_saint_pierre_bruxelles.png","width":850,"height":748,"caption":"Grossesse accouchement mternit\u00e9 Saint-Pierre bruxelles"},{"@type":"BreadcrumbList","@id":"https:\/\/www.stpierre-bru.be\/service\/grossesse-et-accouchement\/preparation-a-la-naissance\/#breadcrumb","itemListElement":[{"@type":"ListItem","position":1,"name":"Home","item":"https:\/\/www.stpierre-bru.be\/en\/"},{"@type":"ListItem","position":2,"name":"Services","item":"https:\/\/www.stpierre-bru.be\/nos-services-de-consultation\/"},{"@type":"ListItem","position":3,"name":"La Clinique de la Femme Enceinte","item":"https:\/\/www.stpierre-bru.be\/service\/grossesse-et-accouchement\/"},{"@type":"ListItem","position":4,"name":"5 Pr\u00e9paration \u00e0 la naissance"}]},{"@type":"WebSite","@id":"https:\/\/www.stpierre-bru.be\/#website","url":"https:\/\/www.stpierre-bru.be\/","name":"CHU Saint-Pierre | UMC Sint-Pieter","description":"Bienvenue","publisher":{"@id":"https:\/\/www.stpierre-bru.be\/#organization"},"potentialAction":[{"@type":"SearchAction","target":{"@type":"EntryPoint","urlTemplate":"https:\/\/www.stpierre-bru.be\/?s={search_term_string}"},"query-input":{"@type":"PropertyValueSpecification","valueRequired":true,"valueName":"search_term_string"}}],"inLanguage":"en-US"},{"@type":"Organization","@id":"https:\/\/www.stpierre-bru.be\/#organization","name":"CHU Saint-Pierre | UMC Sint-Pieter","url":"https:\/\/www.stpierre-bru.be\/","logo":{"@type":"ImageObject","inLanguage":"en-US","@id":"https:\/\/www.stpierre-bru.be\/#\/schema\/logo\/image\/","url":"https:\/\/www.stpierre-bru.be\/wp-content\/uploads\/2021\/06\/Logo_chu_umc_0.png","contentUrl":"https:\/\/www.stpierre-bru.be\/wp-content\/uploads\/2021\/06\/Logo_chu_umc_0.png","width":733,"height":281,"caption":"CHU Saint-Pierre | UMC Sint-Pieter"},"image":{"@id":"https:\/\/www.stpierre-bru.be\/#\/schema\/logo\/image\/"}}]}},"_links":{"self":[{"href":"https:\/\/www.stpierre-bru.be\/en\/wp-json\/wp\/v2\/service\/4047","targetHints":{"allow":["GET"]}}],"collection":[{"href":"https:\/\/www.stpierre-bru.be\/en\/wp-json\/wp\/v2\/service"}],"about":[{"href":"https:\/\/www.stpierre-bru.be\/en\/wp-json\/wp\/v2\/types\/service"}],"up":[{"embeddable":true,"href":"https:\/\/www.stpierre-bru.be\/en\/wp-json\/wp\/v2\/service\/967"}],"wp:featuredmedia":[{"embeddable":true,"href":"https:\/\/www.stpierre-bru.be\/en\/wp-json\/wp\/v2\/media\/5384"}],"wp:attachment":[{"href":"https:\/\/www.stpierre-bru.be\/en\/wp-json\/wp\/v2\/media?parent=4047"}],"wp:term":[{"taxonomy":"category","embeddable":true,"href":"https:\/\/www.stpierre-bru.be\/en\/wp-json\/wp\/v2\/categories?post=4047"},{"taxonomy":"post_tag","embeddable":true,"href":"https:\/\/www.stpierre-bru.be\/en\/wp-json\/wp\/v2\/tags?post=4047"}],"curies":[{"name":"wp","href":"https:\/\/api.w.org\/{rel}","templated":true}]}}