{"id":4023,"date":"2022-01-06T14:22:04","date_gmt":"2022-01-06T13:22:04","guid":{"rendered":"http:\/\/10.14.1.26\/website\/?post_type=service&#038;p=4023"},"modified":"2022-03-27T21:57:56","modified_gmt":"2022-03-27T19:57:56","slug":"tuberculose-et-mycobacteries-autres","status":"publish","type":"service","link":"https:\/\/www.stpierre-bru.be\/en\/service\/pneumologie\/tuberculose-et-mycobacteries-autres\/","title":{"rendered":"Tuberculose et Mycobact\u00e9ries autres"},"content":{"rendered":"<p>[et_pb_section fb_built=&#8221;1&#8243; admin_label=&#8221;section&#8221; _builder_version=&#8221;3.22&#8243; global_colors_info=&#8221;{}&#8221; theme_builder_area=&#8221;post_content&#8221;][et_pb_row admin_label=&#8221;row&#8221; _builder_version=&#8221;3.25&#8243; background_size=&#8221;initial&#8221; background_position=&#8221;top_left&#8221; background_repeat=&#8221;repeat&#8221; global_colors_info=&#8221;{}&#8221; theme_builder_area=&#8221;post_content&#8221;][et_pb_column type=&#8221;4_4&#8243; _builder_version=&#8221;3.25&#8243; custom_padding=&#8221;|||&#8221; global_colors_info=&#8221;{}&#8221; custom_padding__hover=&#8221;|||&#8221; theme_builder_area=&#8221;post_content&#8221;][et_pb_text admin_label=&#8221;Text&#8221; _builder_version=&#8221;4.14.7&#8243; background_size=&#8221;initial&#8221; background_position=&#8221;top_left&#8221; background_repeat=&#8221;repeat&#8221; hover_enabled=&#8221;0&#8243; global_colors_info=&#8221;{}&#8221; theme_builder_area=&#8221;post_content&#8221; sticky_enabled=&#8221;0&#8243;]<\/p>\n<h3>Tuberculose et Mycobact\u00e9ries autres<\/h3>\n<p><span style=\"font-weight: 400;\">Le service de Pneumologie du CHU Saint-Pierre dispose d&#8217;une expertise de longue date dans le traitement de la tuberculose (TBC).\u00a0 Cette maladie est relativement rare en Belgique, mais elle est souvent observ\u00e9e dans le contexte urbain de Bruxelles.\u00a0 L&#8217;\u00e9quipe de pneumologues est familiaris\u00e9e avec les pr\u00e9sentations classiques de la tuberculose, mais aussi avec des cas plus complexes: localisations non-pulmonaires, atteinte pulmonaire et d\u2019autres organes, formes r\u00e9sistantes de la tuberculose, gestion des effets secondaires des traitements.\u00a0 Nous travaillons en \u00e9troite collaboration avec le FARES et la VRGT, ainsi qu&#8217;avec le service de Maladies Infectieuses de notre h\u00f4pital et notre service de microbiologie.\u00a0\u00a0<\/span><\/p>\n<p><span style=\"font-weight: 400;\">Un probl\u00e8me moins connu est l&#8217;infection par des mycobact\u00e9ries non tuberculeuses. Ces infections sont particuli\u00e8rement probl\u00e9matiques pour les patients souffrant d&#8217;une maladie pulmonaire sous-jacente. Les mycobact\u00e9ries non tuberculeuses ne n\u00e9cessitent pas toujours un traitement. Une analyse m\u00e9ticuleuse et adapt\u00e9e aux besoins de chaque patient doit \u00eatre effectu\u00e9e avant de d\u00e9cider d&#8217;un quelconque traitement.\u00a0 Des diagnostics corrects sont assur\u00e9s gr\u00e2ce \u00e0 l&#8217;\u00e9troite collaboration avec le laboratoire sp\u00e9cialis\u00e9 de Sciensano.\u00a0 Notre service dispose des connaissances et de l&#8217;exp\u00e9rience n\u00e9cessaires pour suivre et soutenir ces patients de mani\u00e8re optimale.\u00a0 Nous participons \u00e9galement \u00e0 des \u00e9tudes cliniques \u00e9valuant de nouveaux traitements dans ce domaine.<\/span><\/p>\n<p><span style=\"font-weight: 400;\"><\/span><\/p>\n<h3><span style=\"font-weight: 400;\">Intradermoreaction pu test cutan\u00e9 tuberculinique<\/span><\/h3>\n<p><span style=\"font-weight: 400;\">Test par injection d\u2019antig\u00e8nes en sous cutan\u00e9. Une r\u00e9action inflammatoire (hypersensibilit\u00e9) obtenue\u00a0 d\u00e9terminera si le patient poss\u00e8de ou non les anticorps correspondant au produit test\u00e9.<br \/>Ce test est prescrit en cas de d\u00e9pistage ou surveillance de personne expos\u00e9e \u00e0 la tuberculose et doit imp\u00e9rativement \u00eatre \u00ab lu \u00bb dans les 72h suivant l\u2019injection.<\/span><\/p>\n<p>[\/et_pb_text][et_pb_cta title=&#8221;FARES&#8221; button_url=&#8221;https:\/\/www.fares.be\/tuberculose\/a-propos-de-la-tuberculose&#8221; button_text=&#8221;Explorer&#8221; _builder_version=&#8221;4.14.4&#8243; _module_preset=&#8221;default&#8221; header_font=&#8221;|||||on|||&#8221; background_color=&#8221;#FFFFFF&#8221; custom_button=&#8221;on&#8221; button_text_size=&#8221;16px&#8221; button_text_color=&#8221;#FFFFFF&#8221; button_bg_color=&#8221;#00B9B4&#8243; button_border_color=&#8221;#FFFFFF&#8221; button_border_radius=&#8221;210px&#8221; button_use_icon=&#8221;off&#8221; button_alignment=&#8221;right&#8221; button_rel=&#8221;off|off|off|off|off&#8221; transform_translate_linked=&#8221;off&#8221; text_orientation=&#8221;left&#8221; background_layout=&#8221;light&#8221; height=&#8221;250px&#8221; border_width_left=&#8221;3px&#8221; border_color_left=&#8221;#00B9B4&#8243; box_shadow_style=&#8221;preset1&#8243; box_shadow_style_button=&#8221;preset1&#8243; global_colors_info=&#8221;{}&#8221; transform_styles__hover_enabled=&#8221;on|hover&#8221; transform_scale__hover_enabled=&#8221;on|desktop&#8221; transform_translate__hover_enabled=&#8221;on|hover&#8221; transform_rotate__hover_enabled=&#8221;on|desktop&#8221; transform_skew__hover_enabled=&#8221;on|desktop&#8221; transform_origin__hover_enabled=&#8221;on|desktop&#8221; transform_translate__hover=&#8221;0px|-20px&#8221; theme_builder_area=&#8221;post_content&#8221;]<\/p>\n<p style=\"text-align: left;\">Association qui se consacre \u00e0 la pr\u00e9vention et au contr\u00f4le de la tuberculose<\/p>\n<p style=\"text-align: left;\">\n<p>[\/et_pb_cta][et_pb_cta title=&#8221;VRGT&#8221; button_url=&#8221;https:\/\/tuberculose.vrgt.be\/&#8221; button_text=&#8221;Explorer&#8221; _builder_version=&#8221;4.14.8&#8243; _module_preset=&#8221;default&#8221; header_font=&#8221;|||||on|||&#8221; background_color=&#8221;#FFFFFF&#8221; custom_button=&#8221;on&#8221; button_text_size=&#8221;16px&#8221; button_text_color=&#8221;#FFFFFF&#8221; button_bg_color=&#8221;#00B9B4&#8243; button_border_color=&#8221;#FFFFFF&#8221; button_border_radius=&#8221;210px&#8221; button_use_icon=&#8221;off&#8221; button_alignment=&#8221;right&#8221; button_rel=&#8221;off|off|off|off|off&#8221; transform_translate_linked=&#8221;off&#8221; text_orientation=&#8221;left&#8221; background_layout=&#8221;light&#8221; height=&#8221;250px&#8221; hover_enabled=&#8221;0&#8243; border_width_left=&#8221;3px&#8221; border_color_left=&#8221;#00B9B4&#8243; box_shadow_style=&#8221;preset1&#8243; box_shadow_style_button=&#8221;preset1&#8243; global_colors_info=&#8221;{}&#8221; transform_styles__hover_enabled=&#8221;on|hover&#8221; transform_scale__hover_enabled=&#8221;on|desktop&#8221; transform_translate__hover_enabled=&#8221;on|hover&#8221; transform_rotate__hover_enabled=&#8221;on|desktop&#8221; transform_skew__hover_enabled=&#8221;on|desktop&#8221; transform_origin__hover_enabled=&#8221;on|desktop&#8221; transform_translate__hover=&#8221;0px|-20px&#8221; theme_builder_area=&#8221;post_content&#8221; sticky_enabled=&#8221;0&#8243;]<\/p>\n<p style=\"text-align: left;\">Association flamande et centre d&#8217;expertise concernant la tuberculose et la tabacologie &#8220;Vlaamse Vereniging voor Respiratoire Gezondheidszorg en Tuberculosebestrijding&#8221;<\/p>\n<p style=\"text-align: left;\">[\/et_pb_cta][\/et_pb_column][\/et_pb_row][\/et_pb_section]<\/p>\n","protected":false},"excerpt":{"rendered":"<p>Echoendoscopie bronchique :&nbsp;Une technique introduite en Belgique par notre service de pneumologie.<\/p>\n","protected":false},"featured_media":876,"parent":836,"menu_order":0,"template":"","meta":{"_acf_changed":false,"_et_pb_use_builder":"on","_et_pb_old_content":"Des d\u00e9veloppements r\u00e9cents, li\u00e9s \u00e0 l\u2019apport de l\u2019\u00e9chographie endoscopique, ont consid\u00e9rablement augment\u00e9 le domaine d\u2019exploration de la bronchoscopie souple, qui est un outil diagnostique indispensable dans le diagnostic des maladies pulmonaires.\n\nL\u2019endoscope \u00e9chographique permet, par rapport au bronchoscope classique, de voir de l\u2019autre c\u00f4t\u00e9 de la paroi des bronches et d\u2019examiner des structures comme les ganglions ou des tumeurs qui se trouvent au voisinage des bronches principales.\n\nL\u2019int\u00e9r\u00eat r\u00e9side dans le fait, qu\u2019il est possible de ponctionner ces structures suspectes \u00e0 l\u2019aide d\u2019une fine aiguille introduite dans l\u2019endoscope et dirig\u00e9e avec pr\u00e9cision par \u00e9chographie. L\u2019examen ult\u00e9rieur du pr\u00e9l\u00e8vement au microscope permet d\u2019en pr\u00e9ciser la nature.\n\nCet examen se fait sous anesth\u00e9sie locale, en ambulatoire et remplace d\u00e9j\u00e0 de nombreux examens chirurgicaux plus invasifs, plus co\u00fbteux et qui n\u00e9cessitent une hospitalisation. C\u2019est une r\u00e9volution dans l\u2019\u00e9valuation de maladies comme le cancer du poumon.\n\nLes pneumologues de l\u2019h\u00f4pital Saint-Pierre ont introduit cette technique en Belgique, form\u00e9 de nombreux confr\u00e8res en Belgique et \u00e0 l\u2019\u00e9tranger et publi\u00e9 des travaux scientifiques dans le domaine.\n<h3>Film :&nbsp;<a href=\"http:\/\/www.canal-u.tv\/producteurs\/canal_u_medecine\/dossier_programmes\/cancerologie\/film\/l_approche_endoscopique_des_adenopathies_mediastinales_mediastinoscopie_exclue\" target=\"_blank\" rel=\"noopener\">L'approche endoscopique des ad\u00e9nopathies m\u00e9diastinales<\/a><\/h3>\n&nbsp;\n<h3>R\u00e9pondre aux enjeux de sant\u00e9 publique<\/h3>\nLes maladies respiratoires constituent un vrai probl\u00e8me de sant\u00e9 publique; la bronchopneumopathie chronique obstructive (BPCO ou le poumon du fumeur), les maladies infectieuses du poumon profond, la tuberculose et le cancer du poumon font partie du top 15 des maladies les plus fr\u00e9quentes recens\u00e9es par l\u2019Organisme Mondial de la Sant\u00e9.\n\nLes r\u00e9ponses diagnostiques et th\u00e9rapeutiques, innovantes pour leur prise en charge optimale, s\u2019appellent revalidation respiratoire ambulatoire et hospitali\u00e8re et r\u00e9duction de volume pulmonaire endoscopique et chirurgicale (BPCO), d\u00e9tection, diagnostic mol\u00e9culaire et traitement sp\u00e9cialis\u00e9 de la tuberculose multi-sensible \u00e0 multi-r\u00e9sistante, abord diagnostique endoscopique des affections infectieuses vari\u00e9es du poumon et d\u00e9tection, \u00e9tablissement du stade et prise en charge th\u00e9rapeutique multidisciplinaire des affections canc\u00e9reuses du poumon.\n<h3>Favoriser les progr\u00e8s diagnostiques et th\u00e9rapeutiques<\/h3>\nCes objectifs primordiaux sont rencontr\u00e9s par le service de pneumologie qui a introduit en Belgique plusieurs progr\u00e8s diagnostiques et th\u00e9rapeutiques importants\n<ul>\n \t<li>La photod\u00e9tection dans la d\u00e9tection pr\u00e9coce du cancer bronchique;<\/li>\n \t<li>L\u2019\u00e9choendoscopie bronchique dans le diagnostic et l\u2019\u00e9valuation du cancer bronchopulmonaire;<\/li>\n \t<li>Les valves endobronchiques dans le traitement de l\u2019emphys\u00e8me pulmonaire.<\/li>\n<\/ul>","_et_gb_content_width":"","_price":"","_stock":"","_tribe_ticket_header":"","_tribe_default_ticket_provider":"","_tribe_ticket_capacity":"0","_ticket_start_date":"","_ticket_end_date":"","_tribe_ticket_show_description":"","_tribe_ticket_show_not_going":false,"_tribe_ticket_use_global_stock":"","_tribe_ticket_global_stock_level":"","_global_stock_mode":"","_global_stock_cap":"","_tribe_rsvp_for_event":"","_tribe_ticket_going_count":"","_tribe_ticket_not_going_count":"","_tribe_tickets_list":"[]","_tribe_ticket_has_attendee_info_fields":false},"categories":[1871,44],"tags":[123,122,121,120],"class_list":["post-4023","service","type-service","status-publish","has-post-thumbnail","hentry","category-pneumologie","category-specialite","tag-fares","tag-mycobacterie","tag-tbc","tag-tuberculose"],"acf":[],"yoast_head":"<!-- This site is optimized with the Yoast SEO plugin v26.5 - https:\/\/yoast.com\/wordpress\/plugins\/seo\/ -->\n<title>Tuberculose et Mycobact\u00e9ries autres - CHU Saint-Pierre | UMC Sint-Pieter<\/title>\n<meta name=\"description\" content=\"Centre de r\u00e9f\u00e9rence disposant d&#039;une grande expertise dans le traitement de la tuberculose (TBC). Prise en charge des tuberculoses multir\u00e9sistantes et collaboration avec le FARES.\" \/>\n<meta name=\"robots\" content=\"index, follow, max-snippet:-1, max-image-preview:large, max-video-preview:-1\" \/>\n<link rel=\"canonical\" href=\"https:\/\/www.stpierre-bru.be\/service\/pneumologie\/tuberculose-et-mycobacteries-autres\/\" \/>\n<meta property=\"og:locale\" content=\"en_US\" \/>\n<meta property=\"og:type\" content=\"article\" \/>\n<meta property=\"og:title\" content=\"Tuberculose et Mycobact\u00e9ries autres - CHU Saint-Pierre | UMC Sint-Pieter\" \/>\n<meta property=\"og:description\" content=\"Centre de r\u00e9f\u00e9rence disposant d&#039;une grande expertise dans le traitement de la tuberculose (TBC). Prise en charge des tuberculoses multir\u00e9sistantes et collaboration avec le FARES.\" \/>\n<meta property=\"og:site_name\" content=\"CHU Saint-Pierre | UMC Sint-Pieter\" \/>\n<meta property=\"article:modified_time\" content=\"2022-03-27T19:57:56+00:00\" \/>\n<meta property=\"og:image\" content=\"https:\/\/i0.wp.com\/www.stpierre-bru.be\/wp-content\/uploads\/2021\/11\/Pneumo-e1647353562922.jpg?fit=849%2C882&ssl=1\" \/>\n\t<meta property=\"og:image:width\" content=\"849\" \/>\n\t<meta property=\"og:image:height\" content=\"882\" \/>\n\t<meta property=\"og:image:type\" content=\"image\/jpeg\" \/>\n<meta name=\"twitter:card\" content=\"summary_large_image\" \/>\n<meta name=\"twitter:label1\" content=\"Est. reading time\" \/>\n\t<meta name=\"twitter:data1\" content=\"1 minute\" \/>\n<script type=\"application\/ld+json\" class=\"yoast-schema-graph\">{\"@context\":\"https:\/\/schema.org\",\"@graph\":[{\"@type\":\"WebPage\",\"@id\":\"https:\/\/www.stpierre-bru.be\/service\/pneumologie\/tuberculose-et-mycobacteries-autres\/\",\"url\":\"https:\/\/www.stpierre-bru.be\/service\/pneumologie\/tuberculose-et-mycobacteries-autres\/\",\"name\":\"Tuberculose et Mycobact\u00e9ries autres - CHU Saint-Pierre | UMC Sint-Pieter\",\"isPartOf\":{\"@id\":\"https:\/\/www.stpierre-bru.be\/#website\"},\"primaryImageOfPage\":{\"@id\":\"https:\/\/www.stpierre-bru.be\/service\/pneumologie\/tuberculose-et-mycobacteries-autres\/#primaryimage\"},\"image\":{\"@id\":\"https:\/\/www.stpierre-bru.be\/service\/pneumologie\/tuberculose-et-mycobacteries-autres\/#primaryimage\"},\"thumbnailUrl\":\"https:\/\/www.stpierre-bru.be\/app\/uploads\/2021\/11\/Pneumo-e1647353562922.jpg\",\"datePublished\":\"2022-01-06T13:22:04+00:00\",\"dateModified\":\"2022-03-27T19:57:56+00:00\",\"description\":\"Centre de r\u00e9f\u00e9rence disposant d'une grande expertise dans le traitement de la tuberculose (TBC). Prise en charge des tuberculoses multir\u00e9sistantes et collaboration avec le FARES.\",\"breadcrumb\":{\"@id\":\"https:\/\/www.stpierre-bru.be\/service\/pneumologie\/tuberculose-et-mycobacteries-autres\/#breadcrumb\"},\"inLanguage\":\"en-US\",\"potentialAction\":[{\"@type\":\"ReadAction\",\"target\":[\"https:\/\/www.stpierre-bru.be\/service\/pneumologie\/tuberculose-et-mycobacteries-autres\/\"]}]},{\"@type\":\"ImageObject\",\"inLanguage\":\"en-US\",\"@id\":\"https:\/\/www.stpierre-bru.be\/service\/pneumologie\/tuberculose-et-mycobacteries-autres\/#primaryimage\",\"url\":\"https:\/\/www.stpierre-bru.be\/app\/uploads\/2021\/11\/Pneumo-e1647353562922.jpg\",\"contentUrl\":\"https:\/\/www.stpierre-bru.be\/app\/uploads\/2021\/11\/Pneumo-e1647353562922.jpg\",\"width\":849,\"height\":882},{\"@type\":\"BreadcrumbList\",\"@id\":\"https:\/\/www.stpierre-bru.be\/service\/pneumologie\/tuberculose-et-mycobacteries-autres\/#breadcrumb\",\"itemListElement\":[{\"@type\":\"ListItem\",\"position\":1,\"name\":\"Home\",\"item\":\"https:\/\/www.stpierre-bru.be\/en\/\"},{\"@type\":\"ListItem\",\"position\":2,\"name\":\"Services\",\"item\":\"https:\/\/www.stpierre-bru.be\/nos-services-de-consultation\/\"},{\"@type\":\"ListItem\",\"position\":3,\"name\":\"Pneumologie\",\"item\":\"https:\/\/www.stpierre-bru.be\/service\/pneumologie\/\"},{\"@type\":\"ListItem\",\"position\":4,\"name\":\"Tuberculose et Mycobact\u00e9ries autres\"}]},{\"@type\":\"WebSite\",\"@id\":\"https:\/\/www.stpierre-bru.be\/#website\",\"url\":\"https:\/\/www.stpierre-bru.be\/\",\"name\":\"CHU Saint-Pierre | UMC Sint-Pieter\",\"description\":\"Bienvenue\",\"publisher\":{\"@id\":\"https:\/\/www.stpierre-bru.be\/#organization\"},\"potentialAction\":[{\"@type\":\"SearchAction\",\"target\":{\"@type\":\"EntryPoint\",\"urlTemplate\":\"https:\/\/www.stpierre-bru.be\/?s={search_term_string}\"},\"query-input\":{\"@type\":\"PropertyValueSpecification\",\"valueRequired\":true,\"valueName\":\"search_term_string\"}}],\"inLanguage\":\"en-US\"},{\"@type\":\"Organization\",\"@id\":\"https:\/\/www.stpierre-bru.be\/#organization\",\"name\":\"CHU Saint-Pierre | UMC Sint-Pieter\",\"url\":\"https:\/\/www.stpierre-bru.be\/\",\"logo\":{\"@type\":\"ImageObject\",\"inLanguage\":\"en-US\",\"@id\":\"https:\/\/www.stpierre-bru.be\/#\/schema\/logo\/image\/\",\"url\":\"https:\/\/www.stpierre-bru.be\/wp-content\/uploads\/2021\/06\/Logo_chu_umc_0.png\",\"contentUrl\":\"https:\/\/www.stpierre-bru.be\/wp-content\/uploads\/2021\/06\/Logo_chu_umc_0.png\",\"width\":733,\"height\":281,\"caption\":\"CHU Saint-Pierre | UMC Sint-Pieter\"},\"image\":{\"@id\":\"https:\/\/www.stpierre-bru.be\/#\/schema\/logo\/image\/\"}}]}<\/script>\n<!-- \/ Yoast SEO plugin. -->","yoast_head_json":{"title":"Tuberculose et Mycobact\u00e9ries autres - CHU Saint-Pierre | UMC Sint-Pieter","description":"Centre de r\u00e9f\u00e9rence disposant d'une grande expertise dans le traitement de la tuberculose (TBC). Prise en charge des tuberculoses multir\u00e9sistantes et collaboration avec le FARES.","robots":{"index":"index","follow":"follow","max-snippet":"max-snippet:-1","max-image-preview":"max-image-preview:large","max-video-preview":"max-video-preview:-1"},"canonical":"https:\/\/www.stpierre-bru.be\/service\/pneumologie\/tuberculose-et-mycobacteries-autres\/","og_locale":"en_US","og_type":"article","og_title":"Tuberculose et Mycobact\u00e9ries autres - CHU Saint-Pierre | UMC Sint-Pieter","og_description":"Centre de r\u00e9f\u00e9rence disposant d'une grande expertise dans le traitement de la tuberculose (TBC). Prise en charge des tuberculoses multir\u00e9sistantes et collaboration avec le FARES.","og_site_name":"CHU Saint-Pierre | UMC Sint-Pieter","article_modified_time":"2022-03-27T19:57:56+00:00","og_image":[{"width":849,"height":882,"url":"https:\/\/i0.wp.com\/www.stpierre-bru.be\/wp-content\/uploads\/2021\/11\/Pneumo-e1647353562922.jpg?fit=849%2C882&ssl=1","type":"image\/jpeg"}],"twitter_card":"summary_large_image","twitter_misc":{"Est. reading time":"1 minute"},"schema":{"@context":"https:\/\/schema.org","@graph":[{"@type":"WebPage","@id":"https:\/\/www.stpierre-bru.be\/service\/pneumologie\/tuberculose-et-mycobacteries-autres\/","url":"https:\/\/www.stpierre-bru.be\/service\/pneumologie\/tuberculose-et-mycobacteries-autres\/","name":"Tuberculose et Mycobact\u00e9ries autres - CHU Saint-Pierre | UMC Sint-Pieter","isPartOf":{"@id":"https:\/\/www.stpierre-bru.be\/#website"},"primaryImageOfPage":{"@id":"https:\/\/www.stpierre-bru.be\/service\/pneumologie\/tuberculose-et-mycobacteries-autres\/#primaryimage"},"image":{"@id":"https:\/\/www.stpierre-bru.be\/service\/pneumologie\/tuberculose-et-mycobacteries-autres\/#primaryimage"},"thumbnailUrl":"https:\/\/www.stpierre-bru.be\/app\/uploads\/2021\/11\/Pneumo-e1647353562922.jpg","datePublished":"2022-01-06T13:22:04+00:00","dateModified":"2022-03-27T19:57:56+00:00","description":"Centre de r\u00e9f\u00e9rence disposant d'une grande expertise dans le traitement de la tuberculose (TBC). Prise en charge des tuberculoses multir\u00e9sistantes et collaboration avec le FARES.","breadcrumb":{"@id":"https:\/\/www.stpierre-bru.be\/service\/pneumologie\/tuberculose-et-mycobacteries-autres\/#breadcrumb"},"inLanguage":"en-US","potentialAction":[{"@type":"ReadAction","target":["https:\/\/www.stpierre-bru.be\/service\/pneumologie\/tuberculose-et-mycobacteries-autres\/"]}]},{"@type":"ImageObject","inLanguage":"en-US","@id":"https:\/\/www.stpierre-bru.be\/service\/pneumologie\/tuberculose-et-mycobacteries-autres\/#primaryimage","url":"https:\/\/www.stpierre-bru.be\/app\/uploads\/2021\/11\/Pneumo-e1647353562922.jpg","contentUrl":"https:\/\/www.stpierre-bru.be\/app\/uploads\/2021\/11\/Pneumo-e1647353562922.jpg","width":849,"height":882},{"@type":"BreadcrumbList","@id":"https:\/\/www.stpierre-bru.be\/service\/pneumologie\/tuberculose-et-mycobacteries-autres\/#breadcrumb","itemListElement":[{"@type":"ListItem","position":1,"name":"Home","item":"https:\/\/www.stpierre-bru.be\/en\/"},{"@type":"ListItem","position":2,"name":"Services","item":"https:\/\/www.stpierre-bru.be\/nos-services-de-consultation\/"},{"@type":"ListItem","position":3,"name":"Pneumologie","item":"https:\/\/www.stpierre-bru.be\/service\/pneumologie\/"},{"@type":"ListItem","position":4,"name":"Tuberculose et Mycobact\u00e9ries autres"}]},{"@type":"WebSite","@id":"https:\/\/www.stpierre-bru.be\/#website","url":"https:\/\/www.stpierre-bru.be\/","name":"CHU Saint-Pierre | UMC Sint-Pieter","description":"Bienvenue","publisher":{"@id":"https:\/\/www.stpierre-bru.be\/#organization"},"potentialAction":[{"@type":"SearchAction","target":{"@type":"EntryPoint","urlTemplate":"https:\/\/www.stpierre-bru.be\/?s={search_term_string}"},"query-input":{"@type":"PropertyValueSpecification","valueRequired":true,"valueName":"search_term_string"}}],"inLanguage":"en-US"},{"@type":"Organization","@id":"https:\/\/www.stpierre-bru.be\/#organization","name":"CHU Saint-Pierre | UMC Sint-Pieter","url":"https:\/\/www.stpierre-bru.be\/","logo":{"@type":"ImageObject","inLanguage":"en-US","@id":"https:\/\/www.stpierre-bru.be\/#\/schema\/logo\/image\/","url":"https:\/\/www.stpierre-bru.be\/wp-content\/uploads\/2021\/06\/Logo_chu_umc_0.png","contentUrl":"https:\/\/www.stpierre-bru.be\/wp-content\/uploads\/2021\/06\/Logo_chu_umc_0.png","width":733,"height":281,"caption":"CHU Saint-Pierre | UMC Sint-Pieter"},"image":{"@id":"https:\/\/www.stpierre-bru.be\/#\/schema\/logo\/image\/"}}]}},"_links":{"self":[{"href":"https:\/\/www.stpierre-bru.be\/en\/wp-json\/wp\/v2\/service\/4023","targetHints":{"allow":["GET"]}}],"collection":[{"href":"https:\/\/www.stpierre-bru.be\/en\/wp-json\/wp\/v2\/service"}],"about":[{"href":"https:\/\/www.stpierre-bru.be\/en\/wp-json\/wp\/v2\/types\/service"}],"up":[{"embeddable":true,"href":"https:\/\/www.stpierre-bru.be\/en\/wp-json\/wp\/v2\/service\/836"}],"wp:featuredmedia":[{"embeddable":true,"href":"https:\/\/www.stpierre-bru.be\/en\/wp-json\/wp\/v2\/media\/876"}],"wp:attachment":[{"href":"https:\/\/www.stpierre-bru.be\/en\/wp-json\/wp\/v2\/media?parent=4023"}],"wp:term":[{"taxonomy":"category","embeddable":true,"href":"https:\/\/www.stpierre-bru.be\/en\/wp-json\/wp\/v2\/categories?post=4023"},{"taxonomy":"post_tag","embeddable":true,"href":"https:\/\/www.stpierre-bru.be\/en\/wp-json\/wp\/v2\/tags?post=4023"}],"curies":[{"name":"wp","href":"https:\/\/api.w.org\/{rel}","templated":true}]}}