{"id":22851,"date":"2023-04-28T15:55:45","date_gmt":"2023-04-28T13:55:45","guid":{"rendered":"https:\/\/www.stpierre-bru.be\/?post_type=service&#038;p=22851"},"modified":"2025-10-16T16:54:27","modified_gmt":"2025-10-16T14:54:27","slug":"9-2-nos-chiffres-cles","status":"publish","type":"service","link":"https:\/\/www.stpierre-bru.be\/en\/service\/grossesse-et-accouchement\/9-2-nos-chiffres-cles\/","title":{"rendered":"9.2 Nos chiffres-cl\u00e9s 2025"},"content":{"rendered":"<p>[et_pb_section fb_built=&#8221;1&#8243; _builder_version=&#8221;4.16&#8243; _module_preset=&#8221;default&#8221; global_colors_info=&#8221;{}&#8221; theme_builder_area=&#8221;post_content&#8221;][et_pb_row column_structure=&#8221;1_2,1_2&#8243; _builder_version=&#8221;4.16&#8243; _module_preset=&#8221;default&#8221; global_colors_info=&#8221;{}&#8221; theme_builder_area=&#8221;post_content&#8221;][et_pb_column type=&#8221;1_2&#8243; _builder_version=&#8221;4.16&#8243; _module_preset=&#8221;default&#8221; global_colors_info=&#8221;{}&#8221; theme_builder_area=&#8221;post_content&#8221;][et_pb_number_counter title=&#8221;P\u00e9rin\u00e9e intact&#8221; number=&#8221;18.7&#8243; _builder_version=&#8221;4.27.3&#8243; _module_preset=&#8221;default&#8221; number_text_color=&#8221;#00b0c4&#8243; global_colors_info=&#8221;{}&#8221; theme_builder_area=&#8221;post_content&#8221;][\/et_pb_number_counter][\/et_pb_column][et_pb_column type=&#8221;1_2&#8243; _builder_version=&#8221;4.16&#8243; _module_preset=&#8221;default&#8221; global_colors_info=&#8221;{}&#8221; theme_builder_area=&#8221;post_content&#8221;][et_pb_number_counter title=&#8221;Episiotomies&#8221; number=&#8221;3&#8243; _builder_version=&#8221;4.27.3&#8243; _module_preset=&#8221;default&#8221; number_text_color=&#8221;#aec737&#8243; global_colors_info=&#8221;{}&#8221; theme_builder_area=&#8221;post_content&#8221;][\/et_pb_number_counter][et_pb_text _builder_version=&#8221;4.27.3&#8243; _module_preset=&#8221;default&#8221; global_colors_info=&#8221;{}&#8221; theme_builder_area=&#8221;post_content&#8221;]<\/p>\n<p style=\"text-align: center;\">8,5%*<\/p>\n<p>[\/et_pb_text][\/et_pb_column][\/et_pb_row][et_pb_row _builder_version=&#8221;4.16&#8243; _module_preset=&#8221;default&#8221; global_colors_info=&#8221;{}&#8221; theme_builder_area=&#8221;post_content&#8221;][et_pb_column type=&#8221;4_4&#8243; _builder_version=&#8221;4.16&#8243; _module_preset=&#8221;default&#8221; global_colors_info=&#8221;{}&#8221; theme_builder_area=&#8221;post_content&#8221;][et_pb_number_counter title=&#8221;Clampage tardif  de moins d&#8217;1min&#8221; number=&#8221;77.5&#8243; _builder_version=&#8221;4.27.3&#8243; _module_preset=&#8221;default&#8221; number_text_color=&#8221;#eabd1e&#8221; global_colors_info=&#8221;{}&#8221; theme_builder_area=&#8221;post_content&#8221;][\/et_pb_number_counter][et_pb_text _builder_version=&#8221;4.20.4&#8243; _module_preset=&#8221;default&#8221; global_colors_info=&#8221;{}&#8221; theme_builder_area=&#8221;post_content&#8221;]<\/p>\n<h5 style=\"text-align: center;\">&#8230; et plus de 1\/2 pour les c\u00e9sariennes<\/h5>\n<p style=\"text-align: center;\">13%*<\/p>\n<p>[\/et_pb_text][\/et_pb_column][\/et_pb_row][et_pb_row _builder_version=&#8221;4.20.4&#8243; _module_preset=&#8221;default&#8221; custom_margin=&#8221;|auto|-75px|auto||&#8221; global_colors_info=&#8221;{}&#8221; theme_builder_area=&#8221;post_content&#8221;][et_pb_column type=&#8221;4_4&#8243; _builder_version=&#8221;4.20.4&#8243; _module_preset=&#8221;default&#8221; global_colors_info=&#8221;{}&#8221; theme_builder_area=&#8221;post_content&#8221;][\/et_pb_column][\/et_pb_row][et_pb_row column_structure=&#8221;1_2,1_2&#8243; _builder_version=&#8221;4.16&#8243; _module_preset=&#8221;default&#8221; global_colors_info=&#8221;{}&#8221; theme_builder_area=&#8221;post_content&#8221;][et_pb_column type=&#8221;1_2&#8243; _builder_version=&#8221;4.16&#8243; _module_preset=&#8221;default&#8221; global_colors_info=&#8221;{}&#8221; theme_builder_area=&#8221;post_content&#8221;][et_pb_number_counter title=&#8221;Choix de la position d&#8217;accouchement&#8221; number=&#8221;55&#8243; _builder_version=&#8221;4.25.1&#8243; _module_preset=&#8221;default&#8221; number_text_color=&#8221;#f18d21&#8243; global_colors_info=&#8221;{}&#8221; theme_builder_area=&#8221;post_content&#8221;][\/et_pb_number_counter][\/et_pb_column][et_pb_column type=&#8221;1_2&#8243; _builder_version=&#8221;4.16&#8243; _module_preset=&#8221;default&#8221; global_colors_info=&#8221;{}&#8221; theme_builder_area=&#8221;post_content&#8221;][et_pb_text _builder_version=&#8221;4.20.4&#8243; _module_preset=&#8221;default&#8221; global_colors_info=&#8221;{}&#8221; theme_builder_area=&#8221;post_content&#8221;]<\/p>\n<p style=\"text-align: left;\"><strong>&#8230; Et plus de 1\/2 pour les naissances spontan\u00e9es<\/strong> <br \/>En dehors des situations d\u2019urgence, nous travaillons en \u00e9quipe pour proposer le libre choix aux femmes de la position d\u2019accouchement. Toutes les positions sont envisageables, nos chambres et nos lits d\u2019accouchement poss\u00e8dent de nombreuses possibilit\u00e9s de modularit\u00e9s (sur le c\u00f4t\u00e9, accroupie, quatre pattes, gyn\u00e9cologique am\u00e9nag\u00e9e, \u2026).<\/p>\n<p>[\/et_pb_text][\/et_pb_column][\/et_pb_row][et_pb_row column_structure=&#8221;1_2,1_2&#8243; _builder_version=&#8221;4.16&#8243; _module_preset=&#8221;default&#8221; global_colors_info=&#8221;{}&#8221; theme_builder_area=&#8221;post_content&#8221;][et_pb_column type=&#8221;1_2&#8243; _builder_version=&#8221;4.16&#8243; _module_preset=&#8221;default&#8221; global_colors_info=&#8221;{}&#8221; theme_builder_area=&#8221;post_content&#8221;][et_pb_number_counter title=&#8221;Accouchement sans intervention**&#8221; number=&#8221;40&#8243; _builder_version=&#8221;4.27.3&#8243; _module_preset=&#8221;default&#8221; number_text_color=&#8221;#eabd1e&#8221; global_colors_info=&#8221;{}&#8221; theme_builder_area=&#8221;post_content&#8221;][\/et_pb_number_counter][et_pb_text _builder_version=&#8221;4.27.3&#8243; _module_preset=&#8221;default&#8221; global_colors_info=&#8221;{}&#8221; theme_builder_area=&#8221;post_content&#8221;]<\/p>\n<p style=\"text-align: center;\">42%*<\/p>\n<p>[\/et_pb_text][\/et_pb_column][et_pb_column type=&#8221;1_2&#8243; _builder_version=&#8221;4.25.1&#8243; _module_preset=&#8221;default&#8221; global_colors_info=&#8221;{}&#8221; theme_builder_area=&#8221;post_content&#8221;][et_pb_number_counter title=&#8221;Allaitement maternel&#8221; number=&#8221;95&#8243; _builder_version=&#8221;4.20.4&#8243; _module_preset=&#8221;default&#8221; number_text_color=&#8221;#aec737&#8243; global_colors_info=&#8221;{}&#8221; theme_builder_area=&#8221;post_content&#8221;][\/et_pb_number_counter][\/et_pb_column][\/et_pb_row][et_pb_row _builder_version=&#8221;4.20.4&#8243; _module_preset=&#8221;default&#8221; global_colors_info=&#8221;{}&#8221; theme_builder_area=&#8221;post_content&#8221;][et_pb_column type=&#8221;4_4&#8243; _builder_version=&#8221;4.20.4&#8243; _module_preset=&#8221;default&#8221; global_colors_info=&#8221;{}&#8221; theme_builder_area=&#8221;post_content&#8221;][dipl_separator separator_color=&#8221;#00b9b4&#8243; _builder_version=&#8221;4.20.4&#8243; _module_preset=&#8221;default&#8221; background_color=&#8221;#00b9b4&#8243; global_colors_info=&#8221;{}&#8221; theme_builder_area=&#8221;post_content&#8221;][\/dipl_separator][et_pb_text _builder_version=&#8221;4.20.4&#8243; _module_preset=&#8221;default&#8221; global_colors_info=&#8221;{}&#8221; theme_builder_area=&#8221;post_content&#8221;]<\/p>\n<h2><\/h2>\n<h2><\/h2>\n<h2><\/h2>\n<h2>Mode d&#8217;accouchement<\/h2>\n<p>[\/et_pb_text][\/et_pb_column][\/et_pb_row][et_pb_row column_structure=&#8221;1_2,1_2&#8243; _builder_version=&#8221;4.16&#8243; _module_preset=&#8221;default&#8221; global_colors_info=&#8221;{}&#8221; theme_builder_area=&#8221;post_content&#8221;][et_pb_column type=&#8221;1_2&#8243; _builder_version=&#8221;4.16&#8243; _module_preset=&#8221;default&#8221; global_colors_info=&#8221;{}&#8221; theme_builder_area=&#8221;post_content&#8221;][et_pb_number_counter title=&#8221;Naissance spontan\u00e9e en sommet&#8221; number=&#8221;65.9&#8243; _builder_version=&#8221;4.27.3&#8243; _module_preset=&#8221;default&#8221; number_text_color=&#8221;#eabd1e&#8221; global_colors_info=&#8221;{}&#8221; theme_builder_area=&#8221;post_content&#8221;][\/et_pb_number_counter][et_pb_text _builder_version=&#8221;4.27.3&#8243; _module_preset=&#8221;default&#8221; global_colors_info=&#8221;{}&#8221; theme_builder_area=&#8221;post_content&#8221;]<\/p>\n<p style=\"text-align: center;\">67,6%*<\/p>\n<p>[\/et_pb_text][et_pb_number_counter title=&#8221;C\u00e9sarienne programm\u00e9e&#8221; number=&#8221;7.9&#8243; _builder_version=&#8221;4.27.3&#8243; _module_preset=&#8221;default&#8221; number_text_color=&#8221;#aec737&#8243; global_colors_info=&#8221;{}&#8221; theme_builder_area=&#8221;post_content&#8221;][\/et_pb_number_counter][et_pb_text _builder_version=&#8221;4.27.3&#8243; _module_preset=&#8221;default&#8221; global_colors_info=&#8221;{}&#8221; theme_builder_area=&#8221;post_content&#8221;]<\/p>\n<p style=\"text-align: center;\">9,4%*<\/p>\n<p>[\/et_pb_text][et_pb_number_counter title=&#8221;Spontan\u00e9e en si\u00e8ge&#8221; number=&#8221;26.4&#8243; _builder_version=&#8221;4.27.3&#8243; _module_preset=&#8221;default&#8221; number_text_color=&#8221;#f18d21&#8243; global_colors_info=&#8221;{}&#8221; theme_builder_area=&#8221;post_content&#8221;][\/et_pb_number_counter][et_pb_text _builder_version=&#8221;4.25.1&#8243; _module_preset=&#8221;default&#8221; global_colors_info=&#8221;{}&#8221; theme_builder_area=&#8221;post_content&#8221;]<\/p>\n<p style=\"text-align: center;\">1,1%*<\/p>\n<p>[\/et_pb_text][\/et_pb_column][et_pb_column type=&#8221;1_2&#8243; _builder_version=&#8221;4.16&#8243; _module_preset=&#8221;default&#8221; global_colors_info=&#8221;{}&#8221; theme_builder_area=&#8221;post_content&#8221;][et_pb_number_counter title=&#8221;Ventouse&#8221; number=&#8221;12.7&#8243; _builder_version=&#8221;4.27.3&#8243; _module_preset=&#8221;default&#8221; number_text_color=&#8221;#aa356e&#8221; global_colors_info=&#8221;{}&#8221; theme_builder_area=&#8221;post_content&#8221;][\/et_pb_number_counter][et_pb_text _builder_version=&#8221;4.27.3&#8243; _module_preset=&#8221;default&#8221; global_colors_info=&#8221;{}&#8221; theme_builder_area=&#8221;post_content&#8221;]<\/p>\n<p style=\"text-align: center;\">9,8%*<\/p>\n<p>[\/et_pb_text][et_pb_number_counter title=&#8221;C\u00e9sarienne non programm\u00e9e&#8221; number=&#8221;13.2&#8243; _builder_version=&#8221;4.27.3&#8243; _module_preset=&#8221;default&#8221; number_text_color=&#8221;#00b9b4&#8243; global_colors_info=&#8221;{}&#8221; theme_builder_area=&#8221;post_content&#8221;][\/et_pb_number_counter][et_pb_text _builder_version=&#8221;4.25.1&#8243; _module_preset=&#8221;default&#8221; global_colors_info=&#8221;{}&#8221; theme_builder_area=&#8221;post_content&#8221;]<\/p>\n<p style=\"text-align: center;\">12,1%*<\/p>\n<p>[\/et_pb_text][\/et_pb_column][\/et_pb_row][et_pb_row _builder_version=&#8221;4.20.4&#8243; _module_preset=&#8221;default&#8221; global_colors_info=&#8221;{}&#8221; theme_builder_area=&#8221;post_content&#8221;][et_pb_column type=&#8221;4_4&#8243; _builder_version=&#8221;4.20.4&#8243; _module_preset=&#8221;default&#8221; global_colors_info=&#8221;{}&#8221; theme_builder_area=&#8221;post_content&#8221;][et_pb_text _builder_version=&#8221;4.20.4&#8243; _module_preset=&#8221;default&#8221; global_colors_info=&#8221;{}&#8221; theme_builder_area=&#8221;post_content&#8221;]<\/p>\n<p>Notre maternit\u00e9 au CHU Saint-Pierre est quali\ufb01\u00e9e de niveau 3, c\u2019est-\u00e0-dire que son expertise et ses infrastructures lui permettent d\u2019accompagner toutes les situations de grossesses, m\u00eame les plus pathologiques. Notre volont\u00e9 est de respecter le souhait des patientes ainsi que la physiologie de la naissance en tenant compte des r\u00e9alit\u00e9s m\u00e9dicales. Ceci explique donc que nous parvenons \u00e0 maintenir un taux de c\u00e9sarienne stable et bas malgr\u00e9 le nombre de grossesses pathologiques que nous accompagnons.<\/p>\n<p>[\/et_pb_text][dipl_separator separator_color=&#8221;#00b9b4&#8243; _builder_version=&#8221;4.20.4&#8243; _module_preset=&#8221;default&#8221; background_color=&#8221;#00b9b4&#8243; global_colors_info=&#8221;{}&#8221; theme_builder_area=&#8221;post_content&#8221;][\/dipl_separator][\/et_pb_column][\/et_pb_row][et_pb_row _builder_version=&#8221;4.20.4&#8243; _module_preset=&#8221;default&#8221; custom_padding=&#8221;9px|||||&#8221; global_colors_info=&#8221;{}&#8221; theme_builder_area=&#8221;post_content&#8221;][et_pb_column type=&#8221;4_4&#8243; _builder_version=&#8221;4.20.4&#8243; _module_preset=&#8221;default&#8221; global_colors_info=&#8221;{}&#8221; theme_builder_area=&#8221;post_content&#8221;][et_pb_text _builder_version=&#8221;4.20.4&#8243; _module_preset=&#8221;default&#8221; global_colors_info=&#8221;{}&#8221; theme_builder_area=&#8221;post_content&#8221;]<\/p>\n<h2><span style=\"font-size: 26px;\">Objectif Proximit\u00e9 maman-b\u00e9b\u00e9<\/span><\/h2>\n<p>[\/et_pb_text][\/et_pb_column][\/et_pb_row][et_pb_row _builder_version=&#8221;4.20.4&#8243; _module_preset=&#8221;default&#8221; global_colors_info=&#8221;{}&#8221; theme_builder_area=&#8221;post_content&#8221;][et_pb_column type=&#8221;4_4&#8243; _builder_version=&#8221;4.20.4&#8243; _module_preset=&#8221;default&#8221; global_colors_info=&#8221;{}&#8221; theme_builder_area=&#8221;post_content&#8221;][et_pb_number_counter number=&#8221;100&#8243; _builder_version=&#8221;4.20.4&#8243; _module_preset=&#8221;default&#8221; number_text_color=&#8221;#00b9b4&#8243; global_colors_info=&#8221;{}&#8221; theme_builder_area=&#8221;post_content&#8221;][\/et_pb_number_counter][et_pb_text _builder_version=&#8221;4.20.4&#8243; _module_preset=&#8221;default&#8221; global_colors_info=&#8221;{}&#8221; theme_builder_area=&#8221;post_content&#8221;]<\/p>\n<p>Nous mettons tout en \u0153uvre pour garantir et maintenir le lien parent-enfant, ainsi que le peau-\u00e0-peau. Ceci se refl\u00e8te m\u00eame lors de la naissance par c\u00e9sarienne. Dans ce cas, l&#8217;accompagnant peut \u00eatre pr\u00e9sent durant toute la c\u00e9sarienne et le nouveau-n\u00e9 est plac\u00e9 directement en peau-\u00e0-peau sur la maman.\u00a0<\/p>\n<p>Le peau-\u00e0-peau se fait en continu pendants les premi\u00e8res heures qui suivent la naissance si sa sant\u00e9 le permet. Il peut se faire soit sur la maman soit sur l&#8217;autre parent.\u00a0<\/p>\n<p>[\/et_pb_text][\/et_pb_column][\/et_pb_row][et_pb_row _builder_version=&#8221;4.20.4&#8243; _module_preset=&#8221;default&#8221; border_color_all=&#8221;#00b9b4&#8243; global_colors_info=&#8221;{}&#8221; theme_builder_area=&#8221;post_content&#8221;][et_pb_column type=&#8221;4_4&#8243; _builder_version=&#8221;4.20.4&#8243; _module_preset=&#8221;default&#8221; global_colors_info=&#8221;{}&#8221; theme_builder_area=&#8221;post_content&#8221;][dipl_separator separator_color=&#8221;#00b9b4&#8243; _builder_version=&#8221;4.20.4&#8243; _module_preset=&#8221;default&#8221; background_color=&#8221;#00b9b4&#8243; global_colors_info=&#8221;{}&#8221; theme_builder_area=&#8221;post_content&#8221;][\/dipl_separator][\/et_pb_column][\/et_pb_row][et_pb_row column_structure=&#8221;1_2,1_2&#8243; _builder_version=&#8221;4.20.4&#8243; _module_preset=&#8221;default&#8221; global_colors_info=&#8221;{}&#8221; theme_builder_area=&#8221;post_content&#8221;][et_pb_column type=&#8221;1_2&#8243; _builder_version=&#8221;4.20.4&#8243; _module_preset=&#8221;default&#8221; global_colors_info=&#8221;{}&#8221; theme_builder_area=&#8221;post_content&#8221;][et_pb_text _builder_version=&#8221;4.20.4&#8243; _module_preset=&#8221;default&#8221; global_colors_info=&#8221;{}&#8221; theme_builder_area=&#8221;post_content&#8221;]<\/p>\n<p>*M\u00e9thodologie:<\/p>\n<p>A titre de comparaison, la moyenne des taux bruxellois est apport\u00e9e entre parenth\u00e8ses lorsque les donn\u00e9es sont issues du rapport du centre d\u2019\u00e9pid\u00e9miologie p\u00e9rinatale 2020.<br \/>Les autres donn\u00e9es sont collect\u00e9es de fa\u00e7on syst\u00e9matique dans nos dossiers afin de pr\u00e9senter des donn\u00e9es ax\u00e9es sur la physiologie de la naissance mais ne peuvent pas \u00eatre compar\u00e9es aux taux bruxellois.<\/p>\n<p>[\/et_pb_text][\/et_pb_column][et_pb_column type=&#8221;1_2&#8243; _builder_version=&#8221;4.20.4&#8243; _module_preset=&#8221;default&#8221; global_colors_info=&#8221;{}&#8221; theme_builder_area=&#8221;post_content&#8221;][et_pb_text _builder_version=&#8221;4.20.4&#8243; _module_preset=&#8221;default&#8221; global_colors_info=&#8221;{}&#8221; theme_builder_area=&#8221;post_content&#8221;]<\/p>\n<p>** Les interventions sont:<\/p>\n<p>&#8211;\u00a0 d\u00e9clenchement (avec prostaglandines, ocytociques ou rupture artificielle des membranes, ballonnet)<br \/>&#8211; p\u00e9ridurale<br \/>&#8211; forceps ou ventouse<br \/>&#8211; c\u00e9sarienne<br \/>&#8211; \u00e9pisiotomie<\/p>\n<p>[\/et_pb_text][\/et_pb_column][\/et_pb_row][et_pb_row column_structure=&#8221;1_2,1_2&#8243; make_equal=&#8221;on&#8221; _builder_version=&#8221;4.16&#8243; _module_preset=&#8221;default&#8221; custom_margin=&#8221;auto||auto||true|false&#8221; saved_tabs=&#8221;all&#8221; global_colors_info=&#8221;{}&#8221; theme_builder_area=&#8221;post_content&#8221;][et_pb_column type=&#8221;1_2&#8243; _builder_version=&#8221;4.16&#8243; _module_preset=&#8221;default&#8221; global_colors_info=&#8221;{}&#8221; theme_builder_area=&#8221;post_content&#8221;][et_pb_cta title=&#8221;N\u00e9onatologie &#038; Grossesse \u00e0 risque&#8221; button_url=&#8221;@ET-DC@eyJkeW5hbWljIjp0cnVlLCJjb250ZW50IjoicG9zdF9saW5rX3VybF9zZXJ2aWNlIiwic2V0dGluZ3MiOnsicG9zdF9pZCI6IjQwNTEifX0=@&#8221; button_text=&#8221;Plus d&#8217;infos&#8221; _builder_version=&#8221;4.16&#8243; _dynamic_attributes=&#8221;button_url&#8221; _module_preset=&#8221;default&#8221; header_font=&#8221;|||||on|||&#8221; background_color=&#8221;#FFFFFF&#8221; custom_button=&#8221;on&#8221; button_text_size=&#8221;16px&#8221; button_text_color=&#8221;#FFFFFF&#8221; button_bg_color=&#8221;#B1C737&#8243; button_border_color=&#8221;#FFFFFF&#8221; button_border_radius=&#8221;210px&#8221; button_use_icon=&#8221;off&#8221; button_alignment=&#8221;right&#8221; transform_scale_linked__hover=&#8221;off&#8221; transform_translate_linked__hover=&#8221;off&#8221; text_orientation=&#8221;left&#8221; background_layout=&#8221;light&#8221; height=&#8221;250px&#8221; border_width_left=&#8221;3px&#8221; border_color_left=&#8221;#B1C737&#8243; box_shadow_style=&#8221;preset1&#8243; box_shadow_style_button=&#8221;preset1&#8243; global_colors_info=&#8221;{}&#8221; transform_styles__hover_enabled=&#8221;on|hover&#8221; transform_scale__hover_enabled=&#8221;on|hover&#8221; transform_translate__hover_enabled=&#8221;on|desktop&#8221; transform_rotate__hover_enabled=&#8221;on|desktop&#8221; transform_skew__hover_enabled=&#8221;on|desktop&#8221; transform_origin__hover_enabled=&#8221;on|desktop&#8221; transform_translate__hover=&#8221;0px|-20px&#8221; theme_builder_area=&#8221;post_content&#8221;][\/et_pb_cta][\/et_pb_column][et_pb_column type=&#8221;1_2&#8243; _builder_version=&#8221;4.16&#8243; _module_preset=&#8221;default&#8221; global_colors_info=&#8221;{}&#8221; theme_builder_area=&#8221;post_content&#8221;][et_pb_cta title=&#8221;Brochure Bien-Na\u00eetre&#8221; button_url=&#8221;@ET-DC@eyJkeW5hbWljIjp0cnVlLCJjb250ZW50IjoicG9zdF9saW5rX3VybF9icm9jaHVyZSIsInNldHRpbmdzIjp7InBvc3RfaWQiOiI0MDY4In19@&#8221; button_text=&#8221;Lire&#8221; _builder_version=&#8221;4.16&#8243; _dynamic_attributes=&#8221;button_url&#8221; _module_preset=&#8221;default&#8221; header_font=&#8221;|||||on|||&#8221; background_color=&#8221;#FFFFFF&#8221; custom_button=&#8221;on&#8221; button_text_size=&#8221;16px&#8221; button_text_color=&#8221;#FFFFFF&#8221; button_bg_color=&#8221;#49CBC7&#8243; button_border_color=&#8221;#FFFFFF&#8221; button_border_radius=&#8221;210px&#8221; button_use_icon=&#8221;off&#8221; button_alignment=&#8221;right&#8221; transform_translate_linked__hover=&#8221;off&#8221; text_orientation=&#8221;left&#8221; background_layout=&#8221;light&#8221; height=&#8221;250px&#8221; border_color_all=&#8221;#49CBC7&#8243; border_width_left=&#8221;3px&#8221; box_shadow_style=&#8221;preset1&#8243; box_shadow_style_button=&#8221;preset1&#8243; global_colors_info=&#8221;{}&#8221; transform_styles__hover_enabled=&#8221;on|hover&#8221; transform_scale__hover_enabled=&#8221;on|desktop&#8221; transform_translate__hover_enabled=&#8221;on|hover&#8221; transform_rotate__hover_enabled=&#8221;on|desktop&#8221; transform_skew__hover_enabled=&#8221;on|desktop&#8221; transform_origin__hover_enabled=&#8221;on|desktop&#8221; transform_translate__hover=&#8221;0px|-20px&#8221; theme_builder_area=&#8221;post_content&#8221;][\/et_pb_cta][\/et_pb_column][\/et_pb_row][\/et_pb_section]<\/p>\n","protected":false},"excerpt":{"rendered":"<p>Notre \u00e9quipe pluridisciplinaire met toute son expertise \u00e0 votre disposition pour vous offrir une exp\u00e9rience qualitative et positive de la naissance.<br \/>\nNous sommes \u00e0 votre \u00e9coute et vous accompagnons quelle que soit votre situation, en vous garantissant un haut niveau de s\u00e9curit\u00e9 de soins.<br \/>\nVous partager nos chiffres en toute transparence, c\u2019est vous permettre de faire vos choix en toute conscience.<\/p>\n","protected":false},"featured_media":5384,"parent":967,"menu_order":0,"template":"","meta":{"_acf_changed":false,"_et_pb_use_builder":"on","_et_pb_old_content":"","_et_gb_content_width":"","_price":"","_stock":"","_tribe_ticket_header":"","_tribe_default_ticket_provider":"","_tribe_ticket_capacity":"0","_ticket_start_date":"","_ticket_end_date":"","_tribe_ticket_show_description":"","_tribe_ticket_show_not_going":false,"_tribe_ticket_use_global_stock":"","_tribe_ticket_global_stock_level":"","_global_stock_mode":"","_global_stock_cap":"","_tribe_rsvp_for_event":"","_tribe_ticket_going_count":"","_tribe_ticket_not_going_count":"","_tribe_tickets_list":"[]","_tribe_ticket_has_attendee_info_fields":false},"categories":[1859,44],"tags":[137,151,183,136,2385,2256,2386,133,185,184,182,186,176],"class_list":["post-22851","service","type-service","status-publish","has-post-thumbnail","hentry","category-gynecologie-obstetrique","category-specialite","tag-accouchement","tag-allaitement","tag-allaitement-maternel","tag-bebe","tag-chiffres","tag-episio","tag-episiotomie","tag-foetus","tag-hopital-ami-des-bebes","tag-ihab","tag-lactation","tag-lait","tag-nouveau-ne"],"acf":[],"yoast_head":"<!-- This site is optimized with the Yoast SEO plugin v26.5 - https:\/\/yoast.com\/wordpress\/plugins\/seo\/ -->\n<title>9.2 Nos chiffres-cl\u00e9s 2025 - CHU Saint-Pierre | UMC Sint-Pieter<\/title>\n<meta name=\"description\" content=\"Vous partager nos chiffres en toute transparence ,c\u2019est vous permettre de faire vos choix de maternit\u00e9 en toute conscience.\" \/>\n<meta name=\"robots\" content=\"index, follow, max-snippet:-1, max-image-preview:large, max-video-preview:-1\" \/>\n<link rel=\"canonical\" href=\"https:\/\/www.stpierre-bru.be\/service\/grossesse-et-accouchement\/9-2-nos-chiffres-cles\/\" \/>\n<meta property=\"og:locale\" content=\"en_US\" \/>\n<meta property=\"og:type\" content=\"article\" \/>\n<meta property=\"og:title\" content=\"9.2 Nos chiffres-cl\u00e9s 2025 - CHU Saint-Pierre | UMC Sint-Pieter\" \/>\n<meta property=\"og:description\" content=\"Vous partager nos chiffres en toute transparence ,c\u2019est vous permettre de faire vos choix de maternit\u00e9 en toute conscience.\" \/>\n<meta property=\"og:site_name\" content=\"CHU Saint-Pierre | UMC Sint-Pieter\" \/>\n<meta property=\"article:modified_time\" content=\"2025-10-16T14:54:27+00:00\" \/>\n<meta property=\"og:image\" content=\"https:\/\/www.stpierre-bru.be\/app\/uploads\/2022\/01\/maternite_saint_pierre_bruxelles.png\" \/>\n\t<meta property=\"og:image:width\" content=\"850\" \/>\n\t<meta property=\"og:image:height\" content=\"748\" \/>\n\t<meta property=\"og:image:type\" content=\"image\/png\" \/>\n<meta name=\"twitter:card\" content=\"summary_large_image\" \/>\n<meta name=\"twitter:label1\" content=\"Est. reading time\" \/>\n\t<meta name=\"twitter:data1\" content=\"3 minutes\" \/>\n<script type=\"application\/ld+json\" class=\"yoast-schema-graph\">{\"@context\":\"https:\/\/schema.org\",\"@graph\":[{\"@type\":\"WebPage\",\"@id\":\"https:\/\/www.stpierre-bru.be\/service\/grossesse-et-accouchement\/9-2-nos-chiffres-cles\/\",\"url\":\"https:\/\/www.stpierre-bru.be\/service\/grossesse-et-accouchement\/9-2-nos-chiffres-cles\/\",\"name\":\"9.2 Nos chiffres-cl\u00e9s 2025 - CHU Saint-Pierre | UMC Sint-Pieter\",\"isPartOf\":{\"@id\":\"https:\/\/www.stpierre-bru.be\/#website\"},\"primaryImageOfPage\":{\"@id\":\"https:\/\/www.stpierre-bru.be\/service\/grossesse-et-accouchement\/9-2-nos-chiffres-cles\/#primaryimage\"},\"image\":{\"@id\":\"https:\/\/www.stpierre-bru.be\/service\/grossesse-et-accouchement\/9-2-nos-chiffres-cles\/#primaryimage\"},\"thumbnailUrl\":\"https:\/\/www.stpierre-bru.be\/app\/uploads\/2022\/01\/maternite_saint_pierre_bruxelles.png\",\"datePublished\":\"2023-04-28T13:55:45+00:00\",\"dateModified\":\"2025-10-16T14:54:27+00:00\",\"description\":\"Vous partager nos chiffres en toute transparence ,c\u2019est vous permettre de faire vos choix de maternit\u00e9 en toute conscience.\",\"breadcrumb\":{\"@id\":\"https:\/\/www.stpierre-bru.be\/service\/grossesse-et-accouchement\/9-2-nos-chiffres-cles\/#breadcrumb\"},\"inLanguage\":\"en-US\",\"potentialAction\":[{\"@type\":\"ReadAction\",\"target\":[\"https:\/\/www.stpierre-bru.be\/service\/grossesse-et-accouchement\/9-2-nos-chiffres-cles\/\"]}]},{\"@type\":\"ImageObject\",\"inLanguage\":\"en-US\",\"@id\":\"https:\/\/www.stpierre-bru.be\/service\/grossesse-et-accouchement\/9-2-nos-chiffres-cles\/#primaryimage\",\"url\":\"https:\/\/www.stpierre-bru.be\/app\/uploads\/2022\/01\/maternite_saint_pierre_bruxelles.png\",\"contentUrl\":\"https:\/\/www.stpierre-bru.be\/app\/uploads\/2022\/01\/maternite_saint_pierre_bruxelles.png\",\"width\":850,\"height\":748,\"caption\":\"Grossesse accouchement mternit\u00e9 Saint-Pierre bruxelles\"},{\"@type\":\"BreadcrumbList\",\"@id\":\"https:\/\/www.stpierre-bru.be\/service\/grossesse-et-accouchement\/9-2-nos-chiffres-cles\/#breadcrumb\",\"itemListElement\":[{\"@type\":\"ListItem\",\"position\":1,\"name\":\"Home\",\"item\":\"https:\/\/www.stpierre-bru.be\/en\/\"},{\"@type\":\"ListItem\",\"position\":2,\"name\":\"Services\",\"item\":\"https:\/\/www.stpierre-bru.be\/nos-services-de-consultation\/\"},{\"@type\":\"ListItem\",\"position\":3,\"name\":\"La Clinique de la Femme Enceinte\",\"item\":\"https:\/\/www.stpierre-bru.be\/service\/grossesse-et-accouchement\/\"},{\"@type\":\"ListItem\",\"position\":4,\"name\":\"9.2 Nos chiffres-cl\u00e9s 2025\"}]},{\"@type\":\"WebSite\",\"@id\":\"https:\/\/www.stpierre-bru.be\/#website\",\"url\":\"https:\/\/www.stpierre-bru.be\/\",\"name\":\"CHU Saint-Pierre | UMC Sint-Pieter\",\"description\":\"Bienvenue\",\"publisher\":{\"@id\":\"https:\/\/www.stpierre-bru.be\/#organization\"},\"potentialAction\":[{\"@type\":\"SearchAction\",\"target\":{\"@type\":\"EntryPoint\",\"urlTemplate\":\"https:\/\/www.stpierre-bru.be\/?s={search_term_string}\"},\"query-input\":{\"@type\":\"PropertyValueSpecification\",\"valueRequired\":true,\"valueName\":\"search_term_string\"}}],\"inLanguage\":\"en-US\"},{\"@type\":\"Organization\",\"@id\":\"https:\/\/www.stpierre-bru.be\/#organization\",\"name\":\"CHU Saint-Pierre | UMC Sint-Pieter\",\"url\":\"https:\/\/www.stpierre-bru.be\/\",\"logo\":{\"@type\":\"ImageObject\",\"inLanguage\":\"en-US\",\"@id\":\"https:\/\/www.stpierre-bru.be\/#\/schema\/logo\/image\/\",\"url\":\"https:\/\/www.stpierre-bru.be\/wp-content\/uploads\/2021\/06\/Logo_chu_umc_0.png\",\"contentUrl\":\"https:\/\/www.stpierre-bru.be\/wp-content\/uploads\/2021\/06\/Logo_chu_umc_0.png\",\"width\":733,\"height\":281,\"caption\":\"CHU Saint-Pierre | UMC Sint-Pieter\"},\"image\":{\"@id\":\"https:\/\/www.stpierre-bru.be\/#\/schema\/logo\/image\/\"}}]}<\/script>\n<!-- \/ Yoast SEO plugin. -->","yoast_head_json":{"title":"9.2 Nos chiffres-cl\u00e9s 2025 - CHU Saint-Pierre | UMC Sint-Pieter","description":"Vous partager nos chiffres en toute transparence ,c\u2019est vous permettre de faire vos choix de maternit\u00e9 en toute conscience.","robots":{"index":"index","follow":"follow","max-snippet":"max-snippet:-1","max-image-preview":"max-image-preview:large","max-video-preview":"max-video-preview:-1"},"canonical":"https:\/\/www.stpierre-bru.be\/service\/grossesse-et-accouchement\/9-2-nos-chiffres-cles\/","og_locale":"en_US","og_type":"article","og_title":"9.2 Nos chiffres-cl\u00e9s 2025 - CHU Saint-Pierre | UMC Sint-Pieter","og_description":"Vous partager nos chiffres en toute transparence ,c\u2019est vous permettre de faire vos choix de maternit\u00e9 en toute conscience.","og_site_name":"CHU Saint-Pierre | UMC Sint-Pieter","article_modified_time":"2025-10-16T14:54:27+00:00","og_image":[{"width":850,"height":748,"url":"https:\/\/www.stpierre-bru.be\/app\/uploads\/2022\/01\/maternite_saint_pierre_bruxelles.png","type":"image\/png"}],"twitter_card":"summary_large_image","twitter_misc":{"Est. reading time":"3 minutes"},"schema":{"@context":"https:\/\/schema.org","@graph":[{"@type":"WebPage","@id":"https:\/\/www.stpierre-bru.be\/service\/grossesse-et-accouchement\/9-2-nos-chiffres-cles\/","url":"https:\/\/www.stpierre-bru.be\/service\/grossesse-et-accouchement\/9-2-nos-chiffres-cles\/","name":"9.2 Nos chiffres-cl\u00e9s 2025 - CHU Saint-Pierre | UMC Sint-Pieter","isPartOf":{"@id":"https:\/\/www.stpierre-bru.be\/#website"},"primaryImageOfPage":{"@id":"https:\/\/www.stpierre-bru.be\/service\/grossesse-et-accouchement\/9-2-nos-chiffres-cles\/#primaryimage"},"image":{"@id":"https:\/\/www.stpierre-bru.be\/service\/grossesse-et-accouchement\/9-2-nos-chiffres-cles\/#primaryimage"},"thumbnailUrl":"https:\/\/www.stpierre-bru.be\/app\/uploads\/2022\/01\/maternite_saint_pierre_bruxelles.png","datePublished":"2023-04-28T13:55:45+00:00","dateModified":"2025-10-16T14:54:27+00:00","description":"Vous partager nos chiffres en toute transparence ,c\u2019est vous permettre de faire vos choix de maternit\u00e9 en toute conscience.","breadcrumb":{"@id":"https:\/\/www.stpierre-bru.be\/service\/grossesse-et-accouchement\/9-2-nos-chiffres-cles\/#breadcrumb"},"inLanguage":"en-US","potentialAction":[{"@type":"ReadAction","target":["https:\/\/www.stpierre-bru.be\/service\/grossesse-et-accouchement\/9-2-nos-chiffres-cles\/"]}]},{"@type":"ImageObject","inLanguage":"en-US","@id":"https:\/\/www.stpierre-bru.be\/service\/grossesse-et-accouchement\/9-2-nos-chiffres-cles\/#primaryimage","url":"https:\/\/www.stpierre-bru.be\/app\/uploads\/2022\/01\/maternite_saint_pierre_bruxelles.png","contentUrl":"https:\/\/www.stpierre-bru.be\/app\/uploads\/2022\/01\/maternite_saint_pierre_bruxelles.png","width":850,"height":748,"caption":"Grossesse accouchement mternit\u00e9 Saint-Pierre bruxelles"},{"@type":"BreadcrumbList","@id":"https:\/\/www.stpierre-bru.be\/service\/grossesse-et-accouchement\/9-2-nos-chiffres-cles\/#breadcrumb","itemListElement":[{"@type":"ListItem","position":1,"name":"Home","item":"https:\/\/www.stpierre-bru.be\/en\/"},{"@type":"ListItem","position":2,"name":"Services","item":"https:\/\/www.stpierre-bru.be\/nos-services-de-consultation\/"},{"@type":"ListItem","position":3,"name":"La Clinique de la Femme Enceinte","item":"https:\/\/www.stpierre-bru.be\/service\/grossesse-et-accouchement\/"},{"@type":"ListItem","position":4,"name":"9.2 Nos chiffres-cl\u00e9s 2025"}]},{"@type":"WebSite","@id":"https:\/\/www.stpierre-bru.be\/#website","url":"https:\/\/www.stpierre-bru.be\/","name":"CHU Saint-Pierre | UMC Sint-Pieter","description":"Bienvenue","publisher":{"@id":"https:\/\/www.stpierre-bru.be\/#organization"},"potentialAction":[{"@type":"SearchAction","target":{"@type":"EntryPoint","urlTemplate":"https:\/\/www.stpierre-bru.be\/?s={search_term_string}"},"query-input":{"@type":"PropertyValueSpecification","valueRequired":true,"valueName":"search_term_string"}}],"inLanguage":"en-US"},{"@type":"Organization","@id":"https:\/\/www.stpierre-bru.be\/#organization","name":"CHU Saint-Pierre | UMC Sint-Pieter","url":"https:\/\/www.stpierre-bru.be\/","logo":{"@type":"ImageObject","inLanguage":"en-US","@id":"https:\/\/www.stpierre-bru.be\/#\/schema\/logo\/image\/","url":"https:\/\/www.stpierre-bru.be\/wp-content\/uploads\/2021\/06\/Logo_chu_umc_0.png","contentUrl":"https:\/\/www.stpierre-bru.be\/wp-content\/uploads\/2021\/06\/Logo_chu_umc_0.png","width":733,"height":281,"caption":"CHU Saint-Pierre | UMC Sint-Pieter"},"image":{"@id":"https:\/\/www.stpierre-bru.be\/#\/schema\/logo\/image\/"}}]}},"_links":{"self":[{"href":"https:\/\/www.stpierre-bru.be\/en\/wp-json\/wp\/v2\/service\/22851","targetHints":{"allow":["GET"]}}],"collection":[{"href":"https:\/\/www.stpierre-bru.be\/en\/wp-json\/wp\/v2\/service"}],"about":[{"href":"https:\/\/www.stpierre-bru.be\/en\/wp-json\/wp\/v2\/types\/service"}],"up":[{"embeddable":true,"href":"https:\/\/www.stpierre-bru.be\/en\/wp-json\/wp\/v2\/service\/967"}],"wp:featuredmedia":[{"embeddable":true,"href":"https:\/\/www.stpierre-bru.be\/en\/wp-json\/wp\/v2\/media\/5384"}],"wp:attachment":[{"href":"https:\/\/www.stpierre-bru.be\/en\/wp-json\/wp\/v2\/media?parent=22851"}],"wp:term":[{"taxonomy":"category","embeddable":true,"href":"https:\/\/www.stpierre-bru.be\/en\/wp-json\/wp\/v2\/categories?post=22851"},{"taxonomy":"post_tag","embeddable":true,"href":"https:\/\/www.stpierre-bru.be\/en\/wp-json\/wp\/v2\/tags?post=22851"}],"curies":[{"name":"wp","href":"https:\/\/api.w.org\/{rel}","templated":true}]}}