{"id":1032,"date":"2021-11-14T23:21:05","date_gmt":"2021-11-14T22:21:05","guid":{"rendered":"http:\/\/10.14.1.26\/website\/specialite\/centre-dexpertise-armand-decoster\/"},"modified":"2022-03-27T21:57:54","modified_gmt":"2022-03-27T19:57:54","slug":"pathologies-interstitielles","status":"publish","type":"service","link":"https:\/\/www.stpierre-bru.be\/en\/service\/pneumologie\/pathologies-interstitielles\/","title":{"rendered":"Pathologies Interstitielles"},"content":{"rendered":"<p>[et_pb_section fb_built=&#8221;1&#8243; _builder_version=&#8221;3.22&#8243; global_colors_info=&#8221;{}&#8221; theme_builder_area=&#8221;post_content&#8221;][et_pb_row _builder_version=&#8221;3.25&#8243; background_size=&#8221;initial&#8221; background_position=&#8221;top_left&#8221; background_repeat=&#8221;repeat&#8221; global_colors_info=&#8221;{}&#8221; theme_builder_area=&#8221;post_content&#8221;][et_pb_column type=&#8221;4_4&#8243; _builder_version=&#8221;3.25&#8243; custom_padding=&#8221;|||&#8221; global_colors_info=&#8221;{}&#8221; custom_padding__hover=&#8221;|||&#8221; theme_builder_area=&#8221;post_content&#8221;][et_pb_text _builder_version=&#8221;4.14.7&#8243; background_size=&#8221;initial&#8221; background_position=&#8221;top_left&#8221; background_repeat=&#8221;repeat&#8221; hover_enabled=&#8221;0&#8243; global_colors_info=&#8221;{}&#8221; theme_builder_area=&#8221;post_content&#8221; sticky_enabled=&#8221;0&#8243;]<\/p>\n<h3><span style=\"font-weight: 400;\">Pathologies interstitielles<\/span><\/h3>\n<p><span style=\"font-weight: 400;\">Les pneumopathies interstitielles diffuses repr\u00e9sentent un ensemble de maladies relativement rares. Il s&#8217;agit d&#8217;affections touchant la partie du poumon responsable des \u00e9changes gazeux avec un degr\u00e9 plus ou moins important d&#8217;inflammation et de fibrose entra\u00eenant un essoufflement et une insuffisance respiratoire progressive.<\/span><span style=\"font-weight: 400;\"><br \/><\/span><span style=\"font-weight: 400;\"><br \/><\/span><span style=\"font-weight: 400;\">Le diagnostic est complexe et requiert une discussion multidisciplinaire.<\/span><span style=\"font-weight: 400;\"><br \/><\/span><span style=\"font-weight: 400;\">Au sein du service de Pneumologie, nous r\u00e9alisons le bilan initial de ces pathologies en collaboration avec diff\u00e9rentes sp\u00e9cialit\u00e9s (radiologie, anatomo-pathologie, ..) en utilisant les techniques les plus modernes, endoscopiques (cryobiopsies,..) ou de chirurgie thoracique. Apr\u00e8s le diagnostic initial, soit le patient peut \u00eatre pris en charge ad\u00e9quatement dans notre centre, soit il n\u00e9cessite un traitement sp\u00e9cifique auquel l\u2019acc\u00e8s est limit\u00e9, et il sera alors dirig\u00e9 vers un centre sp\u00e9cialis\u00e9 pour pouvoir en beneficier.\u00a0\u00a0<\/span><\/p>\n<p>[\/et_pb_text][\/et_pb_column][\/et_pb_row][\/et_pb_section]<\/p>\n","protected":false},"excerpt":{"rendered":"<p>Affections touchant la partie du poumon responsable des \u00e9changes gazeux avec un degr\u00e9 plus ou moins important d&#8217;inflammation et de fibrose entra\u00eenant un essoufflement et une insuffisance respiratoire progressive.<\/p>\n","protected":false},"featured_media":876,"parent":836,"menu_order":0,"template":"","meta":{"_acf_changed":false,"_et_pb_use_builder":"on","_et_pb_old_content":"<h3>R\u00e9pondre aux enjeux de sant\u00e9 publique<\/h3>\nLes r\u00e9ponses diagnostiques et th\u00e9rapeutiques, innovantes pour leur prise en charge optimale, s\u2019appellent revalidation respiratoire ambulatoire et hospitali\u00e8re et r\u00e9duction de volume pulmonaire endoscopique et chirurgicale (BPCO), d\u00e9tection, diagnostic mol\u00e9culaire et traitement sp\u00e9cialis\u00e9 de la tuberculose multi-sensible \u00e0 multi-r\u00e9sistante, abord diagnostique endoscopique des affections infectieuses vari\u00e9es du poumon et d\u00e9tection, \u00e9tablissement du stade et prise en charge th\u00e9rapeutique multidisciplinaire des affections canc\u00e9reuses du poumon.\n<h3>Favoriser les progr\u00e8s diagnostiques et th\u00e9rapeutiques<\/h3>\nCes objectifs primordiaux sont rencontr\u00e9s par le service de pneumologie qui a introduit en Belgique plusieurs progr\u00e8s diagnostiques et th\u00e9rapeutiques importants\n<ul>\n \t<li>la photod\u00e9tection dans la d\u00e9tection pr\u00e9coce du cancer bronchique ;<\/li>\n \t<li>l\u2019\u00e9choendoscopie bronchique dans le diagnostic et l\u2019\u00e9valuation du cancer bronchopulmonaire ;<\/li>\n \t<li>les valves endobronchiques dans le traitement de l\u2019emphys\u00e8me pulmonaire.<\/li>\n<\/ul>\n<h3>Epreuve d'effort cardio-pulmonaire<\/h3>\n<b>O\u00f9 en est votre condition physique ?<\/b>\n\nCe test est une \u00e9preuve physique qui s'adresse tant aux personnes en bonne sant\u00e9 qu'aux sujets malades. Le but de cet examen est de vous faire r\u00e9aliser, sous surveillance, un effort au maximum de vos capacit\u00e9s. Ce test se d\u00e9roule en pr\u00e9sence d'un m\u00e9decin (pneumologue ou cardiologue) et d'un(e) kin\u00e9sith\u00e9rapeute ou infirmi\u00e8re.\n\n<b>En quoi cela consiste ?<\/b>\n\nIl s'agit d'un test \u00e0 l'effort sur un v\u00e9lo. Vous devrez p\u00e9daler entre 8 et 12 minutes. La difficult\u00e9 de l'exercice est croissante et s'arr\u00eate quand vos capacit\u00e9s maximales sont atteintes. Nous suivrons en direct l'\u00e9volution de vos param\u00e8tres respiratoires et cardiaques (tension art\u00e9rielle, fr\u00e9quence cardiaque, \u00e9lectrocardiogramme, oxyg\u00e8ne dans le sang \u2026.).\n\n<b>A qui cela s'adresse et pour quelles raisons ?<\/b>\n\nAux sujets en bonne sant\u00e9 :&nbsp;\n<ul>\n \t<li>Evaluation de votre condition, de votre \u00e9tat fonctionnel<\/li>\n \t<li>Evaluation dans le cadre d'une pratique sportive ou professionnelle (sportif amateur ou professionnel, activit\u00e9s physiquement exigeantes comme les pompiers, les plongeurs,\u2026)<\/li>\n<\/ul>\nAux sujets malades :\n<ul>\n \t<li>Evaluation de l'origine du manque de souffle<\/li>\n \t<li>Bilan fonctionnel d'une maladie pulmonaire ou cardiaque connue<\/li>\n \t<li>Bilan pr\u00e9-op\u00e9ratoire<\/li>\n \t<li>Expertise des maladies professionnelles<\/li>\n<\/ul>\n<table align=\"left\" border=\"1\" cellpadding=\"1\" cellspacing=\"1\" style=\"width:500px;\">\n<tbody>\n<tr>\n<td>\n<h3>Focus | Echoendoscopie bronchique :\nUne technique introduite en Belgique par notre service de pneumologie<\/h3>\nDes d\u00e9veloppements r\u00e9cents, li\u00e9s \u00e0 l\u2019apport de l\u2019\u00e9chographie endoscopique, ont consid\u00e9rablement augment\u00e9 le domaine d\u2019exploration de la bronchoscopie souple, qui est un outil diagnostique indispensable dans le diagnostic des maladies pulmonaires.\n\nL\u2019endoscope \u00e9chographique permet, par rapport au bronchoscope classique, de voir de l\u2019autre c\u00f4t\u00e9 de la paroi des bronches et d\u2019examiner des structures comme les ganglions ou des tumeurs qui se trouvent au voisinage des bronches principales.\n\nL\u2019int\u00e9r\u00eat r\u00e9side dans le fait, qu\u2019il est possible de ponctionner ces structures suspectes \u00e0 l\u2019aide d\u2019une fine aiguille introduite dans l\u2019endoscope et dirig\u00e9e avec pr\u00e9cision par \u00e9chographie. L\u2019examen ult\u00e9rieur du pr\u00e9l\u00e8vement au microscope permet d\u2019en pr\u00e9ciser la nature.\n\nCet examen se fait sous anesth\u00e9sie locale, en ambulatoire et remplace d\u00e9j\u00e0 de nombreux examens chirurgicaux plus invasifs, plus co\u00fbteux et qui n\u00e9cessitent une hospitalisation. C\u2019est une r\u00e9volution dans l\u2019\u00e9valuation de maladies comme le cancer du poumon.\n\nLes pneumologues de l\u2019h\u00f4pital Saint-Pierre ont introduit cette technique en Belgique, form\u00e9 de nombreux confr\u00e8res en Belgique et \u00e0 l\u2019\u00e9tranger et publi\u00e9 des travaux scientifiques dans le domaine.\n<h3>Film :&nbsp;<a href=\"http:\/\/www.canal-u.tv\/producteurs\/canal_u_medecine\/dossier_programmes\/cancerologie\/film\/l_approche_endoscopique_des_adenopathies_mediastinales_mediastinoscopie_exclue\" target=\"_blank\" rel=\"noopener\">L'approche endoscopique des ad\u00e9nopathies m\u00e9diastinales<\/a><\/h3>\n<\/td>\n<\/tr>\n<\/tbody>\n<\/table>\n<h3>&nbsp;<\/h3>\n<h3>&nbsp;<\/h3>\n<h3>&nbsp;<\/h3>\n<h3>&nbsp;<\/h3>\n<h3>&nbsp;<\/h3>\n<h3>&nbsp;<\/h3>\n<h3>&nbsp;<\/h3>\n<h3>&nbsp;<\/h3>\n<h3>&nbsp;<\/h3>\n<h3>&nbsp;<\/h3>\n<h3>&nbsp;<\/h3>\n<h3>&nbsp;<\/h3>\n<h3>&nbsp;<\/h3>\n<h3>&nbsp;<\/h3>\n<h3>&nbsp;<\/h3>\n<h3>&nbsp;<\/h3>\n<h3>&nbsp;<\/h3>\n&nbsp;\n<h3>Autres activit\u00e9s de pointe<\/h3>\nLe service dispose \u00e9galement d\u2019une unit\u00e9 du sommeil&nbsp;qui prend en charge les anomalies ventilatoires associ\u00e9es au ronflement et \u00e0 d\u2019autres maladies qui affectent la respiration au cours du sommeil. Il comprend \u00e9galement un&nbsp;<b>Centre d\u2019Aide aux Fumeurs (CAF)<\/b>&nbsp;et une&nbsp;<b>clinique compl\u00e8te de l\u2019asthme et de l\u2019allergologie<\/b>&nbsp;disposant des techniques diagnostiques les plus modernes (NO exhal\u00e9, tests de provocation) avec une \u00e9cole de l\u2019asthme. La recherche clinique est d\u00e9velopp\u00e9e dans de nombreux secteurs du service.","_et_gb_content_width":"","_price":"","_stock":"","_tribe_ticket_header":"","_tribe_default_ticket_provider":"","_tribe_ticket_capacity":"0","_ticket_start_date":"","_ticket_end_date":"","_tribe_ticket_show_description":"","_tribe_ticket_show_not_going":false,"_tribe_ticket_use_global_stock":"","_tribe_ticket_global_stock_level":"","_global_stock_mode":"","_global_stock_cap":"","_tribe_rsvp_for_event":"","_tribe_ticket_going_count":"","_tribe_ticket_not_going_count":"","_tribe_tickets_list":"[]","_tribe_ticket_has_attendee_info_fields":false},"categories":[1871,44],"tags":[235,236,234,233],"class_list":["post-1032","service","type-service","status-publish","has-post-thumbnail","hentry","category-pneumologie","category-specialite","tag-fibrose","tag-insuffisance-respiratoire","tag-interstices","tag-pneumopathies-interstitielles"],"acf":[],"yoast_head":"<!-- This site is optimized with the Yoast SEO plugin v26.5 - https:\/\/yoast.com\/wordpress\/plugins\/seo\/ -->\n<title>Pathologies Interstitielles - CHU Saint-Pierre | UMC Sint-Pieter<\/title>\n<meta name=\"description\" content=\"Affections touchant la partie du poumon responsable des \u00e9changes gazeux avec un degr\u00e9 plus ou moins important d&#039;inflammation et de fibrose entra\u00eenant un essoufflement et une insuffisance respiratoire progressive.\" \/>\n<meta name=\"robots\" content=\"index, follow, max-snippet:-1, max-image-preview:large, max-video-preview:-1\" \/>\n<link rel=\"canonical\" href=\"https:\/\/www.stpierre-bru.be\/service\/pneumologie\/pathologies-interstitielles\/\" \/>\n<meta property=\"og:locale\" content=\"en_US\" \/>\n<meta property=\"og:type\" content=\"article\" \/>\n<meta property=\"og:title\" content=\"Pathologies Interstitielles - CHU Saint-Pierre | UMC Sint-Pieter\" \/>\n<meta property=\"og:description\" content=\"Affections touchant la partie du poumon responsable des \u00e9changes gazeux avec un degr\u00e9 plus ou moins important d&#039;inflammation et de fibrose entra\u00eenant un essoufflement et une insuffisance respiratoire progressive.\" \/>\n<meta property=\"og:site_name\" content=\"CHU Saint-Pierre | UMC Sint-Pieter\" \/>\n<meta property=\"article:modified_time\" content=\"2022-03-27T19:57:54+00:00\" \/>\n<meta property=\"og:image\" content=\"https:\/\/i0.wp.com\/www.stpierre-bru.be\/wp-content\/uploads\/2021\/11\/Pneumo-e1647353562922.jpg?fit=849%2C882&ssl=1\" \/>\n\t<meta property=\"og:image:width\" content=\"849\" \/>\n\t<meta property=\"og:image:height\" content=\"882\" \/>\n\t<meta property=\"og:image:type\" content=\"image\/jpeg\" \/>\n<meta name=\"twitter:card\" content=\"summary_large_image\" \/>\n<meta name=\"twitter:label1\" content=\"Est. reading time\" \/>\n\t<meta name=\"twitter:data1\" content=\"1 minute\" \/>\n<script type=\"application\/ld+json\" class=\"yoast-schema-graph\">{\"@context\":\"https:\/\/schema.org\",\"@graph\":[{\"@type\":\"WebPage\",\"@id\":\"https:\/\/www.stpierre-bru.be\/service\/pneumologie\/pathologies-interstitielles\/\",\"url\":\"https:\/\/www.stpierre-bru.be\/service\/pneumologie\/pathologies-interstitielles\/\",\"name\":\"Pathologies Interstitielles - CHU Saint-Pierre | UMC Sint-Pieter\",\"isPartOf\":{\"@id\":\"https:\/\/www.stpierre-bru.be\/#website\"},\"primaryImageOfPage\":{\"@id\":\"https:\/\/www.stpierre-bru.be\/service\/pneumologie\/pathologies-interstitielles\/#primaryimage\"},\"image\":{\"@id\":\"https:\/\/www.stpierre-bru.be\/service\/pneumologie\/pathologies-interstitielles\/#primaryimage\"},\"thumbnailUrl\":\"https:\/\/www.stpierre-bru.be\/app\/uploads\/2021\/11\/Pneumo-e1647353562922.jpg\",\"datePublished\":\"2021-11-14T22:21:05+00:00\",\"dateModified\":\"2022-03-27T19:57:54+00:00\",\"description\":\"Affections touchant la partie du poumon responsable des \u00e9changes gazeux avec un degr\u00e9 plus ou moins important d'inflammation et de fibrose entra\u00eenant un essoufflement et une insuffisance respiratoire progressive.\",\"breadcrumb\":{\"@id\":\"https:\/\/www.stpierre-bru.be\/service\/pneumologie\/pathologies-interstitielles\/#breadcrumb\"},\"inLanguage\":\"en-US\",\"potentialAction\":[{\"@type\":\"ReadAction\",\"target\":[\"https:\/\/www.stpierre-bru.be\/service\/pneumologie\/pathologies-interstitielles\/\"]}]},{\"@type\":\"ImageObject\",\"inLanguage\":\"en-US\",\"@id\":\"https:\/\/www.stpierre-bru.be\/service\/pneumologie\/pathologies-interstitielles\/#primaryimage\",\"url\":\"https:\/\/www.stpierre-bru.be\/app\/uploads\/2021\/11\/Pneumo-e1647353562922.jpg\",\"contentUrl\":\"https:\/\/www.stpierre-bru.be\/app\/uploads\/2021\/11\/Pneumo-e1647353562922.jpg\",\"width\":849,\"height\":882},{\"@type\":\"BreadcrumbList\",\"@id\":\"https:\/\/www.stpierre-bru.be\/service\/pneumologie\/pathologies-interstitielles\/#breadcrumb\",\"itemListElement\":[{\"@type\":\"ListItem\",\"position\":1,\"name\":\"Home\",\"item\":\"https:\/\/www.stpierre-bru.be\/en\/\"},{\"@type\":\"ListItem\",\"position\":2,\"name\":\"Services\",\"item\":\"https:\/\/www.stpierre-bru.be\/nos-services-de-consultation\/\"},{\"@type\":\"ListItem\",\"position\":3,\"name\":\"Pneumologie\",\"item\":\"https:\/\/www.stpierre-bru.be\/service\/pneumologie\/\"},{\"@type\":\"ListItem\",\"position\":4,\"name\":\"Pathologies Interstitielles\"}]},{\"@type\":\"WebSite\",\"@id\":\"https:\/\/www.stpierre-bru.be\/#website\",\"url\":\"https:\/\/www.stpierre-bru.be\/\",\"name\":\"CHU Saint-Pierre | UMC Sint-Pieter\",\"description\":\"Bienvenue\",\"publisher\":{\"@id\":\"https:\/\/www.stpierre-bru.be\/#organization\"},\"potentialAction\":[{\"@type\":\"SearchAction\",\"target\":{\"@type\":\"EntryPoint\",\"urlTemplate\":\"https:\/\/www.stpierre-bru.be\/?s={search_term_string}\"},\"query-input\":{\"@type\":\"PropertyValueSpecification\",\"valueRequired\":true,\"valueName\":\"search_term_string\"}}],\"inLanguage\":\"en-US\"},{\"@type\":\"Organization\",\"@id\":\"https:\/\/www.stpierre-bru.be\/#organization\",\"name\":\"CHU Saint-Pierre | UMC Sint-Pieter\",\"url\":\"https:\/\/www.stpierre-bru.be\/\",\"logo\":{\"@type\":\"ImageObject\",\"inLanguage\":\"en-US\",\"@id\":\"https:\/\/www.stpierre-bru.be\/#\/schema\/logo\/image\/\",\"url\":\"https:\/\/www.stpierre-bru.be\/wp-content\/uploads\/2021\/06\/Logo_chu_umc_0.png\",\"contentUrl\":\"https:\/\/www.stpierre-bru.be\/wp-content\/uploads\/2021\/06\/Logo_chu_umc_0.png\",\"width\":733,\"height\":281,\"caption\":\"CHU Saint-Pierre | UMC Sint-Pieter\"},\"image\":{\"@id\":\"https:\/\/www.stpierre-bru.be\/#\/schema\/logo\/image\/\"}}]}<\/script>\n<!-- \/ Yoast SEO plugin. -->","yoast_head_json":{"title":"Pathologies Interstitielles - CHU Saint-Pierre | UMC Sint-Pieter","description":"Affections touchant la partie du poumon responsable des \u00e9changes gazeux avec un degr\u00e9 plus ou moins important d'inflammation et de fibrose entra\u00eenant un essoufflement et une insuffisance respiratoire progressive.","robots":{"index":"index","follow":"follow","max-snippet":"max-snippet:-1","max-image-preview":"max-image-preview:large","max-video-preview":"max-video-preview:-1"},"canonical":"https:\/\/www.stpierre-bru.be\/service\/pneumologie\/pathologies-interstitielles\/","og_locale":"en_US","og_type":"article","og_title":"Pathologies Interstitielles - CHU Saint-Pierre | UMC Sint-Pieter","og_description":"Affections touchant la partie du poumon responsable des \u00e9changes gazeux avec un degr\u00e9 plus ou moins important d'inflammation et de fibrose entra\u00eenant un essoufflement et une insuffisance respiratoire progressive.","og_site_name":"CHU Saint-Pierre | UMC Sint-Pieter","article_modified_time":"2022-03-27T19:57:54+00:00","og_image":[{"width":849,"height":882,"url":"https:\/\/i0.wp.com\/www.stpierre-bru.be\/wp-content\/uploads\/2021\/11\/Pneumo-e1647353562922.jpg?fit=849%2C882&ssl=1","type":"image\/jpeg"}],"twitter_card":"summary_large_image","twitter_misc":{"Est. reading time":"1 minute"},"schema":{"@context":"https:\/\/schema.org","@graph":[{"@type":"WebPage","@id":"https:\/\/www.stpierre-bru.be\/service\/pneumologie\/pathologies-interstitielles\/","url":"https:\/\/www.stpierre-bru.be\/service\/pneumologie\/pathologies-interstitielles\/","name":"Pathologies Interstitielles - CHU Saint-Pierre | UMC Sint-Pieter","isPartOf":{"@id":"https:\/\/www.stpierre-bru.be\/#website"},"primaryImageOfPage":{"@id":"https:\/\/www.stpierre-bru.be\/service\/pneumologie\/pathologies-interstitielles\/#primaryimage"},"image":{"@id":"https:\/\/www.stpierre-bru.be\/service\/pneumologie\/pathologies-interstitielles\/#primaryimage"},"thumbnailUrl":"https:\/\/www.stpierre-bru.be\/app\/uploads\/2021\/11\/Pneumo-e1647353562922.jpg","datePublished":"2021-11-14T22:21:05+00:00","dateModified":"2022-03-27T19:57:54+00:00","description":"Affections touchant la partie du poumon responsable des \u00e9changes gazeux avec un degr\u00e9 plus ou moins important d'inflammation et de fibrose entra\u00eenant un essoufflement et une insuffisance respiratoire progressive.","breadcrumb":{"@id":"https:\/\/www.stpierre-bru.be\/service\/pneumologie\/pathologies-interstitielles\/#breadcrumb"},"inLanguage":"en-US","potentialAction":[{"@type":"ReadAction","target":["https:\/\/www.stpierre-bru.be\/service\/pneumologie\/pathologies-interstitielles\/"]}]},{"@type":"ImageObject","inLanguage":"en-US","@id":"https:\/\/www.stpierre-bru.be\/service\/pneumologie\/pathologies-interstitielles\/#primaryimage","url":"https:\/\/www.stpierre-bru.be\/app\/uploads\/2021\/11\/Pneumo-e1647353562922.jpg","contentUrl":"https:\/\/www.stpierre-bru.be\/app\/uploads\/2021\/11\/Pneumo-e1647353562922.jpg","width":849,"height":882},{"@type":"BreadcrumbList","@id":"https:\/\/www.stpierre-bru.be\/service\/pneumologie\/pathologies-interstitielles\/#breadcrumb","itemListElement":[{"@type":"ListItem","position":1,"name":"Home","item":"https:\/\/www.stpierre-bru.be\/en\/"},{"@type":"ListItem","position":2,"name":"Services","item":"https:\/\/www.stpierre-bru.be\/nos-services-de-consultation\/"},{"@type":"ListItem","position":3,"name":"Pneumologie","item":"https:\/\/www.stpierre-bru.be\/service\/pneumologie\/"},{"@type":"ListItem","position":4,"name":"Pathologies Interstitielles"}]},{"@type":"WebSite","@id":"https:\/\/www.stpierre-bru.be\/#website","url":"https:\/\/www.stpierre-bru.be\/","name":"CHU Saint-Pierre | UMC Sint-Pieter","description":"Bienvenue","publisher":{"@id":"https:\/\/www.stpierre-bru.be\/#organization"},"potentialAction":[{"@type":"SearchAction","target":{"@type":"EntryPoint","urlTemplate":"https:\/\/www.stpierre-bru.be\/?s={search_term_string}"},"query-input":{"@type":"PropertyValueSpecification","valueRequired":true,"valueName":"search_term_string"}}],"inLanguage":"en-US"},{"@type":"Organization","@id":"https:\/\/www.stpierre-bru.be\/#organization","name":"CHU Saint-Pierre | UMC Sint-Pieter","url":"https:\/\/www.stpierre-bru.be\/","logo":{"@type":"ImageObject","inLanguage":"en-US","@id":"https:\/\/www.stpierre-bru.be\/#\/schema\/logo\/image\/","url":"https:\/\/www.stpierre-bru.be\/wp-content\/uploads\/2021\/06\/Logo_chu_umc_0.png","contentUrl":"https:\/\/www.stpierre-bru.be\/wp-content\/uploads\/2021\/06\/Logo_chu_umc_0.png","width":733,"height":281,"caption":"CHU Saint-Pierre | UMC Sint-Pieter"},"image":{"@id":"https:\/\/www.stpierre-bru.be\/#\/schema\/logo\/image\/"}}]}},"_links":{"self":[{"href":"https:\/\/www.stpierre-bru.be\/en\/wp-json\/wp\/v2\/service\/1032","targetHints":{"allow":["GET"]}}],"collection":[{"href":"https:\/\/www.stpierre-bru.be\/en\/wp-json\/wp\/v2\/service"}],"about":[{"href":"https:\/\/www.stpierre-bru.be\/en\/wp-json\/wp\/v2\/types\/service"}],"up":[{"embeddable":true,"href":"https:\/\/www.stpierre-bru.be\/en\/wp-json\/wp\/v2\/service\/836"}],"wp:featuredmedia":[{"embeddable":true,"href":"https:\/\/www.stpierre-bru.be\/en\/wp-json\/wp\/v2\/media\/876"}],"wp:attachment":[{"href":"https:\/\/www.stpierre-bru.be\/en\/wp-json\/wp\/v2\/media?parent=1032"}],"wp:term":[{"taxonomy":"category","embeddable":true,"href":"https:\/\/www.stpierre-bru.be\/en\/wp-json\/wp\/v2\/categories?post=1032"},{"taxonomy":"post_tag","embeddable":true,"href":"https:\/\/www.stpierre-bru.be\/en\/wp-json\/wp\/v2\/tags?post=1032"}],"curies":[{"name":"wp","href":"https:\/\/api.w.org\/{rel}","templated":true}]}}