{"id":1030,"date":"2021-11-14T23:21:05","date_gmt":"2021-11-14T22:21:05","guid":{"rendered":"http:\/\/10.14.1.26\/website\/specialite\/allergologie-asthme\/"},"modified":"2022-03-27T21:57:49","modified_gmt":"2022-03-27T19:57:49","slug":"asthme","status":"publish","type":"service","link":"https:\/\/www.stpierre-bru.be\/en\/service\/pneumologie\/asthme\/","title":{"rendered":"Asthme et asthme s\u00e9v\u00e8re"},"content":{"rendered":"\n[et_pb_section fb_built=&#8221;1&#8243; admin_label=&#8221;section&#8221; _builder_version=&#8221;3.22&#8243; global_colors_info=&#8221;{}&#8221; theme_builder_area=&#8221;post_content&#8221;][et_pb_row admin_label=&#8221;row&#8221; _builder_version=&#8221;3.25&#8243; background_size=&#8221;initial&#8221; background_position=&#8221;top_left&#8221; background_repeat=&#8221;repeat&#8221; global_colors_info=&#8221;{}&#8221; theme_builder_area=&#8221;post_content&#8221;][et_pb_column type=&#8221;4_4&#8243; _builder_version=&#8221;3.25&#8243; custom_padding=&#8221;|||&#8221; global_colors_info=&#8221;{}&#8221; custom_padding__hover=&#8221;|||&#8221; theme_builder_area=&#8221;post_content&#8221;][et_pb_text admin_label=&#8221;Text&#8221; _builder_version=&#8221;4.14.4&#8243; background_size=&#8221;initial&#8221; background_position=&#8221;top_left&#8221; background_repeat=&#8221;repeat&#8221; hover_enabled=&#8221;0&#8243; global_colors_info=&#8221;{}&#8221; theme_builder_area=&#8221;post_content&#8221; sticky_enabled=&#8221;0&#8243;]<p><b>Asthme et Asthme s\u00e9v\u00e8re<\/b><\/p>\n<p style=\"text-align: justify;\">Le service de pneumologie dispose d&#8217;une clinique compl\u00e8te de l\u2019asthme et de l\u2019allergologie\u00a0dot\u00e9e\u00a0des techniques diagnostiques les plus modernes (NO exhal\u00e9, tests de provocation) avec une \u00e9cole de l\u2019asthme. La recherche clinique est d\u00e9velopp\u00e9e dans de nombreux secteurs du service.<\/p>\n<p><span style=\"font-weight: 400;\">Nous vous proposons une s\u00e9rie de tests de diagnostic pour d\u00e9tecter l\u2019asthme.<\/span><\/p>\n<p><span style=\"font-weight: 400;\">Pour les patients asthmatiques, nous \u00e9tablissons un plan de traitement adapt\u00e9 et personnalis\u00e9 afin de pr\u00e9venir les sympt\u00f4mes et les pouss\u00e9es d\u2019asthme.<\/span><\/p>\n<p><b>Comment utiliser votre inhalateur correctement?<\/b><\/p>\n<p style=\"text-align: justify;\">Retrouvez les explications et astuces sur le site de la Belgian Respiratory Society ainsi qu&#8217;un lien vers l&#8217;application pour smartphone qui a pour but d\u2019am\u00e9liorer la connaissance des techniques d\u2019inhalation et offre des informations sur tous les inhalateurs disponibles sur le march\u00e9 belge.<\/p>\n<p style=\"text-align: justify;\"><strong>Cliquez <a href=\"https:\/\/www.belgianrespiratorysociety.be\/fr\/mypuff\">ici<\/a>.<\/strong><\/p>[\/et_pb_text][\/et_pb_column][\/et_pb_row][\/et_pb_section]\n","protected":false},"excerpt":{"rendered":"<p>\nL\u2019asthme est une maladie respiratoire qui peut survenir \u00e0 tout \u00e2ge et qui est pr\u00e9sente dans le monde entier. Sa gravit\u00e9 est tr\u00e8s variable selon les individus, allant de sympt\u00f4mes intermittents et l\u00e9gers \u00e0 des formes s\u00e9v\u00e8res avec des pouss\u00e9es fr\u00e9quentes.<\/p>\n","protected":false},"featured_media":876,"parent":836,"menu_order":0,"template":"","meta":{"_acf_changed":false,"_et_pb_use_builder":"on","_et_pb_old_content":"<b>Le service de pneumologie dispose d'une clinique compl\u00e8te de l\u2019asthme et de l\u2019allergologie<\/b>&nbsp;dot\u00e9e&nbsp;des techniques diagnostiques les plus modernes (NO exhal\u00e9, tests de provocation) avec une \u00e9cole de l\u2019asthme. La recherche clinique est d\u00e9velopp\u00e9e dans de nombreux secteurs du service.","_et_gb_content_width":"","_price":"","_stock":"","_tribe_ticket_header":"","_tribe_default_ticket_provider":"","_tribe_ticket_capacity":"0","_ticket_start_date":"","_ticket_end_date":"","_tribe_ticket_show_description":"","_tribe_ticket_show_not_going":false,"_tribe_ticket_use_global_stock":"","_tribe_ticket_global_stock_level":"","_global_stock_mode":"","_global_stock_cap":"","_tribe_rsvp_for_event":"","_tribe_ticket_going_count":"","_tribe_ticket_not_going_count":"","_tribe_tickets_list":"[]","_tribe_ticket_has_attendee_info_fields":false},"categories":[1871,44],"tags":[66,88,89,90,92,91],"class_list":["post-1030","service","type-service","status-publish","has-post-thumbnail","hentry","category-pneumologie","category-specialite","tag-allergie","tag-asthme","tag-asthme-severe","tag-inhalateur","tag-maladie-respiratoire","tag-puff"],"acf":[],"yoast_head":"<!-- This site is optimized with the Yoast SEO plugin v26.5 - https:\/\/yoast.com\/wordpress\/plugins\/seo\/ -->\n<title>Asthme et asthme s\u00e9v\u00e8re - CHU Saint-Pierre | UMC Sint-Pieter<\/title>\n<meta name=\"description\" content=\"Le service de pneumologie dispose d&#039;une clinique compl\u00e8te de l\u2019asthme et de l\u2019allergologie dot\u00e9e des techniques modernes et une \u00e9cole de l\u2019asthme.\" \/>\n<meta name=\"robots\" content=\"index, follow, max-snippet:-1, max-image-preview:large, max-video-preview:-1\" \/>\n<link rel=\"canonical\" href=\"https:\/\/www.stpierre-bru.be\/service\/pneumologie\/asthme\/\" \/>\n<meta property=\"og:locale\" content=\"en_US\" \/>\n<meta property=\"og:type\" content=\"article\" \/>\n<meta property=\"og:title\" content=\"Asthme et asthme s\u00e9v\u00e8re - CHU Saint-Pierre | UMC Sint-Pieter\" \/>\n<meta property=\"og:description\" content=\"Le service de pneumologie dispose d&#039;une clinique compl\u00e8te de l\u2019asthme et de l\u2019allergologie dot\u00e9e des techniques modernes et une \u00e9cole de l\u2019asthme.\" \/>\n<meta property=\"og:site_name\" content=\"CHU Saint-Pierre | UMC Sint-Pieter\" \/>\n<meta property=\"article:modified_time\" content=\"2022-03-27T19:57:49+00:00\" \/>\n<meta property=\"og:image\" content=\"https:\/\/i0.wp.com\/www.stpierre-bru.be\/wp-content\/uploads\/2021\/11\/Pneumo-e1647353562922.jpg?fit=849%2C882&ssl=1\" \/>\n\t<meta property=\"og:image:width\" content=\"849\" \/>\n\t<meta property=\"og:image:height\" content=\"882\" \/>\n\t<meta property=\"og:image:type\" content=\"image\/jpeg\" \/>\n<meta name=\"twitter:card\" content=\"summary_large_image\" \/>\n<meta name=\"twitter:label1\" content=\"Est. reading time\" \/>\n\t<meta name=\"twitter:data1\" content=\"1 minute\" \/>\n<script type=\"application\/ld+json\" class=\"yoast-schema-graph\">{\"@context\":\"https:\/\/schema.org\",\"@graph\":[{\"@type\":\"WebPage\",\"@id\":\"https:\/\/www.stpierre-bru.be\/service\/pneumologie\/asthme\/\",\"url\":\"https:\/\/www.stpierre-bru.be\/service\/pneumologie\/asthme\/\",\"name\":\"Asthme et asthme s\u00e9v\u00e8re - CHU Saint-Pierre | UMC Sint-Pieter\",\"isPartOf\":{\"@id\":\"https:\/\/www.stpierre-bru.be\/#website\"},\"primaryImageOfPage\":{\"@id\":\"https:\/\/www.stpierre-bru.be\/service\/pneumologie\/asthme\/#primaryimage\"},\"image\":{\"@id\":\"https:\/\/www.stpierre-bru.be\/service\/pneumologie\/asthme\/#primaryimage\"},\"thumbnailUrl\":\"https:\/\/www.stpierre-bru.be\/app\/uploads\/2021\/11\/Pneumo-e1647353562922.jpg\",\"datePublished\":\"2021-11-14T22:21:05+00:00\",\"dateModified\":\"2022-03-27T19:57:49+00:00\",\"description\":\"Le service de pneumologie dispose d'une clinique compl\u00e8te de l\u2019asthme et de l\u2019allergologie dot\u00e9e des techniques modernes et une \u00e9cole de l\u2019asthme.\",\"breadcrumb\":{\"@id\":\"https:\/\/www.stpierre-bru.be\/service\/pneumologie\/asthme\/#breadcrumb\"},\"inLanguage\":\"en-US\",\"potentialAction\":[{\"@type\":\"ReadAction\",\"target\":[\"https:\/\/www.stpierre-bru.be\/service\/pneumologie\/asthme\/\"]}]},{\"@type\":\"ImageObject\",\"inLanguage\":\"en-US\",\"@id\":\"https:\/\/www.stpierre-bru.be\/service\/pneumologie\/asthme\/#primaryimage\",\"url\":\"https:\/\/www.stpierre-bru.be\/app\/uploads\/2021\/11\/Pneumo-e1647353562922.jpg\",\"contentUrl\":\"https:\/\/www.stpierre-bru.be\/app\/uploads\/2021\/11\/Pneumo-e1647353562922.jpg\",\"width\":849,\"height\":882},{\"@type\":\"BreadcrumbList\",\"@id\":\"https:\/\/www.stpierre-bru.be\/service\/pneumologie\/asthme\/#breadcrumb\",\"itemListElement\":[{\"@type\":\"ListItem\",\"position\":1,\"name\":\"Home\",\"item\":\"https:\/\/www.stpierre-bru.be\/en\/\"},{\"@type\":\"ListItem\",\"position\":2,\"name\":\"Services\",\"item\":\"https:\/\/www.stpierre-bru.be\/nos-services-de-consultation\/\"},{\"@type\":\"ListItem\",\"position\":3,\"name\":\"Pneumologie\",\"item\":\"https:\/\/www.stpierre-bru.be\/service\/pneumologie\/\"},{\"@type\":\"ListItem\",\"position\":4,\"name\":\"Asthme et asthme s\u00e9v\u00e8re\"}]},{\"@type\":\"WebSite\",\"@id\":\"https:\/\/www.stpierre-bru.be\/#website\",\"url\":\"https:\/\/www.stpierre-bru.be\/\",\"name\":\"CHU Saint-Pierre | UMC Sint-Pieter\",\"description\":\"Bienvenue\",\"publisher\":{\"@id\":\"https:\/\/www.stpierre-bru.be\/#organization\"},\"potentialAction\":[{\"@type\":\"SearchAction\",\"target\":{\"@type\":\"EntryPoint\",\"urlTemplate\":\"https:\/\/www.stpierre-bru.be\/?s={search_term_string}\"},\"query-input\":{\"@type\":\"PropertyValueSpecification\",\"valueRequired\":true,\"valueName\":\"search_term_string\"}}],\"inLanguage\":\"en-US\"},{\"@type\":\"Organization\",\"@id\":\"https:\/\/www.stpierre-bru.be\/#organization\",\"name\":\"CHU Saint-Pierre | UMC Sint-Pieter\",\"url\":\"https:\/\/www.stpierre-bru.be\/\",\"logo\":{\"@type\":\"ImageObject\",\"inLanguage\":\"en-US\",\"@id\":\"https:\/\/www.stpierre-bru.be\/#\/schema\/logo\/image\/\",\"url\":\"https:\/\/www.stpierre-bru.be\/wp-content\/uploads\/2021\/06\/Logo_chu_umc_0.png\",\"contentUrl\":\"https:\/\/www.stpierre-bru.be\/wp-content\/uploads\/2021\/06\/Logo_chu_umc_0.png\",\"width\":733,\"height\":281,\"caption\":\"CHU Saint-Pierre | UMC Sint-Pieter\"},\"image\":{\"@id\":\"https:\/\/www.stpierre-bru.be\/#\/schema\/logo\/image\/\"}}]}<\/script>\n<!-- \/ Yoast SEO plugin. -->","yoast_head_json":{"title":"Asthme et asthme s\u00e9v\u00e8re - CHU Saint-Pierre | UMC Sint-Pieter","description":"Le service de pneumologie dispose d'une clinique compl\u00e8te de l\u2019asthme et de l\u2019allergologie dot\u00e9e des techniques modernes et une \u00e9cole de l\u2019asthme.","robots":{"index":"index","follow":"follow","max-snippet":"max-snippet:-1","max-image-preview":"max-image-preview:large","max-video-preview":"max-video-preview:-1"},"canonical":"https:\/\/www.stpierre-bru.be\/service\/pneumologie\/asthme\/","og_locale":"en_US","og_type":"article","og_title":"Asthme et asthme s\u00e9v\u00e8re - CHU Saint-Pierre | UMC Sint-Pieter","og_description":"Le service de pneumologie dispose d'une clinique compl\u00e8te de l\u2019asthme et de l\u2019allergologie dot\u00e9e des techniques modernes et une \u00e9cole de l\u2019asthme.","og_site_name":"CHU Saint-Pierre | UMC Sint-Pieter","article_modified_time":"2022-03-27T19:57:49+00:00","og_image":[{"width":849,"height":882,"url":"https:\/\/i0.wp.com\/www.stpierre-bru.be\/wp-content\/uploads\/2021\/11\/Pneumo-e1647353562922.jpg?fit=849%2C882&ssl=1","type":"image\/jpeg"}],"twitter_card":"summary_large_image","twitter_misc":{"Est. reading time":"1 minute"},"schema":{"@context":"https:\/\/schema.org","@graph":[{"@type":"WebPage","@id":"https:\/\/www.stpierre-bru.be\/service\/pneumologie\/asthme\/","url":"https:\/\/www.stpierre-bru.be\/service\/pneumologie\/asthme\/","name":"Asthme et asthme s\u00e9v\u00e8re - CHU Saint-Pierre | UMC Sint-Pieter","isPartOf":{"@id":"https:\/\/www.stpierre-bru.be\/#website"},"primaryImageOfPage":{"@id":"https:\/\/www.stpierre-bru.be\/service\/pneumologie\/asthme\/#primaryimage"},"image":{"@id":"https:\/\/www.stpierre-bru.be\/service\/pneumologie\/asthme\/#primaryimage"},"thumbnailUrl":"https:\/\/www.stpierre-bru.be\/app\/uploads\/2021\/11\/Pneumo-e1647353562922.jpg","datePublished":"2021-11-14T22:21:05+00:00","dateModified":"2022-03-27T19:57:49+00:00","description":"Le service de pneumologie dispose d'une clinique compl\u00e8te de l\u2019asthme et de l\u2019allergologie dot\u00e9e des techniques modernes et une \u00e9cole de l\u2019asthme.","breadcrumb":{"@id":"https:\/\/www.stpierre-bru.be\/service\/pneumologie\/asthme\/#breadcrumb"},"inLanguage":"en-US","potentialAction":[{"@type":"ReadAction","target":["https:\/\/www.stpierre-bru.be\/service\/pneumologie\/asthme\/"]}]},{"@type":"ImageObject","inLanguage":"en-US","@id":"https:\/\/www.stpierre-bru.be\/service\/pneumologie\/asthme\/#primaryimage","url":"https:\/\/www.stpierre-bru.be\/app\/uploads\/2021\/11\/Pneumo-e1647353562922.jpg","contentUrl":"https:\/\/www.stpierre-bru.be\/app\/uploads\/2021\/11\/Pneumo-e1647353562922.jpg","width":849,"height":882},{"@type":"BreadcrumbList","@id":"https:\/\/www.stpierre-bru.be\/service\/pneumologie\/asthme\/#breadcrumb","itemListElement":[{"@type":"ListItem","position":1,"name":"Home","item":"https:\/\/www.stpierre-bru.be\/en\/"},{"@type":"ListItem","position":2,"name":"Services","item":"https:\/\/www.stpierre-bru.be\/nos-services-de-consultation\/"},{"@type":"ListItem","position":3,"name":"Pneumologie","item":"https:\/\/www.stpierre-bru.be\/service\/pneumologie\/"},{"@type":"ListItem","position":4,"name":"Asthme et asthme s\u00e9v\u00e8re"}]},{"@type":"WebSite","@id":"https:\/\/www.stpierre-bru.be\/#website","url":"https:\/\/www.stpierre-bru.be\/","name":"CHU Saint-Pierre | UMC Sint-Pieter","description":"Bienvenue","publisher":{"@id":"https:\/\/www.stpierre-bru.be\/#organization"},"potentialAction":[{"@type":"SearchAction","target":{"@type":"EntryPoint","urlTemplate":"https:\/\/www.stpierre-bru.be\/?s={search_term_string}"},"query-input":{"@type":"PropertyValueSpecification","valueRequired":true,"valueName":"search_term_string"}}],"inLanguage":"en-US"},{"@type":"Organization","@id":"https:\/\/www.stpierre-bru.be\/#organization","name":"CHU Saint-Pierre | UMC Sint-Pieter","url":"https:\/\/www.stpierre-bru.be\/","logo":{"@type":"ImageObject","inLanguage":"en-US","@id":"https:\/\/www.stpierre-bru.be\/#\/schema\/logo\/image\/","url":"https:\/\/www.stpierre-bru.be\/wp-content\/uploads\/2021\/06\/Logo_chu_umc_0.png","contentUrl":"https:\/\/www.stpierre-bru.be\/wp-content\/uploads\/2021\/06\/Logo_chu_umc_0.png","width":733,"height":281,"caption":"CHU Saint-Pierre | UMC Sint-Pieter"},"image":{"@id":"https:\/\/www.stpierre-bru.be\/#\/schema\/logo\/image\/"}}]}},"_links":{"self":[{"href":"https:\/\/www.stpierre-bru.be\/en\/wp-json\/wp\/v2\/service\/1030","targetHints":{"allow":["GET"]}}],"collection":[{"href":"https:\/\/www.stpierre-bru.be\/en\/wp-json\/wp\/v2\/service"}],"about":[{"href":"https:\/\/www.stpierre-bru.be\/en\/wp-json\/wp\/v2\/types\/service"}],"up":[{"embeddable":true,"href":"https:\/\/www.stpierre-bru.be\/en\/wp-json\/wp\/v2\/service\/836"}],"wp:featuredmedia":[{"embeddable":true,"href":"https:\/\/www.stpierre-bru.be\/en\/wp-json\/wp\/v2\/media\/876"}],"wp:attachment":[{"href":"https:\/\/www.stpierre-bru.be\/en\/wp-json\/wp\/v2\/media?parent=1030"}],"wp:term":[{"taxonomy":"category","embeddable":true,"href":"https:\/\/www.stpierre-bru.be\/en\/wp-json\/wp\/v2\/categories?post=1030"},{"taxonomy":"post_tag","embeddable":true,"href":"https:\/\/www.stpierre-bru.be\/en\/wp-json\/wp\/v2\/tags?post=1030"}],"curies":[{"name":"wp","href":"https:\/\/api.w.org\/{rel}","templated":true}]}}